{"id":9904,"date":"2025-12-03T13:58:41","date_gmt":"2025-12-03T13:58:41","guid":{"rendered":"https:\/\/fundacioferrermusica.org\/?page_id=9904"},"modified":"2025-12-03T14:03:30","modified_gmt":"2025-12-03T14:03:30","slug":"becas-de-composicion","status":"publish","type":"page","link":"https:\/\/fundacioferrermusica.org\/es\/becas-de-composicion\/","title":{"rendered":"Becas de composici\u00f3n"},"content":{"rendered":"\t\t<div data-elementor-type=\"wp-page\" data-elementor-id=\"9904\" class=\"elementor elementor-9904\" data-elementor-post-type=\"page\">\n\t\t\t\t\t\t<section class=\"elementor-section elementor-top-section elementor-element elementor-element-b0b8720 elementor-section-full_width elementor-section-height-default elementor-section-height-default\" data-id=\"b0b8720\" data-element_type=\"section\" data-e-type=\"section\">\n\t\t\t\t\t\t<div class=\"elementor-container elementor-column-gap-default\">\n\t\t\t\t\t<div class=\"elementor-column elementor-col-100 elementor-top-column elementor-element elementor-element-86d91bc\" data-id=\"86d91bc\" data-element_type=\"column\" data-e-type=\"column\">\n\t\t\t<div class=\"elementor-widget-wrap elementor-element-populated\">\n\t\t\t\t\t\t<div class=\"elementor-element elementor-element-dd0425d animated-slow elementor-invisible elementor-widget elementor-widget-text-editor\" data-id=\"dd0425d\" data-element_type=\"widget\" data-e-type=\"widget\" data-settings=\"{&quot;_animation&quot;:&quot;fadeInUp&quot;}\" data-widget_type=\"text-editor.default\">\n\t\t\t\t<div class=\"elementor-widget-container\">\n\t\t\t\t\t\t\t\t\t<p>EN COLABORACI\u00d3N CON FEDERACI\u00d3 JOVENTUTS MUSICALS DE CATALUNYA<\/p>\t\t\t\t\t\t\t\t<\/div>\n\t\t\t\t<\/div>\n\t\t\t\t<div class=\"elementor-element elementor-element-0a3a02a animated-slow elementor-invisible elementor-widget elementor-widget-heading\" data-id=\"0a3a02a\" data-element_type=\"widget\" data-e-type=\"widget\" data-settings=\"{&quot;_animation&quot;:&quot;fadeInUp&quot;}\" data-widget_type=\"heading.default\">\n\t\t\t\t<div class=\"elementor-widget-container\">\n\t\t\t\t\t<h1 class=\"elementor-heading-title elementor-size-default\">Impulsando j\u00f3venes compositores y sus obras contempor\u00e1neas<\/h1>\t\t\t\t<\/div>\n\t\t\t\t<\/div>\n\t\t\t\t<section class=\"elementor-section elementor-inner-section elementor-element elementor-element-ab7eb0f elementor-section-full_width elementor-section-height-default elementor-section-height-default\" data-id=\"ab7eb0f\" data-element_type=\"section\" data-e-type=\"section\">\n\t\t\t\t\t\t<div class=\"elementor-container elementor-column-gap-default\">\n\t\t\t\t\t<div class=\"elementor-column elementor-col-50 elementor-inner-column elementor-element elementor-element-015c6d4\" data-id=\"015c6d4\" data-element_type=\"column\" data-e-type=\"column\">\n\t\t\t<div class=\"elementor-widget-wrap elementor-element-populated\">\n\t\t\t\t\t\t<div class=\"elementor-element elementor-element-df7b9ce animated-slow elementor-invisible elementor-widget elementor-widget-image\" data-id=\"df7b9ce\" data-element_type=\"widget\" data-e-type=\"widget\" data-settings=\"{&quot;_animation&quot;:&quot;fadeInLeft&quot;,&quot;_animation_delay&quot;:100}\" data-widget_type=\"image.default\">\n\t\t\t\t<div class=\"elementor-widget-container\">\n\t\t\t\t\t\t\t\t\t\t\t\t\t\t\t<img decoding=\"async\" width=\"113\" height=\"176\" src=\"https:\/\/fundacioferrermusica.org\/wp-content\/uploads\/2022\/03\/Arrow-right.png\" class=\"attachment-full size-full wp-image-1461\" alt=\"\" \/>\t\t\t\t\t\t\t\t\t\t\t\t\t\t\t<\/div>\n\t\t\t\t<\/div>\n\t\t\t\t\t<\/div>\n\t\t<\/div>\n\t\t\t\t<div class=\"elementor-column elementor-col-50 elementor-inner-column elementor-element elementor-element-5ce7fbc\" data-id=\"5ce7fbc\" data-element_type=\"column\" data-e-type=\"column\">\n\t\t\t<div class=\"elementor-widget-wrap elementor-element-populated\">\n\t\t\t\t\t\t<div class=\"elementor-element elementor-element-66e2a89 animated-slow elementor-invisible elementor-widget elementor-widget-text-editor\" data-id=\"66e2a89\" data-element_type=\"widget\" data-e-type=\"widget\" data-settings=\"{&quot;_animation&quot;:&quot;fadeInUp&quot;,&quot;_animation_delay&quot;:100}\" data-widget_type=\"text-editor.default\">\n\t\t\t\t<div class=\"elementor-widget-container\">\n\t\t\t\t\t\t\t\t\t<p data-start=\"88\" data-end=\"408\">Las <strong>Becas de Composici\u00f3n<\/strong> de la <strong>Fundaci\u00f3 Ferrer de M\u00fasica <\/strong>y\u00a0la <strong>Federaci\u00f3 de Joventuts Musicals<\/strong> de Catalunya, est\u00e1n destinadas a apoyar a j\u00f3venes compositores, fomentando la creaci\u00f3n musical contempor\u00e1nea y ofreciendo recursos, formaci\u00f3n y visibilidad para sus proyectos art\u00edsticos.<\/p>\t\t\t\t\t\t\t\t<\/div>\n\t\t\t\t<\/div>\n\t\t\t\t\t<\/div>\n\t\t<\/div>\n\t\t\t\t\t<\/div>\n\t\t<\/section>\n\t\t\t\t<div class=\"elementor-element elementor-element-92a88aa elementor-widget elementor-widget-image\" data-id=\"92a88aa\" data-element_type=\"widget\" data-e-type=\"widget\" data-widget_type=\"image.default\">\n\t\t\t\t<div class=\"elementor-widget-container\">\n\t\t\t\t\t\t\t\t\t\t\t\t\t\t\t<img fetchpriority=\"high\" decoding=\"async\" width=\"500\" height=\"348\" src=\"https:\/\/fundacioferrermusica.org\/wp-content\/uploads\/2025\/09\/Frame-8-2-e1764770221407.png\" class=\"attachment-large size-large wp-image-9492\" alt=\"\" srcset=\"https:\/\/fundacioferrermusica.org\/wp-content\/uploads\/2025\/09\/Frame-8-2-e1764770221407.png 500w, https:\/\/fundacioferrermusica.org\/wp-content\/uploads\/2025\/09\/Frame-8-2-e1764770221407-300x209.png 300w\" sizes=\"(max-width: 500px) 100vw, 500px\" \/>\t\t\t\t\t\t\t\t\t\t\t\t\t\t\t<\/div>\n\t\t\t\t<\/div>\n\t\t\t\t\t<\/div>\n\t\t<\/div>\n\t\t\t\t\t<\/div>\n\t\t<\/section>\n\t\t\t\t<section class=\"elementor-section elementor-top-section elementor-element elementor-element-98aaade elementor-section-full_width elementor-section-height-default elementor-section-height-default\" data-id=\"98aaade\" data-element_type=\"section\" data-e-type=\"section\">\n\t\t\t\t\t\t<div class=\"elementor-container elementor-column-gap-default\">\n\t\t\t\t\t<div class=\"elementor-column elementor-col-100 elementor-top-column elementor-element elementor-element-f7b908c\" data-id=\"f7b908c\" data-element_type=\"column\" data-e-type=\"column\">\n\t\t\t<div class=\"elementor-widget-wrap elementor-element-populated\">\n\t\t\t\t\t\t<div class=\"elementor-element elementor-element-d526097 elementor-widget-divider--view-line elementor-widget elementor-widget-divider\" data-id=\"d526097\" data-element_type=\"widget\" data-e-type=\"widget\" data-widget_type=\"divider.default\">\n\t\t\t\t<div class=\"elementor-widget-container\">\n\t\t\t\t\t\t\t<div class=\"elementor-divider\">\n\t\t\t<span class=\"elementor-divider-separator\">\n\t\t\t\t\t\t<\/span>\n\t\t<\/div>\n\t\t\t\t\t\t<\/div>\n\t\t\t\t<\/div>\n\t\t\t\t\t<\/div>\n\t\t<\/div>\n\t\t\t\t\t<\/div>\n\t\t<\/section>\n\t\t\t\t<section class=\"elementor-section elementor-top-section elementor-element elementor-element-b51bc39 elementor-section-full_width elementor-section-height-default elementor-section-height-default\" data-id=\"b51bc39\" data-element_type=\"section\" data-e-type=\"section\">\n\t\t\t\t\t\t<div class=\"elementor-container elementor-column-gap-default\">\n\t\t\t\t\t<div class=\"elementor-column elementor-col-50 elementor-top-column elementor-element elementor-element-d994578\" data-id=\"d994578\" data-element_type=\"column\" data-e-type=\"column\">\n\t\t\t<div class=\"elementor-widget-wrap elementor-element-populated\">\n\t\t\t\t\t\t<div class=\"elementor-element elementor-element-4fbf9c4 animated-slow elementor-invisible elementor-widget elementor-widget-text-editor\" data-id=\"4fbf9c4\" data-element_type=\"widget\" data-e-type=\"widget\" data-settings=\"{&quot;_animation&quot;:&quot;fadeInUp&quot;}\" data-widget_type=\"text-editor.default\">\n\t\t\t\t<div class=\"elementor-widget-container\">\n\t\t\t\t\t\t\t\t\t<p data-start=\"593\" data-end=\"1044\">La <strong data-start=\"619\" data-end=\"648\">Fundaci\u00f3 Ferrer de M\u00fasica<\/strong>, en colaboraci\u00f3n con la <strong data-start=\"673\" data-end=\"721\">Federaci\u00f3 de Joventuts Musicals de Catalunya<\/strong>, pone en marcha un programa de becas de composici\u00f3n destinado a talentos emergentes. Estas becas ofrecen apoyo econ\u00f3mico y acompa\u00f1amiento art\u00edstico, permitiendo a los seleccionados desarrollar obras in\u00e9ditas y explorar nuevas propuestas musicales en distintos formatos, desde la m\u00fasica de c\u00e1mara hasta la obra sinf\u00f3nica.<\/p><p data-start=\"1046\" data-end=\"1296\">Los beneficiarios tendr\u00e1n la oportunidad de ver sus composiciones incluidas en la programaci\u00f3n de la <strong data-start=\"1147\" data-end=\"1203\">Xarxa de M\u00fasiques de Joventuts Musicals de Catalunya<\/strong>, garantizando difusi\u00f3n, reconocimiento y contacto con p\u00fablicos especializados y generales.<\/p><p data-start=\"1298\" data-end=\"1566\">Con esta iniciativa, la Fundaci\u00f3 Ferrer de M\u00fasica reafirma su compromiso con la innovaci\u00f3n, la cultura y el apoyo a las nuevas generaciones de creadores, consolidando un espacio de crecimiento, experimentaci\u00f3n y visibilidad dentro del panorama musical contempor\u00e1neo.<\/p>\t\t\t\t\t\t\t\t<\/div>\n\t\t\t\t<\/div>\n\t\t\t\t\t<\/div>\n\t\t<\/div>\n\t\t\t\t<div class=\"elementor-column elementor-col-50 elementor-top-column elementor-element elementor-element-ddd95c9\" data-id=\"ddd95c9\" data-element_type=\"column\" data-e-type=\"column\">\n\t\t\t<div class=\"elementor-widget-wrap elementor-element-populated\">\n\t\t\t\t\t\t<div class=\"elementor-element elementor-element-42a98a7 animated-slow elementor-invisible elementor-widget elementor-widget-text-editor\" data-id=\"42a98a7\" data-element_type=\"widget\" data-e-type=\"widget\" data-settings=\"{&quot;_animation&quot;:&quot;fadeInUp&quot;}\" data-widget_type=\"text-editor.default\">\n\t\t\t\t<div class=\"elementor-widget-container\">\n\t\t\t\t\t\t\t\t\t<h3 data-start=\"1343\" data-end=\"1454\">Un espacio donde el talento joven se encuentra con la creatividad, y la m\u00fasica se convierte en oportunidad y futuro.<\/h3>\t\t\t\t\t\t\t\t<\/div>\n\t\t\t\t<\/div>\n\t\t\t\t\t<\/div>\n\t\t<\/div>\n\t\t\t\t\t<\/div>\n\t\t<\/section>\n\t\t\t\t<section class=\"elementor-section elementor-top-section elementor-element elementor-element-8cdb0ed elementor-section-full_width elementor-section-height-default elementor-section-height-default\" data-id=\"8cdb0ed\" data-element_type=\"section\" data-e-type=\"section\">\n\t\t\t\t\t\t<div class=\"elementor-container elementor-column-gap-default\">\n\t\t\t\t\t<div class=\"elementor-column elementor-col-100 elementor-top-column elementor-element elementor-element-f95b489\" data-id=\"f95b489\" data-element_type=\"column\" data-e-type=\"column\">\n\t\t\t<div class=\"elementor-widget-wrap\">\n\t\t\t\t\t\t\t<\/div>\n\t\t<\/div>\n\t\t\t\t\t<\/div>\n\t\t<\/section>\n\t\t\t\t<\/div>\n\t\t","protected":false},"excerpt":{"rendered":"<p>EN COLABORACI\u00d3N CON FEDERACI\u00d3 JOVENTUTS MUSICALS DE CATALUNYA Impulsando j\u00f3venes compositores y sus obras contempor\u00e1neas Las Becas de Composici\u00f3n de la Fundaci\u00f3 Ferrer de M\u00fasica y\u00a0la Federaci\u00f3 de Joventuts Musicals de Catalunya, est\u00e1n destinadas a apoyar a j\u00f3venes compositores, fomentando la creaci\u00f3n musical contempor\u00e1nea y ofreciendo recursos, formaci\u00f3n y visibilidad para sus proyectos art\u00edsticos. La [&hellip;]<\/p>\n","protected":false},"author":5,"featured_media":0,"parent":0,"menu_order":0,"comment_status":"closed","ping_status":"closed","template":"","meta":{"site-sidebar-layout":"no-sidebar","site-content-layout":"page-builder","ast-site-content-layout":"full-width-container","site-content-style":"unboxed","site-sidebar-style":"unboxed","ast-global-header-display":"","ast-banner-title-visibility":"","ast-main-header-display":"","ast-hfb-above-header-display":"","ast-hfb-below-header-display":"","ast-hfb-mobile-header-display":"","site-post-title":"disabled","ast-breadcrumbs-content":"","ast-featured-img":"disabled","footer-sml-layout":"","ast-disable-related-posts":"","theme-transparent-header-meta":"default","adv-header-id-meta":"","stick-header-meta":"default","header-above-stick-meta":"","header-main-stick-meta":"","header-below-stick-meta":"","astra-migrate-meta-layouts":"set","ast-page-background-enabled":"default","ast-page-background-meta":{"desktop":{"background-color":"var(--ast-global-color-4)","background-image":"","background-repeat":"repeat","background-position":"center center","background-size":"auto","background-attachment":"scroll","background-type":"","background-media":"","overlay-type":"","overlay-color":"","overlay-opacity":"","overlay-gradient":""},"tablet":{"background-color":"","background-image":"","background-repeat":"repeat","background-position":"center center","background-size":"auto","background-attachment":"scroll","background-type":"","background-media":"","overlay-type":"","overlay-color":"","overlay-opacity":"","overlay-gradient":""},"mobile":{"background-color":"","background-image":"","background-repeat":"repeat","background-position":"center center","background-size":"auto","background-attachment":"scroll","background-type":"","background-media":"","overlay-type":"","overlay-color":"","overlay-opacity":"","overlay-gradient":""}},"ast-content-background-meta":{"desktop":{"background-color":"var(--ast-global-color-5)","background-image":"","background-repeat":"repeat","background-position":"center center","background-size":"auto","background-attachment":"scroll","background-type":"","background-media":"","overlay-type":"","overlay-color":"","overlay-opacity":"","overlay-gradient":""},"tablet":{"background-color":"var(--ast-global-color-5)","background-image":"","background-repeat":"repeat","background-position":"center center","background-size":"auto","background-attachment":"scroll","background-type":"","background-media":"","overlay-type":"","overlay-color":"","overlay-opacity":"","overlay-gradient":""},"mobile":{"background-color":"var(--ast-global-color-5)","background-image":"","background-repeat":"repeat","background-position":"center center","background-size":"auto","background-attachment":"scroll","background-type":"","background-media":"","overlay-type":"","overlay-color":"","overlay-opacity":"","overlay-gradient":""}},"footnotes":""},"class_list":["post-9904","page","type-page","status-publish","hentry"],"yoast_head":"<!-- This site is optimized with the Yoast SEO plugin v27.2 - https:\/\/yoast.com\/product\/yoast-seo-wordpress\/ -->\n<title>Becas de composici\u00f3n - Fundaci\u00f3 de M\u00fasica Ferrer-Salat<\/title>\n<meta name=\"robots\" content=\"index, follow, max-snippet:-1, max-image-preview:large, max-video-preview:-1\" \/>\n<link rel=\"canonical\" href=\"https:\/\/fundacioferrermusica.org\/es\/becas-de-composicion\/\" \/>\n<meta property=\"og:locale\" content=\"es_ES\" \/>\n<meta property=\"og:type\" content=\"article\" \/>\n<meta property=\"og:title\" content=\"Becas de composici\u00f3n - Fundaci\u00f3 de M\u00fasica Ferrer-Salat\" \/>\n<meta property=\"og:description\" content=\"EN COLABORACI\u00d3N CON FEDERACI\u00d3 JOVENTUTS MUSICALS DE CATALUNYA Impulsando j\u00f3venes compositores y sus obras contempor\u00e1neas Las Becas de Composici\u00f3n de la Fundaci\u00f3 Ferrer de M\u00fasica y\u00a0la Federaci\u00f3 de Joventuts Musicals de Catalunya, est\u00e1n destinadas a apoyar a j\u00f3venes compositores, fomentando la creaci\u00f3n musical contempor\u00e1nea y ofreciendo recursos, formaci\u00f3n y visibilidad para sus proyectos art\u00edsticos. La [&hellip;]\" \/>\n<meta property=\"og:url\" content=\"https:\/\/fundacioferrermusica.org\/es\/becas-de-composicion\/\" \/>\n<meta property=\"og:site_name\" content=\"Fundaci\u00f3 de M\u00fasica Ferrer-Salat\" \/>\n<meta property=\"article:modified_time\" content=\"2025-12-03T14:03:30+00:00\" \/>\n<meta property=\"og:image\" content=\"https:\/\/fundacioferrermusica.org\/wp-content\/uploads\/2022\/03\/Arrow-right.png\" \/>\n<meta name=\"twitter:card\" content=\"summary_large_image\" \/>\n<meta name=\"twitter:label1\" content=\"Tiempo de lectura\" \/>\n\t<meta name=\"twitter:data1\" content=\"2 minutos\" \/>\n<script type=\"application\/ld+json\" class=\"yoast-schema-graph\">{\"@context\":\"https:\/\/schema.org\",\"@graph\":[{\"@type\":\"WebPage\",\"@id\":\"https:\/\/fundacioferrermusica.org\/es\/becas-de-composicion\/\",\"url\":\"https:\/\/fundacioferrermusica.org\/es\/becas-de-composicion\/\",\"name\":\"Becas de composici\u00f3n - Fundaci\u00f3 de M\u00fasica Ferrer-Salat\",\"isPartOf\":{\"@id\":\"https:\/\/fundacioferrermusica.org\/#website\"},\"primaryImageOfPage\":{\"@id\":\"https:\/\/fundacioferrermusica.org\/es\/becas-de-composicion\/#primaryimage\"},\"image\":{\"@id\":\"https:\/\/fundacioferrermusica.org\/es\/becas-de-composicion\/#primaryimage\"},\"thumbnailUrl\":\"https:\/\/fundacioferrermusica.org\/wp-content\/uploads\/2022\/03\/Arrow-right.png\",\"datePublished\":\"2025-12-03T13:58:41+00:00\",\"dateModified\":\"2025-12-03T14:03:30+00:00\",\"breadcrumb\":{\"@id\":\"https:\/\/fundacioferrermusica.org\/es\/becas-de-composicion\/#breadcrumb\"},\"inLanguage\":\"es\",\"potentialAction\":[{\"@type\":\"ReadAction\",\"target\":[\"https:\/\/fundacioferrermusica.org\/es\/becas-de-composicion\/\"]}]},{\"@type\":\"ImageObject\",\"inLanguage\":\"es\",\"@id\":\"https:\/\/fundacioferrermusica.org\/es\/becas-de-composicion\/#primaryimage\",\"url\":\"https:\/\/fundacioferrermusica.org\/wp-content\/uploads\/2022\/03\/Arrow-right.png\",\"contentUrl\":\"https:\/\/fundacioferrermusica.org\/wp-content\/uploads\/2022\/03\/Arrow-right.png\"},{\"@type\":\"BreadcrumbList\",\"@id\":\"https:\/\/fundacioferrermusica.org\/es\/becas-de-composicion\/#breadcrumb\",\"itemListElement\":[{\"@type\":\"ListItem\",\"position\":1,\"name\":\"Inici\",\"item\":\"https:\/\/fundacioferrermusica.org\/\"},{\"@type\":\"ListItem\",\"position\":2,\"name\":\"Becas de composici\u00f3n\"}]},{\"@type\":\"WebSite\",\"@id\":\"https:\/\/fundacioferrermusica.org\/#website\",\"url\":\"https:\/\/fundacioferrermusica.org\/\",\"name\":\"Fundaci\u00f3 de M\u00fasica Ferrer-Salat\",\"description\":\"40 anys generant oportunitats a trav\u00e9s de la m\u00fasica\",\"publisher\":{\"@id\":\"https:\/\/fundacioferrermusica.org\/#organization\"},\"potentialAction\":[{\"@type\":\"SearchAction\",\"target\":{\"@type\":\"EntryPoint\",\"urlTemplate\":\"https:\/\/fundacioferrermusica.org\/?s={search_term_string}\"},\"query-input\":{\"@type\":\"PropertyValueSpecification\",\"valueRequired\":true,\"valueName\":\"search_term_string\"}}],\"inLanguage\":\"es\"},{\"@type\":\"Organization\",\"@id\":\"https:\/\/fundacioferrermusica.org\/#organization\",\"name\":\"Fundaci\u00f3 de M\u00fasica Ferrer-Salat\",\"url\":\"https:\/\/fundacioferrermusica.org\/\",\"logo\":{\"@type\":\"ImageObject\",\"inLanguage\":\"es\",\"@id\":\"https:\/\/fundacioferrermusica.org\/#\/schema\/logo\/image\/\",\"url\":\"https:\/\/fundacioferrermusica.org\/wp-content\/uploads\/2022\/06\/cropped-FundacioMusicaFerrerSalat.png\",\"contentUrl\":\"https:\/\/fundacioferrermusica.org\/wp-content\/uploads\/2022\/06\/cropped-FundacioMusicaFerrerSalat.png\",\"width\":160,\"height\":53,\"caption\":\"Fundaci\u00f3 de M\u00fasica Ferrer-Salat\"},\"image\":{\"@id\":\"https:\/\/fundacioferrermusica.org\/#\/schema\/logo\/image\/\"}}]}<\/script>\n<!-- \/ Yoast SEO plugin. -->","yoast_head_json":{"title":"Becas de composici\u00f3n - Fundaci\u00f3 de M\u00fasica Ferrer-Salat","robots":{"index":"index","follow":"follow","max-snippet":"max-snippet:-1","max-image-preview":"max-image-preview:large","max-video-preview":"max-video-preview:-1"},"canonical":"https:\/\/fundacioferrermusica.org\/es\/becas-de-composicion\/","og_locale":"es_ES","og_type":"article","og_title":"Becas de composici\u00f3n - Fundaci\u00f3 de M\u00fasica Ferrer-Salat","og_description":"EN COLABORACI\u00d3N CON FEDERACI\u00d3 JOVENTUTS MUSICALS DE CATALUNYA Impulsando j\u00f3venes compositores y sus obras contempor\u00e1neas Las Becas de Composici\u00f3n de la Fundaci\u00f3 Ferrer de M\u00fasica y\u00a0la Federaci\u00f3 de Joventuts Musicals de Catalunya, est\u00e1n destinadas a apoyar a j\u00f3venes compositores, fomentando la creaci\u00f3n musical contempor\u00e1nea y ofreciendo recursos, formaci\u00f3n y visibilidad para sus proyectos art\u00edsticos. La [&hellip;]","og_url":"https:\/\/fundacioferrermusica.org\/es\/becas-de-composicion\/","og_site_name":"Fundaci\u00f3 de M\u00fasica Ferrer-Salat","article_modified_time":"2025-12-03T14:03:30+00:00","og_image":[{"url":"https:\/\/fundacioferrermusica.org\/wp-content\/uploads\/2022\/03\/Arrow-right.png","type":"","width":"","height":""}],"twitter_card":"summary_large_image","twitter_misc":{"Tiempo de lectura":"2 minutos"},"schema":{"@context":"https:\/\/schema.org","@graph":[{"@type":"WebPage","@id":"https:\/\/fundacioferrermusica.org\/es\/becas-de-composicion\/","url":"https:\/\/fundacioferrermusica.org\/es\/becas-de-composicion\/","name":"Becas de composici\u00f3n - Fundaci\u00f3 de M\u00fasica Ferrer-Salat","isPartOf":{"@id":"https:\/\/fundacioferrermusica.org\/#website"},"primaryImageOfPage":{"@id":"https:\/\/fundacioferrermusica.org\/es\/becas-de-composicion\/#primaryimage"},"image":{"@id":"https:\/\/fundacioferrermusica.org\/es\/becas-de-composicion\/#primaryimage"},"thumbnailUrl":"https:\/\/fundacioferrermusica.org\/wp-content\/uploads\/2022\/03\/Arrow-right.png","datePublished":"2025-12-03T13:58:41+00:00","dateModified":"2025-12-03T14:03:30+00:00","breadcrumb":{"@id":"https:\/\/fundacioferrermusica.org\/es\/becas-de-composicion\/#breadcrumb"},"inLanguage":"es","potentialAction":[{"@type":"ReadAction","target":["https:\/\/fundacioferrermusica.org\/es\/becas-de-composicion\/"]}]},{"@type":"ImageObject","inLanguage":"es","@id":"https:\/\/fundacioferrermusica.org\/es\/becas-de-composicion\/#primaryimage","url":"https:\/\/fundacioferrermusica.org\/wp-content\/uploads\/2022\/03\/Arrow-right.png","contentUrl":"https:\/\/fundacioferrermusica.org\/wp-content\/uploads\/2022\/03\/Arrow-right.png"},{"@type":"BreadcrumbList","@id":"https:\/\/fundacioferrermusica.org\/es\/becas-de-composicion\/#breadcrumb","itemListElement":[{"@type":"ListItem","position":1,"name":"Inici","item":"https:\/\/fundacioferrermusica.org\/"},{"@type":"ListItem","position":2,"name":"Becas de composici\u00f3n"}]},{"@type":"WebSite","@id":"https:\/\/fundacioferrermusica.org\/#website","url":"https:\/\/fundacioferrermusica.org\/","name":"Fundaci\u00f3 de M\u00fasica Ferrer-Salat","description":"40 anys generant oportunitats a trav\u00e9s de la m\u00fasica","publisher":{"@id":"https:\/\/fundacioferrermusica.org\/#organization"},"potentialAction":[{"@type":"SearchAction","target":{"@type":"EntryPoint","urlTemplate":"https:\/\/fundacioferrermusica.org\/?s={search_term_string}"},"query-input":{"@type":"PropertyValueSpecification","valueRequired":true,"valueName":"search_term_string"}}],"inLanguage":"es"},{"@type":"Organization","@id":"https:\/\/fundacioferrermusica.org\/#organization","name":"Fundaci\u00f3 de M\u00fasica Ferrer-Salat","url":"https:\/\/fundacioferrermusica.org\/","logo":{"@type":"ImageObject","inLanguage":"es","@id":"https:\/\/fundacioferrermusica.org\/#\/schema\/logo\/image\/","url":"https:\/\/fundacioferrermusica.org\/wp-content\/uploads\/2022\/06\/cropped-FundacioMusicaFerrerSalat.png","contentUrl":"https:\/\/fundacioferrermusica.org\/wp-content\/uploads\/2022\/06\/cropped-FundacioMusicaFerrerSalat.png","width":160,"height":53,"caption":"Fundaci\u00f3 de M\u00fasica Ferrer-Salat"},"image":{"@id":"https:\/\/fundacioferrermusica.org\/#\/schema\/logo\/image\/"}}]}},"_links":{"self":[{"href":"https:\/\/fundacioferrermusica.org\/es\/wp-json\/wp\/v2\/pages\/9904","targetHints":{"allow":["GET"]}}],"collection":[{"href":"https:\/\/fundacioferrermusica.org\/es\/wp-json\/wp\/v2\/pages"}],"about":[{"href":"https:\/\/fundacioferrermusica.org\/es\/wp-json\/wp\/v2\/types\/page"}],"author":[{"embeddable":true,"href":"https:\/\/fundacioferrermusica.org\/es\/wp-json\/wp\/v2\/users\/5"}],"replies":[{"embeddable":true,"href":"https:\/\/fundacioferrermusica.org\/es\/wp-json\/wp\/v2\/comments?post=9904"}],"version-history":[{"count":7,"href":"https:\/\/fundacioferrermusica.org\/es\/wp-json\/wp\/v2\/pages\/9904\/revisions"}],"predecessor-version":[{"id":9911,"href":"https:\/\/fundacioferrermusica.org\/es\/wp-json\/wp\/v2\/pages\/9904\/revisions\/9911"}],"wp:attachment":[{"href":"https:\/\/fundacioferrermusica.org\/es\/wp-json\/wp\/v2\/media?parent=9904"}],"curies":[{"name":"wp","href":"https:\/\/api.w.org\/{rel}","templated":true}]}}