{"id":3190,"date":"2022-04-21T10:51:01","date_gmt":"2022-04-21T10:51:01","guid":{"rendered":"https:\/\/fundaciomusicaferrersalat.awspreferrer.com\/coneix-els-premiats-2\/"},"modified":"2026-03-03T11:50:10","modified_gmt":"2026-03-03T11:50:10","slug":"los-premiados","status":"publish","type":"page","link":"https:\/\/fundacioferrermusica.org\/es\/los-premiados\/","title":{"rendered":"Los Premiados"},"content":{"rendered":"\t\t<div data-elementor-type=\"wp-page\" data-elementor-id=\"3190\" class=\"elementor elementor-3190 elementor-2307\" data-elementor-post-type=\"page\">\n\t\t\t\t\t\t<section class=\"elementor-section elementor-top-section elementor-element elementor-element-bbcf2b3 elementor-section-full_width elementor-section-height-default elementor-section-height-default\" data-id=\"bbcf2b3\" data-element_type=\"section\" data-e-type=\"section\">\n\t\t\t\t\t\t<div class=\"elementor-container elementor-column-gap-default\">\n\t\t\t\t\t<div class=\"elementor-column elementor-col-100 elementor-top-column elementor-element elementor-element-f955ad9\" data-id=\"f955ad9\" data-element_type=\"column\" data-e-type=\"column\">\n\t\t\t<div class=\"elementor-widget-wrap elementor-element-populated\">\n\t\t\t\t\t\t<div class=\"elementor-element elementor-element-5f17c8a elementor-widget elementor-widget-heading\" data-id=\"5f17c8a\" data-element_type=\"widget\" data-e-type=\"widget\" data-widget_type=\"heading.default\">\n\t\t\t\t<div class=\"elementor-widget-container\">\n\t\t\t\t\t<h1 class=\"elementor-heading-title elementor-size-default\">Premios Reina Sof\u00eda de Composici\u00f3n Musical <\/h1>\t\t\t\t<\/div>\n\t\t\t\t<\/div>\n\t\t\t\t\t<\/div>\n\t\t<\/div>\n\t\t\t\t\t<\/div>\n\t\t<\/section>\n\t\t\t\t<section class=\"elementor-section elementor-top-section elementor-element elementor-element-19ef52a elementor-section-content-top elementor-section-height-min-height elementor-section-boxed elementor-section-height-default elementor-section-items-middle\" data-id=\"19ef52a\" data-element_type=\"section\" data-e-type=\"section\">\n\t\t\t\t\t\t<div class=\"elementor-container elementor-column-gap-default\">\n\t\t\t\t\t<div class=\"elementor-column elementor-col-50 elementor-top-column elementor-element elementor-element-917b7a6\" data-id=\"917b7a6\" data-element_type=\"column\" data-e-type=\"column\">\n\t\t\t<div class=\"elementor-widget-wrap elementor-element-populated\">\n\t\t\t\t\t\t<div class=\"elementor-element elementor-element-0531b4c elementor-widget elementor-widget-text-editor\" data-id=\"0531b4c\" data-element_type=\"widget\" data-e-type=\"widget\" data-widget_type=\"text-editor.default\">\n\t\t\t\t<div class=\"elementor-widget-container\">\n\t\t\t\t\t\t\t\t\t<p><img decoding=\"async\" class=\"alignnone size-full wp-image-108\" src=\"https:\/\/fundacioferrermusica.org\/wp-content\/uploads\/2022\/03\/Arrow-right.png\" alt=\"\" width=\"113\" height=\"176\" \/><\/p><h2>XLIII Premio Reina Sof\u00eda de Composici\u00f3n Musical<\/h2>\t\t\t\t\t\t\t\t<\/div>\n\t\t\t\t<\/div>\n\t\t\t\t\t<\/div>\n\t\t<\/div>\n\t\t\t\t<div class=\"elementor-column elementor-col-50 elementor-top-column elementor-element elementor-element-f8acc17\" data-id=\"f8acc17\" data-element_type=\"column\" data-e-type=\"column\">\n\t\t\t<div class=\"elementor-widget-wrap elementor-element-populated\">\n\t\t\t\t\t\t<div class=\"elementor-element elementor-element-0cb76aa elementor-flip-box--effect-push random-color-trigger elementor-widget__width-initial elementor-flip-box--direction-up elementor-widget elementor-widget-flip-box\" data-id=\"0cb76aa\" data-element_type=\"widget\" data-e-type=\"widget\" data-widget_type=\"flip-box.default\">\n\t\t\t\t<div class=\"elementor-widget-container\">\n\t\t\t\t\t\t\t<div class=\"elementor-flip-box\" tabindex=\"0\">\n\t\t\t<div class=\"elementor-flip-box__layer elementor-flip-box__front\">\n\t\t\t\t<div class=\"elementor-flip-box__layer__overlay\">\n\t\t\t\t\t<div class=\"elementor-flip-box__layer__inner\">\n\t\t\t\t\t\t\n\t\t\t\t\t\t\n\t\t\t\t\t\t\t\t\t\t\t\t\t<div class=\"elementor-flip-box__layer__description\">\n\t\t\t\t\t\t\t\tLUIS TABUENCA FERNA\u0301NDEZ\t\t\t\t\t\t\t<\/div>\n\t\t\t\t\t\t\t\t\t\t\t<\/div>\n\t\t\t\t<\/div>\n\t\t\t<\/div>\n\t\t\t<div class=\"elementor-flip-box__layer elementor-flip-box__back\">\n\t\t\t<div class=\"elementor-flip-box__layer__overlay\">\n\t\t\t\t<div class=\"elementor-flip-box__layer__inner\">\n\t\t\t\t\t\t\t\t\t\t\t<h3 class=\"elementor-flip-box__layer__title\">\n\t\t\t\t\t\t\tLUIS TABUENCA FERNA\u0301NDEZ\t\t\t\t\t\t<\/h3>\n\t\t\t\t\t\n\t\t\t\t\t\t\t\t\t\t\t<div class=\"elementor-flip-box__layer__description\">\n\t\t\t\t\t\t\tNacido en Zaragoza en 1979, Luis Tabuenca Fern\u00e1ndez es compositor y percusionista. Su trabajo explora la intersecci\u00f3n entre la m\u00fasica contempor\u00e1nea, el arte sonoro y la performance interdisciplinar. Doctor en Bellas Artes por la Universidad de Barcelona (Arte Sonoro) y becario Fulbright en la Universidad de California San Diego, desarrolla una trayectoria internacional entre la creaci\u00f3n musical y los proyectos esc\u00e9nicos y multimedia. Su m\u00fasica abarca obras a solo, m\u00fasica de c\u00e1mara, creaci\u00f3n esc\u00e9nica e instalaciones sonoras, y ha sido presentada en festivales de Europa y Estados Unidos. Como artista en residencia ha desarrollado proyectos en instituciones como Fabra i Coats (Barcelona), Fundaci\u00f3n Phonos, New York University y University of Canterbury.\t\t\t\t\t\t<\/div>\n\t\t\t\t\t\n\t\t\t\t\t\t\t\t<\/div>\n\t\t<\/div>\n\t\t<\/div>\n\t\t<\/div>\n\t\t\t\t\t\t<\/div>\n\t\t\t\t<\/div>\n\t\t\t\t\t<\/div>\n\t\t<\/div>\n\t\t\t\t\t<\/div>\n\t\t<\/section>\n\t\t\t\t<section class=\"elementor-section elementor-top-section elementor-element elementor-element-9492d35 elementor-section-full_width elementor-section-height-default elementor-section-height-default\" data-id=\"9492d35\" data-element_type=\"section\" data-e-type=\"section\">\n\t\t\t\t\t\t<div class=\"elementor-container elementor-column-gap-default\">\n\t\t\t\t\t<div class=\"elementor-column elementor-col-33 elementor-top-column elementor-element elementor-element-970479d\" data-id=\"970479d\" data-element_type=\"column\" data-e-type=\"column\">\n\t\t\t<div class=\"elementor-widget-wrap elementor-element-populated\">\n\t\t\t\t\t\t<div class=\"elementor-element elementor-element-22cb85d elementor-flip-box--effect-push random-color-trigger elementor-flip-box--direction-up elementor-widget elementor-widget-flip-box\" data-id=\"22cb85d\" data-element_type=\"widget\" data-e-type=\"widget\" data-widget_type=\"flip-box.default\">\n\t\t\t\t<div class=\"elementor-widget-container\">\n\t\t\t\t\t\t\t<div class=\"elementor-flip-box\" tabindex=\"0\">\n\t\t\t<div class=\"elementor-flip-box__layer elementor-flip-box__front\">\n\t\t\t\t<div class=\"elementor-flip-box__layer__overlay\">\n\t\t\t\t\t<div class=\"elementor-flip-box__layer__inner\">\n\t\t\t\t\t\t\n\t\t\t\t\t\t\t\t\t\t\t\t\t<h3 class=\"elementor-flip-box__layer__title\">\n\t\t\t\t\t\t\t\tXLII Premio Reina Sof\u00eda de Composici\u00f3n Musical\t\t\t\t\t\t\t<\/h3>\n\t\t\t\t\t\t\n\t\t\t\t\t\t\t\t\t\t\t\t\t<div class=\"elementor-flip-box__layer__description\">\n\t\t\t\t\t\t\t\t<img decoding=\"async\" src=\"\/wp-content\/uploads\/2022\/03\/Arrow-right.png\" width=\"50\"> JOSEP PLANELLS SCHIAFFINO\t\t\t\t\t\t\t<\/div>\n\t\t\t\t\t\t\t\t\t\t\t<\/div>\n\t\t\t\t<\/div>\n\t\t\t<\/div>\n\t\t\t<div class=\"elementor-flip-box__layer elementor-flip-box__back\">\n\t\t\t<div class=\"elementor-flip-box__layer__overlay\">\n\t\t\t\t<div class=\"elementor-flip-box__layer__inner\">\n\t\t\t\t\t\t\t\t\t\t\t<h3 class=\"elementor-flip-box__layer__title\">\n\t\t\t\t\t\t\t<img decoding=\"async\" src=\"\/wp-content\/uploads\/2022\/03\/Arrow-right.png\" width=\"50\"> JOSEP PLANELLS SCHIAFFINO\t\t\t\t\t\t<\/h3>\n\t\t\t\t\t\n\t\t\t\t\t\t\t\t\t\t\t<div class=\"elementor-flip-box__layer__description\">\n\t\t\t\t\t\t\tJosep Planells Schiaffino (Valencia, 1988) es compositor y director de orquesta. Inici\u00f3 su formaci\u00f3n musical en el Conservatorio Superior de M\u00fasica de Val\u00e8ncia \u201cJoaqu\u00edn Rodrigo\u201d, donde obtuvo el Grado Superior de Clarinete bajo la tutela de Jos\u00e9 Cerver\u00f3. En 2010 se traslad\u00f3 a Berl\u00edn para estudiar composici\u00f3n en la Hochschule f\u00fcr Musik \u201cHanns Eisler\u201d, completando su m\u00e1ster en 2016.  \n\n  \n\nParalelamente, estudi\u00f3 direcci\u00f3n de orquesta con Fred Buttkewitz en Berl\u00edn, Peter E\u00f6tv\u00f6s en M\u00fanich y Budapest, Peter Rundel en Oporto, y con Matthias Pintscher y Heinz Holliger dentro del Conducting Fellowship del Festival de Lucerna. En 2023, complet\u00f3 su doctorado (PhD) en la Universidad de Cambridge, donde fue becado con un Vice-Chancellor\u2019s Award y una Pigott Doctoral Studentship. \n\n  \n\nSu m\u00fasica ha sido galardonada con numerosos premios y ha recibido encargos de destacadas instituciones como la Orquesta Nacional de Espa\u00f1a, la WDR Sinfonieorchester K\u00f6ln, la Deutsche Radio Philharmonie Saarbr\u00fccken y la Beethoven-Haus de Bonn. Recientemente, finaliz\u00f3 su residencia como compositor de la Jove Orquestra de la Generalitat Valenciana, con la que ha grabado un CD monogr\u00e1fico que se publicar\u00e1 en 2025.  \n\n \n\nComo director de orquesta, ha trabajado con formaciones como la Basel Sinfonietta, la Bayerisches Landesjugendorchester, la Orquestra Simf\u00f2nica de les Illes Balears, la Orquestra de Val\u00e8ncia, la Bilbao Orkestra Sinfonikoa, la Lucerne Festival Academy Orchestra o el Ensemble Modern. Entre sus pr\u00f3ximos proyectos destacan un encargo del Festival ENSEMS para el pianista Juan P\u00e9rez Florist\u00e1n, su debut con la Real Filharmon\u00eda de Galicia y en la Fundaci\u00f3 \u00d2pera Catalunya, as\u00ed como una nueva invitaci\u00f3n de la OCNE. \t\t\t\t\t\t<\/div>\n\t\t\t\t\t\n\t\t\t\t\t\t\t\t<\/div>\n\t\t<\/div>\n\t\t<\/div>\n\t\t<\/div>\n\t\t\t\t\t\t<\/div>\n\t\t\t\t<\/div>\n\t\t\t\t<div class=\"elementor-element elementor-element-43ef598 elementor-flip-box--effect-push random-color-trigger elementor-flip-box--direction-up elementor-widget elementor-widget-flip-box\" data-id=\"43ef598\" data-element_type=\"widget\" data-e-type=\"widget\" data-widget_type=\"flip-box.default\">\n\t\t\t\t<div class=\"elementor-widget-container\">\n\t\t\t\t\t\t\t<div class=\"elementor-flip-box\" tabindex=\"0\">\n\t\t\t<div class=\"elementor-flip-box__layer elementor-flip-box__front\">\n\t\t\t\t<div class=\"elementor-flip-box__layer__overlay\">\n\t\t\t\t\t<div class=\"elementor-flip-box__layer__inner\">\n\t\t\t\t\t\t\n\t\t\t\t\t\t\t\t\t\t\t\t\t<h3 class=\"elementor-flip-box__layer__title\">\n\t\t\t\t\t\t\t\tXXXIX Premio Reina Sof\u00eda de Composici\u00f3n Musical\t\t\t\t\t\t\t<\/h3>\n\t\t\t\t\t\t\n\t\t\t\t\t\t\t\t\t\t\t\t\t<div class=\"elementor-flip-box__layer__description\">\n\t\t\t\t\t\t\t\t<img decoding=\"async\" src=\"\/wp-content\/uploads\/2022\/03\/Arrow-right.png\" width=\"50\"> NURIA N\u00da\u00d1EZ\t\t\t\t\t\t\t<\/div>\n\t\t\t\t\t\t\t\t\t\t\t<\/div>\n\t\t\t\t<\/div>\n\t\t\t<\/div>\n\t\t\t<div class=\"elementor-flip-box__layer elementor-flip-box__back\">\n\t\t\t<div class=\"elementor-flip-box__layer__overlay\">\n\t\t\t\t<div class=\"elementor-flip-box__layer__inner\">\n\t\t\t\t\t\t\t\t\t\t\t<h3 class=\"elementor-flip-box__layer__title\">\n\t\t\t\t\t\t\t<img decoding=\"async\" src=\"\/wp-content\/uploads\/2022\/03\/Arrow-right.png\" width=\"50\"> NURIA N\u00da\u00d1EZ\t\t\t\t\t\t<\/h3>\n\t\t\t\t\t\n\t\t\t\t\t\t\t\t\t\t\t<div class=\"elementor-flip-box__layer__description\">\n\t\t\t\t\t\t\tLa compositora andaluza Nuria N\u00fa\u00f1ez gana el Premio Reina Sof\u00eda de Composici\u00f3n Musical con la obra \u00abEnjambres\u00bb, seleccionada por un jurado formado por Baldur Br\u00f6nnimann, Carlos Fontcuberta, Octavi Rumbau, Jes\u00fas Rueda, y presidido por Marcela Rodr\u00edguez.\nLa trayectoria de N\u00fa\u00f1ez ha sido reconocida con distinciones como el Primer Premio y Premio del P\u00fablico del Concurso de Composici\u00f3n para Orquesta del 15\u00ba Festival de Primavera de Weimar, el Premio Roma que otorga la Academia de las Artes de Alemania (Villa Massimo \/Casa Baldi) o el Primer Premio de la Fundaci\u00f3n Autor-CNDM. Tambi\u00e9n ha sido compositora residente en la Academia de Espa\u00f1a en Roma, en la Thomas Mann-Villa Aurora (Los \u00c1ngeles), en la Joven Orquesta Nacional de Espa\u00f1a y en la Th\u00fcringer Landesmusikakademie (Sondershausen).\nEn su cat\u00e1logo encontramos tanto piezas de c\u00e1mara como obras orquestales y obras esc\u00e9nicas para ni\u00f1os interpretadas por formaciones como el Ensemble Intercontemporain (FR), el Ensemble Ascolta (DE), el Studio for New Music Ensemble of Moscow (RU) o Taller Sonoro (ES), y orquestas como la Rundfunk-Sinfonieorchester Berlin, la Jenaer Philarmonie, la Joven Orquesta Nacional de Espa\u00f1a, la Orquesta Sinf\u00f3nica de Sevilla o la Orquesta Filarm\u00f3nica de M\u00e1laga.\t\t\t\t\t\t<\/div>\n\t\t\t\t\t\n\t\t\t\t\t\t\t\t<\/div>\n\t\t<\/div>\n\t\t<\/div>\n\t\t<\/div>\n\t\t\t\t\t\t<\/div>\n\t\t\t\t<\/div>\n\t\t\t\t<div class=\"elementor-element elementor-element-59ceda0 elementor-flip-box--effect-push random-color-trigger elementor-flip-box--direction-up elementor-widget elementor-widget-flip-box\" data-id=\"59ceda0\" data-element_type=\"widget\" data-e-type=\"widget\" data-widget_type=\"flip-box.default\">\n\t\t\t\t<div class=\"elementor-widget-container\">\n\t\t\t\t\t\t\t<div class=\"elementor-flip-box\" tabindex=\"0\">\n\t\t\t<div class=\"elementor-flip-box__layer elementor-flip-box__front\">\n\t\t\t\t<div class=\"elementor-flip-box__layer__overlay\">\n\t\t\t\t\t<div class=\"elementor-flip-box__layer__inner\">\n\t\t\t\t\t\t\n\t\t\t\t\t\t\t\t\t\t\t\t\t<h3 class=\"elementor-flip-box__layer__title\">\n\t\t\t\t\t\t\t\tXXXVI Premio Reina Sof\u00eda de Composici\u00f3n Musical\t\t\t\t\t\t\t<\/h3>\n\t\t\t\t\t\t\n\t\t\t\t\t\t\t\t\t\t\t\t\t<div class=\"elementor-flip-box__layer__description\">\n\t\t\t\t\t\t\t\t<img decoding=\"async\" src=\"\/wp-content\/uploads\/2022\/03\/Arrow-right.png\" width=\"50\"> JUAN CRUZ-GUEVARA\t\t\t\t\t\t\t<\/div>\n\t\t\t\t\t\t\t\t\t\t\t<\/div>\n\t\t\t\t<\/div>\n\t\t\t<\/div>\n\t\t\t<div class=\"elementor-flip-box__layer elementor-flip-box__back\">\n\t\t\t<div class=\"elementor-flip-box__layer__overlay\">\n\t\t\t\t<div class=\"elementor-flip-box__layer__inner\">\n\t\t\t\t\t\t\t\t\t\t\t<h3 class=\"elementor-flip-box__layer__title\">\n\t\t\t\t\t\t\t<img decoding=\"async\" src=\"\/wp-content\/uploads\/2022\/03\/Arrow-right.png\" width=\"50\"> JUAN CRUZ-GUEVARA\t\t\t\t\t\t<\/h3>\n\t\t\t\t\t\n\t\t\t\t\t\t\t\t\t\t\t<div class=\"elementor-flip-box__layer__description\">\n\t\t\t\t\t\t\tEl compositor Juan Cruz-Guevara gana el Premio Reina Sof\u00eda de Composici\u00f3n Musical con la obra \u00abPictograma\u00bb, seleccionada por un jurado formado por Bruno Dozza, Javier Arias Bal, Dimitri Loos, Jes\u00fas Rueda y Lu\u00eds Tinoco. Cruz-Guevara ha sido reconocido anteriormente con m\u00e1s de 15 premios de composici\u00f3n y sus obras han sido interpretadas por la Orquesta Nacional de Espa\u00f1a, la Orquesta Sinf\u00f3nica de Radio Televisi\u00f3n Espa\u00f1ola y la Orquesta de la Comunidad de Madrid, entre otras.\t\t\t\t\t\t<\/div>\n\t\t\t\t\t\n\t\t\t\t\t\t\t\t\t\t\t<a class=\"elementor-flip-box__button elementor-button elementor-size-sm\" href=\"https:\/\/open.spotify.com\/track\/04QL6x6eyzlxITy9ZIxpsJ?si=1ce9fc64d2184197&#038;nd=1\" target=\"_blank\">\n\t\t\t\t\t\t\tESCUCHA \u00abPICTOGRAMA\u00bb\t\t\t\t\t\t<\/a>\n\t\t\t\t\t\t\t\t<\/div>\n\t\t<\/div>\n\t\t<\/div>\n\t\t<\/div>\n\t\t\t\t\t\t<\/div>\n\t\t\t\t<\/div>\n\t\t\t\t<div class=\"elementor-element elementor-element-9630d36 elementor-flip-box--effect-push random-color-trigger elementor-flip-box--direction-up elementor-widget elementor-widget-flip-box\" data-id=\"9630d36\" data-element_type=\"widget\" data-e-type=\"widget\" data-widget_type=\"flip-box.default\">\n\t\t\t\t<div class=\"elementor-widget-container\">\n\t\t\t\t\t\t\t<div class=\"elementor-flip-box\" tabindex=\"0\">\n\t\t\t<div class=\"elementor-flip-box__layer elementor-flip-box__front\">\n\t\t\t\t<div class=\"elementor-flip-box__layer__overlay\">\n\t\t\t\t\t<div class=\"elementor-flip-box__layer__inner\">\n\t\t\t\t\t\t\n\t\t\t\t\t\t\t\t\t\t\t\t\t<h3 class=\"elementor-flip-box__layer__title\">\n\t\t\t\t\t\t\t\tXXXIII Premio Reina Sof\u00eda de Composici\u00f3n Musical\t\t\t\t\t\t\t<\/h3>\n\t\t\t\t\t\t\n\t\t\t\t\t\t\t\t\t\t\t\t\t<div class=\"elementor-flip-box__layer__description\">\n\t\t\t\t\t\t\t\t<img decoding=\"async\" src=\"\/wp-content\/uploads\/2022\/03\/Arrow-right.png\" width=\"50\"> FRANCISCO MART\u00cdN QUINTERO\t\t\t\t\t\t\t<\/div>\n\t\t\t\t\t\t\t\t\t\t\t<\/div>\n\t\t\t\t<\/div>\n\t\t\t<\/div>\n\t\t\t<div class=\"elementor-flip-box__layer elementor-flip-box__back\">\n\t\t\t<div class=\"elementor-flip-box__layer__overlay\">\n\t\t\t\t<div class=\"elementor-flip-box__layer__inner\">\n\t\t\t\t\t\t\t\t\t\t\t<h3 class=\"elementor-flip-box__layer__title\">\n\t\t\t\t\t\t\t<img decoding=\"async\" src=\"\/wp-content\/uploads\/2022\/03\/Arrow-right.png\" width=\"50\"> FRANCISCO MART\u00cdN QUINTERO\t\t\t\t\t\t<\/h3>\n\t\t\t\t\t\n\t\t\t\t\t\t\t\t\t\t\t<div class=\"elementor-flip-box__layer__description\">\n\t\t\t\t\t\t\tEl compositor Francisco Mart\u00edn Quintero gana el Premio Reina Sof\u00eda de Composici\u00f3n Musical con la obra \u00abOrograf\u00eda sonora\u00bb, inspirada en dos cuentos de Marguerite Yourcenar. Mart\u00edn Quintero define la partitura ganadora como una obra \u00abmuy est\u00e9tica, de estilo contempor\u00e1neo y atonal, pero a la vez cargada de emoci\u00f3n e imaginaci\u00f3n, muy ligada a la literatura\u00bb. La obra fue concebida para el XXIX Premio Reina Sof\u00eda de Composici\u00f3n Musical, y es perfeccionada hasta la XXXIII edici\u00f3n. El d\u00eda del estreno, Mart\u00edn Quintero destaca la calidad de la orquesta y comenta que ver su m\u00fasica interpretada \u00abno puede ser m\u00e1s gratificante\u00bb.\t\t\t\t\t\t<\/div>\n\t\t\t\t\t\n\t\t\t\t\t\t\t\t\t\t\t<a class=\"elementor-flip-box__button elementor-button elementor-size-sm\" href=\"https:\/\/open.spotify.com\/track\/3ys0vrCbY8GA18vQ3w7twL?si=220968723a9c41d0&#038;nd=1\">\n\t\t\t\t\t\t\tESCUCHA \u00abOROGRAF\u00cdA SONORA\u00bb\t\t\t\t\t\t<\/a>\n\t\t\t\t\t\t\t\t<\/div>\n\t\t<\/div>\n\t\t<\/div>\n\t\t<\/div>\n\t\t\t\t\t\t<\/div>\n\t\t\t\t<\/div>\n\t\t\t\t<div class=\"elementor-element elementor-element-333bfd0 elementor-flip-box--effect-push random-color-trigger elementor-flip-box--direction-up elementor-widget elementor-widget-flip-box\" data-id=\"333bfd0\" data-element_type=\"widget\" data-e-type=\"widget\" data-widget_type=\"flip-box.default\">\n\t\t\t\t<div class=\"elementor-widget-container\">\n\t\t\t\t\t\t\t<div class=\"elementor-flip-box\" tabindex=\"0\">\n\t\t\t<div class=\"elementor-flip-box__layer elementor-flip-box__front\">\n\t\t\t\t<div class=\"elementor-flip-box__layer__overlay\">\n\t\t\t\t\t<div class=\"elementor-flip-box__layer__inner\">\n\t\t\t\t\t\t\n\t\t\t\t\t\t\t\t\t\t\t\t\t<h3 class=\"elementor-flip-box__layer__title\">\n\t\t\t\t\t\t\t\tXXX Premio Reina Sof\u00eda de Composici\u00f3n Musical\t\t\t\t\t\t\t<\/h3>\n\t\t\t\t\t\t\n\t\t\t\t\t\t\t\t\t\t\t\t\t<div class=\"elementor-flip-box__layer__description\">\n\t\t\t\t\t\t\t\t<img decoding=\"async\" src=\"\/wp-content\/uploads\/2022\/03\/Arrow-right.png\" width=\"50\"> EUNHO CHANG\t\t\t\t\t\t\t<\/div>\n\t\t\t\t\t\t\t\t\t\t\t<\/div>\n\t\t\t\t<\/div>\n\t\t\t<\/div>\n\t\t\t<div class=\"elementor-flip-box__layer elementor-flip-box__back\">\n\t\t\t<div class=\"elementor-flip-box__layer__overlay\">\n\t\t\t\t<div class=\"elementor-flip-box__layer__inner\">\n\t\t\t\t\t\t\t\t\t\t\t<h3 class=\"elementor-flip-box__layer__title\">\n\t\t\t\t\t\t\t<img decoding=\"async\" src=\"\/wp-content\/uploads\/2022\/03\/Arrow-right.png\" width=\"50\"> EUNHO CHANG\t\t\t\t\t\t<\/h3>\n\t\t\t\t\t\n\t\t\t\t\t\t\t\t\t\t\t<div class=\"elementor-flip-box__layer__description\">\n\t\t\t\t\t\t\tEl compositor Eunho Chang gana el Premio Reina Sof\u00eda de Composici\u00f3n Musical con la obra \u00abFantasia luminosit\u00e9\u00bb para viol\u00edn y orquesta. El jurado que selecciona la obra lo forman Hong-Jun Seo, Tom\u00e1s Garrido, Mart\u00edn Matal\u00f3n, Jes\u00fas Rueda y Joan Guinjoan.\t\t\t\t\t\t<\/div>\n\t\t\t\t\t\n\t\t\t\t\t\t\t\t\t\t\t<a class=\"elementor-flip-box__button elementor-button elementor-size-sm\" href=\"https:\/\/open.spotify.com\/track\/4rEjT4xTI0hVWDoHMF8xxo?si=2cd73cbd2a844388&#038;nd=1\">\n\t\t\t\t\t\t\tESCUCHA \u00abFANTASIA LUMINOSIT\u00c9\u00bb\t\t\t\t\t\t<\/a>\n\t\t\t\t\t\t\t\t<\/div>\n\t\t<\/div>\n\t\t<\/div>\n\t\t<\/div>\n\t\t\t\t\t\t<\/div>\n\t\t\t\t<\/div>\n\t\t\t\t<div class=\"elementor-element elementor-element-ac7ad2e elementor-flip-box--effect-push random-color-trigger elementor-flip-box--direction-up elementor-widget elementor-widget-flip-box\" data-id=\"ac7ad2e\" data-element_type=\"widget\" data-e-type=\"widget\" data-widget_type=\"flip-box.default\">\n\t\t\t\t<div class=\"elementor-widget-container\">\n\t\t\t\t\t\t\t<div class=\"elementor-flip-box\" tabindex=\"0\">\n\t\t\t<div class=\"elementor-flip-box__layer elementor-flip-box__front\">\n\t\t\t\t<div class=\"elementor-flip-box__layer__overlay\">\n\t\t\t\t\t<div class=\"elementor-flip-box__layer__inner\">\n\t\t\t\t\t\t\n\t\t\t\t\t\t\t\t\t\t\t\t\t<h3 class=\"elementor-flip-box__layer__title\">\n\t\t\t\t\t\t\t\tXXVII Premio Reina Sof\u00eda de Composici\u00f3n Musical\t\t\t\t\t\t\t<\/h3>\n\t\t\t\t\t\t\n\t\t\t\t\t\t\t\t\t\t\t\t\t<div class=\"elementor-flip-box__layer__description\">\n\t\t\t\t\t\t\t\t<img decoding=\"async\" src=\"\/wp-content\/uploads\/2022\/03\/Arrow-right.png\" width=\"50\"> GIOVANNI BONATO\t\t\t\t\t\t\t<\/div>\n\t\t\t\t\t\t\t\t\t\t\t<\/div>\n\t\t\t\t<\/div>\n\t\t\t<\/div>\n\t\t\t<div class=\"elementor-flip-box__layer elementor-flip-box__back\">\n\t\t\t<div class=\"elementor-flip-box__layer__overlay\">\n\t\t\t\t<div class=\"elementor-flip-box__layer__inner\">\n\t\t\t\t\t\t\t\t\t\t\t<h3 class=\"elementor-flip-box__layer__title\">\n\t\t\t\t\t\t\t<img decoding=\"async\" src=\"\/wp-content\/uploads\/2022\/03\/Arrow-right.png\" width=\"50\"> GIOVANNI BONATO\t\t\t\t\t\t<\/h3>\n\t\t\t\t\t\n\t\t\t\t\t\t\t\t\t\t\t<div class=\"elementor-flip-box__layer__description\">\n\t\t\t\t\t\t\tEl compositor italiano Giovanni Bonato gana el Premio Reina Sof\u00eda de Composici\u00f3n Musical con la obra \u00abDar Gaist is he\u00fcte kemmet\u00bb [\u00abEl Esp\u00edritu Santo llega hoy\u00bb], para orquesta sinf\u00f3nica y coro. La obra ganadora es un homenaje a la cultura de la regi\u00f3n italiana de Asiago, una zona monta\u00f1osa cerca de Venecia. La partitura parte de una plegaria popular y mezcla elementos sacros y profanos.\t\t\t\t\t\t<\/div>\n\t\t\t\t\t\n\t\t\t\t\t\t\t\t\t\t\t<a class=\"elementor-flip-box__button elementor-button elementor-size-sm\" href=\"https:\/\/open.spotify.com\/track\/7gDyKn0Tib7sTCmvrEAWUi?si=9603eee960c44cba&#038;nd=1\">\n\t\t\t\t\t\t\tESCUCHA \u00abDAR GAIST IS HE\u00dcTE KEMMET\u00bb\t\t\t\t\t\t<\/a>\n\t\t\t\t\t\t\t\t<\/div>\n\t\t<\/div>\n\t\t<\/div>\n\t\t<\/div>\n\t\t\t\t\t\t<\/div>\n\t\t\t\t<\/div>\n\t\t\t\t<div class=\"elementor-element elementor-element-a3a641a elementor-flip-box--effect-push random-color-trigger elementor-flip-box--direction-up elementor-widget elementor-widget-flip-box\" data-id=\"a3a641a\" data-element_type=\"widget\" data-e-type=\"widget\" data-widget_type=\"flip-box.default\">\n\t\t\t\t<div class=\"elementor-widget-container\">\n\t\t\t\t\t\t\t<div class=\"elementor-flip-box\" tabindex=\"0\">\n\t\t\t<div class=\"elementor-flip-box__layer elementor-flip-box__front\">\n\t\t\t\t<div class=\"elementor-flip-box__layer__overlay\">\n\t\t\t\t\t<div class=\"elementor-flip-box__layer__inner\">\n\t\t\t\t\t\t\n\t\t\t\t\t\t\t\t\t\t\t\t\t<h3 class=\"elementor-flip-box__layer__title\">\n\t\t\t\t\t\t\t\tXXIV Premio Reina Sof\u00eda de Composici\u00f3n Musical\t\t\t\t\t\t\t<\/h3>\n\t\t\t\t\t\t\n\t\t\t\t\t\t\t\t\t\t\t\t\t<div class=\"elementor-flip-box__layer__description\">\n\t\t\t\t\t\t\t\t<img decoding=\"async\" src=\"\/wp-content\/uploads\/2022\/03\/Arrow-right.png\" width=\"50\"> RAMON HUMET\t\t\t\t\t\t\t<\/div>\n\t\t\t\t\t\t\t\t\t\t\t<\/div>\n\t\t\t\t<\/div>\n\t\t\t<\/div>\n\t\t\t<div class=\"elementor-flip-box__layer elementor-flip-box__back\">\n\t\t\t<div class=\"elementor-flip-box__layer__overlay\">\n\t\t\t\t<div class=\"elementor-flip-box__layer__inner\">\n\t\t\t\t\t\t\t\t\t\t\t<h3 class=\"elementor-flip-box__layer__title\">\n\t\t\t\t\t\t\t<img decoding=\"async\" src=\"\/wp-content\/uploads\/2022\/03\/Arrow-right.png\" width=\"50\"> RAMON HUMET\t\t\t\t\t\t<\/h3>\n\t\t\t\t\t\n\t\t\t\t\t\t\t\t\t\t\t<div class=\"elementor-flip-box__layer__description\">\n\t\t\t\t\t\t\tEl compositor Ramon Humet gana el Premio Reina Sof\u00eda de Composici\u00f3n Musical con la obra \u00abEscenas de p\u00e1jaros\u00bb. Humet se forma musicalmente con Guinjoan, Josep Soler y Jonathan Harvey. Adem\u00e1s del Premio Reina Sof\u00eda, obtiene el Premio Joaqu\u00edn Rodrigo, el Premio Villa de Madrid y el Mostly Modern. En la obra ganadora cada instrumento de la orquesta tiene autonom\u00eda propia, lo cual hace que el contrapunto sea altamente complejo. A lo largo de los tres movimientos reconocemos el sonido de varios p\u00e1jaros, en un esfuerzo del autor por encontrar la mezcla entre intuici\u00f3n y reflexi\u00f3n que permita encauzar la composici\u00f3n. Crist\u00f3bal Halffer, presidente del Jurado, defiende la importancia del Premio Reino Sof\u00eda a la hora de reivindicar la figura del compositor en Espa\u00f1a.\t\t\t\t\t\t<\/div>\n\t\t\t\t\t\n\t\t\t\t\t\t\t\t\t\t\t<a class=\"elementor-flip-box__button elementor-button elementor-size-sm\" href=\"https:\/\/open.spotify.com\/track\/1eOYH9HP1Bcijv3qHmpCHY?si=ff75a9a5fdfc4d54&#038;nd=1\">\n\t\t\t\t\t\t\tESCUCHA \u00abESCENAS DE P\u00c1JAROS\u00bb\t\t\t\t\t\t<\/a>\n\t\t\t\t\t\t\t\t<\/div>\n\t\t<\/div>\n\t\t<\/div>\n\t\t<\/div>\n\t\t\t\t\t\t<\/div>\n\t\t\t\t<\/div>\n\t\t\t\t<div class=\"elementor-element elementor-element-89cb8ec elementor-flip-box--effect-push random-color-trigger elementor-flip-box--direction-up elementor-widget elementor-widget-flip-box\" data-id=\"89cb8ec\" data-element_type=\"widget\" data-e-type=\"widget\" data-widget_type=\"flip-box.default\">\n\t\t\t\t<div class=\"elementor-widget-container\">\n\t\t\t\t\t\t\t<div class=\"elementor-flip-box\" tabindex=\"0\">\n\t\t\t<div class=\"elementor-flip-box__layer elementor-flip-box__front\">\n\t\t\t\t<div class=\"elementor-flip-box__layer__overlay\">\n\t\t\t\t\t<div class=\"elementor-flip-box__layer__inner\">\n\t\t\t\t\t\t\n\t\t\t\t\t\t\t\t\t\t\t\t\t<h3 class=\"elementor-flip-box__layer__title\">\n\t\t\t\t\t\t\t\tXXI Premio Reina Sof\u00eda de Composici\u00f3n Musical\t\t\t\t\t\t\t<\/h3>\n\t\t\t\t\t\t\n\t\t\t\t\t\t\t\t\t\t\t\t\t<div class=\"elementor-flip-box__layer__description\">\n\t\t\t\t\t\t\t\t<img decoding=\"async\" src=\"\/wp-content\/uploads\/2022\/03\/Arrow-right.png\" width=\"50\"> MASSIMO BOTTER\t\t\t\t\t\t\t<\/div>\n\t\t\t\t\t\t\t\t\t\t\t<\/div>\n\t\t\t\t<\/div>\n\t\t\t<\/div>\n\t\t\t<div class=\"elementor-flip-box__layer elementor-flip-box__back\">\n\t\t\t<div class=\"elementor-flip-box__layer__overlay\">\n\t\t\t\t<div class=\"elementor-flip-box__layer__inner\">\n\t\t\t\t\t\t\t\t\t\t\t<h3 class=\"elementor-flip-box__layer__title\">\n\t\t\t\t\t\t\t<img decoding=\"async\" src=\"\/wp-content\/uploads\/2022\/03\/Arrow-right.png\" width=\"50\"> MASSIMO BOTTER\t\t\t\t\t\t<\/h3>\n\t\t\t\t\t\n\t\t\t\t\t\t\t\t\t\t\t<div class=\"elementor-flip-box__layer__description\">\n\t\t\t\t\t\t\tEl compositor Massimo Botter gana el Premio Reina Sof\u00eda de Composici\u00f3n Musical con la obra \u00abLes Algues\u00bb. En la edici\u00f3n n\u00famero veintiuno de la competici\u00f3n se reciben hasta ciento veintiuna propuestas procedentes de todos los rincones del mundo, lo cual pone de manifiesto, una vez m\u00e1s, la relevancia y la importancia del Premio en el panorama musical contempor\u00e1neo. El jurado lo forman: Jes\u00fas Villa Rojo, Miguel \u00c1ngel Coria, Mario Gos\u00e1lvez, David del Puerto, Jes\u00fas Rueda y Jes\u00fas Torres. La obra ganadora da mucha importancia a la percusi\u00f3n, distribuida para potenciar los efectos espaciales de la experiencia.\t\t\t\t\t\t<\/div>\n\t\t\t\t\t\n\t\t\t\t\t\t\t\t\t\t\t<a class=\"elementor-flip-box__button elementor-button elementor-size-sm\" href=\"https:\/\/open.spotify.com\/track\/1yw7e2UKT4Iqgv3yBkoi2I?si=c11d190425274936&#038;nd=1\">\n\t\t\t\t\t\t\tESCUCHA \u00abLES ALGUES\u00bb\t\t\t\t\t\t<\/a>\n\t\t\t\t\t\t\t\t<\/div>\n\t\t<\/div>\n\t\t<\/div>\n\t\t<\/div>\n\t\t\t\t\t\t<\/div>\n\t\t\t\t<\/div>\n\t\t\t\t<div class=\"elementor-element elementor-element-0afde84 elementor-flip-box--effect-push random-color-trigger elementor-flip-box--direction-up elementor-widget elementor-widget-flip-box\" data-id=\"0afde84\" data-element_type=\"widget\" data-e-type=\"widget\" data-widget_type=\"flip-box.default\">\n\t\t\t\t<div class=\"elementor-widget-container\">\n\t\t\t\t\t\t\t<div class=\"elementor-flip-box\" tabindex=\"0\">\n\t\t\t<div class=\"elementor-flip-box__layer elementor-flip-box__front\">\n\t\t\t\t<div class=\"elementor-flip-box__layer__overlay\">\n\t\t\t\t\t<div class=\"elementor-flip-box__layer__inner\">\n\t\t\t\t\t\t\n\t\t\t\t\t\t\t\t\t\t\t\t\t<h3 class=\"elementor-flip-box__layer__title\">\n\t\t\t\t\t\t\t\tXVIII Premio Reina Sof\u00eda de Composici\u00f3n Musical\t\t\t\t\t\t\t<\/h3>\n\t\t\t\t\t\t\n\t\t\t\t\t\t\t\t\t\t\t\t\t<div class=\"elementor-flip-box__layer__description\">\n\t\t\t\t\t\t\t\t<img decoding=\"async\" src=\"\/wp-content\/uploads\/2022\/03\/Arrow-right.png\" width=\"50\"> MAURICIO SOTELO\t\t\t\t\t\t\t<\/div>\n\t\t\t\t\t\t\t\t\t\t\t<\/div>\n\t\t\t\t<\/div>\n\t\t\t<\/div>\n\t\t\t<div class=\"elementor-flip-box__layer elementor-flip-box__back\">\n\t\t\t<div class=\"elementor-flip-box__layer__overlay\">\n\t\t\t\t<div class=\"elementor-flip-box__layer__inner\">\n\t\t\t\t\t\t\t\t\t\t\t<h3 class=\"elementor-flip-box__layer__title\">\n\t\t\t\t\t\t\t<img decoding=\"async\" src=\"\/wp-content\/uploads\/2022\/03\/Arrow-right.png\" width=\"50\"> MAURICIO SOTELO\t\t\t\t\t\t<\/h3>\n\t\t\t\t\t\n\t\t\t\t\t\t\t\t\t\t\t<div class=\"elementor-flip-box__layer__description\">\n\t\t\t\t\t\t\tEl compositor Mauricio Sotelogana el decimoctavo Premio Reina Sof\u00eda de Composici\u00f3n Musical con la obra \u00abSi despu\u00e9s de morir\u2026\u00bb para cantaor y orquesta, escrita a partir de un poema de Jos\u00e9 \u00c1ngel Valente. La obra ganadora compite con otras 39 candidatas, evaluadas por un jurado compuesto por Alfredo Aracil, Jos\u00e9 Peris, Adri\u00e1n Cobo, Jes\u00fas Torres y Miguel \u00c1ngel Coria. Por primera vez la ganadora es una obra que bebe directamente del folklore espa\u00f1ol, con la inclusi\u00f3n de sonidos de flamencoen una partitura que rescata la polifon\u00eda del renacimiento. Sotelo fue alumno del compositor Luigi Nono.\t\t\t\t\t\t<\/div>\n\t\t\t\t\t\n\t\t\t\t\t\t\t\t\t\t\t<a class=\"elementor-flip-box__button elementor-button elementor-size-sm\" href=\"https:\/\/open.spotify.com\/track\/5cm5FCpmH5nJHxGzkv4XRI?si=ee6e5ea671d74c1d&#038;nd=1\">\n\t\t\t\t\t\t\tESCUCHA \u00abSI DESPU\u00c9S DE MORIR...\u00bb\t\t\t\t\t\t<\/a>\n\t\t\t\t\t\t\t\t<\/div>\n\t\t<\/div>\n\t\t<\/div>\n\t\t<\/div>\n\t\t\t\t\t\t<\/div>\n\t\t\t\t<\/div>\n\t\t\t\t<div class=\"elementor-element elementor-element-520181b elementor-flip-box--effect-push random-color-trigger elementor-flip-box--direction-up elementor-widget elementor-widget-flip-box\" data-id=\"520181b\" data-element_type=\"widget\" data-e-type=\"widget\" data-widget_type=\"flip-box.default\">\n\t\t\t\t<div class=\"elementor-widget-container\">\n\t\t\t\t\t\t\t<div class=\"elementor-flip-box\" tabindex=\"0\">\n\t\t\t<div class=\"elementor-flip-box__layer elementor-flip-box__front\">\n\t\t\t\t<div class=\"elementor-flip-box__layer__overlay\">\n\t\t\t\t\t<div class=\"elementor-flip-box__layer__inner\">\n\t\t\t\t\t\t\n\t\t\t\t\t\t\t\t\t\t\t\t\t<h3 class=\"elementor-flip-box__layer__title\">\n\t\t\t\t\t\t\t\tXV Premio Reina Sofia de Composici\u00f3n Musical\t\t\t\t\t\t\t<\/h3>\n\t\t\t\t\t\t\n\t\t\t\t\t\t\t\t\t\t\t\t\t<div class=\"elementor-flip-box__layer__description\">\n\t\t\t\t\t\t\t\t<img decoding=\"async\" src=\"\/wp-content\/uploads\/2022\/03\/Arrow-right.png\" width=\"50\"> FRANCISCO JOS\u00c9 MART\u00cdN JAIME\t\t\t\t\t\t\t<\/div>\n\t\t\t\t\t\t\t\t\t\t\t<\/div>\n\t\t\t\t<\/div>\n\t\t\t<\/div>\n\t\t\t<div class=\"elementor-flip-box__layer elementor-flip-box__back\">\n\t\t\t<div class=\"elementor-flip-box__layer__overlay\">\n\t\t\t\t<div class=\"elementor-flip-box__layer__inner\">\n\t\t\t\t\t\t\t\t\t\t\t<h3 class=\"elementor-flip-box__layer__title\">\n\t\t\t\t\t\t\t<img decoding=\"async\" src=\"\/wp-content\/uploads\/2022\/03\/Arrow-right.png\" width=\"50\"> FRANCISCO JOS\u00c9 MART\u00cdN JAIME\t\t\t\t\t\t<\/h3>\n\t\t\t\t\t\n\t\t\t\t\t\t\t\t\t\t\t<div class=\"elementor-flip-box__layer__description\">\n\t\t\t\t\t\t\tEl compositor de 26 a\u00f1os Francisco Jos\u00e9 Mart\u00edn Jaimegana la decimoquinta edici\u00f3n del Premio Reina Sof\u00eda de Composici\u00f3n Musical con la obra \u00abKlavierkonzert\u00bb, la primera que se publica e interpreta del joven compositor. El jurado est\u00e1 formado por los compositores Claudio Prieto, Francisco Cano, Carlos Cruz de Castro, Alberto Llanas y Miguel \u00c1ngel Coria.Durante el estreno Mart\u00edn Jaime se emociona por el honor que supone ver su obra estrenada en el mismo concurso que ha premiado a grandes figuras de la historia de la m\u00fasica como Lutoslawski, Montsalvatge, Jos\u00e9 Luis Turina o Guinjoan.\t\t\t\t\t\t<\/div>\n\t\t\t\t\t\n\t\t\t\t\t\t\t\t\t\t\t<a class=\"elementor-flip-box__button elementor-button elementor-size-sm\" href=\"https:\/\/open.spotify.com\/track\/03ZgjC0y6WWvz23iUwDcXK?si=6429715e85c942de&#038;nd=1\" target=\"_blank\">\n\t\t\t\t\t\t\tESCUCHA \u00abKLAVIERKONZERT\u00bb\t\t\t\t\t\t<\/a>\n\t\t\t\t\t\t\t\t<\/div>\n\t\t<\/div>\n\t\t<\/div>\n\t\t<\/div>\n\t\t\t\t\t\t<\/div>\n\t\t\t\t<\/div>\n\t\t\t\t<div class=\"elementor-element elementor-element-5be4975 elementor-flip-box--effect-push random-color-trigger elementor-flip-box--direction-up elementor-widget elementor-widget-flip-box\" data-id=\"5be4975\" data-element_type=\"widget\" data-e-type=\"widget\" data-widget_type=\"flip-box.default\">\n\t\t\t\t<div class=\"elementor-widget-container\">\n\t\t\t\t\t\t\t<div class=\"elementor-flip-box\" tabindex=\"0\">\n\t\t\t<div class=\"elementor-flip-box__layer elementor-flip-box__front\">\n\t\t\t\t<div class=\"elementor-flip-box__layer__overlay\">\n\t\t\t\t\t<div class=\"elementor-flip-box__layer__inner\">\n\t\t\t\t\t\t\n\t\t\t\t\t\t\t\t\t\t\t\t\t<h3 class=\"elementor-flip-box__layer__title\">\n\t\t\t\t\t\t\t\tXII Premio Reina Sof\u00eda de Composici\u00f3n Musical\t\t\t\t\t\t\t<\/h3>\n\t\t\t\t\t\t\n\t\t\t\t\t\t\t\t\t\t\t\t\t<div class=\"elementor-flip-box__layer__description\">\n\t\t\t\t\t\t\t\t<img decoding=\"async\" src=\"\/wp-content\/uploads\/2022\/03\/Arrow-right.png\" width=\"50\"> VICTOR REBULLIDA\t\t\t\t\t\t\t<\/div>\n\t\t\t\t\t\t\t\t\t\t\t<\/div>\n\t\t\t\t<\/div>\n\t\t\t<\/div>\n\t\t\t<div class=\"elementor-flip-box__layer elementor-flip-box__back\">\n\t\t\t<div class=\"elementor-flip-box__layer__overlay\">\n\t\t\t\t<div class=\"elementor-flip-box__layer__inner\">\n\t\t\t\t\t\t\t\t\t\t\t<h3 class=\"elementor-flip-box__layer__title\">\n\t\t\t\t\t\t\t<img decoding=\"async\" src=\"\/wp-content\/uploads\/2022\/03\/Arrow-right.png\" width=\"50\"> VICTOR REBULLIDA\t\t\t\t\t\t<\/h3>\n\t\t\t\t\t\n\t\t\t\t\t\t\t\t\t\t\t<div class=\"elementor-flip-box__layer__description\">\n\t\t\t\t\t\t\tEl compositor Victor Rebullida gana el decimosegundo Premio Reina Sof\u00eda de Composici\u00f3n Musical con la obra \u00abIn Memoriam\u00bb.\t\t\t\t\t\t<\/div>\n\t\t\t\t\t\n\t\t\t\t\t\t\t\t\t\t\t<a class=\"elementor-flip-box__button elementor-button elementor-size-sm\" href=\"https:\/\/open.spotify.com\/track\/3ADVdANFMZ8X5jD7N84q8T?si=6d97357c3e654c97&#038;nd=1\" target=\"_blank\">\n\t\t\t\t\t\t\tESCUCHA  \u00abIN MEMORIAM\u00bb\t\t\t\t\t\t<\/a>\n\t\t\t\t\t\t\t\t<\/div>\n\t\t<\/div>\n\t\t<\/div>\n\t\t<\/div>\n\t\t\t\t\t\t<\/div>\n\t\t\t\t<\/div>\n\t\t\t\t<div class=\"elementor-element elementor-element-9f553eb elementor-flip-box--effect-push random-color-trigger elementor-flip-box--direction-up elementor-widget elementor-widget-flip-box\" data-id=\"9f553eb\" data-element_type=\"widget\" data-e-type=\"widget\" data-widget_type=\"flip-box.default\">\n\t\t\t\t<div class=\"elementor-widget-container\">\n\t\t\t\t\t\t\t<div class=\"elementor-flip-box\" tabindex=\"0\">\n\t\t\t<div class=\"elementor-flip-box__layer elementor-flip-box__front\">\n\t\t\t\t<div class=\"elementor-flip-box__layer__overlay\">\n\t\t\t\t\t<div class=\"elementor-flip-box__layer__inner\">\n\t\t\t\t\t\t\n\t\t\t\t\t\t\t\t\t\t\t\t\t<h3 class=\"elementor-flip-box__layer__title\">\n\t\t\t\t\t\t\t\tIX Premio Reina Sof\u00eda de Composici\u00f3n Musical\t\t\t\t\t\t\t<\/h3>\n\t\t\t\t\t\t\n\t\t\t\t\t\t\t\t\t\t\t\t\t<div class=\"elementor-flip-box__layer__description\">\n\t\t\t\t\t\t\t\t<img decoding=\"async\" src=\"\/wp-content\/uploads\/2022\/03\/Arrow-right.png\" width=\"50\"> SALVADOR BROTONS\t\t\t\t\t\t\t<\/div>\n\t\t\t\t\t\t\t\t\t\t\t<\/div>\n\t\t\t\t<\/div>\n\t\t\t<\/div>\n\t\t\t<div class=\"elementor-flip-box__layer elementor-flip-box__back\">\n\t\t\t<div class=\"elementor-flip-box__layer__overlay\">\n\t\t\t\t<div class=\"elementor-flip-box__layer__inner\">\n\t\t\t\t\t\t\t\t\t\t\t<h3 class=\"elementor-flip-box__layer__title\">\n\t\t\t\t\t\t\t<img decoding=\"async\" src=\"\/wp-content\/uploads\/2022\/03\/Arrow-right.png\" width=\"50\"> SALVADOR BROTONS\t\t\t\t\t\t<\/h3>\n\t\t\t\t\t\n\t\t\t\t\t\t\t\t\t\t\t<div class=\"elementor-flip-box__layer__description\">\n\t\t\t\t\t\t\tEl compositor catal\u00e1n Salvador Brotons gana la novena edici\u00f3n del Premio Reina Sof\u00eda de Composici\u00f3n Musical con la obra \u00abVirtus, Op. 53\u00bb. Premiado y reconocido anteriormente en varias ocasiones, Brotons recibe el Premio durante su residencia en la Universidad de Florida como director de orquesta. Los cr\u00edticos destacan la absoluta independencia de pensamiento de la obra ganadora, as\u00ed como la escritura al servicio de unas ideas s\u00f3lidas, que no se dejan influir por modas ni tendencias.\t\t\t\t\t\t<\/div>\n\t\t\t\t\t\n\t\t\t\t\t\t\t\t\t\t\t<a class=\"elementor-flip-box__button elementor-button elementor-size-sm\" href=\"https:\/\/open.spotify.com\/track\/6vJNIVaWvK0ja4W5Nb2GJn?si=26bfcbca1c514b99&#038;nd=1\" target=\"_blank\">\n\t\t\t\t\t\t\tESCUCHA \u00abVIRTUS OP. 53\u00bb\t\t\t\t\t\t<\/a>\n\t\t\t\t\t\t\t\t<\/div>\n\t\t<\/div>\n\t\t<\/div>\n\t\t<\/div>\n\t\t\t\t\t\t<\/div>\n\t\t\t\t<\/div>\n\t\t\t\t<div class=\"elementor-element elementor-element-b6d6b0e elementor-flip-box--effect-push random-color-trigger elementor-flip-box--direction-up elementor-widget elementor-widget-flip-box\" data-id=\"b6d6b0e\" data-element_type=\"widget\" data-e-type=\"widget\" data-widget_type=\"flip-box.default\">\n\t\t\t\t<div class=\"elementor-widget-container\">\n\t\t\t\t\t\t\t<div class=\"elementor-flip-box\" tabindex=\"0\">\n\t\t\t<div class=\"elementor-flip-box__layer elementor-flip-box__front\">\n\t\t\t\t<div class=\"elementor-flip-box__layer__overlay\">\n\t\t\t\t\t<div class=\"elementor-flip-box__layer__inner\">\n\t\t\t\t\t\t\n\t\t\t\t\t\t\t\t\t\t\t\t\t<h3 class=\"elementor-flip-box__layer__title\">\n\t\t\t\t\t\t\t\tVI Premio Reina Sof\u00eda de Composici\u00f3n Musical\t\t\t\t\t\t\t<\/h3>\n\t\t\t\t\t\t\n\t\t\t\t\t\t\t\t\t\t\t\t\t<div class=\"elementor-flip-box__layer__description\">\n\t\t\t\t\t\t\t\t<img decoding=\"async\" src=\"\/wp-content\/uploads\/2022\/03\/Arrow-right.png\" width=\"50\"> AGUST\u00cd CHARLES SOLER\t\t\t\t\t\t\t<\/div>\n\t\t\t\t\t\t\t\t\t\t\t<\/div>\n\t\t\t\t<\/div>\n\t\t\t<\/div>\n\t\t\t<div class=\"elementor-flip-box__layer elementor-flip-box__back\">\n\t\t\t<div class=\"elementor-flip-box__layer__overlay\">\n\t\t\t\t<div class=\"elementor-flip-box__layer__inner\">\n\t\t\t\t\t\t\t\t\t\t\t<h3 class=\"elementor-flip-box__layer__title\">\n\t\t\t\t\t\t\t<img decoding=\"async\" src=\"\/wp-content\/uploads\/2022\/03\/Arrow-right.png\" width=\"50\"> AGUST\u00cd CHARLES SOLER\t\t\t\t\t\t<\/h3>\n\t\t\t\t\t\n\t\t\t\t\t\t\t\t\t\t\t<div class=\"elementor-flip-box__layer__description\">\n\t\t\t\t\t\t\tEl compositor catal\u00e1n Agust\u00ed Charles Solergana la sexta edici\u00f3n del Premio Reina Sof\u00eda de Composici\u00f3n Musical con la obra \u00abIunxi\u00bb (Uni\u00f3n). Alumno de compositores reconocidos, como Liliane Maffiotti o Carles Guinovart, Charles Soler obtiene varios galardones antes de hacerse con el Premio Reina Sof\u00eda. Con \u00abIunxi\u00bb pretende desmarcarse de la l\u00ednea centroeuropea, alinearse con las \u00faltimas tendencias y buscar el choque con la cr\u00edtica.\t\t\t\t\t\t<\/div>\n\t\t\t\t\t\n\t\t\t\t\t\t\t\t\t\t\t<a class=\"elementor-flip-box__button elementor-button elementor-size-sm\" href=\"https:\/\/open.spotify.com\/track\/7vpZxqfo899y3vr4Vf98Kt?si=98f3ee5b297240f2&#038;nd=1\" target=\"_blank\">\n\t\t\t\t\t\t\tESCUCHA \u00abIUNXI\u00bb\t\t\t\t\t\t<\/a>\n\t\t\t\t\t\t\t\t<\/div>\n\t\t<\/div>\n\t\t<\/div>\n\t\t<\/div>\n\t\t\t\t\t\t<\/div>\n\t\t\t\t<\/div>\n\t\t\t\t<div class=\"elementor-element elementor-element-172016d elementor-flip-box--effect-push random-color-trigger elementor-flip-box--direction-up elementor-widget elementor-widget-flip-box\" data-id=\"172016d\" data-element_type=\"widget\" data-e-type=\"widget\" data-widget_type=\"flip-box.default\">\n\t\t\t\t<div class=\"elementor-widget-container\">\n\t\t\t\t\t\t\t<div class=\"elementor-flip-box\" tabindex=\"0\">\n\t\t\t<div class=\"elementor-flip-box__layer elementor-flip-box__front\">\n\t\t\t\t<div class=\"elementor-flip-box__layer__overlay\">\n\t\t\t\t\t<div class=\"elementor-flip-box__layer__inner\">\n\t\t\t\t\t\t\n\t\t\t\t\t\t\t\t\t\t\t\t\t<h3 class=\"elementor-flip-box__layer__title\">\n\t\t\t\t\t\t\t\tIII Premio Reina Sof\u00eda de Composici\u00f3n Musical\t\t\t\t\t\t\t<\/h3>\n\t\t\t\t\t\t\n\t\t\t\t\t\t\t\t\t\t\t\t\t<div class=\"elementor-flip-box__layer__description\">\n\t\t\t\t\t\t\t\t<img decoding=\"async\" src=\"\/wp-content\/uploads\/2022\/03\/Arrow-right.png\" width=\"50\"> WITOLD LUTOSLAWSKI\t\t\t\t\t\t\t<\/div>\n\t\t\t\t\t\t\t\t\t\t\t<\/div>\n\t\t\t\t<\/div>\n\t\t\t<\/div>\n\t\t\t<div class=\"elementor-flip-box__layer elementor-flip-box__back\">\n\t\t\t<div class=\"elementor-flip-box__layer__overlay\">\n\t\t\t\t<div class=\"elementor-flip-box__layer__inner\">\n\t\t\t\t\t\t\t\t\t\t\t<h3 class=\"elementor-flip-box__layer__title\">\n\t\t\t\t\t\t\t<img decoding=\"async\" src=\"\/wp-content\/uploads\/2022\/03\/Arrow-right.png\" width=\"50\"> WITOLD LUTOSLAWSKI\t\t\t\t\t\t<\/h3>\n\t\t\t\t\t\n\t\t\t\t\t\t\t\t\t\t\t<div class=\"elementor-flip-box__layer__description\">\n\t\t\t\t\t\t\tEl compositor Witold Lutoslawskigana la tercera edici\u00f3n del Premio con la obra Concierto para violonchelo y orquesta. En la obra ganadora, Lutoslawski, una figura reconocida a nivel internacional, reivindica la melod\u00eda: \u00abAunque algunas generaciones la hayan menospreciado, para m\u00ed es fundamental. La melod\u00eda es aquello que da fuerza a la obra. Es importante encontrar, en nuestro momento musical, la melod\u00eda de nuestros tiempos\u00bb.\t\t\t\t\t\t<\/div>\n\t\t\t\t\t\n\t\t\t\t\t\t\t\t\t\t\t<a class=\"elementor-flip-box__button elementor-button elementor-size-sm\" href=\"https:\/\/open.spotify.com\/track\/6K75dr2CdL8Jaa8h7qo9oS?si=0125c84c09124c86&#038;nd=1\" target=\"_blank\">\n\t\t\t\t\t\t\tESCUCHA \u00abCONCIERTO PARA VIOLONCHELO Y ORQUESTA\u00bb\t\t\t\t\t\t<\/a>\n\t\t\t\t\t\t\t\t<\/div>\n\t\t<\/div>\n\t\t<\/div>\n\t\t<\/div>\n\t\t\t\t\t\t<\/div>\n\t\t\t\t<\/div>\n\t\t\t\t\t<\/div>\n\t\t<\/div>\n\t\t\t\t<div class=\"elementor-column elementor-col-33 elementor-top-column elementor-element elementor-element-3b41293\" data-id=\"3b41293\" data-element_type=\"column\" data-e-type=\"column\">\n\t\t\t<div class=\"elementor-widget-wrap elementor-element-populated\">\n\t\t\t\t\t\t<div class=\"elementor-element elementor-element-a070da1 elementor-flip-box--effect-push random-color-trigger elementor-flip-box--direction-up elementor-widget elementor-widget-flip-box\" data-id=\"a070da1\" data-element_type=\"widget\" data-e-type=\"widget\" data-widget_type=\"flip-box.default\">\n\t\t\t\t<div class=\"elementor-widget-container\">\n\t\t\t\t\t\t\t<div class=\"elementor-flip-box\" tabindex=\"0\">\n\t\t\t<div class=\"elementor-flip-box__layer elementor-flip-box__front\">\n\t\t\t\t<div class=\"elementor-flip-box__layer__overlay\">\n\t\t\t\t\t<div class=\"elementor-flip-box__layer__inner\">\n\t\t\t\t\t\t\n\t\t\t\t\t\t\t\t\t\t\t\t\t<h3 class=\"elementor-flip-box__layer__title\">\n\t\t\t\t\t\t\t\tXLI  Premio Reina Sof\u00eda de Composici\u00f3n Musical\t\t\t\t\t\t\t<\/h3>\n\t\t\t\t\t\t\n\t\t\t\t\t\t\t\t\t\t\t\t\t<div class=\"elementor-flip-box__layer__description\">\n\t\t\t\t\t\t\t\t<img decoding=\"async\" src=\"\/wp-content\/uploads\/2022\/03\/Arrow-right.png\" width=\"50\"> FABI\u00c0 SANTCOVSKY\t\t\t\t\t\t\t<\/div>\n\t\t\t\t\t\t\t\t\t\t\t<\/div>\n\t\t\t\t<\/div>\n\t\t\t<\/div>\n\t\t\t<div class=\"elementor-flip-box__layer elementor-flip-box__back\">\n\t\t\t<div class=\"elementor-flip-box__layer__overlay\">\n\t\t\t\t<div class=\"elementor-flip-box__layer__inner\">\n\t\t\t\t\t\t\t\t\t\t\t<h3 class=\"elementor-flip-box__layer__title\">\n\t\t\t\t\t\t\t<img decoding=\"async\" src=\"\/wp-content\/uploads\/2022\/03\/Arrow-right.png\" width=\"50\"> FABI\u00c0 SANTCOVSKY\t\t\t\t\t\t<\/h3>\n\t\t\t\t\t\n\t\t\t\t\t\t\t\t\t\t\t<div class=\"elementor-flip-box__layer__description\">\n\t\t\t\t\t\t\tNacido en 1989 en Barcelona. En su ciudad estudi\u00f3 con Gabriel Brn\u010di\u0107 y Mauricio Sotelo, y en Stuttgart y Berl\u00edn con Marco Stroppa y Daniel Ott. Ha escrito tres \u00f3peras de c\u00e1mara, encargadas por instituciones y festivales como el Teatro Argentino de La Plata, la Bienal de M\u00fanich y el Gran Teatre del Liceu, varias obras de orquesta encargadas e interpretadas por la OBC de Barcelona, la SWR Stuttgart Sinfonieorchester y la Tokyo Philharmonic, y obras de c\u00e1mara encargadas por festivales de renombre como el Aldeburgh Festival o la Bienal New Talents de Colonia.\n\nEn 2015 recibi\u00f3 el 2\u00ba Premio del Toru Takemitsu Composition Award de Jap\u00f3n y la beca Wardwell de la Fundaci\u00f3n Alexander von Humboldt en 2016. En 2021 fue artista joven residente en la Academia de las Artes de Berl\u00edn. Desde 2022 colabora en la organizaci\u00f3n de los nuevos Encuentros de Pamplona en el \u00e1mbito de M\u00fasica.\n\nEn numerosas obras su m\u00fasica es fruto de un imaginario en el que se invoca la representaci\u00f3n de ciertos arquetipos de la idea de naturaleza como forma de plantear un lenguaje constituido en el l\u00edmite entre lo humano y lo natural. Como contraste a esta l\u00ednea de trabajo, en sus \u00f3peras ha desarrollado un lenguaje acompa\u00f1ado de medios electr\u00f3nicos y planteamientos tem\u00e1ticos inspirados en la ciencia ficci\u00f3n y en la especulaci\u00f3n sobre el futuro de la tecnolog\u00eda como motor de cambio de la condici\u00f3n, la forma y la cultura del ser humano.\t\t\t\t\t\t<\/div>\n\t\t\t\t\t\n\t\t\t\t\t\t\t\t<\/div>\n\t\t<\/div>\n\t\t<\/div>\n\t\t<\/div>\n\t\t\t\t\t\t<\/div>\n\t\t\t\t<\/div>\n\t\t\t\t<div class=\"elementor-element elementor-element-bcdcac8 elementor-flip-box--effect-push random-color-trigger elementor-flip-box--direction-up elementor-widget elementor-widget-flip-box\" data-id=\"bcdcac8\" data-element_type=\"widget\" data-e-type=\"widget\" data-widget_type=\"flip-box.default\">\n\t\t\t\t<div class=\"elementor-widget-container\">\n\t\t\t\t\t\t\t<div class=\"elementor-flip-box\" tabindex=\"0\">\n\t\t\t<div class=\"elementor-flip-box__layer elementor-flip-box__front\">\n\t\t\t\t<div class=\"elementor-flip-box__layer__overlay\">\n\t\t\t\t\t<div class=\"elementor-flip-box__layer__inner\">\n\t\t\t\t\t\t\n\t\t\t\t\t\t\t\t\t\t\t\t\t<h3 class=\"elementor-flip-box__layer__title\">\n\t\t\t\t\t\t\t\tXXXVIII Premio Reina Sof\u00eda de Composici\u00f3n Musical\t\t\t\t\t\t\t<\/h3>\n\t\t\t\t\t\t\n\t\t\t\t\t\t\t\t\t\t\t\t\t<div class=\"elementor-flip-box__layer__description\">\n\t\t\t\t\t\t\t\t<img decoding=\"async\" src=\"\/wp-content\/uploads\/2022\/03\/Arrow-right.png\" width=\"50\"> OCTAVI RUMBAU \t\t\t\t\t\t\t<\/div>\n\t\t\t\t\t\t\t\t\t\t\t<\/div>\n\t\t\t\t<\/div>\n\t\t\t<\/div>\n\t\t\t<div class=\"elementor-flip-box__layer elementor-flip-box__back\">\n\t\t\t<div class=\"elementor-flip-box__layer__overlay\">\n\t\t\t\t<div class=\"elementor-flip-box__layer__inner\">\n\t\t\t\t\t\t\t\t\t\t\t<h3 class=\"elementor-flip-box__layer__title\">\n\t\t\t\t\t\t\t<img decoding=\"async\" src=\"\/wp-content\/uploads\/2022\/03\/Arrow-right.png\" width=\"50\"> OCTAVI RUMBAU\t\t\t\t\t\t<\/h3>\n\t\t\t\t\t\n\t\t\t\t\t\t\t\t\t\t\t<div class=\"elementor-flip-box__layer__description\">\n\t\t\t\t\t\t\tEl compositor catal\u00e1n Octavi Rumbau gana el Premio Reina Sof\u00eda de Composici\u00f3n Musical con la obra \u00abEl Belvedere de Escher\u00bb para piano y orquesta, seleccionada por un jurado formado por Alfredo Rugeles, Ernest Mart\u00ednez-Izquierdo, Carlos Fontcuberta y Jes\u00fas Rueda, y presidido por Marcela Rodr\u00edguez.\nSu trabajo reciente se centra en la b\u00fasqueda de nuevos espacios sonoros en la interacci\u00f3n entre instrumentos y electr\u00f3nica, adem\u00e1s de profundizar en la maleabilidad del tiempo musical y sus paradojas.\nHa recibido varias distinciones, como el premio Concurso de Composici\u00f3n Frederic Mompou, el premio Concurso de Composici\u00f3n Dolors Calvet i Prat, el premio Concurso de Composici\u00f3n Colegio de Espa\u00f1a y del Instituto de las Artes Esc\u00e9nicas y de la M\u00fasica (INAEM), la ayuda para creadores de la Fundaci\u00f3n Phonos y el premio Berliner Opernpreis.\nSus obras se han interpretado en conciertos y festivales de toda Europa y Norteam\u00e9rica.\t\t\t\t\t\t<\/div>\n\t\t\t\t\t\n\t\t\t\t\t\t\t\t\t\t\t<a class=\"elementor-flip-box__button elementor-button elementor-size-sm\" href=\"https:\/\/fundacioferrermusica.org\/wp-content\/uploads\/2022\/11\/OctaviRumbau.mp3\" target=\"_blank\">\n\t\t\t\t\t\t\tESCUCHA \u00abEL BELVEDERE DE ESCHER\u00bb\t\t\t\t\t\t<\/a>\n\t\t\t\t\t\t\t\t<\/div>\n\t\t<\/div>\n\t\t<\/div>\n\t\t<\/div>\n\t\t\t\t\t\t<\/div>\n\t\t\t\t<\/div>\n\t\t\t\t<div class=\"elementor-element elementor-element-75a6c17 elementor-flip-box--effect-push random-color-trigger elementor-flip-box--direction-up elementor-widget elementor-widget-flip-box\" data-id=\"75a6c17\" data-element_type=\"widget\" data-e-type=\"widget\" data-widget_type=\"flip-box.default\">\n\t\t\t\t<div class=\"elementor-widget-container\">\n\t\t\t\t\t\t\t<div class=\"elementor-flip-box\" tabindex=\"0\">\n\t\t\t<div class=\"elementor-flip-box__layer elementor-flip-box__front\">\n\t\t\t\t<div class=\"elementor-flip-box__layer__overlay\">\n\t\t\t\t\t<div class=\"elementor-flip-box__layer__inner\">\n\t\t\t\t\t\t\n\t\t\t\t\t\t\t\t\t\t\t\t\t<h3 class=\"elementor-flip-box__layer__title\">\n\t\t\t\t\t\t\t\tXXXV Premio Reina Sof\u00eda de Composici\u00f3n Musical\t\t\t\t\t\t\t<\/h3>\n\t\t\t\t\t\t\n\t\t\t\t\t\t\t\t\t\t\t\t\t<div class=\"elementor-flip-box__layer__description\">\n\t\t\t\t\t\t\t\t<img decoding=\"async\" src=\"\/wp-content\/uploads\/2022\/03\/Arrow-right.png\" width=\"50\"> JUAN DURAN\t\t\t\t\t\t\t<\/div>\n\t\t\t\t\t\t\t\t\t\t\t<\/div>\n\t\t\t\t<\/div>\n\t\t\t<\/div>\n\t\t\t<div class=\"elementor-flip-box__layer elementor-flip-box__back\">\n\t\t\t<div class=\"elementor-flip-box__layer__overlay\">\n\t\t\t\t<div class=\"elementor-flip-box__layer__inner\">\n\t\t\t\t\t\t\t\t\t\t\t<h3 class=\"elementor-flip-box__layer__title\">\n\t\t\t\t\t\t\t<img decoding=\"async\" src=\"\/wp-content\/uploads\/2022\/03\/Arrow-right.png\" width=\"50\"> JUAN DURAN\t\t\t\t\t\t<\/h3>\n\t\t\t\t\t\n\t\t\t\t\t\t\t\t\t\t\t<div class=\"elementor-flip-box__layer__description\">\n\t\t\t\t\t\t\tEl compositor gallego Juan Duran gana el Premio Reina Sof\u00eda de Composici\u00f3n Musical con la obra \u00abWhispers in the Dark\u00bb, seleccionada por un jurado formado por Mart\u00edn Matal\u00f3n, David del Puerto, Antonio Lauzurika, Jes\u00fas Rueda y Michael Thomas. Duran es considerado como uno de los compositores con m\u00e1s proyecci\u00f3n internacional del momento, y sus obras han sido interpretadas por grandes figuras del panorama musical actual, entre las que destacan: Juanjo Mena, Pietro Rizzi, Alejandro Posada, etc.\t\t\t\t\t\t<\/div>\n\t\t\t\t\t\n\t\t\t\t\t\t\t\t\t\t\t<a class=\"elementor-flip-box__button elementor-button elementor-size-sm\" href=\"https:\/\/open.spotify.com\/track\/163clx01iNZDkeaRLAlfNv?si=382ec449dc0d4a45&#038;nd=1\" target=\"_blank\">\n\t\t\t\t\t\t\tESCUCHA \u00abWHISPERS IN THE DARK\u00bb\t\t\t\t\t\t<\/a>\n\t\t\t\t\t\t\t\t<\/div>\n\t\t<\/div>\n\t\t<\/div>\n\t\t<\/div>\n\t\t\t\t\t\t<\/div>\n\t\t\t\t<\/div>\n\t\t\t\t<div class=\"elementor-element elementor-element-86c0e5b elementor-flip-box--effect-push random-color-trigger elementor-flip-box--direction-up elementor-widget elementor-widget-flip-box\" data-id=\"86c0e5b\" data-element_type=\"widget\" data-e-type=\"widget\" data-widget_type=\"flip-box.default\">\n\t\t\t\t<div class=\"elementor-widget-container\">\n\t\t\t\t\t\t\t<div class=\"elementor-flip-box\" tabindex=\"0\">\n\t\t\t<div class=\"elementor-flip-box__layer elementor-flip-box__front\">\n\t\t\t\t<div class=\"elementor-flip-box__layer__overlay\">\n\t\t\t\t\t<div class=\"elementor-flip-box__layer__inner\">\n\t\t\t\t\t\t\n\t\t\t\t\t\t\t\t\t\t\t\t\t<h3 class=\"elementor-flip-box__layer__title\">\n\t\t\t\t\t\t\t\tXXXII Premio Reina Sof\u00eda de Composici\u00f3n Musical\t\t\t\t\t\t\t<\/h3>\n\t\t\t\t\t\t\n\t\t\t\t\t\t\t\t\t\t\t\t\t<div class=\"elementor-flip-box__layer__description\">\n\t\t\t\t\t\t\t\t<img decoding=\"async\" src=\"\/wp-content\/uploads\/2022\/03\/Arrow-right.png\" width=\"50\"> MIQUEL OLIU\t\t\t\t\t\t\t<\/div>\n\t\t\t\t\t\t\t\t\t\t\t<\/div>\n\t\t\t\t<\/div>\n\t\t\t<\/div>\n\t\t\t<div class=\"elementor-flip-box__layer elementor-flip-box__back\">\n\t\t\t<div class=\"elementor-flip-box__layer__overlay\">\n\t\t\t\t<div class=\"elementor-flip-box__layer__inner\">\n\t\t\t\t\t\t\t\t\t\t\t<h3 class=\"elementor-flip-box__layer__title\">\n\t\t\t\t\t\t\t<img decoding=\"async\" src=\"\/wp-content\/uploads\/2022\/03\/Arrow-right.png\" width=\"50\"> MIQUEL OLIU\t\t\t\t\t\t<\/h3>\n\t\t\t\t\t\n\t\t\t\t\t\t\t\t\t\t\t<div class=\"elementor-flip-box__layer__description\">\n\t\t\t\t\t\t\tEl compositor barcelon\u00e9s Miquel Oliu Nieto gana el Premio Reina Sof\u00eda de Composici\u00f3n Musical con la obra \u00abAlegor\u00edas de oto\u00f1o\u00bb, seleccionada por un jurado formado por James Clarke, Joan Magran\u00e9, Francisco Coll, Jes\u00fas Rueda y Hilda Paredes. Oliu se forma como pianista con Antoni Besses y Fr\u00e9d\u00e9ric Gevers, y como compositor con Agust\u00ed Charles.\t\t\t\t\t\t<\/div>\n\t\t\t\t\t\n\t\t\t\t\t\t\t\t\t\t\t<a class=\"elementor-flip-box__button elementor-button elementor-size-sm\" href=\"https:\/\/open.spotify.com\/track\/34XIdYjLrVwbpri31uy9Va?si=e88047d63cf34fce&#038;nd=1\">\n\t\t\t\t\t\t\tESCUCHA \u00abALEGOR\u00cdAS DE OTO\u00d1O\u00bb\t\t\t\t\t\t<\/a>\n\t\t\t\t\t\t\t\t<\/div>\n\t\t<\/div>\n\t\t<\/div>\n\t\t<\/div>\n\t\t\t\t\t\t<\/div>\n\t\t\t\t<\/div>\n\t\t\t\t<div class=\"elementor-element elementor-element-ef23315 elementor-flip-box--effect-push random-color-trigger elementor-flip-box--direction-up elementor-widget elementor-widget-flip-box\" data-id=\"ef23315\" data-element_type=\"widget\" data-e-type=\"widget\" data-widget_type=\"flip-box.default\">\n\t\t\t\t<div class=\"elementor-widget-container\">\n\t\t\t\t\t\t\t<div class=\"elementor-flip-box\" tabindex=\"0\">\n\t\t\t<div class=\"elementor-flip-box__layer elementor-flip-box__front\">\n\t\t\t\t<div class=\"elementor-flip-box__layer__overlay\">\n\t\t\t\t\t<div class=\"elementor-flip-box__layer__inner\">\n\t\t\t\t\t\t\n\t\t\t\t\t\t\t\t\t\t\t\t\t<h3 class=\"elementor-flip-box__layer__title\">\n\t\t\t\t\t\t\t\tXXIX Premio Reina Sof\u00eda de Composici\u00f3n Musical\t\t\t\t\t\t\t<\/h3>\n\t\t\t\t\t\t\n\t\t\t\t\t\t\t\t\t\t\t\t\t<div class=\"elementor-flip-box__layer__description\">\n\t\t\t\t\t\t\t\t<img decoding=\"async\" src=\"\/wp-content\/uploads\/2022\/03\/Arrow-right.png\" width=\"50\"> HONG-JUN SEO\t\t\t\t\t\t\t<\/div>\n\t\t\t\t\t\t\t\t\t\t\t<\/div>\n\t\t\t\t<\/div>\n\t\t\t<\/div>\n\t\t\t<div class=\"elementor-flip-box__layer elementor-flip-box__back\">\n\t\t\t<div class=\"elementor-flip-box__layer__overlay\">\n\t\t\t\t<div class=\"elementor-flip-box__layer__inner\">\n\t\t\t\t\t\t\t\t\t\t\t<h3 class=\"elementor-flip-box__layer__title\">\n\t\t\t\t\t\t\t<img decoding=\"async\" src=\"\/wp-content\/uploads\/2022\/03\/Arrow-right.png\" width=\"50\"> HONG-JUN SEO\t\t\t\t\t\t<\/h3>\n\t\t\t\t\t\n\t\t\t\t\t\t\t\t\t\t\t<div class=\"elementor-flip-box__layer__description\">\n\t\t\t\t\t\t\tEl compositor coreano Hong-Jun Seo gana el Premio Reina Sof\u00eda de Composici\u00f3n Musical con la obra \u00abMandala\u00bb. El jurado que selecciona la obra lo forman Alfredo Aracil, Konstantia Gourzi, Tansy Davies, Hermes Luaces y Jes\u00fas Rueda. En esta edici\u00f3n del Premio se presentan hasta 249 partituras. Hong-Jun Seo se forma en Corea del Sur, Estados Unidos y Alemania, y obtiene el primer premio del XIV Concurso de J\u00f3venes M\u00fasicos de Rumania, as\u00ed como el Premio Internacional Frederic Mompou.\t\t\t\t\t\t<\/div>\n\t\t\t\t\t\n\t\t\t\t\t\t\t\t\t\t\t<a class=\"elementor-flip-box__button elementor-button elementor-size-sm\" href=\"https:\/\/open.spotify.com\/track\/3DEyz0R0Lchy2qt7SyjJB4?si=8eda530dd7dd4c5e&#038;nd=1\">\n\t\t\t\t\t\t\tESCUCHA \u00abMANDALAS\u00bb\t\t\t\t\t\t<\/a>\n\t\t\t\t\t\t\t\t<\/div>\n\t\t<\/div>\n\t\t<\/div>\n\t\t<\/div>\n\t\t\t\t\t\t<\/div>\n\t\t\t\t<\/div>\n\t\t\t\t<div class=\"elementor-element elementor-element-e0301de elementor-flip-box--effect-push random-color-trigger elementor-flip-box--direction-up elementor-widget elementor-widget-flip-box\" data-id=\"e0301de\" data-element_type=\"widget\" data-e-type=\"widget\" data-widget_type=\"flip-box.default\">\n\t\t\t\t<div class=\"elementor-widget-container\">\n\t\t\t\t\t\t\t<div class=\"elementor-flip-box\" tabindex=\"0\">\n\t\t\t<div class=\"elementor-flip-box__layer elementor-flip-box__front\">\n\t\t\t\t<div class=\"elementor-flip-box__layer__overlay\">\n\t\t\t\t\t<div class=\"elementor-flip-box__layer__inner\">\n\t\t\t\t\t\t\n\t\t\t\t\t\t\t\t\t\t\t\t\t<h3 class=\"elementor-flip-box__layer__title\">\n\t\t\t\t\t\t\t\tXXVI Premio Reina Sof\u00eda de Composici\u00f3n Musical\t\t\t\t\t\t\t<\/h3>\n\t\t\t\t\t\t\n\t\t\t\t\t\t\t\t\t\t\t\t\t<div class=\"elementor-flip-box__layer__description\">\n\t\t\t\t\t\t\t\t<img decoding=\"async\" src=\"\/wp-content\/uploads\/2022\/03\/Arrow-right.png\" width=\"50\"> JAE-MOON LEE\t\t\t\t\t\t\t<\/div>\n\t\t\t\t\t\t\t\t\t\t\t<\/div>\n\t\t\t\t<\/div>\n\t\t\t<\/div>\n\t\t\t<div class=\"elementor-flip-box__layer elementor-flip-box__back\">\n\t\t\t<div class=\"elementor-flip-box__layer__overlay\">\n\t\t\t\t<div class=\"elementor-flip-box__layer__inner\">\n\t\t\t\t\t\t\t\t\t\t\t<h3 class=\"elementor-flip-box__layer__title\">\n\t\t\t\t\t\t\t<img decoding=\"async\" src=\"\/wp-content\/uploads\/2022\/03\/Arrow-right.png\" width=\"50\"> JAE-MOON LEE\t\t\t\t\t\t<\/h3>\n\t\t\t\t\t\n\t\t\t\t\t\t\t\t\t\t\t<div class=\"elementor-flip-box__layer__description\">\n\t\t\t\t\t\t\tEl compositor coreano Jae-Moon Lee gana el Premio Reina Sof\u00eda de Composici\u00f3n Musical con la obra \u00abSeven days\/Stained Glass\/Mirror\u00bb, seleccionada por un jurado compuesto por Jos\u00e9 Manuel L\u00f3pez, Mercedes Zavala y dos ganadores del Premio: Jes\u00fas Torres e Israel David Mart\u00ednez. En palabras de Jes\u00fas Rueda, los miembros del jurado destacan la \u00abvoluntad de apoyar a j\u00f3venes promesas, y el lenguaje m\u00e1s arriesgado de las nuevas generaciones que llegan al mundo de la composici\u00f3n\u00bb. Jae-Moon Lee define su obra como una mezcla del car\u00e1cter horizontal de las obras occidentales y del car\u00e1cter vertical de las orientales.\t\t\t\t\t\t<\/div>\n\t\t\t\t\t\n\t\t\t\t\t\t\t\t\t\t\t<a class=\"elementor-flip-box__button elementor-button elementor-size-sm\" href=\"https:\/\/open.spotify.com\/track\/3xSh7exvhzYXmjx9NzUfSd?si=529373354df64078&#038;nd=1\">\n\t\t\t\t\t\t\tESCUCHA \u00abSEVEN DAYS\/STAINED GLASS\/MIRROR\u00bb\t\t\t\t\t\t<\/a>\n\t\t\t\t\t\t\t\t<\/div>\n\t\t<\/div>\n\t\t<\/div>\n\t\t<\/div>\n\t\t\t\t\t\t<\/div>\n\t\t\t\t<\/div>\n\t\t\t\t<div class=\"elementor-element elementor-element-ed0e8c6 elementor-flip-box--effect-push random-color-trigger elementor-flip-box--direction-up elementor-widget elementor-widget-flip-box\" data-id=\"ed0e8c6\" data-element_type=\"widget\" data-e-type=\"widget\" data-widget_type=\"flip-box.default\">\n\t\t\t\t<div class=\"elementor-widget-container\">\n\t\t\t\t\t\t\t<div class=\"elementor-flip-box\" tabindex=\"0\">\n\t\t\t<div class=\"elementor-flip-box__layer elementor-flip-box__front\">\n\t\t\t\t<div class=\"elementor-flip-box__layer__overlay\">\n\t\t\t\t\t<div class=\"elementor-flip-box__layer__inner\">\n\t\t\t\t\t\t\n\t\t\t\t\t\t\t\t\t\t\t\t\t<h3 class=\"elementor-flip-box__layer__title\">\n\t\t\t\t\t\t\t\tXXIII Premio Reina Sof\u00eda de Composici\u00f3n Musical\t\t\t\t\t\t\t<\/h3>\n\t\t\t\t\t\t\n\t\t\t\t\t\t\t\t\t\t\t\t\t<div class=\"elementor-flip-box__layer__description\">\n\t\t\t\t\t\t\t\t<img decoding=\"async\" src=\"\/wp-content\/uploads\/2022\/03\/Arrow-right.png\" width=\"50\"> ENEKO VADILLO\t\t\t\t\t\t\t<\/div>\n\t\t\t\t\t\t\t\t\t\t\t<\/div>\n\t\t\t\t<\/div>\n\t\t\t<\/div>\n\t\t\t<div class=\"elementor-flip-box__layer elementor-flip-box__back\">\n\t\t\t<div class=\"elementor-flip-box__layer__overlay\">\n\t\t\t\t<div class=\"elementor-flip-box__layer__inner\">\n\t\t\t\t\t\t\t\t\t\t\t<h3 class=\"elementor-flip-box__layer__title\">\n\t\t\t\t\t\t\t<img decoding=\"async\" src=\"\/wp-content\/uploads\/2022\/03\/Arrow-right.png\" width=\"50\"> ENEKO VADILLO\t\t\t\t\t\t<\/h3>\n\t\t\t\t\t\n\t\t\t\t\t\t\t\t\t\t\t<div class=\"elementor-flip-box__layer__description\">\n\t\t\t\t\t\t\tEl compositor malague\u00f1o Eneko Vadillo gana el Premio Reina Sof\u00eda de Composici\u00f3n Musical con la obra \u00abAlnur\u00bb, dedicada al compositor espa\u00f1ol Tom\u00e1s Luis de Victoria, con el objetivo de reivindicar su figura. Con su obra, Vadillo demuestra una voluntad firme de encontrar puntos de uni\u00f3n entre expresiones musicales aparentemente contrarias, mezclando tradici\u00f3n y modernidad. Vadillo se inspira en la Andaluc\u00eda del siglo x, donde conviven hasta tres culturas a la vez. Vadillo se forma en el Royal College of Music de Londres y es profesor en el Real Conservatorio Superior de M\u00fasica de Madrid.\t\t\t\t\t\t<\/div>\n\t\t\t\t\t\n\t\t\t\t\t\t\t\t\t\t\t<a class=\"elementor-flip-box__button elementor-button elementor-size-sm\" href=\"https:\/\/open.spotify.com\/track\/5hqkZbnhYMIO1CoWc41ksV?si=2ad2153007334423&#038;nd=1\">\n\t\t\t\t\t\t\tESCUCHA \u00abALNUR\u00bb\t\t\t\t\t\t<\/a>\n\t\t\t\t\t\t\t\t<\/div>\n\t\t<\/div>\n\t\t<\/div>\n\t\t<\/div>\n\t\t\t\t\t\t<\/div>\n\t\t\t\t<\/div>\n\t\t\t\t<div class=\"elementor-element elementor-element-114316c elementor-flip-box--effect-push random-color-trigger elementor-flip-box--direction-up elementor-widget elementor-widget-flip-box\" data-id=\"114316c\" data-element_type=\"widget\" data-e-type=\"widget\" data-widget_type=\"flip-box.default\">\n\t\t\t\t<div class=\"elementor-widget-container\">\n\t\t\t\t\t\t\t<div class=\"elementor-flip-box\" tabindex=\"0\">\n\t\t\t<div class=\"elementor-flip-box__layer elementor-flip-box__front\">\n\t\t\t\t<div class=\"elementor-flip-box__layer__overlay\">\n\t\t\t\t\t<div class=\"elementor-flip-box__layer__inner\">\n\t\t\t\t\t\t\n\t\t\t\t\t\t\t\t\t\t\t\t\t<h3 class=\"elementor-flip-box__layer__title\">\n\t\t\t\t\t\t\t\tXX Premio Reina Sof\u00eda de Composici\u00f3n Musical\t\t\t\t\t\t\t<\/h3>\n\t\t\t\t\t\t\n\t\t\t\t\t\t\t\t\t\t\t\t\t<div class=\"elementor-flip-box__layer__description\">\n\t\t\t\t\t\t\t\t<img decoding=\"async\" src=\"\/wp-content\/uploads\/2022\/03\/Arrow-right.png\" width=\"50\"> MARIO GOS\u00c1LVEZ\t\t\t\t\t\t\t<\/div>\n\t\t\t\t\t\t\t\t\t\t\t<\/div>\n\t\t\t\t<\/div>\n\t\t\t<\/div>\n\t\t\t<div class=\"elementor-flip-box__layer elementor-flip-box__back\">\n\t\t\t<div class=\"elementor-flip-box__layer__overlay\">\n\t\t\t\t<div class=\"elementor-flip-box__layer__inner\">\n\t\t\t\t\t\t\t\t\t\t\t<h3 class=\"elementor-flip-box__layer__title\">\n\t\t\t\t\t\t\t<img decoding=\"async\" src=\"\/wp-content\/uploads\/2022\/03\/Arrow-right.png\" width=\"50\"> MARIO GOS\u00c1LVEZ\t\t\t\t\t\t<\/h3>\n\t\t\t\t\t\n\t\t\t\t\t\t\t\t\t\t\t<div class=\"elementor-flip-box__layer__description\">\n\t\t\t\t\t\t\tEl compositor Mario Gos\u00e1lvez gana el Premio Reina Sof\u00eda de Composici\u00f3n Musical con la obra Concierto para viol\u00edn y orquesta: \u00abArlequ\u00edn\u00bb. Alumno de Ernesto Halffter en Estados Unidos, Gos\u00e1lvez destaca la importancia de escribir una m\u00fasica que emocione al p\u00fablico. Con sus obras pretende \u00abdevolver la emoci\u00f3n al espectador\u00bb a trav\u00e9s de un lenguaje contempor\u00e1neo cada vez m\u00e1s rico. La obra ganadora es una mezcla ins\u00f3lita de concierto y ballet, con un lenguaje altamente \u00abvisual\u00bb.\t\t\t\t\t\t<\/div>\n\t\t\t\t\t\n\t\t\t\t\t\t\t\t\t\t\t<a class=\"elementor-flip-box__button elementor-button elementor-size-sm\" href=\"https:\/\/open.spotify.com\/track\/4hTKuAMan4t0eniLidjwgE?si=f686c3f249a34170&#038;nd=1\">\n\t\t\t\t\t\t\tESCUCHA \u00abCONCIERTO PARA VIOL\u00cdN Y ORQUESTA\u00bb\t\t\t\t\t\t<\/a>\n\t\t\t\t\t\t\t\t<\/div>\n\t\t<\/div>\n\t\t<\/div>\n\t\t<\/div>\n\t\t\t\t\t\t<\/div>\n\t\t\t\t<\/div>\n\t\t\t\t<div class=\"elementor-element elementor-element-b77b883 elementor-flip-box--effect-push random-color-trigger elementor-flip-box--direction-up elementor-widget elementor-widget-flip-box\" data-id=\"b77b883\" data-element_type=\"widget\" data-e-type=\"widget\" data-widget_type=\"flip-box.default\">\n\t\t\t\t<div class=\"elementor-widget-container\">\n\t\t\t\t\t\t\t<div class=\"elementor-flip-box\" tabindex=\"0\">\n\t\t\t<div class=\"elementor-flip-box__layer elementor-flip-box__front\">\n\t\t\t\t<div class=\"elementor-flip-box__layer__overlay\">\n\t\t\t\t\t<div class=\"elementor-flip-box__layer__inner\">\n\t\t\t\t\t\t\n\t\t\t\t\t\t\t\t\t\t\t\t\t<h3 class=\"elementor-flip-box__layer__title\">\n\t\t\t\t\t\t\t\tXVII Premio Reina Sof\u00eda de Composici\u00f3n Musical\t\t\t\t\t\t\t<\/h3>\n\t\t\t\t\t\t\n\t\t\t\t\t\t\t\t\t\t\t\t\t<div class=\"elementor-flip-box__layer__description\">\n\t\t\t\t\t\t\t\t<img decoding=\"async\" src=\"\/wp-content\/uploads\/2022\/03\/Arrow-right.png\" width=\"50\"> JES\u00daS TORRES\t\t\t\t\t\t\t<\/div>\n\t\t\t\t\t\t\t\t\t\t\t<\/div>\n\t\t\t\t<\/div>\n\t\t\t<\/div>\n\t\t\t<div class=\"elementor-flip-box__layer elementor-flip-box__back\">\n\t\t\t<div class=\"elementor-flip-box__layer__overlay\">\n\t\t\t\t<div class=\"elementor-flip-box__layer__inner\">\n\t\t\t\t\t\t\t\t\t\t\t<h3 class=\"elementor-flip-box__layer__title\">\n\t\t\t\t\t\t\t<img decoding=\"async\" src=\"\/wp-content\/uploads\/2022\/03\/Arrow-right.png\" width=\"50\"> JES\u00daS TORRES\t\t\t\t\t\t<\/h3>\n\t\t\t\t\t\n\t\t\t\t\t\t\t\t\t\t\t<div class=\"elementor-flip-box__layer__description\">\n\t\t\t\t\t\t\tEl compositor Jes\u00fas Torresgana la decimos\u00e9ptima edici\u00f3n del Premio Reina Sof\u00eda de Composici\u00f3n Musical con la obra Concierto para piano y orquesta. Considerado por la cr\u00edtica como uno de los grandes genios de la escena contempor\u00e1nea musical, a lo largo de su carrera Jes\u00fas Torres ha sido reconocido con una larga lista de premios, entre los cuales destacan el Premio Reina Sof\u00eda, el Premio SGAE y el Premio Nacional de M\u00fasica.\t\t\t\t\t\t<\/div>\n\t\t\t\t\t\n\t\t\t\t\t\t\t\t\t\t\t<a class=\"elementor-flip-box__button elementor-button elementor-size-sm\" href=\"https:\/\/open.spotify.com\/track\/7FbdzKFYVP8IMMN2ci0tJJ?si=92c7b6b689b24af6&#038;nd=1\">\n\t\t\t\t\t\t\tESCUCHA \u00abCONCIERTO PARA PIANO Y ORQUESTA\u00bb\t\t\t\t\t\t<\/a>\n\t\t\t\t\t\t\t\t<\/div>\n\t\t<\/div>\n\t\t<\/div>\n\t\t<\/div>\n\t\t\t\t\t\t<\/div>\n\t\t\t\t<\/div>\n\t\t\t\t<div class=\"elementor-element elementor-element-4164de5 elementor-flip-box--effect-push random-color-trigger elementor-flip-box--direction-up elementor-widget elementor-widget-flip-box\" data-id=\"4164de5\" data-element_type=\"widget\" data-e-type=\"widget\" data-widget_type=\"flip-box.default\">\n\t\t\t\t<div class=\"elementor-widget-container\">\n\t\t\t\t\t\t\t<div class=\"elementor-flip-box\" tabindex=\"0\">\n\t\t\t<div class=\"elementor-flip-box__layer elementor-flip-box__front\">\n\t\t\t\t<div class=\"elementor-flip-box__layer__overlay\">\n\t\t\t\t\t<div class=\"elementor-flip-box__layer__inner\">\n\t\t\t\t\t\t\n\t\t\t\t\t\t\t\t\t\t\t\t\t<h3 class=\"elementor-flip-box__layer__title\">\n\t\t\t\t\t\t\t\tXIV Premio Reina Sof\u00eda de Composici\u00f3n Musical\t\t\t\t\t\t\t<\/h3>\n\t\t\t\t\t\t\n\t\t\t\t\t\t\t\t\t\t\t\t\t<div class=\"elementor-flip-box__layer__description\">\n\t\t\t\t\t\t\t\t<img decoding=\"async\" src=\"\/wp-content\/uploads\/2022\/03\/Arrow-right.png\" width=\"50\"> ALBERT LLANAS\t\t\t\t\t\t\t<\/div>\n\t\t\t\t\t\t\t\t\t\t\t<\/div>\n\t\t\t\t<\/div>\n\t\t\t<\/div>\n\t\t\t<div class=\"elementor-flip-box__layer elementor-flip-box__back\">\n\t\t\t<div class=\"elementor-flip-box__layer__overlay\">\n\t\t\t\t<div class=\"elementor-flip-box__layer__inner\">\n\t\t\t\t\t\t\t\t\t\t\t<h3 class=\"elementor-flip-box__layer__title\">\n\t\t\t\t\t\t\t<img decoding=\"async\" src=\"\/wp-content\/uploads\/2022\/03\/Arrow-right.png\" width=\"50\"> ALBERT LLANAS\t\t\t\t\t\t<\/h3>\n\t\t\t\t\t\n\t\t\t\t\t\t\t\t\t\t\t<div class=\"elementor-flip-box__layer__description\">\n\t\t\t\t\t\t\tEl compositor Albert Llanas gana el decimocuarto Premio Reina Sof\u00eda de Composici\u00f3n Musical con la obra \u00abDerivations\u00bb. Llanas se forma como compositor con figuras como Guinovart, Josep Soler y Franco Donatoni. Los cr\u00edticos destacan el virtuosismo comunicativo de la obra ganadora, as\u00ed como la capacidad expresiva refinada y po\u00e9tica de una escritura de gran calidad.\t\t\t\t\t\t<\/div>\n\t\t\t\t\t\n\t\t\t\t\t\t\t\t\t\t\t<a class=\"elementor-flip-box__button elementor-button elementor-size-sm\" href=\"https:\/\/open.spotify.com\/track\/6WRWL4GkmrN2NlilCbiDwn?si=f97a232d1dac4896&#038;nd=1\" target=\"_blank\">\n\t\t\t\t\t\t\tESCUCHA \u00abDERIVATIONS FOR ORCHESTRA\u00bb\t\t\t\t\t\t<\/a>\n\t\t\t\t\t\t\t\t<\/div>\n\t\t<\/div>\n\t\t<\/div>\n\t\t<\/div>\n\t\t\t\t\t\t<\/div>\n\t\t\t\t<\/div>\n\t\t\t\t<div class=\"elementor-element elementor-element-bf6dd57 elementor-flip-box--effect-push random-color-trigger elementor-flip-box--direction-up elementor-widget elementor-widget-flip-box\" data-id=\"bf6dd57\" data-element_type=\"widget\" data-e-type=\"widget\" data-widget_type=\"flip-box.default\">\n\t\t\t\t<div class=\"elementor-widget-container\">\n\t\t\t\t\t\t\t<div class=\"elementor-flip-box\" tabindex=\"0\">\n\t\t\t<div class=\"elementor-flip-box__layer elementor-flip-box__front\">\n\t\t\t\t<div class=\"elementor-flip-box__layer__overlay\">\n\t\t\t\t\t<div class=\"elementor-flip-box__layer__inner\">\n\t\t\t\t\t\t\n\t\t\t\t\t\t\t\t\t\t\t\t\t<h3 class=\"elementor-flip-box__layer__title\">\n\t\t\t\t\t\t\t\tXI Premio Reina Sof\u00eda de Composici\u00f3n Musical\t\t\t\t\t\t\t<\/h3>\n\t\t\t\t\t\t\n\t\t\t\t\t\t\t\t\t\t\t\t\t<div class=\"elementor-flip-box__layer__description\">\n\t\t\t\t\t\t\t\t<img decoding=\"async\" src=\"\/wp-content\/uploads\/2022\/03\/Arrow-right.png\" width=\"50\"> ISRAEL DAVID MART\u00cdNEZ ESPINOSA\t\t\t\t\t\t\t<\/div>\n\t\t\t\t\t\t\t\t\t\t\t<\/div>\n\t\t\t\t<\/div>\n\t\t\t<\/div>\n\t\t\t<div class=\"elementor-flip-box__layer elementor-flip-box__back\">\n\t\t\t<div class=\"elementor-flip-box__layer__overlay\">\n\t\t\t\t<div class=\"elementor-flip-box__layer__inner\">\n\t\t\t\t\t\t\t\t\t\t\t<h3 class=\"elementor-flip-box__layer__title\">\n\t\t\t\t\t\t\t<img decoding=\"async\" src=\"\/wp-content\/uploads\/2022\/03\/Arrow-right.png\" width=\"50\"> ISRAEL DAVID MART\u00cdNEZ ESPINOSA\t\t\t\t\t\t<\/h3>\n\t\t\t\t\t\n\t\t\t\t\t\t\t\t\t\t\t<div class=\"elementor-flip-box__layer__description\">\n\t\t\t\t\t\t\tEl compositor y pianista Israel David Mart\u00ednez Espinosa gana el Premio Reina Sof\u00eda de Composici\u00f3n Musical con la obra \u00abLa jeune martyre\u00bb. Mart\u00ednez Espinosa se forma con Crist\u00f3bal Halffter y Joan Guinjoan, ganador de la primera edici\u00f3n del Premio. Tras publicar su primera obra a los 17 a\u00f1os, su labor compositora incluye m\u00fasica de c\u00e1mara, as\u00ed como grandes conciertos y poemas sinf\u00f3nicos.\t\t\t\t\t\t<\/div>\n\t\t\t\t\t\n\t\t\t\t\t\t\t\t\t\t\t<a class=\"elementor-flip-box__button elementor-button elementor-size-sm\" href=\"https:\/\/open.spotify.com\/track\/0vs8RS46SjWXfXSczp8Sxr?si=4156acffa6ce4a38&#038;nd=1\" target=\"_blank\">\n\t\t\t\t\t\t\tESCUCHA \u00abLE JEUNE MARTYRE\u00bb\t\t\t\t\t\t<\/a>\n\t\t\t\t\t\t\t\t<\/div>\n\t\t<\/div>\n\t\t<\/div>\n\t\t<\/div>\n\t\t\t\t\t\t<\/div>\n\t\t\t\t<\/div>\n\t\t\t\t<div class=\"elementor-element elementor-element-b16b358 elementor-flip-box--effect-push random-color-trigger elementor-flip-box--direction-up elementor-widget elementor-widget-flip-box\" data-id=\"b16b358\" data-element_type=\"widget\" data-e-type=\"widget\" data-widget_type=\"flip-box.default\">\n\t\t\t\t<div class=\"elementor-widget-container\">\n\t\t\t\t\t\t\t<div class=\"elementor-flip-box\" tabindex=\"0\">\n\t\t\t<div class=\"elementor-flip-box__layer elementor-flip-box__front\">\n\t\t\t\t<div class=\"elementor-flip-box__layer__overlay\">\n\t\t\t\t\t<div class=\"elementor-flip-box__layer__inner\">\n\t\t\t\t\t\t\n\t\t\t\t\t\t\t\t\t\t\t\t\t<h3 class=\"elementor-flip-box__layer__title\">\n\t\t\t\t\t\t\t\tVIII Premio Reina Sof\u00eda de Composici\u00f3n Musical\t\t\t\t\t\t\t<\/h3>\n\t\t\t\t\t\t\n\t\t\t\t\t\t\t\t\t\t\t\t\t<div class=\"elementor-flip-box__layer__description\">\n\t\t\t\t\t\t\t\t<img decoding=\"async\" src=\"\/wp-content\/uploads\/2022\/03\/Arrow-right.png\" width=\"50\"> SOPHIE LECLERC\t\t\t\t\t\t\t<\/div>\n\t\t\t\t\t\t\t\t\t\t\t<\/div>\n\t\t\t\t<\/div>\n\t\t\t<\/div>\n\t\t\t<div class=\"elementor-flip-box__layer elementor-flip-box__back\">\n\t\t\t<div class=\"elementor-flip-box__layer__overlay\">\n\t\t\t\t<div class=\"elementor-flip-box__layer__inner\">\n\t\t\t\t\t\t\t\t\t\t\t<h3 class=\"elementor-flip-box__layer__title\">\n\t\t\t\t\t\t\t<img decoding=\"async\" src=\"\/wp-content\/uploads\/2022\/03\/Arrow-right.png\" width=\"50\"> SOPHIE LECLERC\t\t\t\t\t\t<\/h3>\n\t\t\t\t\t\n\t\t\t\t\t\t\t\t\t\t\t<div class=\"elementor-flip-box__layer__description\">\n\t\t\t\t\t\t\tLa compositora francesa Sophie Leclercgana la octava edici\u00f3n del Premio Reina Sof\u00eda de Composici\u00f3n Musical con la obra \u00abSyzygies\u00bb, su \u00f3pera prima en el \u00e1mbito de la m\u00fasica orquestal. En su estreno, los cr\u00edticos destacan la influencia de grandes figuras como Boulez, Stockhausen, Nunes y Ferneyhough, as\u00ed como la voluntad de reproducir las tendencias del momento. Los cr\u00edticos tambi\u00e9n subrayan la competencia y seguridad de la escritura, de mucha calidad a nivel t\u00e9cnico.\t\t\t\t\t\t<\/div>\n\t\t\t\t\t\n\t\t\t\t\t\t\t\t\t\t\t<a class=\"elementor-flip-box__button elementor-button elementor-size-sm\" href=\"https:\/\/open.spotify.com\/track\/5tzi9z9HJODubCYNR669wE?si=5e78214b2e6249bb&#038;nd=1\" target=\"_blank\">\n\t\t\t\t\t\t\tESCUCHA \u00abSYZYGIES\u00bb\t\t\t\t\t\t<\/a>\n\t\t\t\t\t\t\t\t<\/div>\n\t\t<\/div>\n\t\t<\/div>\n\t\t<\/div>\n\t\t\t\t\t\t<\/div>\n\t\t\t\t<\/div>\n\t\t\t\t<div class=\"elementor-element elementor-element-3b54647 elementor-flip-box--effect-push random-color-trigger elementor-flip-box--direction-up elementor-widget elementor-widget-flip-box\" data-id=\"3b54647\" data-element_type=\"widget\" data-e-type=\"widget\" data-widget_type=\"flip-box.default\">\n\t\t\t\t<div class=\"elementor-widget-container\">\n\t\t\t\t\t\t\t<div class=\"elementor-flip-box\" tabindex=\"0\">\n\t\t\t<div class=\"elementor-flip-box__layer elementor-flip-box__front\">\n\t\t\t\t<div class=\"elementor-flip-box__layer__overlay\">\n\t\t\t\t\t<div class=\"elementor-flip-box__layer__inner\">\n\t\t\t\t\t\t\n\t\t\t\t\t\t\t\t\t\t\t\t\t<h3 class=\"elementor-flip-box__layer__title\">\n\t\t\t\t\t\t\t\tV Premio Reina Sof\u00eda de Composici\u00f3n Musical\t\t\t\t\t\t\t<\/h3>\n\t\t\t\t\t\t\n\t\t\t\t\t\t\t\t\t\t\t\t\t<div class=\"elementor-flip-box__layer__description\">\n\t\t\t\t\t\t\t\t<img decoding=\"async\" src=\"\/wp-content\/uploads\/2022\/03\/Arrow-right.png\" width=\"50\"> \u00c1NGEL OLIVER PINA\t\t\t\t\t\t\t<\/div>\n\t\t\t\t\t\t\t\t\t\t\t<\/div>\n\t\t\t\t<\/div>\n\t\t\t<\/div>\n\t\t\t<div class=\"elementor-flip-box__layer elementor-flip-box__back\">\n\t\t\t<div class=\"elementor-flip-box__layer__overlay\">\n\t\t\t\t<div class=\"elementor-flip-box__layer__inner\">\n\t\t\t\t\t\t\t\t\t\t\t<h3 class=\"elementor-flip-box__layer__title\">\n\t\t\t\t\t\t\t<img decoding=\"async\" src=\"\/wp-content\/uploads\/2022\/03\/Arrow-right.png\" width=\"50\"> \u00c1NGEL OLIVER PINA\t\t\t\t\t\t<\/h3>\n\t\t\t\t\t\n\t\t\t\t\t\t\t\t\t\t\t<div class=\"elementor-flip-box__layer__description\">\n\t\t\t\t\t\t\tEl compositor \u00c1ngel Oliver Pina, nacido en Moyuela en 1938, gana la quinta edici\u00f3n del Premio Reina Sof\u00eda de Composici\u00f3n Musical con la obra \u00abNunc\u00bb. La divulgaci\u00f3n y el prestigio del Premio son una plataforma para reivindicar una figura que hasta el momento hab\u00eda pasado desapercibida en el panorama nacional.\t\t\t\t\t\t<\/div>\n\t\t\t\t\t\n\t\t\t\t\t\t\t\t\t\t\t<a class=\"elementor-flip-box__button elementor-button elementor-size-sm\" href=\"https:\/\/open.spotify.com\/track\/7KlHL84orZKmtuE4QEGIBS?si=7bed6156215c47fe&#038;nd=1\" target=\"_blank\">\n\t\t\t\t\t\t\tESCUCHA \u00abNUNC\u00bb\t\t\t\t\t\t<\/a>\n\t\t\t\t\t\t\t\t<\/div>\n\t\t<\/div>\n\t\t<\/div>\n\t\t<\/div>\n\t\t\t\t\t\t<\/div>\n\t\t\t\t<\/div>\n\t\t\t\t<div class=\"elementor-element elementor-element-d11b609 elementor-flip-box--effect-push random-color-trigger elementor-flip-box--direction-up elementor-widget elementor-widget-flip-box\" data-id=\"d11b609\" data-element_type=\"widget\" data-e-type=\"widget\" data-widget_type=\"flip-box.default\">\n\t\t\t\t<div class=\"elementor-widget-container\">\n\t\t\t\t\t\t\t<div class=\"elementor-flip-box\" tabindex=\"0\">\n\t\t\t<div class=\"elementor-flip-box__layer elementor-flip-box__front\">\n\t\t\t\t<div class=\"elementor-flip-box__layer__overlay\">\n\t\t\t\t\t<div class=\"elementor-flip-box__layer__inner\">\n\t\t\t\t\t\t\n\t\t\t\t\t\t\t\t\t\t\t\t\t<h3 class=\"elementor-flip-box__layer__title\">\n\t\t\t\t\t\t\t\tII Premio Reina Sof\u00eda de Composici\u00f3n Musical\t\t\t\t\t\t\t<\/h3>\n\t\t\t\t\t\t\n\t\t\t\t\t\t\t\t\t\t\t\t\t<div class=\"elementor-flip-box__layer__description\">\n\t\t\t\t\t\t\t\t<img decoding=\"async\" src=\"\/wp-content\/uploads\/2022\/03\/Arrow-right.png\" width=\"50\"> CLAUDIO PRIETO\t\t\t\t\t\t\t<\/div>\n\t\t\t\t\t\t\t\t\t\t\t<\/div>\n\t\t\t\t<\/div>\n\t\t\t<\/div>\n\t\t\t<div class=\"elementor-flip-box__layer elementor-flip-box__back\">\n\t\t\t<div class=\"elementor-flip-box__layer__overlay\">\n\t\t\t\t<div class=\"elementor-flip-box__layer__inner\">\n\t\t\t\t\t\t\t\t\t\t\t<h3 class=\"elementor-flip-box__layer__title\">\n\t\t\t\t\t\t\t<img decoding=\"async\" src=\"\/wp-content\/uploads\/2022\/03\/Arrow-right.png\" width=\"50\"> CLAUDIO PRIETO\t\t\t\t\t\t<\/h3>\n\t\t\t\t\t\n\t\t\t\t\t\t\t\t\t\t\t<div class=\"elementor-flip-box__layer__description\">\n\t\t\t\t\t\t\tEl compositor Claudio Prieto gana la segunda edici\u00f3n del Premio con la obra Concierto n\u00famero 2 para viol\u00edn y orquesta, inspirado directamente en Su Majestad la Reina Sof\u00eda. El jurado est\u00e1 formado por compositores de gran prestigio internacional, como Krysztof Pendereck, Carmelo Bernaola o Joan Guinjoan. Al escribir la obra ganadora, Prieto comenta que \u00abbuscaba ofrecer una versi\u00f3n de un concierto partiendo del lenguaje contempor\u00e1neo\u00bb.\t\t\t\t\t\t<\/div>\n\t\t\t\t\t\n\t\t\t\t\t\t\t\t\t\t\t<a class=\"elementor-flip-box__button elementor-button elementor-size-sm\" href=\"https:\/\/open.spotify.com\/track\/4MRSNbcTFDnXtY2Ey7goly?si=473ab06ef0e044d1&#038;nd=1\" target=\"_blank\">\n\t\t\t\t\t\t\tESCUCHA \u00abCONCIERTO IMAGINATE\u00bb DE CLAUDIO PRIETO\t\t\t\t\t\t<\/a>\n\t\t\t\t\t\t\t\t<\/div>\n\t\t<\/div>\n\t\t<\/div>\n\t\t<\/div>\n\t\t\t\t\t\t<\/div>\n\t\t\t\t<\/div>\n\t\t\t\t\t<\/div>\n\t\t<\/div>\n\t\t\t\t<div class=\"elementor-column elementor-col-33 elementor-top-column elementor-element elementor-element-544b3b1\" data-id=\"544b3b1\" data-element_type=\"column\" data-e-type=\"column\">\n\t\t\t<div class=\"elementor-widget-wrap elementor-element-populated\">\n\t\t\t\t\t\t<div class=\"elementor-element elementor-element-f25df38 elementor-flip-box--effect-push random-color-trigger elementor-flip-box--direction-up elementor-widget elementor-widget-flip-box\" data-id=\"f25df38\" data-element_type=\"widget\" data-e-type=\"widget\" data-widget_type=\"flip-box.default\">\n\t\t\t\t<div class=\"elementor-widget-container\">\n\t\t\t\t\t\t\t<div class=\"elementor-flip-box\" tabindex=\"0\">\n\t\t\t<div class=\"elementor-flip-box__layer elementor-flip-box__front\">\n\t\t\t\t<div class=\"elementor-flip-box__layer__overlay\">\n\t\t\t\t\t<div class=\"elementor-flip-box__layer__inner\">\n\t\t\t\t\t\t\n\t\t\t\t\t\t\t\t\t\t\t\t\t<h3 class=\"elementor-flip-box__layer__title\">\n\t\t\t\t\t\t\t\tXL Premio Reina Sof\u00eda de Composici\u00f3n Musical\t\t\t\t\t\t\t<\/h3>\n\t\t\t\t\t\t\n\t\t\t\t\t\t\t\t\t\t\t\t\t<div class=\"elementor-flip-box__layer__description\">\n\t\t\t\t\t\t\t\t<img decoding=\"async\" src=\"\/wp-content\/uploads\/2022\/03\/Arrow-right.png\" width=\"50\"> JAVIER QUISLANT GARC\u00cdA\t\t\t\t\t\t\t<\/div>\n\t\t\t\t\t\t\t\t\t\t\t<\/div>\n\t\t\t\t<\/div>\n\t\t\t<\/div>\n\t\t\t<div class=\"elementor-flip-box__layer elementor-flip-box__back\">\n\t\t\t<div class=\"elementor-flip-box__layer__overlay\">\n\t\t\t\t<div class=\"elementor-flip-box__layer__inner\">\n\t\t\t\t\t\t\t\t\t\t\t<h3 class=\"elementor-flip-box__layer__title\">\n\t\t\t\t\t\t\t<img decoding=\"async\" src=\"\/wp-content\/uploads\/2022\/03\/Arrow-right.png\" width=\"50\"> JAVIER QUISLANT GARC\u00cdA\t\t\t\t\t\t<\/h3>\n\t\t\t\t\t\n\t\t\t\t\t\t\t\t\t\t\t<div class=\"elementor-flip-box__layer__description\">\n\t\t\t\t\t\t\tJavier Quislant nace en Bilbao en 1984 y recibe su primera formaci\u00f3n musical de piano y teor\u00eda de la m\u00fasica en el Conservatorio Juan Cris\u00f3stomo de Arriaga de su ciudad natal de la mano de Agust\u00edn Vergara, Olatz Ayastui y Carmen Calzada. All\u00ed recibe un primer acercamiento a la composici\u00f3n, a trav\u00e9s de los cursos de an\u00e1lisis de la compositora Maria Eugenia Luc. Tras recibir los consejos de Gabriel Erkoreka, en 2006 comienza a estudiar composici\u00f3n musical con la compositora y directora de orquesta Margarita Lorenzo de Reizabal. Se traslada a Barcelona en 2007, donde estudia el Grado Superior en Composici\u00f3n con Agust\u00edn Charles en la Escola Superior de M\u00fasica de Catalunya (ESMuC). All\u00ed tambi\u00e9n recibe clases y consejos de los compositores Mauricio Sotelo y Aureliano Cattaneo. En 2011 se traslada a Graz (Austria) para estudiar con el compositor Beat Furrer en la Universit\u00e4t f\u00fcr Musik und Darstellende Kunst Graz, los m\u00e1steres en Composici\u00f3n musical y en Composici\u00f3n de Teatro musical, finaliz\u00e1ndolos con honores.\n\nEn 2016 participa en el Festival ManiFeste de Paris, organizado por el IRCAM, con  las obras \u201cIn praesentia\u201d y \u201cTwo pieces for orchestra\u201d, estrenadas por el Ensemble Intercontemporain y por la Orchestre philharmonique de Radio France. Debuta en 2017 en el festival Wien Modern (Viena) y ese mismo a\u00f1o recibe el Musikf\u00f6rderungs Preis der Stadt Graz, Premio de Composici\u00f3n de la ciudad de Graz. En 2018 es galardonado con el Premio de Composici\u00f3n musical del Colegio de Espan\u02dca en Paris y del INAEM y en este a\u00f1o se estrena su primera \u00f3pera de c\u00e1mara, \u201cMirada antigua (Stimmtheater \u2013 teatro de la voz)\u201d en el marco del proyecto Oper der Zukunft (\u00f3pera del futuro) de la \u00d3pera Graz y la Kunst Universit\u00e4t Graz.\nLa AEOS y la Fundaci\u00f3n SGAE le encargan en 2019 la composici\u00f3n de la obra \u201cTiempo silente\u201d, estrenada en abril de 2022, temporada de su 100 aniversario, por la Orquesta Sinf\u00f3nica de Bilbao \u2013 Bilbao Orkestra Sinfonikoa BOS, bajo la batuta de Erik Nielsen. En 2020 se estrena la obra \u201centra la aurora en el jard\u00edn\u201d, encargo del ensemble  recherche (Friburgo, Alemania) y del Festival Frakzionen y recibe tambi\u00e9n el Premio de Composici\u00f3n \u201cFranz Schubert und die Musik der Moderne\u201d (Graz, Austria).\n\nEn 2020 es seleccionado como Becario de M\u00fasica para la Real Academia de Espan\u02dca en Roma y recibe la Beca Leonardo 2020 a Creadores e investigadores Culturales de la Fundaci\u00f3n BBVA. Trabajando paralelamente en ambos proyectos, compone para Roma el proyecto \u201cSinuoso tiempo. Ciclo para cuarteto de cuerda\u201d, estrenado por el cuarteto de cuerda del Klangforum Wien y para la Beca Leonardo el proyecto \u201cEspacio en penumbra (tres obras para ensemble)\u201d, estrenado en la ORF Radiokulturhaus (Viena)  tambi\u00e9n por el Klangforum Wien bajo la batuta de Bas Wiegers. La Sociedad Filarm\u00f3nica de Badajoz y el Centro Nacional de Difusi\u00f3n Musical \/ INAEM le encargan la obra \u201cAn der Schwelle\u201d, estrenada en octubre de 2021 por el ensemble LUX:NM (Berl\u00edn) en el XII Ciclo de M\u00fasica Actual de Badajoz y en la temporada del CNDM en el Auditorio 400 del Museo Reina Sof\u00eda.\n\nExplorar el sonido en relaci\u00f3n a la literatura y al cine es uno de sus principales intereses art\u00edsticos.\n\t\t\t\t\t\t<\/div>\n\t\t\t\t\t\n\t\t\t\t\t\t\t\t<\/div>\n\t\t<\/div>\n\t\t<\/div>\n\t\t<\/div>\n\t\t\t\t\t\t<\/div>\n\t\t\t\t<\/div>\n\t\t\t\t<div class=\"elementor-element elementor-element-540b4b5 elementor-flip-box--effect-push random-color-trigger elementor-flip-box--direction-up elementor-widget elementor-widget-flip-box\" data-id=\"540b4b5\" data-element_type=\"widget\" data-e-type=\"widget\" data-widget_type=\"flip-box.default\">\n\t\t\t\t<div class=\"elementor-widget-container\">\n\t\t\t\t\t\t\t<div class=\"elementor-flip-box\" tabindex=\"0\">\n\t\t\t<div class=\"elementor-flip-box__layer elementor-flip-box__front\">\n\t\t\t\t<div class=\"elementor-flip-box__layer__overlay\">\n\t\t\t\t\t<div class=\"elementor-flip-box__layer__inner\">\n\t\t\t\t\t\t\n\t\t\t\t\t\t\t\t\t\t\t\t\t<h3 class=\"elementor-flip-box__layer__title\">\n\t\t\t\t\t\t\t\tXXXVII Premio Reina Sof\u00eda de Composici\u00f3n Musical\t\t\t\t\t\t\t<\/h3>\n\t\t\t\t\t\t\n\t\t\t\t\t\t\t\t\t\t\t\t\t<div class=\"elementor-flip-box__layer__description\">\n\t\t\t\t\t\t\t\t<img decoding=\"async\" src=\"\/wp-content\/uploads\/2022\/03\/Arrow-right.png\" width=\"50\"> CARLOS FONTCUBERTA\t\t\t\t\t\t\t<\/div>\n\t\t\t\t\t\t\t\t\t\t\t<\/div>\n\t\t\t\t<\/div>\n\t\t\t<\/div>\n\t\t\t<div class=\"elementor-flip-box__layer elementor-flip-box__back\">\n\t\t\t<div class=\"elementor-flip-box__layer__overlay\">\n\t\t\t\t<div class=\"elementor-flip-box__layer__inner\">\n\t\t\t\t\t\t\t\t\t\t\t<h3 class=\"elementor-flip-box__layer__title\">\n\t\t\t\t\t\t\t<img decoding=\"async\" src=\"\/wp-content\/uploads\/2022\/03\/Arrow-right.png\" width=\"50\"> CARLOS FONTCUBERTA\t\t\t\t\t\t<\/h3>\n\t\t\t\t\t\n\t\t\t\t\t\t\t\t\t\t\t<div class=\"elementor-flip-box__layer__description\">\n\t\t\t\t\t\t\tEl compositor valenciano Carlos Fontcuberta gana el Premio Reina Sof\u00eda de Composici\u00f3n Musical con la obra \u00abTrencad\u00eds\u00bb, seleccionada por un jurado compuesto por Ananda Sukurlan, Fabi\u00e1n Panisello, Polo Vallejo, Juan Cruz\u2013Guevara y Jes\u00fas Rueda. Fontcuberta se forma con Ram\u00f3n Ramos, G\u00e9rard Pesson y J. Manuel L\u00f3pez L\u00f3pez, y ha sido reconocido con el Premio J\u00f3venes Compositores Fundaci\u00f3n Autor-CNDM, entre otros. Ha sido compositor residente de la Joven Orquesta de la Generalitat Valenciana y sus obras han sido interpretadas por la Orchestre Philharmonique de Radio France, l\u2019Orchestre Nationale de Lorraine y el Ensemble l\u2019Itin\u00e9raire.\t\t\t\t\t\t<\/div>\n\t\t\t\t\t\n\t\t\t\t\t\t\t\t<\/div>\n\t\t<\/div>\n\t\t<\/div>\n\t\t<\/div>\n\t\t\t\t\t\t<\/div>\n\t\t\t\t<\/div>\n\t\t\t\t<div class=\"elementor-element elementor-element-9050753 elementor-flip-box--effect-push random-color-trigger elementor-flip-box--direction-up elementor-widget elementor-widget-flip-box\" data-id=\"9050753\" data-element_type=\"widget\" data-e-type=\"widget\" data-widget_type=\"flip-box.default\">\n\t\t\t\t<div class=\"elementor-widget-container\">\n\t\t\t\t\t\t\t<div class=\"elementor-flip-box\" tabindex=\"0\">\n\t\t\t<div class=\"elementor-flip-box__layer elementor-flip-box__front\">\n\t\t\t\t<div class=\"elementor-flip-box__layer__overlay\">\n\t\t\t\t\t<div class=\"elementor-flip-box__layer__inner\">\n\t\t\t\t\t\t\n\t\t\t\t\t\t\t\t\t\t\t\t\t<h3 class=\"elementor-flip-box__layer__title\">\n\t\t\t\t\t\t\t\tXXXIV Premio Reina Sof\u00eda de Composici\u00f3n Musical\t\t\t\t\t\t\t<\/h3>\n\t\t\t\t\t\t\n\t\t\t\t\t\t\t\t\t\t\t\t\t<div class=\"elementor-flip-box__layer__description\">\n\t\t\t\t\t\t\t\t<img decoding=\"async\" src=\"\/wp-content\/uploads\/2022\/03\/Arrow-right.png\" width=\"50\"> ANTONIO LAUZURIKA\t\t\t\t\t\t\t<\/div>\n\t\t\t\t\t\t\t\t\t\t\t<\/div>\n\t\t\t\t<\/div>\n\t\t\t<\/div>\n\t\t\t<div class=\"elementor-flip-box__layer elementor-flip-box__back\">\n\t\t\t<div class=\"elementor-flip-box__layer__overlay\">\n\t\t\t\t<div class=\"elementor-flip-box__layer__inner\">\n\t\t\t\t\t\t\t\t\t\t\t<h3 class=\"elementor-flip-box__layer__title\">\n\t\t\t\t\t\t\t<img decoding=\"async\" src=\"\/wp-content\/uploads\/2022\/03\/Arrow-right.png\" width=\"50\"> ANTONIO LAUZURIKA\t\t\t\t\t\t<\/h3>\n\t\t\t\t\t\n\t\t\t\t\t\t\t\t\t\t\t<div class=\"elementor-flip-box__layer__description\">\n\t\t\t\t\t\t\tEl compositor Antonio Lauzurika gana el Premio Reina Sof\u00eda de Composici\u00f3n Musical con la obra \u00abTres espacios luminosos\u00bb, seleccionada por un jurado compuesto por Nadir Vassena, Fabrizio Festa, Francisco Mart\u00edn Quintero, Jes\u00fas Rueda y Pedro Halffer. Las obras de Lauzurika han sido interpretadas en el Auditorio Nacional de Madrid, en la Fundaci\u00f3n March y en el Museo Reina Sof\u00eda, as\u00ed como en el Auditorio de Mil\u00e1n o el Carnegie Hall de Nueva York.\t\t\t\t\t\t<\/div>\n\t\t\t\t\t\n\t\t\t\t\t\t\t\t\t\t\t<a class=\"elementor-flip-box__button elementor-button elementor-size-sm\" href=\"https:\/\/open.spotify.com\/track\/1z0Didoh1FqpKKJB852Pj7?si=788d8d03a2254b93&#038;nd=1\">\n\t\t\t\t\t\t\tESCUCHA \u00abTRES ESPACIOS LUMINOSOS\u00bb\t\t\t\t\t\t<\/a>\n\t\t\t\t\t\t\t\t<\/div>\n\t\t<\/div>\n\t\t<\/div>\n\t\t<\/div>\n\t\t\t\t\t\t<\/div>\n\t\t\t\t<\/div>\n\t\t\t\t<div class=\"elementor-element elementor-element-7585d6d elementor-flip-box--effect-push random-color-trigger elementor-flip-box--direction-up elementor-widget elementor-widget-flip-box\" data-id=\"7585d6d\" data-element_type=\"widget\" data-e-type=\"widget\" data-widget_type=\"flip-box.default\">\n\t\t\t\t<div class=\"elementor-widget-container\">\n\t\t\t\t\t\t\t<div class=\"elementor-flip-box\" tabindex=\"0\">\n\t\t\t<div class=\"elementor-flip-box__layer elementor-flip-box__front\">\n\t\t\t\t<div class=\"elementor-flip-box__layer__overlay\">\n\t\t\t\t\t<div class=\"elementor-flip-box__layer__inner\">\n\t\t\t\t\t\t\n\t\t\t\t\t\t\t\t\t\t\t\t\t<h3 class=\"elementor-flip-box__layer__title\">\n\t\t\t\t\t\t\t\tXXXI Premio Reina Sof\u00eda de Composici\u00f3n Musical\t\t\t\t\t\t\t<\/h3>\n\t\t\t\t\t\t\n\t\t\t\t\t\t\t\t\t\t\t\t\t<div class=\"elementor-flip-box__layer__description\">\n\t\t\t\t\t\t\t\t<img decoding=\"async\" src=\"\/wp-content\/uploads\/2022\/03\/Arrow-right.png\" width=\"50\"> JOAN MAGRAN\u00c9\t\t\t\t\t\t\t<\/div>\n\t\t\t\t\t\t\t\t\t\t\t<\/div>\n\t\t\t\t<\/div>\n\t\t\t<\/div>\n\t\t\t<div class=\"elementor-flip-box__layer elementor-flip-box__back\">\n\t\t\t<div class=\"elementor-flip-box__layer__overlay\">\n\t\t\t\t<div class=\"elementor-flip-box__layer__inner\">\n\t\t\t\t\t\t\t\t\t\t\t<h3 class=\"elementor-flip-box__layer__title\">\n\t\t\t\t\t\t\t<img decoding=\"async\" src=\"\/wp-content\/uploads\/2022\/03\/Arrow-right.png\" width=\"50\"> JOAN MAGRAN\u00c9\t\t\t\t\t\t<\/h3>\n\t\t\t\t\t\n\t\t\t\t\t\t\t\t\t\t\t<div class=\"elementor-flip-box__layer__description\">\n\t\t\t\t\t\t\tEl compositor catal\u00e1n Joan Magran\u00e9 gana el Premio Reina Sof\u00eda de Composici\u00f3n Musical con la obra \u00abSecreta desolaci\u00f3n\u00bb. Magran\u00e9 se forma musicalmente con Ramon Humet (ganador del Premio) Agust\u00ed Charles, Beat Furrer y Stefano Gervasoni. Es galardonado en el concurso Franz Josef Reinl-Stiftung de Viena y gana el premio del Ministerio de la Juventud de Udine.\t\t\t\t\t\t<\/div>\n\t\t\t\t\t\n\t\t\t\t\t\t\t\t\t\t\t<a class=\"elementor-flip-box__button elementor-button elementor-size-sm\" href=\"https:\/\/open.spotify.com\/track\/05xasYG4iOl4mfbvkNy6Jc?si=83e3b0c0044940ec&#038;nd=1\">\n\t\t\t\t\t\t\tESCUCHA \u00abSECRETA DESOLACI\u00d3N\u00bb\t\t\t\t\t\t<\/a>\n\t\t\t\t\t\t\t\t<\/div>\n\t\t<\/div>\n\t\t<\/div>\n\t\t<\/div>\n\t\t\t\t\t\t<\/div>\n\t\t\t\t<\/div>\n\t\t\t\t<div class=\"elementor-element elementor-element-1847bbb elementor-flip-box--effect-push random-color-trigger elementor-flip-box--direction-up elementor-widget elementor-widget-flip-box\" data-id=\"1847bbb\" data-element_type=\"widget\" data-e-type=\"widget\" data-widget_type=\"flip-box.default\">\n\t\t\t\t<div class=\"elementor-widget-container\">\n\t\t\t\t\t\t\t<div class=\"elementor-flip-box\" tabindex=\"0\">\n\t\t\t<div class=\"elementor-flip-box__layer elementor-flip-box__front\">\n\t\t\t\t<div class=\"elementor-flip-box__layer__overlay\">\n\t\t\t\t\t<div class=\"elementor-flip-box__layer__inner\">\n\t\t\t\t\t\t\n\t\t\t\t\t\t\t\t\t\t\t\t\t<h3 class=\"elementor-flip-box__layer__title\">\n\t\t\t\t\t\t\t\tXXVIII Premio Reina Sof\u00eda de Composici\u00f3n Musical\t\t\t\t\t\t\t<\/h3>\n\t\t\t\t\t\t\n\t\t\t\t\t\t\t\t\t\t\t\t\t<div class=\"elementor-flip-box__layer__description\">\n\t\t\t\t\t\t\t\t<img decoding=\"async\" src=\"\/wp-content\/uploads\/2022\/03\/Arrow-right.png\" width=\"50\"> HERMES LUACES\t\t\t\t\t\t\t<\/div>\n\t\t\t\t\t\t\t\t\t\t\t<\/div>\n\t\t\t\t<\/div>\n\t\t\t<\/div>\n\t\t\t<div class=\"elementor-flip-box__layer elementor-flip-box__back\">\n\t\t\t<div class=\"elementor-flip-box__layer__overlay\">\n\t\t\t\t<div class=\"elementor-flip-box__layer__inner\">\n\t\t\t\t\t\t\t\t\t\t\t<h3 class=\"elementor-flip-box__layer__title\">\n\t\t\t\t\t\t\t<img decoding=\"async\" src=\"\/wp-content\/uploads\/2022\/03\/Arrow-right.png\" width=\"50\"> HERMES LUACES\t\t\t\t\t\t<\/h3>\n\t\t\t\t\t\n\t\t\t\t\t\t\t\t\t\t\t<div class=\"elementor-flip-box__layer__description\">\n\t\t\t\t\t\t\tEl compositor madrile\u00f1o Hermes Luaces gana el Premio Reina Sof\u00eda de Composici\u00f3n Musical con la obra \u00abAgujeros negros\u00bb. El jurado lo forman Jos\u00e9 Luis Turina, Carlos Gal\u00e1n, Steingrimur Rohloff, Giovanni Bonato y Jes\u00fas Rueda. Luaces se forma musicalmente con Mauricio Sotelo, Jos\u00e9 Luis Del\u00e1s, Philipe Hurel, Kaija Saariaho y Salvatore Sciarrino.\t\t\t\t\t\t<\/div>\n\t\t\t\t\t\n\t\t\t\t\t\t\t\t\t\t\t<a class=\"elementor-flip-box__button elementor-button elementor-size-sm\" href=\"https:\/\/open.spotify.com\/track\/0hsXnRxPLfkyDM4Erg1je5?si=886093f97070427f&#038;nd=1\">\n\t\t\t\t\t\t\tESCUCHA \u00abAGUJEROS NEGROS\u00bb\t\t\t\t\t\t<\/a>\n\t\t\t\t\t\t\t\t<\/div>\n\t\t<\/div>\n\t\t<\/div>\n\t\t<\/div>\n\t\t\t\t\t\t<\/div>\n\t\t\t\t<\/div>\n\t\t\t\t<div class=\"elementor-element elementor-element-8487de3 elementor-flip-box--effect-push random-color-trigger elementor-flip-box--direction-up elementor-widget elementor-widget-flip-box\" data-id=\"8487de3\" data-element_type=\"widget\" data-e-type=\"widget\" data-widget_type=\"flip-box.default\">\n\t\t\t\t<div class=\"elementor-widget-container\">\n\t\t\t\t\t\t\t<div class=\"elementor-flip-box\" tabindex=\"0\">\n\t\t\t<div class=\"elementor-flip-box__layer elementor-flip-box__front\">\n\t\t\t\t<div class=\"elementor-flip-box__layer__overlay\">\n\t\t\t\t\t<div class=\"elementor-flip-box__layer__inner\">\n\t\t\t\t\t\t\n\t\t\t\t\t\t\t\t\t\t\t\t\t<h3 class=\"elementor-flip-box__layer__title\">\n\t\t\t\t\t\t\t\tXXV Premio Reina Sof\u00eda de Composici\u00f3n Musical\t\t\t\t\t\t\t<\/h3>\n\t\t\t\t\t\t\n\t\t\t\t\t\t\t\t\t\t\t\t\t<div class=\"elementor-flip-box__layer__description\">\n\t\t\t\t\t\t\t\t<img decoding=\"async\" src=\"\/wp-content\/uploads\/2022\/03\/Arrow-right.png\" width=\"50\"> GABRIEL ERKOREKA\t\t\t\t\t\t\t<\/div>\n\t\t\t\t\t\t\t\t\t\t\t<\/div>\n\t\t\t\t<\/div>\n\t\t\t<\/div>\n\t\t\t<div class=\"elementor-flip-box__layer elementor-flip-box__back\">\n\t\t\t<div class=\"elementor-flip-box__layer__overlay\">\n\t\t\t\t<div class=\"elementor-flip-box__layer__inner\">\n\t\t\t\t\t\t\t\t\t\t\t<h3 class=\"elementor-flip-box__layer__title\">\n\t\t\t\t\t\t\t<img decoding=\"async\" src=\"\/wp-content\/uploads\/2022\/03\/Arrow-right.png\" width=\"50\"> GABRIEL ERKOREKA\t\t\t\t\t\t<\/h3>\n\t\t\t\t\t\n\t\t\t\t\t\t\t\t\t\t\t<div class=\"elementor-flip-box__layer__description\">\n\t\t\t\t\t\t\tEl compositor vasco Gabriel Erkoreka gana el Premio Reina Sof\u00eda de Composici\u00f3n Musical con la obra \u00abFuegos para orquesta\u00bb, seleccionada por un jurado compuesto por Ant\u00f3n Garc\u00eda Abril, Joan Cerver\u00f3, David del Puerto, Benet Casablancas y Jes\u00fas Rueda. Erkoreka es miembro asociado honor\u00edfico de la Royal Academy of Music de Londres, y su obra es la ganadora de entre las m\u00e1s de 140 partituras que se presentan a concurso.\t\t\t\t\t\t<\/div>\n\t\t\t\t\t\n\t\t\t\t\t\t\t\t\t\t\t<a class=\"elementor-flip-box__button elementor-button elementor-size-sm\" href=\"https:\/\/open.spotify.com\/track\/4CMtgA7dwUDJ0CTHSeAgY4?si=361b3296a7844767&#038;nd=1\">\n\t\t\t\t\t\t\tESCUCHA \u00abFUEGOS\u00bb\t\t\t\t\t\t<\/a>\n\t\t\t\t\t\t\t\t<\/div>\n\t\t<\/div>\n\t\t<\/div>\n\t\t<\/div>\n\t\t\t\t\t\t<\/div>\n\t\t\t\t<\/div>\n\t\t\t\t<div class=\"elementor-element elementor-element-a4d401c elementor-flip-box--effect-push random-color-trigger elementor-flip-box--direction-up elementor-widget elementor-widget-flip-box\" data-id=\"a4d401c\" data-element_type=\"widget\" data-e-type=\"widget\" data-widget_type=\"flip-box.default\">\n\t\t\t\t<div class=\"elementor-widget-container\">\n\t\t\t\t\t\t\t<div class=\"elementor-flip-box\" tabindex=\"0\">\n\t\t\t<div class=\"elementor-flip-box__layer elementor-flip-box__front\">\n\t\t\t\t<div class=\"elementor-flip-box__layer__overlay\">\n\t\t\t\t\t<div class=\"elementor-flip-box__layer__inner\">\n\t\t\t\t\t\t\n\t\t\t\t\t\t\t\t\t\t\t\t\t<h3 class=\"elementor-flip-box__layer__title\">\n\t\t\t\t\t\t\t\tXXII Premio Reina Sof\u00eda de Composici\u00f3n Musical\t\t\t\t\t\t\t<\/h3>\n\t\t\t\t\t\t\n\t\t\t\t\t\t\t\t\t\t\t\t\t<div class=\"elementor-flip-box__layer__description\">\n\t\t\t\t\t\t\t\t<img decoding=\"async\" src=\"\/wp-content\/uploads\/2022\/03\/Arrow-right.png\" width=\"50\"> DANIELE GASPARINI\t\t\t\t\t\t\t<\/div>\n\t\t\t\t\t\t\t\t\t\t\t<\/div>\n\t\t\t\t<\/div>\n\t\t\t<\/div>\n\t\t\t<div class=\"elementor-flip-box__layer elementor-flip-box__back\">\n\t\t\t<div class=\"elementor-flip-box__layer__overlay\">\n\t\t\t\t<div class=\"elementor-flip-box__layer__inner\">\n\t\t\t\t\t\t\t\t\t\t\t<h3 class=\"elementor-flip-box__layer__title\">\n\t\t\t\t\t\t\t<img decoding=\"async\" src=\"\/wp-content\/uploads\/2022\/03\/Arrow-right.png\" width=\"50\"> DANIELE GASPARINI\t\t\t\t\t\t<\/h3>\n\t\t\t\t\t\n\t\t\t\t\t\t\t\t\t\t\t<div class=\"elementor-flip-box__layer__description\">\n\t\t\t\t\t\t\tEl compositor Daniele Gasparini gana el Premio Reina Sof\u00eda de Composici\u00f3n Musical con la obra \u00abMyselves Passacaglia\u00bb, inspirada en un poema de Dylan Thomas. El jurado lo forman: Massimo Botter, Miguel \u00c1ngel Coria, Mar\u00eda Luisa Machado, Mar\u00eda Luisa Cantos y Jes\u00fas Villa Rojo. El jurado considera que Gasparini es un autor brillante, y seg\u00fan la cr\u00edtica se trata de un joven prodigio, que con veinte a\u00f1os ya ejerce de director de orquesta. Gasparini se forma con Aurelio Saporo. El presidente del jurado define la obra ganadora como \u00abuna pieza dram\u00e1tica que llega hasta el alma\u00bb.\t\t\t\t\t\t<\/div>\n\t\t\t\t\t\n\t\t\t\t\t\t\t\t\t\t\t<a class=\"elementor-flip-box__button elementor-button elementor-size-sm\" href=\"https:\/\/open.spotify.com\/track\/0hMEpmlD5BoaFQMxO491Zo?si=973f8c4aeff74025&#038;nd=1\">\n\t\t\t\t\t\t\tESCUCHA \u00abMYSELVES PASSACAGLIA\u00bb\t\t\t\t\t\t<\/a>\n\t\t\t\t\t\t\t\t<\/div>\n\t\t<\/div>\n\t\t<\/div>\n\t\t<\/div>\n\t\t\t\t\t\t<\/div>\n\t\t\t\t<\/div>\n\t\t\t\t<div class=\"elementor-element elementor-element-2924557 elementor-flip-box--effect-push random-color-trigger elementor-flip-box--direction-up elementor-widget elementor-widget-flip-box\" data-id=\"2924557\" data-element_type=\"widget\" data-e-type=\"widget\" data-widget_type=\"flip-box.default\">\n\t\t\t\t<div class=\"elementor-widget-container\">\n\t\t\t\t\t\t\t<div class=\"elementor-flip-box\" tabindex=\"0\">\n\t\t\t<div class=\"elementor-flip-box__layer elementor-flip-box__front\">\n\t\t\t\t<div class=\"elementor-flip-box__layer__overlay\">\n\t\t\t\t\t<div class=\"elementor-flip-box__layer__inner\">\n\t\t\t\t\t\t\n\t\t\t\t\t\t\t\t\t\t\t\t\t<h3 class=\"elementor-flip-box__layer__title\">\n\t\t\t\t\t\t\t\tXIX Premio Reina Sof\u00eda de Composici\u00f3n Musical\t\t\t\t\t\t\t<\/h3>\n\t\t\t\t\t\t\n\t\t\t\t\t\t\t\t\t\t\t\t\t<div class=\"elementor-flip-box__layer__description\">\n\t\t\t\t\t\t\t\t<img decoding=\"async\" src=\"\/wp-content\/uploads\/2022\/03\/Arrow-right.png\" width=\"50\"> GONZALO DE OLAVIDE\t\t\t\t\t\t\t<\/div>\n\t\t\t\t\t\t\t\t\t\t\t<\/div>\n\t\t\t\t<\/div>\n\t\t\t<\/div>\n\t\t\t<div class=\"elementor-flip-box__layer elementor-flip-box__back\">\n\t\t\t<div class=\"elementor-flip-box__layer__overlay\">\n\t\t\t\t<div class=\"elementor-flip-box__layer__inner\">\n\t\t\t\t\t\t\t\t\t\t\t<h3 class=\"elementor-flip-box__layer__title\">\n\t\t\t\t\t\t\t<img decoding=\"async\" src=\"\/wp-content\/uploads\/2022\/03\/Arrow-right.png\" width=\"50\"> GONZALO DE OLAVIDE\t\t\t\t\t\t<\/h3>\n\t\t\t\t\t\n\t\t\t\t\t\t\t\t\t\t\t<div class=\"elementor-flip-box__layer__description\">\n\t\t\t\t\t\t\tEl compositor madrile\u00f1o Gonzalo de Olavide gana la decimonovena edici\u00f3n del Premio Reina Sof\u00eda de Composici\u00f3n Musical con la obra \u00abSine Die\u00bb. Seg\u00fan el jurado, representa una \u00abvaliosa aportaci\u00f3n a la cultura espa\u00f1ola que a su vez enriquece sustancialmente la m\u00fasica de nuestros tiempos\u00bb. Olavide fue alumno de la Escuela de Darmstadt, donde estudi\u00f3 con Boulez, Ligeti, Berio y Stockhausen. La cr\u00edtica considera que la m\u00fasica de Olavide es una muestra de compromiso con la autenticidad y la independencia art\u00edstica. Previamente, Olavide fue reconocido con el Premio Nacional de M\u00fasica.\t\t\t\t\t\t<\/div>\n\t\t\t\t\t\n\t\t\t\t\t\t\t\t\t\t\t<a class=\"elementor-flip-box__button elementor-button elementor-size-sm\" href=\"https:\/\/open.spotify.com\/track\/54YeHgpsWga9yPppVpUuzl?si=bcf07fad8d8b4948&#038;nd=1\">\n\t\t\t\t\t\t\tESCUCHA \u00abSINE DIE\u00bb\t\t\t\t\t\t<\/a>\n\t\t\t\t\t\t\t\t<\/div>\n\t\t<\/div>\n\t\t<\/div>\n\t\t<\/div>\n\t\t\t\t\t\t<\/div>\n\t\t\t\t<\/div>\n\t\t\t\t<div class=\"elementor-element elementor-element-13151ea elementor-flip-box--effect-push random-color-trigger elementor-flip-box--direction-up elementor-widget elementor-widget-flip-box\" data-id=\"13151ea\" data-element_type=\"widget\" data-e-type=\"widget\" data-widget_type=\"flip-box.default\">\n\t\t\t\t<div class=\"elementor-widget-container\">\n\t\t\t\t\t\t\t<div class=\"elementor-flip-box\" tabindex=\"0\">\n\t\t\t<div class=\"elementor-flip-box__layer elementor-flip-box__front\">\n\t\t\t\t<div class=\"elementor-flip-box__layer__overlay\">\n\t\t\t\t\t<div class=\"elementor-flip-box__layer__inner\">\n\t\t\t\t\t\t\n\t\t\t\t\t\t\t\t\t\t\t\t\t<h3 class=\"elementor-flip-box__layer__title\">\n\t\t\t\t\t\t\t\tXVI Premio Reina Sof\u00eda de Composici\u00f3n Musical\t\t\t\t\t\t\t<\/h3>\n\t\t\t\t\t\t\n\t\t\t\t\t\t\t\t\t\t\t\t\t<div class=\"elementor-flip-box__layer__description\">\n\t\t\t\t\t\t\t\t<img decoding=\"async\" src=\"\/wp-content\/uploads\/2022\/03\/Arrow-right.png\" width=\"50\"> JAVIER SANTACREU\t\t\t\t\t\t\t<\/div>\n\t\t\t\t\t\t\t\t\t\t\t<\/div>\n\t\t\t\t<\/div>\n\t\t\t<\/div>\n\t\t\t<div class=\"elementor-flip-box__layer elementor-flip-box__back\">\n\t\t\t<div class=\"elementor-flip-box__layer__overlay\">\n\t\t\t\t<div class=\"elementor-flip-box__layer__inner\">\n\t\t\t\t\t\t\t\t\t\t\t<h3 class=\"elementor-flip-box__layer__title\">\n\t\t\t\t\t\t\t<img decoding=\"async\" src=\"\/wp-content\/uploads\/2022\/03\/Arrow-right.png\" width=\"50\"> JAVIER SANTACREU\t\t\t\t\t\t<\/h3>\n\t\t\t\t\t\n\t\t\t\t\t\t\t\t\t\t\t<div class=\"elementor-flip-box__layer__description\">\n\t\t\t\t\t\t\tEl compositor Javier Santacreugana la decimosexta edici\u00f3n del Premio Reina Sof\u00eda de Composici\u00f3n Musical con la obra \u00abOniris\u00bb. El d\u00eda de su estreno, la obra ganadora se considera de una escritura impecable, con un gran dominio de la estructura.\t\t\t\t\t\t<\/div>\n\t\t\t\t\t\n\t\t\t\t\t\t\t\t\t\t\t<a class=\"elementor-flip-box__button elementor-button elementor-size-sm\" href=\"https:\/\/open.spotify.com\/track\/2M0ZOfoLyNqWXf7REd6rTI?si=ed03d73f2b3441c7&#038;nd=1\">\n\t\t\t\t\t\t\tESCUCHA \u00abONIRIS\u00bb\t\t\t\t\t\t<\/a>\n\t\t\t\t\t\t\t\t<\/div>\n\t\t<\/div>\n\t\t<\/div>\n\t\t<\/div>\n\t\t\t\t\t\t<\/div>\n\t\t\t\t<\/div>\n\t\t\t\t<div class=\"elementor-element elementor-element-2dd7082 elementor-flip-box--effect-push random-color-trigger elementor-flip-box--direction-up elementor-widget elementor-widget-flip-box\" data-id=\"2dd7082\" data-element_type=\"widget\" data-e-type=\"widget\" data-widget_type=\"flip-box.default\">\n\t\t\t\t<div class=\"elementor-widget-container\">\n\t\t\t\t\t\t\t<div class=\"elementor-flip-box\" tabindex=\"0\">\n\t\t\t<div class=\"elementor-flip-box__layer elementor-flip-box__front\">\n\t\t\t\t<div class=\"elementor-flip-box__layer__overlay\">\n\t\t\t\t\t<div class=\"elementor-flip-box__layer__inner\">\n\t\t\t\t\t\t\n\t\t\t\t\t\t\t\t\t\t\t\t\t<h3 class=\"elementor-flip-box__layer__title\">\n\t\t\t\t\t\t\t\tXIII Premio Reina Sof\u00eda de Composici\u00f3n Musical\t\t\t\t\t\t\t<\/h3>\n\t\t\t\t\t\t\n\t\t\t\t\t\t\t\t\t\t\t\t\t<div class=\"elementor-flip-box__layer__description\">\n\t\t\t\t\t\t\t\t<img decoding=\"async\" src=\"\/wp-content\/uploads\/2022\/03\/Arrow-right.png\" width=\"50\"> ALEJANDRO CIVILOTTI\t\t\t\t\t\t\t<\/div>\n\t\t\t\t\t\t\t\t\t\t\t<\/div>\n\t\t\t\t<\/div>\n\t\t\t<\/div>\n\t\t\t<div class=\"elementor-flip-box__layer elementor-flip-box__back\">\n\t\t\t<div class=\"elementor-flip-box__layer__overlay\">\n\t\t\t\t<div class=\"elementor-flip-box__layer__inner\">\n\t\t\t\t\t\t\t\t\t\t\t<h3 class=\"elementor-flip-box__layer__title\">\n\t\t\t\t\t\t\t<img decoding=\"async\" src=\"\/wp-content\/uploads\/2022\/03\/Arrow-right.png\" width=\"50\"> ALEJANDRO CIVILOTTI\t\t\t\t\t\t<\/h3>\n\t\t\t\t\t\n\t\t\t\t\t\t\t\t\t\t\t<div class=\"elementor-flip-box__layer__description\">\n\t\t\t\t\t\t\tEl compositor Alejandro Civilotti gana el decimotercer Premio Reina Sof\u00eda de Composici\u00f3n Musical con la obra \u00abCinco grabados para orquesta\u00bb. Civilotti, nacido en Argentina y profesionalmente instalado en Barcelona, se forma con Enrique Gerardi, alumno de compositores de gran relevancia como Alberto Ginastera y Nadia Boulanger. En Barcelona recibe clases de Josep Soler y Joan Guinjoan, ganador de la primera edici\u00f3n del Premio. Adem\u00e1s del Premio Reina Sof\u00eda, Civilotti ha sido reconocido con el Premio Juventudes Musicales, el Premio Ciudad de Barcelona y el Premio Casa de las Am\u00e9ricas.\t\t\t\t\t\t<\/div>\n\t\t\t\t\t\n\t\t\t\t\t\t\t\t\t\t\t<a class=\"elementor-flip-box__button elementor-button elementor-size-sm\" href=\"https:\/\/open.spotify.com\/track\/3eXmGPSiF0cZ8vxcYqZmW8?si=e45bf0846fe040ac&#038;nd=1\" target=\"_blank\">\n\t\t\t\t\t\t\tESCUCHA \u00abCINCO GRABADOS PARA ORQUESTA\u00bb\t\t\t\t\t\t<\/a>\n\t\t\t\t\t\t\t\t<\/div>\n\t\t<\/div>\n\t\t<\/div>\n\t\t<\/div>\n\t\t\t\t\t\t<\/div>\n\t\t\t\t<\/div>\n\t\t\t\t<div class=\"elementor-element elementor-element-4fdbb7a elementor-flip-box--effect-push random-color-trigger elementor-flip-box--direction-up elementor-widget elementor-widget-flip-box\" data-id=\"4fdbb7a\" data-element_type=\"widget\" data-e-type=\"widget\" data-widget_type=\"flip-box.default\">\n\t\t\t\t<div class=\"elementor-widget-container\">\n\t\t\t\t\t\t\t<div class=\"elementor-flip-box\" tabindex=\"0\">\n\t\t\t<div class=\"elementor-flip-box__layer elementor-flip-box__front\">\n\t\t\t\t<div class=\"elementor-flip-box__layer__overlay\">\n\t\t\t\t\t<div class=\"elementor-flip-box__layer__inner\">\n\t\t\t\t\t\t\n\t\t\t\t\t\t\t\t\t\t\t\t\t<h3 class=\"elementor-flip-box__layer__title\">\n\t\t\t\t\t\t\t\tX Premio Reina Sof\u00eda de Composici\u00f3n Musical\t\t\t\t\t\t\t<\/h3>\n\t\t\t\t\t\t\n\t\t\t\t\t\t\t\t\t\t\t\t\t<div class=\"elementor-flip-box__layer__description\">\n\t\t\t\t\t\t\t\t<img decoding=\"async\" src=\"\/wp-content\/uploads\/2022\/03\/Arrow-right.png\" width=\"50\"> XAVIER MONTSALVATGE\t\t\t\t\t\t\t<\/div>\n\t\t\t\t\t\t\t\t\t\t\t<\/div>\n\t\t\t\t<\/div>\n\t\t\t<\/div>\n\t\t\t<div class=\"elementor-flip-box__layer elementor-flip-box__back\">\n\t\t\t<div class=\"elementor-flip-box__layer__overlay\">\n\t\t\t\t<div class=\"elementor-flip-box__layer__inner\">\n\t\t\t\t\t\t\t\t\t\t\t<h3 class=\"elementor-flip-box__layer__title\">\n\t\t\t\t\t\t\t<img decoding=\"async\" src=\"\/wp-content\/uploads\/2022\/03\/Arrow-right.png\" width=\"50\"> XAVIER MONTSALVATGE\t\t\t\t\t\t<\/h3>\n\t\t\t\t\t\n\t\t\t\t\t\t\t\t\t\t\t<div class=\"elementor-flip-box__layer__description\">\n\t\t\t\t\t\t\tEl Premio Reina Sof\u00eda de Composici\u00f3n Musical se declara desierto y el jurado premia al compositor Xavier Montsalvatge por su trayectoria.\t\t\t\t\t\t<\/div>\n\t\t\t\t\t\n\t\t\t\t\t\t\t\t\t\t\t<a class=\"elementor-flip-box__button elementor-button elementor-size-sm\" href=\"https:\/\/open.spotify.com\/track\/4Vkf9lOs1YlLMvX4JYIjNT?si=dd05a965a0884380&#038;nd=1\" target=\"_blank\">\n\t\t\t\t\t\t\tESCUCHA \u00abCINCO CANCIONES NEGRAS\u00bb\t\t\t\t\t\t<\/a>\n\t\t\t\t\t\t\t\t<\/div>\n\t\t<\/div>\n\t\t<\/div>\n\t\t<\/div>\n\t\t\t\t\t\t<\/div>\n\t\t\t\t<\/div>\n\t\t\t\t<div class=\"elementor-element elementor-element-006404e elementor-flip-box--effect-push random-color-trigger elementor-flip-box--direction-up elementor-widget elementor-widget-flip-box\" data-id=\"006404e\" data-element_type=\"widget\" data-e-type=\"widget\" data-widget_type=\"flip-box.default\">\n\t\t\t\t<div class=\"elementor-widget-container\">\n\t\t\t\t\t\t\t<div class=\"elementor-flip-box\" tabindex=\"0\">\n\t\t\t<div class=\"elementor-flip-box__layer elementor-flip-box__front\">\n\t\t\t\t<div class=\"elementor-flip-box__layer__overlay\">\n\t\t\t\t\t<div class=\"elementor-flip-box__layer__inner\">\n\t\t\t\t\t\t\n\t\t\t\t\t\t\t\t\t\t\t\t\t<h3 class=\"elementor-flip-box__layer__title\">\n\t\t\t\t\t\t\t\tIV Premio Reina Sof\u00eda de Composici\u00f3n Musical\t\t\t\t\t\t\t<\/h3>\n\t\t\t\t\t\t\n\t\t\t\t\t\t\t\t\t\t\t\t\t<div class=\"elementor-flip-box__layer__description\">\n\t\t\t\t\t\t\t\t<img decoding=\"async\" src=\"\/wp-content\/uploads\/2022\/03\/Arrow-right.png\" width=\"50\"> JOS\u00c9 LUIS TURINA\t\t\t\t\t\t\t<\/div>\n\t\t\t\t\t\t\t\t\t\t\t<\/div>\n\t\t\t\t<\/div>\n\t\t\t<\/div>\n\t\t\t<div class=\"elementor-flip-box__layer elementor-flip-box__back\">\n\t\t\t<div class=\"elementor-flip-box__layer__overlay\">\n\t\t\t\t<div class=\"elementor-flip-box__layer__inner\">\n\t\t\t\t\t\t\t\t\t\t\t<h3 class=\"elementor-flip-box__layer__title\">\n\t\t\t\t\t\t\t<img decoding=\"async\" src=\"\/wp-content\/uploads\/2022\/03\/Arrow-right.png\" width=\"50\"> JOS\u00c9 LUIS TURINA\t\t\t\t\t\t<\/h3>\n\t\t\t\t\t\n\t\t\t\t\t\t\t\t\t\t\t<div class=\"elementor-flip-box__layer__description\">\n\t\t\t\t\t\t\tEl compositor Jos\u00e9 Luis Turina, nieto del compositor Joaqu\u00edn Turina, gana la cuarta edici\u00f3n del Premio con la obra \u00abOcnos\u00bb, inspirada en los poemas de Luis Cernuda. El jurado est\u00e1 compuesto por m\u00fasicos de gran prestigio, como Henri Dutilleux, Xavier Montsalvatge o Llu\u00eds Claret.\t\t\t\t\t\t<\/div>\n\t\t\t\t\t\n\t\t\t\t\t\t\t\t\t\t\t<a class=\"elementor-flip-box__button elementor-button elementor-size-sm\" href=\"https:\/\/open.spotify.com\/track\/2uDzu4O4nvUVLMv6CGru17?si=b8b81d3ce6264f7f&#038;nd=1\" target=\"_blank\">\n\t\t\t\t\t\t\tESCUCHA \u00abOCNOS\u00bb\t\t\t\t\t\t<\/a>\n\t\t\t\t\t\t\t\t<\/div>\n\t\t<\/div>\n\t\t<\/div>\n\t\t<\/div>\n\t\t\t\t\t\t<\/div>\n\t\t\t\t<\/div>\n\t\t\t\t<div class=\"elementor-element elementor-element-d079ce2 elementor-flip-box--effect-push random-color-trigger elementor-flip-box--direction-up elementor-widget elementor-widget-flip-box\" data-id=\"d079ce2\" data-element_type=\"widget\" data-e-type=\"widget\" data-widget_type=\"flip-box.default\">\n\t\t\t\t<div class=\"elementor-widget-container\">\n\t\t\t\t\t\t\t<div class=\"elementor-flip-box\" tabindex=\"0\">\n\t\t\t<div class=\"elementor-flip-box__layer elementor-flip-box__front\">\n\t\t\t\t<div class=\"elementor-flip-box__layer__overlay\">\n\t\t\t\t\t<div class=\"elementor-flip-box__layer__inner\">\n\t\t\t\t\t\t\n\t\t\t\t\t\t\t\t\t\t\t\t\t<h3 class=\"elementor-flip-box__layer__title\">\n\t\t\t\t\t\t\t\tVII Premio Reina Sof\u00eda de Composici\u00f3n Musical\t\t\t\t\t\t\t<\/h3>\n\t\t\t\t\t\t\n\t\t\t\t\t\t\t\t\t\t\t\t\t<div class=\"elementor-flip-box__layer__description\">\n\t\t\t\t\t\t\t\t<img decoding=\"async\" src=\"\/wp-content\/uploads\/2022\/03\/Arrow-right.png\" width=\"50\"> AGUST\u00cdN BERTOMEU SALAZAR\t\t\t\t\t\t\t<\/div>\n\t\t\t\t\t\t\t\t\t\t\t<\/div>\n\t\t\t\t<\/div>\n\t\t\t<\/div>\n\t\t\t<div class=\"elementor-flip-box__layer elementor-flip-box__back\">\n\t\t\t<div class=\"elementor-flip-box__layer__overlay\">\n\t\t\t\t<div class=\"elementor-flip-box__layer__inner\">\n\t\t\t\t\t\t\t\t\t\t\t<h3 class=\"elementor-flip-box__layer__title\">\n\t\t\t\t\t\t\t<img decoding=\"async\" src=\"\/wp-content\/uploads\/2022\/03\/Arrow-right.png\" width=\"50\"> AGUST\u00cdN BERTOMEU SALAZAR\t\t\t\t\t\t<\/h3>\n\t\t\t\t\t\n\t\t\t\t\t\t\t\t\t\t\t<div class=\"elementor-flip-box__layer__description\">\n\t\t\t\t\t\t\tEl compositor Agust\u00edn Bertomeu Salazar gana la s\u00e9ptima edici\u00f3n del Premio Reina Sof\u00eda de Composici\u00f3n Musical con la obra Concierto para violonchelo y orquesta. Bertomeu Salazar se forma musicalmente con Tom\u00e1s Blanco y Julio G\u00f3mez, entre otros.\t\t\t\t\t\t<\/div>\n\t\t\t\t\t\n\t\t\t\t\t\t\t\t\t\t\t<a class=\"elementor-flip-box__button elementor-button elementor-size-sm\" href=\"https:\/\/open.spotify.com\/track\/2WtYY3GO818y40jcpayxgh?si=921c64d25bba494d&#038;nd=1\" target=\"_blank\">\n\t\t\t\t\t\t\tESCUCHA \u00abCONCIERTO PARA VIOLONCHELO Y ORQUESTA\u00bb\t\t\t\t\t\t<\/a>\n\t\t\t\t\t\t\t\t<\/div>\n\t\t<\/div>\n\t\t<\/div>\n\t\t<\/div>\n\t\t\t\t\t\t<\/div>\n\t\t\t\t<\/div>\n\t\t\t\t<div class=\"elementor-element elementor-element-ea38f45 elementor-flip-box--effect-push random-color-trigger elementor-flip-box--direction-up elementor-widget elementor-widget-flip-box\" data-id=\"ea38f45\" data-element_type=\"widget\" data-e-type=\"widget\" data-widget_type=\"flip-box.default\">\n\t\t\t\t<div class=\"elementor-widget-container\">\n\t\t\t\t\t\t\t<div class=\"elementor-flip-box\" tabindex=\"0\">\n\t\t\t<div class=\"elementor-flip-box__layer elementor-flip-box__front\">\n\t\t\t\t<div class=\"elementor-flip-box__layer__overlay\">\n\t\t\t\t\t<div class=\"elementor-flip-box__layer__inner\">\n\t\t\t\t\t\t\n\t\t\t\t\t\t\t\t\t\t\t\t\t<h3 class=\"elementor-flip-box__layer__title\">\n\t\t\t\t\t\t\t\tI Premio Reina Sof\u00eda de Composici\u00f3n Musical\t\t\t\t\t\t\t<\/h3>\n\t\t\t\t\t\t\n\t\t\t\t\t\t\t\t\t\t\t\t\t<div class=\"elementor-flip-box__layer__description\">\n\t\t\t\t\t\t\t\t<img decoding=\"async\" src=\"\/wp-content\/uploads\/2022\/03\/Arrow-right.png\" width=\"50\"> JOAN GUINJOAN\t\t\t\t\t\t\t<\/div>\n\t\t\t\t\t\t\t\t\t\t\t<\/div>\n\t\t\t\t<\/div>\n\t\t\t<\/div>\n\t\t\t<div class=\"elementor-flip-box__layer elementor-flip-box__back\">\n\t\t\t<div class=\"elementor-flip-box__layer__overlay\">\n\t\t\t\t<div class=\"elementor-flip-box__layer__inner\">\n\t\t\t\t\t\t\t\t\t\t\t<h3 class=\"elementor-flip-box__layer__title\">\n\t\t\t\t\t\t\t<img decoding=\"async\" src=\"\/wp-content\/uploads\/2022\/03\/Arrow-right.png\" width=\"50\"> JOAN GUINJOAN\t\t\t\t\t\t<\/h3>\n\t\t\t\t\t\n\t\t\t\t\t\t\t\t\t\t\t<div class=\"elementor-flip-box__layer__description\">\n\t\t\t\t\t\t\tEl compositor Joan Guinjoan gana en 1983 la primera edici\u00f3n del Premio con la obra \u00abTrama\u00bb, una composici\u00f3n dividida en tres secciones que desarrollan motivos r\u00edtmicos y mel\u00f3dicos hasta crear el \u00abentramado\u00bb que se menciona en el t\u00edtulo. La partitura demuestra un gran dominio del timbre en la escritura para orquesta. En la ceremonia de entrega del Premio, Guinjoan agradece a Su Majestad y a la Fundaci\u00f3n de M\u00fasica Ferrer-Salat su esfuerzo por promover la cultura: \u00ab\u2026se demuestra que conoc\u00e9is perfectamente el esfuerzo y el riesgo que supone emprender la dif\u00edcil y fascinante aventura creativa en la actualidad\u00bb . El reconocimiento, declara Guinjoan, \u00abes la culminaci\u00f3n de toda una vida dedicada a la m\u00fasica\u00bb.\t\t\t\t\t\t<\/div>\n\t\t\t\t\t\n\t\t\t\t\t\t\t\t\t\t\t<a class=\"elementor-flip-box__button elementor-button elementor-size-sm\" href=\"https:\/\/open.spotify.com\/track\/526wIlcVMIO3eXr2XBiaO0?si=32fe43f0483a4ed2&#038;nd=1\" target=\"_blank\">\n\t\t\t\t\t\t\tESCUCHA \u00abTRAMA\u00bb DE JOAN GUINJOA\t\t\t\t\t\t<\/a>\n\t\t\t\t\t\t\t\t<\/div>\n\t\t<\/div>\n\t\t<\/div>\n\t\t<\/div>\n\t\t\t\t\t\t<\/div>\n\t\t\t\t<\/div>\n\t\t\t\t\t<\/div>\n\t\t<\/div>\n\t\t\t\t\t<\/div>\n\t\t<\/section>\n\t\t\t\t<\/div>\n\t\t","protected":false},"excerpt":{"rendered":"<p>Premios Reina Sof\u00eda de Composici\u00f3n Musical XLIII Premio Reina Sof\u00eda de Composici\u00f3n Musical LUIS TABUENCA FERNA\u0301NDEZ LUIS TABUENCA FERNA\u0301NDEZ Nacido en Zaragoza en 1979, Luis Tabuenca Fern\u00e1ndez es compositor y percusionista. Su trabajo explora la intersecci\u00f3n entre la m\u00fasica contempor\u00e1nea, el arte sonoro y la performance interdisciplinar. Doctor en Bellas Artes por la Universidad de [&hellip;]<\/p>\n","protected":false},"author":2,"featured_media":0,"parent":0,"menu_order":0,"comment_status":"closed","ping_status":"closed","template":"","meta":{"site-sidebar-layout":"no-sidebar","site-content-layout":"page-builder","ast-site-content-layout":"full-width-container","site-content-style":"unboxed","site-sidebar-style":"unboxed","ast-global-header-display":"","ast-banner-title-visibility":"","ast-main-header-display":"","ast-hfb-above-header-display":"","ast-hfb-below-header-display":"","ast-hfb-mobile-header-display":"","site-post-title":"disabled","ast-breadcrumbs-content":"","ast-featured-img":"disabled","footer-sml-layout":"","ast-disable-related-posts":"","theme-transparent-header-meta":"default","adv-header-id-meta":"","stick-header-meta":"default","header-above-stick-meta":"","header-main-stick-meta":"","header-below-stick-meta":"","astra-migrate-meta-layouts":"set","ast-page-background-enabled":"default","ast-page-background-meta":{"desktop":{"background-color":"var(--ast-global-color-4)","background-image":"","background-repeat":"repeat","background-position":"center center","background-size":"auto","background-attachment":"scroll","background-type":"","background-media":"","overlay-type":"","overlay-color":"","overlay-opacity":"","overlay-gradient":""},"tablet":{"background-color":"","background-image":"","background-repeat":"repeat","background-position":"center center","background-size":"auto","background-attachment":"scroll","background-type":"","background-media":"","overlay-type":"","overlay-color":"","overlay-opacity":"","overlay-gradient":""},"mobile":{"background-color":"","background-image":"","background-repeat":"repeat","background-position":"center center","background-size":"auto","background-attachment":"scroll","background-type":"","background-media":"","overlay-type":"","overlay-color":"","overlay-opacity":"","overlay-gradient":""}},"ast-content-background-meta":{"desktop":{"background-color":"var(--ast-global-color-5)","background-image":"","background-repeat":"repeat","background-position":"center center","background-size":"auto","background-attachment":"scroll","background-type":"","background-media":"","overlay-type":"","overlay-color":"","overlay-opacity":"","overlay-gradient":""},"tablet":{"background-color":"var(--ast-global-color-5)","background-image":"","background-repeat":"repeat","background-position":"center center","background-size":"auto","background-attachment":"scroll","background-type":"","background-media":"","overlay-type":"","overlay-color":"","overlay-opacity":"","overlay-gradient":""},"mobile":{"background-color":"var(--ast-global-color-5)","background-image":"","background-repeat":"repeat","background-position":"center center","background-size":"auto","background-attachment":"scroll","background-type":"","background-media":"","overlay-type":"","overlay-color":"","overlay-opacity":"","overlay-gradient":""}},"footnotes":""},"class_list":["post-3190","page","type-page","status-publish","hentry"],"yoast_head":"<!-- This site is optimized with the Yoast SEO plugin v27.2 - https:\/\/yoast.com\/product\/yoast-seo-wordpress\/ -->\n<title>Los Premiados - Fundaci\u00f3 Ferrer de M\u00fasica<\/title>\n<meta name=\"robots\" content=\"index, follow, max-snippet:-1, max-image-preview:large, max-video-preview:-1\" \/>\n<link rel=\"canonical\" href=\"https:\/\/fundacioferrermusica.org\/es\/los-premiados\/\" \/>\n<meta property=\"og:locale\" content=\"es_ES\" \/>\n<meta property=\"og:type\" content=\"article\" \/>\n<meta property=\"og:title\" content=\"Los Premiados - Fundaci\u00f3 Ferrer de M\u00fasica\" \/>\n<meta property=\"og:description\" content=\"Premios Reina Sof\u00eda de Composici\u00f3n Musical XLIII Premio Reina Sof\u00eda de Composici\u00f3n Musical LUIS TABUENCA FERNA\u0301NDEZ LUIS TABUENCA FERNA\u0301NDEZ Nacido en Zaragoza en 1979, Luis Tabuenca Fern\u00e1ndez es compositor y percusionista. Su trabajo explora la intersecci\u00f3n entre la m\u00fasica contempor\u00e1nea, el arte sonoro y la performance interdisciplinar. Doctor en Bellas Artes por la Universidad de [&hellip;]\" \/>\n<meta property=\"og:url\" content=\"https:\/\/fundacioferrermusica.org\/es\/los-premiados\/\" \/>\n<meta property=\"og:site_name\" content=\"Fundaci\u00f3 de M\u00fasica Ferrer-Salat\" \/>\n<meta property=\"article:modified_time\" content=\"2026-03-03T11:50:10+00:00\" \/>\n<meta property=\"og:image\" content=\"https:\/\/fundacioferrermusica.org\/wp-content\/uploads\/2022\/03\/Arrow-right.png\" \/>\n\t<meta property=\"og:image:width\" content=\"113\" \/>\n\t<meta property=\"og:image:height\" content=\"176\" \/>\n\t<meta property=\"og:image:type\" content=\"image\/png\" \/>\n<meta name=\"twitter:card\" content=\"summary_large_image\" \/>\n<meta name=\"twitter:label1\" content=\"Tiempo de lectura\" \/>\n\t<meta name=\"twitter:data1\" content=\"39 minutos\" \/>\n<script type=\"application\/ld+json\" class=\"yoast-schema-graph\">{\"@context\":\"https:\/\/schema.org\",\"@graph\":[{\"@type\":\"WebPage\",\"@id\":\"https:\/\/fundacioferrermusica.org\/es\/los-premiados\/\",\"url\":\"https:\/\/fundacioferrermusica.org\/es\/los-premiados\/\",\"name\":\"Los Premiados - Fundaci\u00f3 Ferrer de M\u00fasica\",\"isPartOf\":{\"@id\":\"https:\/\/fundacioferrermusica.org\/#website\"},\"primaryImageOfPage\":{\"@id\":\"https:\/\/fundacioferrermusica.org\/es\/los-premiados\/#primaryimage\"},\"image\":{\"@id\":\"https:\/\/fundacioferrermusica.org\/es\/los-premiados\/#primaryimage\"},\"thumbnailUrl\":\"https:\/\/fundacioferrermusica.org\/wp-content\/uploads\/2022\/03\/Arrow-right.png\",\"datePublished\":\"2022-04-21T10:51:01+00:00\",\"dateModified\":\"2026-03-03T11:50:10+00:00\",\"breadcrumb\":{\"@id\":\"https:\/\/fundacioferrermusica.org\/es\/los-premiados\/#breadcrumb\"},\"inLanguage\":\"es\",\"potentialAction\":[{\"@type\":\"ReadAction\",\"target\":[\"https:\/\/fundacioferrermusica.org\/es\/los-premiados\/\"]}]},{\"@type\":\"ImageObject\",\"inLanguage\":\"es\",\"@id\":\"https:\/\/fundacioferrermusica.org\/es\/los-premiados\/#primaryimage\",\"url\":\"https:\/\/fundacioferrermusica.org\/wp-content\/uploads\/2022\/03\/Arrow-right.png\",\"contentUrl\":\"https:\/\/fundacioferrermusica.org\/wp-content\/uploads\/2022\/03\/Arrow-right.png\"},{\"@type\":\"BreadcrumbList\",\"@id\":\"https:\/\/fundacioferrermusica.org\/es\/los-premiados\/#breadcrumb\",\"itemListElement\":[{\"@type\":\"ListItem\",\"position\":1,\"name\":\"Inici\",\"item\":\"https:\/\/fundacioferrermusica.org\/\"},{\"@type\":\"ListItem\",\"position\":2,\"name\":\"Los Premiados\"}]},{\"@type\":\"WebSite\",\"@id\":\"https:\/\/fundacioferrermusica.org\/#website\",\"url\":\"https:\/\/fundacioferrermusica.org\/\",\"name\":\"Fundaci\u00f3 de M\u00fasica Ferrer-Salat\",\"description\":\"40 anys generant oportunitats a trav\u00e9s de la m\u00fasica\",\"publisher\":{\"@id\":\"https:\/\/fundacioferrermusica.org\/#organization\"},\"potentialAction\":[{\"@type\":\"SearchAction\",\"target\":{\"@type\":\"EntryPoint\",\"urlTemplate\":\"https:\/\/fundacioferrermusica.org\/?s={search_term_string}\"},\"query-input\":{\"@type\":\"PropertyValueSpecification\",\"valueRequired\":true,\"valueName\":\"search_term_string\"}}],\"inLanguage\":\"es\"},{\"@type\":\"Organization\",\"@id\":\"https:\/\/fundacioferrermusica.org\/#organization\",\"name\":\"Fundaci\u00f3 de M\u00fasica Ferrer-Salat\",\"url\":\"https:\/\/fundacioferrermusica.org\/\",\"logo\":{\"@type\":\"ImageObject\",\"inLanguage\":\"es\",\"@id\":\"https:\/\/fundacioferrermusica.org\/#\/schema\/logo\/image\/\",\"url\":\"https:\/\/fundacioferrermusica.org\/wp-content\/uploads\/2022\/06\/cropped-FundacioMusicaFerrerSalat.png\",\"contentUrl\":\"https:\/\/fundacioferrermusica.org\/wp-content\/uploads\/2022\/06\/cropped-FundacioMusicaFerrerSalat.png\",\"width\":160,\"height\":53,\"caption\":\"Fundaci\u00f3 de M\u00fasica Ferrer-Salat\"},\"image\":{\"@id\":\"https:\/\/fundacioferrermusica.org\/#\/schema\/logo\/image\/\"}}]}<\/script>\n<!-- \/ Yoast SEO plugin. -->","yoast_head_json":{"title":"Los Premiados - Fundaci\u00f3 Ferrer de M\u00fasica","robots":{"index":"index","follow":"follow","max-snippet":"max-snippet:-1","max-image-preview":"max-image-preview:large","max-video-preview":"max-video-preview:-1"},"canonical":"https:\/\/fundacioferrermusica.org\/es\/los-premiados\/","og_locale":"es_ES","og_type":"article","og_title":"Los Premiados - Fundaci\u00f3 Ferrer de M\u00fasica","og_description":"Premios Reina Sof\u00eda de Composici\u00f3n Musical XLIII Premio Reina Sof\u00eda de Composici\u00f3n Musical LUIS TABUENCA FERNA\u0301NDEZ LUIS TABUENCA FERNA\u0301NDEZ Nacido en Zaragoza en 1979, Luis Tabuenca Fern\u00e1ndez es compositor y percusionista. Su trabajo explora la intersecci\u00f3n entre la m\u00fasica contempor\u00e1nea, el arte sonoro y la performance interdisciplinar. Doctor en Bellas Artes por la Universidad de [&hellip;]","og_url":"https:\/\/fundacioferrermusica.org\/es\/los-premiados\/","og_site_name":"Fundaci\u00f3 de M\u00fasica Ferrer-Salat","article_modified_time":"2026-03-03T11:50:10+00:00","og_image":[{"width":113,"height":176,"url":"https:\/\/fundacioferrermusica.org\/wp-content\/uploads\/2022\/03\/Arrow-right.png","type":"image\/png"}],"twitter_card":"summary_large_image","twitter_misc":{"Tiempo de lectura":"39 minutos"},"schema":{"@context":"https:\/\/schema.org","@graph":[{"@type":"WebPage","@id":"https:\/\/fundacioferrermusica.org\/es\/los-premiados\/","url":"https:\/\/fundacioferrermusica.org\/es\/los-premiados\/","name":"Los Premiados - Fundaci\u00f3 Ferrer de M\u00fasica","isPartOf":{"@id":"https:\/\/fundacioferrermusica.org\/#website"},"primaryImageOfPage":{"@id":"https:\/\/fundacioferrermusica.org\/es\/los-premiados\/#primaryimage"},"image":{"@id":"https:\/\/fundacioferrermusica.org\/es\/los-premiados\/#primaryimage"},"thumbnailUrl":"https:\/\/fundacioferrermusica.org\/wp-content\/uploads\/2022\/03\/Arrow-right.png","datePublished":"2022-04-21T10:51:01+00:00","dateModified":"2026-03-03T11:50:10+00:00","breadcrumb":{"@id":"https:\/\/fundacioferrermusica.org\/es\/los-premiados\/#breadcrumb"},"inLanguage":"es","potentialAction":[{"@type":"ReadAction","target":["https:\/\/fundacioferrermusica.org\/es\/los-premiados\/"]}]},{"@type":"ImageObject","inLanguage":"es","@id":"https:\/\/fundacioferrermusica.org\/es\/los-premiados\/#primaryimage","url":"https:\/\/fundacioferrermusica.org\/wp-content\/uploads\/2022\/03\/Arrow-right.png","contentUrl":"https:\/\/fundacioferrermusica.org\/wp-content\/uploads\/2022\/03\/Arrow-right.png"},{"@type":"BreadcrumbList","@id":"https:\/\/fundacioferrermusica.org\/es\/los-premiados\/#breadcrumb","itemListElement":[{"@type":"ListItem","position":1,"name":"Inici","item":"https:\/\/fundacioferrermusica.org\/"},{"@type":"ListItem","position":2,"name":"Los Premiados"}]},{"@type":"WebSite","@id":"https:\/\/fundacioferrermusica.org\/#website","url":"https:\/\/fundacioferrermusica.org\/","name":"Fundaci\u00f3 de M\u00fasica Ferrer-Salat","description":"40 anys generant oportunitats a trav\u00e9s de la m\u00fasica","publisher":{"@id":"https:\/\/fundacioferrermusica.org\/#organization"},"potentialAction":[{"@type":"SearchAction","target":{"@type":"EntryPoint","urlTemplate":"https:\/\/fundacioferrermusica.org\/?s={search_term_string}"},"query-input":{"@type":"PropertyValueSpecification","valueRequired":true,"valueName":"search_term_string"}}],"inLanguage":"es"},{"@type":"Organization","@id":"https:\/\/fundacioferrermusica.org\/#organization","name":"Fundaci\u00f3 de M\u00fasica Ferrer-Salat","url":"https:\/\/fundacioferrermusica.org\/","logo":{"@type":"ImageObject","inLanguage":"es","@id":"https:\/\/fundacioferrermusica.org\/#\/schema\/logo\/image\/","url":"https:\/\/fundacioferrermusica.org\/wp-content\/uploads\/2022\/06\/cropped-FundacioMusicaFerrerSalat.png","contentUrl":"https:\/\/fundacioferrermusica.org\/wp-content\/uploads\/2022\/06\/cropped-FundacioMusicaFerrerSalat.png","width":160,"height":53,"caption":"Fundaci\u00f3 de M\u00fasica Ferrer-Salat"},"image":{"@id":"https:\/\/fundacioferrermusica.org\/#\/schema\/logo\/image\/"}}]}},"_links":{"self":[{"href":"https:\/\/fundacioferrermusica.org\/es\/wp-json\/wp\/v2\/pages\/3190","targetHints":{"allow":["GET"]}}],"collection":[{"href":"https:\/\/fundacioferrermusica.org\/es\/wp-json\/wp\/v2\/pages"}],"about":[{"href":"https:\/\/fundacioferrermusica.org\/es\/wp-json\/wp\/v2\/types\/page"}],"author":[{"embeddable":true,"href":"https:\/\/fundacioferrermusica.org\/es\/wp-json\/wp\/v2\/users\/2"}],"replies":[{"embeddable":true,"href":"https:\/\/fundacioferrermusica.org\/es\/wp-json\/wp\/v2\/comments?post=3190"}],"version-history":[{"count":302,"href":"https:\/\/fundacioferrermusica.org\/es\/wp-json\/wp\/v2\/pages\/3190\/revisions"}],"predecessor-version":[{"id":10434,"href":"https:\/\/fundacioferrermusica.org\/es\/wp-json\/wp\/v2\/pages\/3190\/revisions\/10434"}],"wp:attachment":[{"href":"https:\/\/fundacioferrermusica.org\/es\/wp-json\/wp\/v2\/media?parent=3190"}],"curies":[{"name":"wp","href":"https:\/\/api.w.org\/{rel}","templated":true}]}}