{"id":1864,"date":"2022-04-07T07:10:46","date_gmt":"2022-04-07T07:10:46","guid":{"rendered":"https:\/\/fundaciomusicaferrersalat.awspreferrer.com\/primaria-musical\/"},"modified":"2026-04-23T15:11:39","modified_gmt":"2026-04-23T15:11:39","slug":"primaria-musical","status":"publish","type":"page","link":"https:\/\/fundacioferrermusica.org\/es\/primaria-musical\/","title":{"rendered":"Primaria M\u00fasical"},"content":{"rendered":"\t\t<div data-elementor-type=\"wp-page\" data-elementor-id=\"1864\" class=\"elementor elementor-1864 elementor-885\" data-elementor-post-type=\"page\">\n\t\t\t\t\t\t<section class=\"elementor-section elementor-top-section elementor-element elementor-element-b0b8720 elementor-section-full_width elementor-section-height-default elementor-section-height-default\" data-id=\"b0b8720\" data-element_type=\"section\" data-e-type=\"section\">\n\t\t\t\t\t\t<div class=\"elementor-container elementor-column-gap-default\">\n\t\t\t\t\t<div class=\"elementor-column elementor-col-100 elementor-top-column elementor-element elementor-element-86d91bc\" data-id=\"86d91bc\" data-element_type=\"column\" data-e-type=\"column\">\n\t\t\t<div class=\"elementor-widget-wrap elementor-element-populated\">\n\t\t\t\t\t\t<div class=\"elementor-element elementor-element-dd0425d animated-slow elementor-invisible elementor-widget elementor-widget-text-editor\" data-id=\"dd0425d\" data-element_type=\"widget\" data-e-type=\"widget\" data-settings=\"{&quot;_animation&quot;:&quot;fadeInUp&quot;}\" data-widget_type=\"text-editor.default\">\n\t\t\t\t<div class=\"elementor-widget-container\">\n\t\t\t\t\t\t\t\t\t<div class=\"et_pb_module et_pb_text et_pb_text_0 txt-template-1 et_pb_text_align_left et_pb_bg_layout_light et_had_animation\"><div class=\"et_pb_text_inner\"><p class=\"p1\">FOMENTO DE LA JUSTICIA SOCIAL<\/p><\/div><\/div>\t\t\t\t\t\t\t\t<\/div>\n\t\t\t\t<\/div>\n\t\t\t\t<div class=\"elementor-element elementor-element-0a3a02a animated-slow elementor-invisible elementor-widget elementor-widget-heading\" data-id=\"0a3a02a\" data-element_type=\"widget\" data-e-type=\"widget\" data-settings=\"{&quot;_animation&quot;:&quot;fadeInUp&quot;}\" data-widget_type=\"heading.default\">\n\t\t\t\t<div class=\"elementor-widget-container\">\n\t\t\t\t\t<h2 class=\"elementor-heading-title elementor-size-default\">Generamos oportunidades desde la educaci\u00f3n musical\n<\/h2>\t\t\t\t<\/div>\n\t\t\t\t<\/div>\n\t\t\t\t<section class=\"elementor-section elementor-inner-section elementor-element elementor-element-ab7eb0f elementor-section-full_width elementor-section-height-default elementor-section-height-default\" data-id=\"ab7eb0f\" data-element_type=\"section\" data-e-type=\"section\">\n\t\t\t\t\t\t<div class=\"elementor-container elementor-column-gap-default\">\n\t\t\t\t\t<div class=\"elementor-column elementor-col-50 elementor-inner-column elementor-element elementor-element-015c6d4\" data-id=\"015c6d4\" data-element_type=\"column\" data-e-type=\"column\">\n\t\t\t<div class=\"elementor-widget-wrap elementor-element-populated\">\n\t\t\t\t\t\t<div class=\"elementor-element elementor-element-df7b9ce animated-slow elementor-invisible elementor-widget elementor-widget-image\" data-id=\"df7b9ce\" data-element_type=\"widget\" data-e-type=\"widget\" data-settings=\"{&quot;_animation&quot;:&quot;fadeInLeft&quot;,&quot;_animation_delay&quot;:100}\" data-widget_type=\"image.default\">\n\t\t\t\t<div class=\"elementor-widget-container\">\n\t\t\t\t\t\t\t\t\t\t\t\t\t\t\t<img decoding=\"async\" width=\"113\" height=\"176\" src=\"https:\/\/fundacioferrermusica.org\/wp-content\/uploads\/2022\/03\/Arrow-right.png\" class=\"attachment-full size-full wp-image-1461\" alt=\"\" \/>\t\t\t\t\t\t\t\t\t\t\t\t\t\t\t<\/div>\n\t\t\t\t<\/div>\n\t\t\t\t\t<\/div>\n\t\t<\/div>\n\t\t\t\t<div class=\"elementor-column elementor-col-50 elementor-inner-column elementor-element elementor-element-5ce7fbc\" data-id=\"5ce7fbc\" data-element_type=\"column\" data-e-type=\"column\">\n\t\t\t<div class=\"elementor-widget-wrap elementor-element-populated\">\n\t\t\t\t\t\t<div class=\"elementor-element elementor-element-66e2a89 animated-slow elementor-invisible elementor-widget elementor-widget-text-editor\" data-id=\"66e2a89\" data-element_type=\"widget\" data-e-type=\"widget\" data-settings=\"{&quot;_animation&quot;:&quot;fadeInUp&quot;,&quot;_animation_delay&quot;:100}\" data-widget_type=\"text-editor.default\">\n\t\t\t\t<div class=\"elementor-widget-container\">\n\t\t\t\t\t\t\t\t\t<p>El programa Primaria y Secundaria Musical se basa en la evidencia cient\u00edfica de la mejora cognitiva, emocional y social que supone el estudio de la M\u00fasica en edades tempranas<\/p>\t\t\t\t\t\t\t\t<\/div>\n\t\t\t\t<\/div>\n\t\t\t\t<div class=\"elementor-element elementor-element-28cfea7 elementor-widget__width-initial elementor-widget elementor-widget-video\" data-id=\"28cfea7\" data-element_type=\"widget\" data-e-type=\"widget\" data-settings=\"{&quot;youtube_url&quot;:&quot;https:\\\/\\\/www.youtube.com\\\/watch?v=Nw4EtFnkLKE&quot;,&quot;video_type&quot;:&quot;youtube&quot;,&quot;controls&quot;:&quot;yes&quot;}\" data-widget_type=\"video.default\">\n\t\t\t\t<div class=\"elementor-widget-container\">\n\t\t\t\t\t\t\t<div class=\"elementor-wrapper elementor-open-inline\">\n\t\t\t<div class=\"elementor-video\"><\/div>\t\t<\/div>\n\t\t\t\t\t\t<\/div>\n\t\t\t\t<\/div>\n\t\t\t\t\t<\/div>\n\t\t<\/div>\n\t\t\t\t\t<\/div>\n\t\t<\/section>\n\t\t\t\t<div class=\"elementor-element elementor-element-2255fa9 elementor-widget elementor-widget-spacer\" data-id=\"2255fa9\" data-element_type=\"widget\" data-e-type=\"widget\" data-widget_type=\"spacer.default\">\n\t\t\t\t<div class=\"elementor-widget-container\">\n\t\t\t\t\t\t\t<div class=\"elementor-spacer\">\n\t\t\t<div class=\"elementor-spacer-inner\"><\/div>\n\t\t<\/div>\n\t\t\t\t\t\t<\/div>\n\t\t\t\t<\/div>\n\t\t\t\t\t<\/div>\n\t\t<\/div>\n\t\t\t\t\t<\/div>\n\t\t<\/section>\n\t\t\t\t<section class=\"elementor-section elementor-top-section elementor-element elementor-element-98aaade elementor-section-full_width elementor-section-height-default elementor-section-height-default\" data-id=\"98aaade\" data-element_type=\"section\" data-e-type=\"section\">\n\t\t\t\t\t\t<div class=\"elementor-container elementor-column-gap-default\">\n\t\t\t\t\t<div class=\"elementor-column elementor-col-100 elementor-top-column elementor-element elementor-element-f7b908c\" data-id=\"f7b908c\" data-element_type=\"column\" data-e-type=\"column\">\n\t\t\t<div class=\"elementor-widget-wrap elementor-element-populated\">\n\t\t\t\t\t\t<div class=\"elementor-element elementor-element-d526097 elementor-widget-divider--view-line elementor-widget elementor-widget-divider\" data-id=\"d526097\" data-element_type=\"widget\" data-e-type=\"widget\" data-widget_type=\"divider.default\">\n\t\t\t\t<div class=\"elementor-widget-container\">\n\t\t\t\t\t\t\t<div class=\"elementor-divider\">\n\t\t\t<span class=\"elementor-divider-separator\">\n\t\t\t\t\t\t<\/span>\n\t\t<\/div>\n\t\t\t\t\t\t<\/div>\n\t\t\t\t<\/div>\n\t\t\t\t\t<\/div>\n\t\t<\/div>\n\t\t\t\t\t<\/div>\n\t\t<\/section>\n\t\t\t\t<section class=\"elementor-section elementor-top-section elementor-element elementor-element-b51bc39 elementor-section-full_width elementor-section-height-default elementor-section-height-default\" data-id=\"b51bc39\" data-element_type=\"section\" data-e-type=\"section\">\n\t\t\t\t\t\t<div class=\"elementor-container elementor-column-gap-default\">\n\t\t\t\t\t<div class=\"elementor-column elementor-col-50 elementor-top-column elementor-element elementor-element-d994578\" data-id=\"d994578\" data-element_type=\"column\" data-e-type=\"column\">\n\t\t\t<div class=\"elementor-widget-wrap elementor-element-populated\">\n\t\t\t\t\t\t<div class=\"elementor-element elementor-element-4fbf9c4 animated-slow elementor-invisible elementor-widget elementor-widget-text-editor\" data-id=\"4fbf9c4\" data-element_type=\"widget\" data-e-type=\"widget\" data-settings=\"{&quot;_animation&quot;:&quot;fadeInUp&quot;}\" data-widget_type=\"text-editor.default\">\n\t\t\t\t<div class=\"elementor-widget-container\">\n\t\t\t\t\t\t\t\t\t<p class=\"p1\">Potenciar el aprendizaje musical en Primaria y Secundaria, con <b>profesores de la Fundaci\u00f3 Conservatori Liceu<\/b> y un <b>banco de m\u00e1s de 200 instrumentos<\/b>, es el principal objetivo de este programa que la Fundaci\u00f3n Ferrer de M\u00fasica inici\u00f3 el curso 2016-2017 en <b>escuelas en entornos de alta vulnerabilidad y con riesgo de exclusi\u00f3n social.<\/b><\/p><p class=\"p1\">Conscientes de las <b>ventajas para el neurodesarrollo<\/b> infantil que comporta aprender a tocar un instrumento, reforzamos esta ense\u00f1anza y la del lenguaje musical que contempla el curr\u00edculum. En un programa que crece de forma progresiva, de momento ya hacemos posible que los alumnos de <b>seis escuelas concertadas<\/b>\u00a0-la Escuela Bon Pastor, el Colegio Sant\u00edssima Trinitat, la Escuela l\u2019Esperan\u00e7a, la Escuela Pia Sant Antoni, La Salle Comtal y Escol\u00e0pies Sabadell- puedan recibir <b>dos horas m\u00e1s de clases<\/b> de M\u00fasica a la semana en el caso de Primaria y como <b>hora extraescolar<\/b> en la ESO.<\/p><p class=\"p1\">La raz\u00f3n de ser de este programa, en el cual ya han participado unos <b>4.000 alumnos<\/b>, se fundamenta en los estudios cient\u00edficos en el \u00e1mbito de la Neurociencia que demuestran que <b>aprender m\u00fasica favorece el desarrollo cognitivo<\/b>. Pero, tambi\u00e9n, lo impulsamos desde el pleno convencimiento de que dar esta oportunidad a los j\u00f3venes les aporta <b>beneficios colaterales tanto a nivel emocional<\/b>, porque incrementa su confianza y autoestima, <b>como de inclusi\u00f3n social<\/b>.<\/p>\t\t\t\t\t\t\t\t<\/div>\n\t\t\t\t<\/div>\n\t\t\t\t\t<\/div>\n\t\t<\/div>\n\t\t\t\t<div class=\"elementor-column elementor-col-50 elementor-top-column elementor-element elementor-element-ddd95c9\" data-id=\"ddd95c9\" data-element_type=\"column\" data-e-type=\"column\">\n\t\t\t<div class=\"elementor-widget-wrap elementor-element-populated\">\n\t\t\t\t\t\t<div class=\"elementor-element elementor-element-42a98a7 animated-slow elementor-invisible elementor-widget elementor-widget-text-editor\" data-id=\"42a98a7\" data-element_type=\"widget\" data-e-type=\"widget\" data-settings=\"{&quot;_animation&quot;:&quot;fadeInUp&quot;}\" data-widget_type=\"text-editor.default\">\n\t\t\t\t<div class=\"elementor-widget-container\">\n\t\t\t\t\t\t\t\t\t<p>Desde la Fundaci\u00f3n Ferrer de M\u00fasica, en colaboraci\u00f3n y coordinaci\u00f3n con la Fundaci\u00f3n Conservatori Liceu, vamos desplegando progresivamente este programa para nutrir la ense\u00f1anza musical y apoyar al profesorado de escuelas concertadas.<\/p>\t\t\t\t\t\t\t\t<\/div>\n\t\t\t\t<\/div>\n\t\t\t\t<div class=\"elementor-element elementor-element-f2d7876 animated-slow elementor-invisible elementor-widget elementor-widget-video\" data-id=\"f2d7876\" data-element_type=\"widget\" data-e-type=\"widget\" data-settings=\"{&quot;youtube_url&quot;:&quot;https:\\\/\\\/youtu.be\\\/xowlXcJryU8&quot;,&quot;show_image_overlay&quot;:&quot;yes&quot;,&quot;image_overlay&quot;:{&quot;url&quot;:&quot;https:\\\/\\\/ffm.lasaladeta.com\\\/wp-content\\\/uploads\\\/2022\\\/04\\\/maxresdefault.jpg&quot;,&quot;id&quot;:1537,&quot;size&quot;:&quot;&quot;,&quot;alt&quot;:&quot;&quot;,&quot;source&quot;:&quot;library&quot;},&quot;_animation&quot;:&quot;fadeInUp&quot;,&quot;video_type&quot;:&quot;youtube&quot;,&quot;controls&quot;:&quot;yes&quot;}\" data-widget_type=\"video.default\">\n\t\t\t\t<div class=\"elementor-widget-container\">\n\t\t\t\t\t\t\t<div class=\"elementor-wrapper elementor-open-inline\">\n\t\t\t<div class=\"elementor-video\"><\/div>\t\t\t\t<div class=\"elementor-custom-embed-image-overlay\" style=\"background-image: url(https:\/\/fundacioferrermusica.org\/wp-content\/uploads\/2022\/04\/maxresdefault.jpg);\">\n\t\t\t\t\t\t\t\t\t\t\t\t\t\t\t\t<div class=\"elementor-custom-embed-play\" role=\"button\" aria-label=\"Reproducir v\u00eddeo\" tabindex=\"0\">\n\t\t\t\t\t\t\t<i aria-hidden=\"true\" class=\"eicon-play\"><\/i>\t\t\t\t\t\t<\/div>\n\t\t\t\t\t\t\t\t\t<\/div>\n\t\t\t\t\t<\/div>\n\t\t\t\t\t\t<\/div>\n\t\t\t\t<\/div>\n\t\t\t\t\t<\/div>\n\t\t<\/div>\n\t\t\t\t\t<\/div>\n\t\t<\/section>\n\t\t\t\t<section class=\"elementor-section elementor-top-section elementor-element elementor-element-8cdb0ed elementor-section-full_width elementor-section-height-default elementor-section-height-default\" data-id=\"8cdb0ed\" data-element_type=\"section\" data-e-type=\"section\">\n\t\t\t\t\t\t<div class=\"elementor-container elementor-column-gap-default\">\n\t\t\t\t\t<div class=\"elementor-column elementor-col-100 elementor-top-column elementor-element elementor-element-f95b489\" data-id=\"f95b489\" data-element_type=\"column\" data-e-type=\"column\">\n\t\t\t<div class=\"elementor-widget-wrap elementor-element-populated\">\n\t\t\t\t\t\t<div class=\"elementor-element elementor-element-1af044d elementor-widget elementor-widget-video\" data-id=\"1af044d\" data-element_type=\"widget\" data-e-type=\"widget\" data-settings=\"{&quot;youtube_url&quot;:&quot;https:\\\/\\\/youtu.be\\\/Mw11hONFa_c&quot;,&quot;show_image_overlay&quot;:&quot;yes&quot;,&quot;image_overlay&quot;:{&quot;url&quot;:&quot;https:\\\/\\\/ffm.lasaladeta.com\\\/wp-content\\\/uploads\\\/2022\\\/04\\\/Primaria_Musical_3.jpg&quot;,&quot;id&quot;:1536,&quot;size&quot;:&quot;&quot;,&quot;alt&quot;:&quot;&quot;,&quot;source&quot;:&quot;library&quot;},&quot;video_type&quot;:&quot;youtube&quot;,&quot;controls&quot;:&quot;yes&quot;}\" data-widget_type=\"video.default\">\n\t\t\t\t<div class=\"elementor-widget-container\">\n\t\t\t\t\t\t\t<div class=\"elementor-wrapper elementor-open-inline\">\n\t\t\t<div class=\"elementor-video\"><\/div>\t\t\t\t<div class=\"elementor-custom-embed-image-overlay\" style=\"background-image: url(https:\/\/fundacioferrermusica.org\/wp-content\/uploads\/2022\/04\/Primaria_Musical_3.jpg);\">\n\t\t\t\t\t\t\t\t\t\t\t\t\t\t\t\t<div class=\"elementor-custom-embed-play\" role=\"button\" aria-label=\"Reproducir v\u00eddeo\" tabindex=\"0\">\n\t\t\t\t\t\t\t<i aria-hidden=\"true\" class=\"eicon-play\"><\/i>\t\t\t\t\t\t<\/div>\n\t\t\t\t\t\t\t\t\t<\/div>\n\t\t\t\t\t<\/div>\n\t\t\t\t\t\t<\/div>\n\t\t\t\t<\/div>\n\t\t\t\t\t<\/div>\n\t\t<\/div>\n\t\t\t\t\t<\/div>\n\t\t<\/section>\n\t\t\t\t<section class=\"elementor-section elementor-top-section elementor-element elementor-element-60362b1 elementor-section-full_width elementor-section-height-default elementor-section-height-default\" data-id=\"60362b1\" data-element_type=\"section\" data-e-type=\"section\">\n\t\t\t\t\t\t<div class=\"elementor-container elementor-column-gap-default\">\n\t\t\t\t\t<div class=\"elementor-column elementor-col-50 elementor-top-column elementor-element elementor-element-5c08cd6\" data-id=\"5c08cd6\" data-element_type=\"column\" data-e-type=\"column\">\n\t\t\t<div class=\"elementor-widget-wrap elementor-element-populated\">\n\t\t\t\t\t\t<div class=\"elementor-element elementor-element-49f149a animated-slow elementor-invisible elementor-widget elementor-widget-text-editor\" data-id=\"49f149a\" data-element_type=\"widget\" data-e-type=\"widget\" data-settings=\"{&quot;_animation&quot;:&quot;fadeInUp&quot;}\" data-widget_type=\"text-editor.default\">\n\t\t\t\t<div class=\"elementor-widget-container\">\n\t\t\t\t\t\t\t\t\t<p><strong>Profesores y metodolog\u00eda del Conservatori Liceu<br \/><\/strong><\/p>\t\t\t\t\t\t\t\t<\/div>\n\t\t\t\t<\/div>\n\t\t\t\t<div class=\"elementor-element elementor-element-69aebb9 elementor-widget elementor-widget-image\" data-id=\"69aebb9\" data-element_type=\"widget\" data-e-type=\"widget\" data-widget_type=\"image.default\">\n\t\t\t\t<div class=\"elementor-widget-container\">\n\t\t\t\t\t\t\t\t\t\t\t\t\t\t\t<img decoding=\"async\" width=\"113\" height=\"176\" src=\"https:\/\/fundacioferrermusica.org\/wp-content\/uploads\/2022\/03\/Arrow-right.png\" class=\"attachment-large size-large wp-image-1461\" alt=\"\" \/>\t\t\t\t\t\t\t\t\t\t\t\t\t\t\t<\/div>\n\t\t\t\t<\/div>\n\t\t\t\t\t<\/div>\n\t\t<\/div>\n\t\t\t\t<div class=\"elementor-column elementor-col-50 elementor-top-column elementor-element elementor-element-3dfefb2\" data-id=\"3dfefb2\" data-element_type=\"column\" data-e-type=\"column\">\n\t\t\t<div class=\"elementor-widget-wrap elementor-element-populated\">\n\t\t\t\t\t\t<div class=\"elementor-element elementor-element-f153cd9 animated-slow elementor-invisible elementor-widget elementor-widget-text-editor\" data-id=\"f153cd9\" data-element_type=\"widget\" data-e-type=\"widget\" data-settings=\"{&quot;_animation&quot;:&quot;fadeInUp&quot;}\" data-widget_type=\"text-editor.default\">\n\t\t\t\t<div class=\"elementor-widget-container\">\n\t\t\t\t\t\t\t\t\t<p class=\"p1\">Con el programa de Primaria y Secundaria musical, contribuimos a crear una mayor <b>equidad desde la base<\/b>, para que el punto de partida sea m\u00e1s igualitario para todos, con <b>coherencia con el compromiso \u00e9tico<\/b> <b>de la Fundaci\u00f3 de promover la justicia social<\/b>, en este caso a partir de un aprendizaje musical de calidad y en contextos desfavorecidos.<\/p><p class=\"p1\">Este apoyo con diferentes recursos materiales permite que los alumnos puedan aprender, desde muy j\u00f3venes y sin ning\u00fan coste a\u00f1adido, con <b>la metodolog\u00eda y la excelencia<\/b> de una instituci\u00f3n con el prestigio y rigor del <b>Conservatori Liceu<\/b>. Para hacerlo posible, destinamos dos profesores del propio Conservatori a reforzar la ense\u00f1anza de M\u00fasica en estos centros y, si es necesario, formar a los profesores titulares de la escuela.<\/p><p class=\"p1\">Adem\u00e1s del <b>incremento de horas de dedicaci\u00f3n al estudio de la M\u00fasica<\/b> y con profesores expertos, la Fundaci\u00f3n brinda a todos los alumnos de estas escuelas <b>instrumentos de cuerda, viento y percusi\u00f3n<\/b>. El hecho de que cada alumno disponga de su propio instrumento durante toda la etapa escolar incentiva su motivaci\u00f3n y que se genere un <b>v\u00ednculo positivo con la M\u00fasica<\/b> que, en muchos casos, tiene continuidad en el futuro.<\/p>\t\t\t\t\t\t\t\t<\/div>\n\t\t\t\t<\/div>\n\t\t\t\t\t<\/div>\n\t\t<\/div>\n\t\t\t\t\t<\/div>\n\t\t<\/section>\n\t\t\t\t<section class=\"elementor-section elementor-top-section elementor-element elementor-element-6493b4d elementor-section-full_width elementor-section-height-default elementor-section-height-default\" data-id=\"6493b4d\" data-element_type=\"section\" data-e-type=\"section\" data-settings=\"{&quot;background_background&quot;:&quot;classic&quot;}\">\n\t\t\t\t\t\t<div class=\"elementor-container elementor-column-gap-default\">\n\t\t\t\t\t<div class=\"elementor-column elementor-col-100 elementor-top-column elementor-element elementor-element-cc3a54e\" data-id=\"cc3a54e\" data-element_type=\"column\" data-e-type=\"column\">\n\t\t\t<div class=\"elementor-widget-wrap elementor-element-populated\">\n\t\t\t\t\t\t<div class=\"elementor-element elementor-element-909f6a7 animated-slow elementor-invisible elementor-widget elementor-widget-heading\" data-id=\"909f6a7\" data-element_type=\"widget\" data-e-type=\"widget\" data-settings=\"{&quot;_animation&quot;:&quot;fadeInUp&quot;}\" data-widget_type=\"heading.default\">\n\t\t\t\t<div class=\"elementor-widget-container\">\n\t\t\t\t\t<h2 class=\"elementor-heading-title elementor-size-default\">Promovemos la equidad estimulando las capacidades de todos los alumnos\n<\/h2>\t\t\t\t<\/div>\n\t\t\t\t<\/div>\n\t\t\t\t<section class=\"elementor-section elementor-inner-section elementor-element elementor-element-6e0cc46 elementor-section-full_width elementor-section-height-default elementor-section-height-default\" data-id=\"6e0cc46\" data-element_type=\"section\" data-e-type=\"section\">\n\t\t\t\t\t\t<div class=\"elementor-container elementor-column-gap-default\">\n\t\t\t\t\t<div class=\"elementor-column elementor-col-50 elementor-inner-column elementor-element elementor-element-a35d52b\" data-id=\"a35d52b\" data-element_type=\"column\" data-e-type=\"column\">\n\t\t\t<div class=\"elementor-widget-wrap elementor-element-populated\">\n\t\t\t\t\t\t<div class=\"elementor-element elementor-element-aac91ac animated-slow elementor-invisible elementor-widget elementor-widget-video\" data-id=\"aac91ac\" data-element_type=\"widget\" data-e-type=\"widget\" data-settings=\"{&quot;youtube_url&quot;:&quot;https:\\\/\\\/youtu.be\\\/Cb5aMu9iTAI&quot;,&quot;image_overlay&quot;:{&quot;url&quot;:&quot;https:\\\/\\\/ffm.lasaladeta.com\\\/wp-content\\\/uploads\\\/2022\\\/04\\\/Concert_Primaria_musical.jpg&quot;,&quot;id&quot;:1538,&quot;size&quot;:&quot;&quot;,&quot;alt&quot;:&quot;&quot;,&quot;source&quot;:&quot;library&quot;},&quot;_animation&quot;:&quot;fadeInUp&quot;,&quot;show_image_overlay&quot;:&quot;yes&quot;,&quot;video_type&quot;:&quot;youtube&quot;,&quot;controls&quot;:&quot;yes&quot;}\" data-widget_type=\"video.default\">\n\t\t\t\t<div class=\"elementor-widget-container\">\n\t\t\t\t\t\t\t<div class=\"elementor-wrapper elementor-open-inline\">\n\t\t\t<div class=\"elementor-video\"><\/div>\t\t\t\t<div class=\"elementor-custom-embed-image-overlay\" style=\"background-image: url(https:\/\/fundacioferrermusica.org\/wp-content\/uploads\/2022\/04\/Concert_Primaria_musical.jpg);\">\n\t\t\t\t\t\t\t\t\t\t\t\t\t\t\t\t<div class=\"elementor-custom-embed-play\" role=\"button\" aria-label=\"Reproducir v\u00eddeo\" tabindex=\"0\">\n\t\t\t\t\t\t\t<i aria-hidden=\"true\" class=\"eicon-play\"><\/i>\t\t\t\t\t\t<\/div>\n\t\t\t\t\t\t\t\t\t<\/div>\n\t\t\t\t\t<\/div>\n\t\t\t\t\t\t<\/div>\n\t\t\t\t<\/div>\n\t\t\t\t\t<\/div>\n\t\t<\/div>\n\t\t\t\t<div class=\"elementor-column elementor-col-50 elementor-inner-column elementor-element elementor-element-deeca3a\" data-id=\"deeca3a\" data-element_type=\"column\" data-e-type=\"column\">\n\t\t\t<div class=\"elementor-widget-wrap elementor-element-populated\">\n\t\t\t\t\t\t<div class=\"elementor-element elementor-element-ae4b43b animated-slow elementor-invisible elementor-widget elementor-widget-text-editor\" data-id=\"ae4b43b\" data-element_type=\"widget\" data-e-type=\"widget\" data-settings=\"{&quot;_animation&quot;:&quot;fadeInUp&quot;}\" data-widget_type=\"text-editor.default\">\n\t\t\t\t<div class=\"elementor-widget-container\">\n\t\t\t\t\t\t\t\t\t<p class=\"p1\">La Fundaci\u00f3n Ferrer de M\u00fasica tambi\u00e9n otorga <b>becas<\/b> para que aquellos alumnos que destacan, tanto por su <b>talento incipiente<\/b> como por su <b>inter\u00e9s y buena predisposici\u00f3n<\/b>, puedan seguir evolucionando su aprendizaje en la Escuela de M\u00fasica Liceu Urquinaona. Adem\u00e1s, todos aquellos que en el futuro quieran cursar estudios superiores de M\u00fasica, podr\u00e1n optar a las 20 becas que la Fundaci\u00f3 entrega cada a\u00f1o para garantizar que m\u00e1s j\u00f3venes talentos puedan estudiar la carrera de cuatro a\u00f1os sin restricciones de tipo socioecon\u00f3mico.\u00a0<\/p>\t\t\t\t\t\t\t\t<\/div>\n\t\t\t\t<\/div>\n\t\t\t\t\t<\/div>\n\t\t<\/div>\n\t\t\t\t\t<\/div>\n\t\t<\/section>\n\t\t\t\t\t<\/div>\n\t\t<\/div>\n\t\t\t\t\t<\/div>\n\t\t<\/section>\n\t\t\t\t<section class=\"elementor-section elementor-top-section elementor-element elementor-element-64c96f9 elementor-section-full_width elementor-section-height-default elementor-section-height-default\" data-id=\"64c96f9\" data-element_type=\"section\" data-e-type=\"section\">\n\t\t\t\t\t\t<div class=\"elementor-container elementor-column-gap-default\">\n\t\t\t\t\t<div class=\"elementor-column elementor-col-50 elementor-top-column elementor-element elementor-element-fc1fc0d\" data-id=\"fc1fc0d\" data-element_type=\"column\" data-e-type=\"column\">\n\t\t\t<div class=\"elementor-widget-wrap elementor-element-populated\">\n\t\t\t\t\t\t<div class=\"elementor-element elementor-element-335964b animated-slow elementor-invisible elementor-widget elementor-widget-text-editor\" data-id=\"335964b\" data-element_type=\"widget\" data-e-type=\"widget\" data-settings=\"{&quot;_animation&quot;:&quot;fadeInUp&quot;}\" data-widget_type=\"text-editor.default\">\n\t\t\t\t<div class=\"elementor-widget-container\">\n\t\t\t\t\t\t\t\t\t<h2 class=\"elementor-heading-title elementor-size-default\">Un proyecto pionero para prevenir el fracaso escolar desde la salud mental<\/h2><p><strong>\u00a0<\/strong><\/p>\t\t\t\t\t\t\t\t<\/div>\n\t\t\t\t<\/div>\n\t\t\t\t<div class=\"elementor-element elementor-element-b64564d elementor-widget elementor-widget-image\" data-id=\"b64564d\" data-element_type=\"widget\" data-e-type=\"widget\" data-widget_type=\"image.default\">\n\t\t\t\t<div class=\"elementor-widget-container\">\n\t\t\t\t\t\t\t\t\t\t\t\t\t\t\t<img decoding=\"async\" width=\"113\" height=\"176\" src=\"https:\/\/fundacioferrermusica.org\/wp-content\/uploads\/2022\/03\/Arrow-right.png\" class=\"attachment-large size-large wp-image-1461\" alt=\"\" \/>\t\t\t\t\t\t\t\t\t\t\t\t\t\t\t<\/div>\n\t\t\t\t<\/div>\n\t\t\t\t\t<\/div>\n\t\t<\/div>\n\t\t\t\t<div class=\"elementor-column elementor-col-50 elementor-top-column elementor-element elementor-element-80d5c5f\" data-id=\"80d5c5f\" data-element_type=\"column\" data-e-type=\"column\">\n\t\t\t<div class=\"elementor-widget-wrap elementor-element-populated\">\n\t\t\t\t\t\t<div class=\"elementor-element elementor-element-ad14d43 animated-slow elementor-invisible elementor-widget elementor-widget-text-editor\" data-id=\"ad14d43\" data-element_type=\"widget\" data-e-type=\"widget\" data-settings=\"{&quot;_animation&quot;:&quot;fadeInUp&quot;}\" data-widget_type=\"text-editor.default\">\n\t\t\t\t<div class=\"elementor-widget-container\">\n\t\t\t\t\t\t\t\t\t<p class=\"p1\">El psiquiatra Miquel Casas impulsa un nuevo programa de detecci\u00f3n, diagn\u00f3stico y tratamiento de las disfunciones del neurodesarrollo en las escuelas, con el objetivo de mejorar el rendimiento acad\u00e9mico y el bienestar emocional de los ni\u00f1os desde edades tempranas.<\/p><p data-start=\"121\" data-end=\"385\">Alrededor del\u00a0<strong data-start=\"135\" data-end=\"167\">20% del alumnado en Catalu\u00f1a<\/strong>\u00a0presenta\u00a0<strong data-start=\"177\" data-end=\"213\">disfunciones del neurodesarrollo<\/strong>, como\u00a0<strong data-start=\"220\" data-end=\"331\">trastornos del espectro autista, TDAH, disl\u00e9xicas, discalculias, disgraf\u00edas o trastornos de la comunicaci\u00f3n<\/strong>, a menudo asociados a\u00a0<strong data-start=\"354\" data-end=\"382\">alteraciones de conducta<\/strong>.<\/p><p data-start=\"387\" data-end=\"628\">Esta proporci\u00f3n es similar a la de otros pa\u00edses de nuestro entorno, pero la diferencia radica en el\u00a0<strong data-start=\"487\" data-end=\"519\">diagn\u00f3stico y el tratamiento<\/strong>: en Catalu\u00f1a, solo una\u00a0<strong data-start=\"543\" data-end=\"579\">parte minoritaria de estos ni\u00f1os<\/strong>\u00a0recibe una\u00a0<strong data-start=\"591\" data-end=\"625\">detecci\u00f3n y atenci\u00f3n adecuadas<\/strong>.<\/p><p data-start=\"630\" data-end=\"854\">Estos trastornos constituyen una de las principales causas de\u00a0<strong data-start=\"692\" data-end=\"740\">bajo rendimiento, fracaso y abandono escolar<\/strong>, que en Catalu\u00f1a se sit\u00faa alrededor del 20%, muy por encima de pa\u00edses como los n\u00f3rdicos, donde no supera el 7%.<\/p><p data-start=\"856\" data-end=\"1143\">La falta de\u00a0<strong data-start=\"868\" data-end=\"890\">diagn\u00f3stico precoz<\/strong>\u00a0hace que estas dificultades se identifiquen tarde, con consecuencias como\u00a0<strong data-start=\"965\" data-end=\"995\">bajo rendimiento acad\u00e9mico<\/strong>,\u00a0<strong data-start=\"997\" data-end=\"1036\">problemas emocionales y de conducta<\/strong>\u00a0(ansiedad, depresi\u00f3n) y un\u00a0<strong data-start=\"1064\" data-end=\"1140\">impacto negativo que a menudo se extiende m\u00e1s all\u00e1 de la etapa educativa<\/strong>.<\/p><p data-start=\"1145\" data-end=\"1626\">Seg\u00fan el\u00a0<strong data-start=\"1154\" data-end=\"1252\">Dr. Miquel Casas, catedr\u00e1tico honorario de Psiquiatr\u00eda de la Universidad Aut\u00f3noma de Barcelona<\/strong>, la\u00a0<strong data-start=\"1257\" data-end=\"1308\">detecci\u00f3n y la intervenci\u00f3n en edades tempranas<\/strong>\u00a0son clave para revertir estas trayectorias. En este contexto,\u00a0<strong data-start=\"1371\" data-end=\"1459\">iniciativas de detecci\u00f3n precoz, diagn\u00f3stico y tratamiento dentro del \u00e1mbito escolar<\/strong>\u00a0permiten\u00a0<strong data-start=\"1469\" data-end=\"1499\">reducir el fracaso escolar<\/strong>,\u00a0<strong data-start=\"1501\" data-end=\"1548\">mejorar el bienestar emocional del alumnado<\/strong>\u00a0y\u00a0<strong data-start=\"1551\" data-end=\"1586\">acompa\u00f1ar a familias y docentes<\/strong>\u00a0en el abordaje de estas dificultades.<\/p><p data-start=\"1145\" data-end=\"1626\">\u00a0<\/p>\t\t\t\t\t\t\t\t<\/div>\n\t\t\t\t<\/div>\n\t\t\t\t\t<\/div>\n\t\t<\/div>\n\t\t\t\t\t<\/div>\n\t\t<\/section>\n\t\t\t\t<section class=\"elementor-section elementor-top-section elementor-element elementor-element-b1e44f1 elementor-section-full_width elementor-section-height-default elementor-section-height-default\" data-id=\"b1e44f1\" data-element_type=\"section\" data-e-type=\"section\">\n\t\t\t\t\t\t<div class=\"elementor-container elementor-column-gap-default\">\n\t\t\t\t\t<div class=\"elementor-column elementor-col-100 elementor-top-column elementor-element elementor-element-9c24761\" data-id=\"9c24761\" data-element_type=\"column\" data-e-type=\"column\">\n\t\t\t<div class=\"elementor-widget-wrap elementor-element-populated\">\n\t\t\t\t\t\t<div class=\"elementor-element elementor-element-4e7474c elementor-widget elementor-widget-heading\" data-id=\"4e7474c\" data-element_type=\"widget\" data-e-type=\"widget\" data-widget_type=\"heading.default\">\n\t\t\t\t<div class=\"elementor-widget-container\">\n\t\t\t\t\t<h2 class=\"elementor-heading-title elementor-size-default\">ART\u00cdCULOS RELACIONADOS<\/h2>\t\t\t\t<\/div>\n\t\t\t\t<\/div>\n\t\t\t\t<div class=\"elementor-element elementor-element-293c77f uael-equal__height-yes animated-slow random-color-trigger elementor-invisible elementor-widget elementor-widget-uael-posts\" data-id=\"293c77f\" data-element_type=\"widget\" data-e-type=\"widget\" data-settings=\"{&quot;_animation&quot;:&quot;fadeInUp&quot;,&quot;classic_slides_to_show&quot;:4,&quot;classic_slides_to_show_tablet&quot;:2,&quot;classic_slides_to_show_mobile&quot;:1}\" data-widget_type=\"uael-posts.classic\">\n\t\t\t\t<div class=\"elementor-widget-container\">\n\t\t\t\t\t\t\t<div class=\"uael-post__header\">\n\t\t\t\t\t<\/div>\n\t\t<div class=\"uael-post__body\">\n\t\t\t\n\t\t\n\t\t<div class=\"uael-blog-terms-position-above_content uael-post-image-top uael-post-grid uael-posts\" data-query-type=\"custom\" data-structure=\"normal\" data-layout=\"\" data-page=\"1864\" data-skin=\"classic\" data-filter-default=\"\" data-offset-top=\"30\" >\n\n\t\t\t\t\t\t\t<div class=\"uael-post-grid__inner uael-post__columns-4 uael-post__columns-tablet-2 uael-post__columns-mobile-1\">\n\t\t\t\n<div class=\"uael-post-wrapper   excelencia-musical noticias \">\n\t<div class=\"uael-post__bg-wrap uael-bg-wrap-disabled \">\n\n\t\t\t\t\n\t\t<div class=\"uael-post__inner-wrap uael-inner-wrap-disabled\">\n\n\t\t\t\t<div class=\"uael-post__thumbnail\">\n\t\t\t\n\t\t\t<a href=\"https:\/\/fundacioferrermusica.org\/es\/parlem-amb-un-dels-cinc-duos-guanyadors-de-lied-the-future-2026\/\" target=\"_self\" title=\"Hablamos con uno de los cinco d\u00faos ganadores de Lied the Future 2026\"><img fetchpriority=\"high\" decoding=\"async\" width=\"500\" height=\"526\" src=\"https:\/\/fundacioferrermusica.org\/wp-content\/uploads\/2026\/04\/Lied-the-Future-Bruno-Meichsner-i-George-Needham-portada.png\" class=\"attachment-full size-full wp-image-10635\" alt=\"\" srcset=\"https:\/\/fundacioferrermusica.org\/wp-content\/uploads\/2026\/04\/Lied-the-Future-Bruno-Meichsner-i-George-Needham-portada.png 500w, https:\/\/fundacioferrermusica.org\/wp-content\/uploads\/2026\/04\/Lied-the-Future-Bruno-Meichsner-i-George-Needham-portada-285x300.png 285w\" sizes=\"(max-width: 500px) 100vw, 500px\" \/><\/a>\n\t\t\t\t\t<\/div>\n\t\t\n\t\t\t\n\t\t\t<div class=\"uael-post__content-wrap uael-content-wrap-disabled\">\n\t\t\t\t\t\t\t<div class=\"uael-post__terms-wrap\"><span class=\"uael-post__terms\"><span class=\"uael-listing__terms-link\">Excelencia musical<\/span><\/span><\/div>\n\t\t\t\t\n\t\t<div class=\"uael-post__excerpt\">\n\t\t\tHablamos con uno de los cinco ...\t\t<\/div>\n\n\t\t\t\t\t<\/div>\n\t\t\t\n\t\t<\/div>\n\t\t\n\t<\/div>\n\n<\/div>\n\n<div class=\"uael-post-wrapper   excelencia-musical noticias \">\n\t<div class=\"uael-post__bg-wrap uael-bg-wrap-disabled \">\n\n\t\t\t\t\n\t\t<div class=\"uael-post__inner-wrap uael-inner-wrap-disabled\">\n\n\t\t\t\t<div class=\"uael-post__thumbnail\">\n\t\t\t\n\t\t\t<a href=\"https:\/\/fundacioferrermusica.org\/es\/el-alumnado-del-programa-de-primaria-y-secundaria-musical-participa-en-liceu-familiar\/\" target=\"_self\" title=\"El alumnado del programa de Primaria y Secundaria Musical participa en Liceu Familiar\"><img loading=\"lazy\" decoding=\"async\" width=\"500\" height=\"526\" src=\"https:\/\/fundacioferrermusica.org\/wp-content\/uploads\/2026\/03\/Liceu-Familiar-portada.png\" class=\"attachment-full size-full wp-image-10581\" alt=\"\" srcset=\"https:\/\/fundacioferrermusica.org\/wp-content\/uploads\/2026\/03\/Liceu-Familiar-portada.png 500w, https:\/\/fundacioferrermusica.org\/wp-content\/uploads\/2026\/03\/Liceu-Familiar-portada-285x300.png 285w\" sizes=\"(max-width: 500px) 100vw, 500px\" \/><\/a>\n\t\t\t\t\t<\/div>\n\t\t\n\t\t\t\n\t\t\t<div class=\"uael-post__content-wrap uael-content-wrap-disabled\">\n\t\t\t\t\t\t\t<div class=\"uael-post__terms-wrap\"><span class=\"uael-post__terms\"><span class=\"uael-listing__terms-link\">Excelencia musical<\/span><\/span><\/div>\n\t\t\t\t\n\t\t<div class=\"uael-post__excerpt\">\n\t\t\tEl alumnado del programa de Primaria ...\t\t<\/div>\n\n\t\t\t\t\t<\/div>\n\t\t\t\n\t\t<\/div>\n\t\t\n\t<\/div>\n\n<\/div>\n\n<div class=\"uael-post-wrapper   excelencia-musical noticias \">\n\t<div class=\"uael-post__bg-wrap uael-bg-wrap-disabled \">\n\n\t\t\t\t\n\t\t<div class=\"uael-post__inner-wrap uael-inner-wrap-disabled\">\n\n\t\t\t\t<div class=\"uael-post__thumbnail\">\n\t\t\t\n\t\t\t<a href=\"https:\/\/fundacioferrermusica.org\/es\/impulsem-el-talent-emergent-amb-el-premi-extraordinari-del-concurs-tenor-vinas-2026\/\" target=\"_self\" title=\"Impulsamos el talento emergente con el Premio Extraordinario del Concurso Tenor Vi\u00f1as 2026\"><img loading=\"lazy\" decoding=\"async\" width=\"500\" height=\"526\" src=\"https:\/\/fundacioferrermusica.org\/wp-content\/uploads\/2026\/03\/Portada-web-Tenor-Vinas.png\" class=\"attachment-full size-full wp-image-10521\" alt=\"\" srcset=\"https:\/\/fundacioferrermusica.org\/wp-content\/uploads\/2026\/03\/Portada-web-Tenor-Vinas.png 500w, https:\/\/fundacioferrermusica.org\/wp-content\/uploads\/2026\/03\/Portada-web-Tenor-Vinas-285x300.png 285w\" sizes=\"(max-width: 500px) 100vw, 500px\" \/><\/a>\n\t\t\t\t\t<\/div>\n\t\t\n\t\t\t\n\t\t\t<div class=\"uael-post__content-wrap uael-content-wrap-disabled\">\n\t\t\t\t\t\t\t<div class=\"uael-post__terms-wrap\"><span class=\"uael-post__terms\"><span class=\"uael-listing__terms-link\">Excelencia musical<\/span><\/span><\/div>\n\t\t\t\t\n\t\t<div class=\"uael-post__excerpt\">\n\t\t\tImpulsamos el talento emergente con el ...\t\t<\/div>\n\n\t\t\t\t\t<\/div>\n\t\t\t\n\t\t<\/div>\n\t\t\n\t<\/div>\n\n<\/div>\n\n<div class=\"uael-post-wrapper   excelencia-musical noticias \">\n\t<div class=\"uael-post__bg-wrap uael-bg-wrap-disabled \">\n\n\t\t\t\t\n\t\t<div class=\"uael-post__inner-wrap uael-inner-wrap-disabled\">\n\n\t\t\t\t<div class=\"uael-post__thumbnail\">\n\t\t\t\n\t\t\t<a href=\"https:\/\/fundacioferrermusica.org\/es\/lied-the-future-presenta-su-programacion-en-la-schubertiada\/\" target=\"_self\" title=\"Lied the Future presenta su programaci\u00f3n en la Schubert\u00edada\"><img loading=\"lazy\" decoding=\"async\" width=\"500\" height=\"526\" src=\"https:\/\/fundacioferrermusica.org\/wp-content\/uploads\/2026\/03\/Portada-web-Schubertiada.png\" class=\"attachment-full size-full wp-image-10548\" alt=\"\" srcset=\"https:\/\/fundacioferrermusica.org\/wp-content\/uploads\/2026\/03\/Portada-web-Schubertiada.png 500w, https:\/\/fundacioferrermusica.org\/wp-content\/uploads\/2026\/03\/Portada-web-Schubertiada-285x300.png 285w\" sizes=\"(max-width: 500px) 100vw, 500px\" \/><\/a>\n\t\t\t\t\t<\/div>\n\t\t\n\t\t\t\n\t\t\t<div class=\"uael-post__content-wrap uael-content-wrap-disabled\">\n\t\t\t\t\t\t\t<div class=\"uael-post__terms-wrap\"><span class=\"uael-post__terms\"><span class=\"uael-listing__terms-link\">Excelencia musical<\/span><\/span><\/div>\n\t\t\t\t\n\t\t<div class=\"uael-post__excerpt\">\n\t\t\tLied the Future presenta su programaci\u00f3n ...\t\t<\/div>\n\n\t\t\t\t\t<\/div>\n\t\t\t\n\t\t<\/div>\n\t\t\n\t<\/div>\n\n<\/div>\n\t\t\t\t<\/div>\n\t\t\t\t\t\t\n\t\t<\/div>\n\n\t\t\t\t\t\t<\/div>\n\t\t<div class=\"uael-post__footer\">\n\t\t\t\t\t<\/div>\n\t\t\t\t\t\t<\/div>\n\t\t\t\t<\/div>\n\t\t\t\t\t<\/div>\n\t\t<\/div>\n\t\t\t\t\t<\/div>\n\t\t<\/section>\n\t\t\t\t<\/div>\n\t\t","protected":false},"excerpt":{"rendered":"<p>FOMENTO DE LA JUSTICIA SOCIAL Generamos oportunidades desde la educaci\u00f3n musical El programa Primaria y Secundaria Musical se basa en la evidencia cient\u00edfica de la mejora cognitiva, emocional y social que supone el estudio de la M\u00fasica en edades tempranas https:\/\/www.youtube.com\/watch?v=Nw4EtFnkLKE Potenciar el aprendizaje musical en Primaria y Secundaria, con profesores de la Fundaci\u00f3 Conservatori [&hellip;]<\/p>\n","protected":false},"author":2,"featured_media":0,"parent":0,"menu_order":0,"comment_status":"closed","ping_status":"closed","template":"","meta":{"site-sidebar-layout":"no-sidebar","site-content-layout":"page-builder","ast-site-content-layout":"full-width-container","site-content-style":"unboxed","site-sidebar-style":"unboxed","ast-global-header-display":"","ast-banner-title-visibility":"","ast-main-header-display":"","ast-hfb-above-header-display":"","ast-hfb-below-header-display":"","ast-hfb-mobile-header-display":"","site-post-title":"disabled","ast-breadcrumbs-content":"","ast-featured-img":"disabled","footer-sml-layout":"","ast-disable-related-posts":"","theme-transparent-header-meta":"default","adv-header-id-meta":"","stick-header-meta":"default","header-above-stick-meta":"","header-main-stick-meta":"","header-below-stick-meta":"","astra-migrate-meta-layouts":"set","ast-page-background-enabled":"default","ast-page-background-meta":{"desktop":{"background-color":"var(--ast-global-color-4)","background-image":"","background-repeat":"repeat","background-position":"center center","background-size":"auto","background-attachment":"scroll","background-type":"","background-media":"","overlay-type":"","overlay-color":"","overlay-opacity":"","overlay-gradient":""},"tablet":{"background-color":"","background-image":"","background-repeat":"repeat","background-position":"center center","background-size":"auto","background-attachment":"scroll","background-type":"","background-media":"","overlay-type":"","overlay-color":"","overlay-opacity":"","overlay-gradient":""},"mobile":{"background-color":"","background-image":"","background-repeat":"repeat","background-position":"center center","background-size":"auto","background-attachment":"scroll","background-type":"","background-media":"","overlay-type":"","overlay-color":"","overlay-opacity":"","overlay-gradient":""}},"ast-content-background-meta":{"desktop":{"background-color":"var(--ast-global-color-5)","background-image":"","background-repeat":"repeat","background-position":"center center","background-size":"auto","background-attachment":"scroll","background-type":"","background-media":"","overlay-type":"","overlay-color":"","overlay-opacity":"","overlay-gradient":""},"tablet":{"background-color":"var(--ast-global-color-5)","background-image":"","background-repeat":"repeat","background-position":"center center","background-size":"auto","background-attachment":"scroll","background-type":"","background-media":"","overlay-type":"","overlay-color":"","overlay-opacity":"","overlay-gradient":""},"mobile":{"background-color":"var(--ast-global-color-5)","background-image":"","background-repeat":"repeat","background-position":"center center","background-size":"auto","background-attachment":"scroll","background-type":"","background-media":"","overlay-type":"","overlay-color":"","overlay-opacity":"","overlay-gradient":""}},"footnotes":""},"class_list":["post-1864","page","type-page","status-publish","hentry"],"yoast_head":"<!-- This site is optimized with the Yoast SEO plugin v27.2 - https:\/\/yoast.com\/product\/yoast-seo-wordpress\/ -->\n<title>Primaria M\u00fasical - Fundaci\u00f3 Ferrer de M\u00fasica<\/title>\n<meta name=\"robots\" content=\"index, follow, max-snippet:-1, max-image-preview:large, max-video-preview:-1\" \/>\n<link rel=\"canonical\" href=\"https:\/\/fundacioferrermusica.org\/es\/primaria-musical\/\" \/>\n<meta property=\"og:locale\" content=\"es_ES\" \/>\n<meta property=\"og:type\" content=\"article\" \/>\n<meta property=\"og:title\" content=\"Primaria M\u00fasical - Fundaci\u00f3 Ferrer de M\u00fasica\" \/>\n<meta property=\"og:description\" content=\"FOMENTO DE LA JUSTICIA SOCIAL Generamos oportunidades desde la educaci\u00f3n musical El programa Primaria y Secundaria Musical se basa en la evidencia cient\u00edfica de la mejora cognitiva, emocional y social que supone el estudio de la M\u00fasica en edades tempranas https:\/\/www.youtube.com\/watch?v=Nw4EtFnkLKE Potenciar el aprendizaje musical en Primaria y Secundaria, con profesores de la Fundaci\u00f3 Conservatori [&hellip;]\" \/>\n<meta property=\"og:url\" content=\"https:\/\/fundacioferrermusica.org\/es\/primaria-musical\/\" \/>\n<meta property=\"og:site_name\" content=\"Fundaci\u00f3 de M\u00fasica Ferrer-Salat\" \/>\n<meta property=\"article:modified_time\" content=\"2026-04-23T15:11:39+00:00\" \/>\n<meta property=\"og:image\" content=\"https:\/\/fundacioferrermusica.org\/wp-content\/uploads\/2022\/03\/Arrow-right.png\" \/>\n\t<meta property=\"og:image:width\" content=\"113\" \/>\n\t<meta property=\"og:image:height\" content=\"176\" \/>\n\t<meta property=\"og:image:type\" content=\"image\/png\" \/>\n<meta name=\"twitter:card\" content=\"summary_large_image\" \/>\n<meta name=\"twitter:label1\" content=\"Tiempo de lectura\" \/>\n\t<meta name=\"twitter:data1\" content=\"6 minutos\" \/>\n<script type=\"application\/ld+json\" class=\"yoast-schema-graph\">{\"@context\":\"https:\/\/schema.org\",\"@graph\":[{\"@type\":\"WebPage\",\"@id\":\"https:\/\/fundacioferrermusica.org\/es\/primaria-musical\/\",\"url\":\"https:\/\/fundacioferrermusica.org\/es\/primaria-musical\/\",\"name\":\"Primaria M\u00fasical - Fundaci\u00f3 Ferrer de M\u00fasica\",\"isPartOf\":{\"@id\":\"https:\/\/fundacioferrermusica.org\/#website\"},\"primaryImageOfPage\":{\"@id\":\"https:\/\/fundacioferrermusica.org\/es\/primaria-musical\/#primaryimage\"},\"image\":{\"@id\":\"https:\/\/fundacioferrermusica.org\/es\/primaria-musical\/#primaryimage\"},\"thumbnailUrl\":\"https:\/\/fundacioferrermusica.org\/wp-content\/uploads\/2022\/03\/Arrow-right.png\",\"datePublished\":\"2022-04-07T07:10:46+00:00\",\"dateModified\":\"2026-04-23T15:11:39+00:00\",\"breadcrumb\":{\"@id\":\"https:\/\/fundacioferrermusica.org\/es\/primaria-musical\/#breadcrumb\"},\"inLanguage\":\"es\",\"potentialAction\":[{\"@type\":\"ReadAction\",\"target\":[\"https:\/\/fundacioferrermusica.org\/es\/primaria-musical\/\"]}]},{\"@type\":\"ImageObject\",\"inLanguage\":\"es\",\"@id\":\"https:\/\/fundacioferrermusica.org\/es\/primaria-musical\/#primaryimage\",\"url\":\"https:\/\/fundacioferrermusica.org\/wp-content\/uploads\/2022\/03\/Arrow-right.png\",\"contentUrl\":\"https:\/\/fundacioferrermusica.org\/wp-content\/uploads\/2022\/03\/Arrow-right.png\"},{\"@type\":\"BreadcrumbList\",\"@id\":\"https:\/\/fundacioferrermusica.org\/es\/primaria-musical\/#breadcrumb\",\"itemListElement\":[{\"@type\":\"ListItem\",\"position\":1,\"name\":\"Inici\",\"item\":\"https:\/\/fundacioferrermusica.org\/\"},{\"@type\":\"ListItem\",\"position\":2,\"name\":\"Primaria M\u00fasical\"}]},{\"@type\":\"WebSite\",\"@id\":\"https:\/\/fundacioferrermusica.org\/#website\",\"url\":\"https:\/\/fundacioferrermusica.org\/\",\"name\":\"Fundaci\u00f3 de M\u00fasica Ferrer-Salat\",\"description\":\"40 anys generant oportunitats a trav\u00e9s de la m\u00fasica\",\"publisher\":{\"@id\":\"https:\/\/fundacioferrermusica.org\/#organization\"},\"potentialAction\":[{\"@type\":\"SearchAction\",\"target\":{\"@type\":\"EntryPoint\",\"urlTemplate\":\"https:\/\/fundacioferrermusica.org\/?s={search_term_string}\"},\"query-input\":{\"@type\":\"PropertyValueSpecification\",\"valueRequired\":true,\"valueName\":\"search_term_string\"}}],\"inLanguage\":\"es\"},{\"@type\":\"Organization\",\"@id\":\"https:\/\/fundacioferrermusica.org\/#organization\",\"name\":\"Fundaci\u00f3 de M\u00fasica Ferrer-Salat\",\"url\":\"https:\/\/fundacioferrermusica.org\/\",\"logo\":{\"@type\":\"ImageObject\",\"inLanguage\":\"es\",\"@id\":\"https:\/\/fundacioferrermusica.org\/#\/schema\/logo\/image\/\",\"url\":\"https:\/\/fundacioferrermusica.org\/wp-content\/uploads\/2022\/06\/cropped-FundacioMusicaFerrerSalat.png\",\"contentUrl\":\"https:\/\/fundacioferrermusica.org\/wp-content\/uploads\/2022\/06\/cropped-FundacioMusicaFerrerSalat.png\",\"width\":160,\"height\":53,\"caption\":\"Fundaci\u00f3 de M\u00fasica Ferrer-Salat\"},\"image\":{\"@id\":\"https:\/\/fundacioferrermusica.org\/#\/schema\/logo\/image\/\"}}]}<\/script>\n<!-- \/ Yoast SEO plugin. -->","yoast_head_json":{"title":"Primaria M\u00fasical - Fundaci\u00f3 Ferrer de M\u00fasica","robots":{"index":"index","follow":"follow","max-snippet":"max-snippet:-1","max-image-preview":"max-image-preview:large","max-video-preview":"max-video-preview:-1"},"canonical":"https:\/\/fundacioferrermusica.org\/es\/primaria-musical\/","og_locale":"es_ES","og_type":"article","og_title":"Primaria M\u00fasical - Fundaci\u00f3 Ferrer de M\u00fasica","og_description":"FOMENTO DE LA JUSTICIA SOCIAL Generamos oportunidades desde la educaci\u00f3n musical El programa Primaria y Secundaria Musical se basa en la evidencia cient\u00edfica de la mejora cognitiva, emocional y social que supone el estudio de la M\u00fasica en edades tempranas https:\/\/www.youtube.com\/watch?v=Nw4EtFnkLKE Potenciar el aprendizaje musical en Primaria y Secundaria, con profesores de la Fundaci\u00f3 Conservatori [&hellip;]","og_url":"https:\/\/fundacioferrermusica.org\/es\/primaria-musical\/","og_site_name":"Fundaci\u00f3 de M\u00fasica Ferrer-Salat","article_modified_time":"2026-04-23T15:11:39+00:00","og_image":[{"width":113,"height":176,"url":"https:\/\/fundacioferrermusica.org\/wp-content\/uploads\/2022\/03\/Arrow-right.png","type":"image\/png"}],"twitter_card":"summary_large_image","twitter_misc":{"Tiempo de lectura":"6 minutos"},"schema":{"@context":"https:\/\/schema.org","@graph":[{"@type":"WebPage","@id":"https:\/\/fundacioferrermusica.org\/es\/primaria-musical\/","url":"https:\/\/fundacioferrermusica.org\/es\/primaria-musical\/","name":"Primaria M\u00fasical - Fundaci\u00f3 Ferrer de M\u00fasica","isPartOf":{"@id":"https:\/\/fundacioferrermusica.org\/#website"},"primaryImageOfPage":{"@id":"https:\/\/fundacioferrermusica.org\/es\/primaria-musical\/#primaryimage"},"image":{"@id":"https:\/\/fundacioferrermusica.org\/es\/primaria-musical\/#primaryimage"},"thumbnailUrl":"https:\/\/fundacioferrermusica.org\/wp-content\/uploads\/2022\/03\/Arrow-right.png","datePublished":"2022-04-07T07:10:46+00:00","dateModified":"2026-04-23T15:11:39+00:00","breadcrumb":{"@id":"https:\/\/fundacioferrermusica.org\/es\/primaria-musical\/#breadcrumb"},"inLanguage":"es","potentialAction":[{"@type":"ReadAction","target":["https:\/\/fundacioferrermusica.org\/es\/primaria-musical\/"]}]},{"@type":"ImageObject","inLanguage":"es","@id":"https:\/\/fundacioferrermusica.org\/es\/primaria-musical\/#primaryimage","url":"https:\/\/fundacioferrermusica.org\/wp-content\/uploads\/2022\/03\/Arrow-right.png","contentUrl":"https:\/\/fundacioferrermusica.org\/wp-content\/uploads\/2022\/03\/Arrow-right.png"},{"@type":"BreadcrumbList","@id":"https:\/\/fundacioferrermusica.org\/es\/primaria-musical\/#breadcrumb","itemListElement":[{"@type":"ListItem","position":1,"name":"Inici","item":"https:\/\/fundacioferrermusica.org\/"},{"@type":"ListItem","position":2,"name":"Primaria M\u00fasical"}]},{"@type":"WebSite","@id":"https:\/\/fundacioferrermusica.org\/#website","url":"https:\/\/fundacioferrermusica.org\/","name":"Fundaci\u00f3 de M\u00fasica Ferrer-Salat","description":"40 anys generant oportunitats a trav\u00e9s de la m\u00fasica","publisher":{"@id":"https:\/\/fundacioferrermusica.org\/#organization"},"potentialAction":[{"@type":"SearchAction","target":{"@type":"EntryPoint","urlTemplate":"https:\/\/fundacioferrermusica.org\/?s={search_term_string}"},"query-input":{"@type":"PropertyValueSpecification","valueRequired":true,"valueName":"search_term_string"}}],"inLanguage":"es"},{"@type":"Organization","@id":"https:\/\/fundacioferrermusica.org\/#organization","name":"Fundaci\u00f3 de M\u00fasica Ferrer-Salat","url":"https:\/\/fundacioferrermusica.org\/","logo":{"@type":"ImageObject","inLanguage":"es","@id":"https:\/\/fundacioferrermusica.org\/#\/schema\/logo\/image\/","url":"https:\/\/fundacioferrermusica.org\/wp-content\/uploads\/2022\/06\/cropped-FundacioMusicaFerrerSalat.png","contentUrl":"https:\/\/fundacioferrermusica.org\/wp-content\/uploads\/2022\/06\/cropped-FundacioMusicaFerrerSalat.png","width":160,"height":53,"caption":"Fundaci\u00f3 de M\u00fasica Ferrer-Salat"},"image":{"@id":"https:\/\/fundacioferrermusica.org\/#\/schema\/logo\/image\/"}}]}},"_links":{"self":[{"href":"https:\/\/fundacioferrermusica.org\/es\/wp-json\/wp\/v2\/pages\/1864","targetHints":{"allow":["GET"]}}],"collection":[{"href":"https:\/\/fundacioferrermusica.org\/es\/wp-json\/wp\/v2\/pages"}],"about":[{"href":"https:\/\/fundacioferrermusica.org\/es\/wp-json\/wp\/v2\/types\/page"}],"author":[{"embeddable":true,"href":"https:\/\/fundacioferrermusica.org\/es\/wp-json\/wp\/v2\/users\/2"}],"replies":[{"embeddable":true,"href":"https:\/\/fundacioferrermusica.org\/es\/wp-json\/wp\/v2\/comments?post=1864"}],"version-history":[{"count":52,"href":"https:\/\/fundacioferrermusica.org\/es\/wp-json\/wp\/v2\/pages\/1864\/revisions"}],"predecessor-version":[{"id":10717,"href":"https:\/\/fundacioferrermusica.org\/es\/wp-json\/wp\/v2\/pages\/1864\/revisions\/10717"}],"wp:attachment":[{"href":"https:\/\/fundacioferrermusica.org\/es\/wp-json\/wp\/v2\/media?parent=1864"}],"curies":[{"name":"wp","href":"https:\/\/api.w.org\/{rel}","templated":true}]}}