{"version":"1.0","provider_name":"Fundaci\u00f3 de M\u00fasica Ferrer-Salat","provider_url":"https:\/\/fundacioferrermusica.org\/es\/","author_name":"Silvia","author_url":"https:\/\/fundacioferrermusica.org\/es\/author\/silvia\/","title":"Una nueva escuela dentro del programa social Primaria Musical - Fundaci\u00f3 de M\u00fasica Ferrer-Salat","type":"rich","width":600,"height":338,"html":"<blockquote class=\"wp-embedded-content\" data-secret=\"8MEmZoh9Sk\"><a href=\"https:\/\/fundacioferrermusica.org\/es\/nueva-escuela-dentro-programa-social-primaria-musical\/\">Una nueva escuela dentro del programa social Primaria Musical<\/a><\/blockquote><iframe sandbox=\"allow-scripts\" security=\"restricted\" src=\"https:\/\/fundacioferrermusica.org\/es\/nueva-escuela-dentro-programa-social-primaria-musical\/embed\/#?secret=8MEmZoh9Sk\" width=\"600\" height=\"338\" title=\"\u00abUna nueva escuela dentro del programa social Primaria Musical\u00bb \u2014 Fundaci\u00f3 de M\u00fasica Ferrer-Salat\" data-secret=\"8MEmZoh9Sk\" frameborder=\"0\" marginwidth=\"0\" marginheight=\"0\" scrolling=\"no\" class=\"wp-embedded-content\"><\/iframe><script>\n\/*! This file is auto-generated *\/\n!function(d,l){\"use strict\";l.querySelector&&d.addEventListener&&\"undefined\"!=typeof URL&&(d.wp=d.wp||{},d.wp.receiveEmbedMessage||(d.wp.receiveEmbedMessage=function(e){var t=e.data;if((t||t.secret||t.message||t.value)&&!\/[^a-zA-Z0-9]\/.test(t.secret)){for(var s,r,n,a=l.querySelectorAll('iframe[data-secret=\"'+t.secret+'\"]'),o=l.querySelectorAll('blockquote[data-secret=\"'+t.secret+'\"]'),c=new RegExp(\"^https?:$\",\"i\"),i=0;i<o.length;i++)o[i].style.display=\"none\";for(i=0;i<a.length;i++)s=a[i],e.source===s.contentWindow&&(s.removeAttribute(\"style\"),\"height\"===t.message?(1e3<(r=parseInt(t.value,10))?r=1e3:~~r<200&&(r=200),s.height=r):\"link\"===t.message&&(r=new URL(s.getAttribute(\"src\")),n=new URL(t.value),c.test(n.protocol))&&n.host===r.host&&l.activeElement===s&&(d.top.location.href=t.value))}},d.addEventListener(\"message\",d.wp.receiveEmbedMessage,!1),l.addEventListener(\"DOMContentLoaded\",function(){for(var e,t,s=l.querySelectorAll(\"iframe.wp-embedded-content\"),r=0;r<s.length;r++)(t=(e=s[r]).getAttribute(\"data-secret\"))||(t=Math.random().toString(36).substring(2,12),e.src+=\"#?secret=\"+t,e.setAttribute(\"data-secret\",t)),e.contentWindow.postMessage({message:\"ready\",secret:t},\"*\")},!1)))}(window,document);\n\/\/# sourceURL=https:\/\/fundacioferrermusica.org\/wp-includes\/js\/wp-embed.min.js\n<\/script>\n","thumbnail_url":"https:\/\/fundacioferrermusica.org\/wp-content\/uploads\/2022\/09\/primaria-musica-22p.jpg","thumbnail_width":500,"thumbnail_height":525,"description":"Una nueva escuela dentro del programa social Primaria Musical Escola Pia Sant Antoni de Barcelona se incorpor\u00f3 el pasado curso al programa Primaria Musical, impulsado por la Fundaci\u00f3n en colaboraci\u00f3n con la Fundaci\u00f3n Conservatorio del Liceu y la Fundaci\u00f3n de Escuelas Parroquiales del Arzobispado de Barcelona, y dedicado a la integraci\u00f3n social de los entornos [&hellip;]"}