{"id":3189,"date":"2022-04-21T10:51:01","date_gmt":"2022-04-21T10:51:01","guid":{"rendered":"https:\/\/fundaciomusicaferrersalat.awspreferrer.com\/coneix-els-premiats-2\/"},"modified":"2026-03-03T12:08:14","modified_gmt":"2026-03-03T12:08:14","slug":"the-prizewinners","status":"publish","type":"page","link":"https:\/\/fundacioferrermusica.org\/en\/the-prizewinners\/","title":{"rendered":"The Prizewinners"},"content":{"rendered":"\t\t<div data-elementor-type=\"wp-page\" data-elementor-id=\"3189\" class=\"elementor elementor-3189 elementor-2307\" data-elementor-post-type=\"page\">\n\t\t\t\t\t\t<section class=\"elementor-section elementor-top-section elementor-element elementor-element-bbcf2b3 elementor-section-full_width elementor-section-height-default elementor-section-height-default\" data-id=\"bbcf2b3\" data-element_type=\"section\" data-e-type=\"section\">\n\t\t\t\t\t\t<div class=\"elementor-container elementor-column-gap-default\">\n\t\t\t\t\t<div class=\"elementor-column elementor-col-100 elementor-top-column elementor-element elementor-element-f955ad9\" data-id=\"f955ad9\" data-element_type=\"column\" data-e-type=\"column\">\n\t\t\t<div class=\"elementor-widget-wrap elementor-element-populated\">\n\t\t\t\t\t\t<div class=\"elementor-element elementor-element-5f17c8a elementor-widget elementor-widget-heading\" data-id=\"5f17c8a\" data-element_type=\"widget\" data-e-type=\"widget\" data-widget_type=\"heading.default\">\n\t\t\t\t<div class=\"elementor-widget-container\">\n\t\t\t\t\t<h1 class=\"elementor-heading-title elementor-size-default\">Reina Sof\u00eda Prize for Musical Composition<\/h1>\t\t\t\t<\/div>\n\t\t\t\t<\/div>\n\t\t\t\t\t<\/div>\n\t\t<\/div>\n\t\t\t\t\t<\/div>\n\t\t<\/section>\n\t\t\t\t<section class=\"elementor-section elementor-top-section elementor-element elementor-element-98b002a elementor-section-content-top elementor-section-height-min-height elementor-section-boxed elementor-section-height-default elementor-section-items-middle\" data-id=\"98b002a\" data-element_type=\"section\" data-e-type=\"section\">\n\t\t\t\t\t\t<div class=\"elementor-container elementor-column-gap-default\">\n\t\t\t\t\t<div class=\"elementor-column elementor-col-50 elementor-top-column elementor-element elementor-element-ed2c5a7\" data-id=\"ed2c5a7\" data-element_type=\"column\" data-e-type=\"column\">\n\t\t\t<div class=\"elementor-widget-wrap elementor-element-populated\">\n\t\t\t\t\t\t<div class=\"elementor-element elementor-element-4a7c3f7 elementor-widget elementor-widget-text-editor\" data-id=\"4a7c3f7\" data-element_type=\"widget\" data-e-type=\"widget\" data-widget_type=\"text-editor.default\">\n\t\t\t\t<div class=\"elementor-widget-container\">\n\t\t\t\t\t\t\t\t\t<p><img decoding=\"async\" class=\"alignnone size-full wp-image-108\" src=\"https:\/\/fundacioferrermusica.org\/wp-content\/uploads\/2022\/03\/Arrow-right.png\" alt=\"\" width=\"113\" height=\"176\" \/><\/p><h2>XLIII Reina Sof\u00eda Prize for Musical Composition<\/h2>\t\t\t\t\t\t\t\t<\/div>\n\t\t\t\t<\/div>\n\t\t\t\t\t<\/div>\n\t\t<\/div>\n\t\t\t\t<div class=\"elementor-column elementor-col-50 elementor-top-column elementor-element elementor-element-33bdcd3\" data-id=\"33bdcd3\" data-element_type=\"column\" data-e-type=\"column\">\n\t\t\t<div class=\"elementor-widget-wrap elementor-element-populated\">\n\t\t\t\t\t\t<div class=\"elementor-element elementor-element-06e4e7c elementor-flip-box--effect-push random-color-trigger elementor-widget__width-initial elementor-flip-box--direction-up elementor-widget elementor-widget-flip-box\" data-id=\"06e4e7c\" data-element_type=\"widget\" data-e-type=\"widget\" data-widget_type=\"flip-box.default\">\n\t\t\t\t<div class=\"elementor-widget-container\">\n\t\t\t\t\t\t\t<div class=\"elementor-flip-box\" tabindex=\"0\">\n\t\t\t<div class=\"elementor-flip-box__layer elementor-flip-box__front\">\n\t\t\t\t<div class=\"elementor-flip-box__layer__overlay\">\n\t\t\t\t\t<div class=\"elementor-flip-box__layer__inner\">\n\t\t\t\t\t\t\n\t\t\t\t\t\t\n\t\t\t\t\t\t\t\t\t\t\t\t\t<div class=\"elementor-flip-box__layer__description\">\n\t\t\t\t\t\t\t\tLUIS TABUENCA FERNA\u0301NDEZ\t\t\t\t\t\t\t<\/div>\n\t\t\t\t\t\t\t\t\t\t\t<\/div>\n\t\t\t\t<\/div>\n\t\t\t<\/div>\n\t\t\t<div class=\"elementor-flip-box__layer elementor-flip-box__back\">\n\t\t\t<div class=\"elementor-flip-box__layer__overlay\">\n\t\t\t\t<div class=\"elementor-flip-box__layer__inner\">\n\t\t\t\t\t\t\t\t\t\t\t<h3 class=\"elementor-flip-box__layer__title\">\n\t\t\t\t\t\t\tLUIS TABUENCA FERNA\u0301NDEZ\t\t\t\t\t\t<\/h3>\n\t\t\t\t\t\n\t\t\t\t\t\t\t\t\t\t\t<div class=\"elementor-flip-box__layer__description\">\n\t\t\t\t\t\t\tLuis Tabuenca (Zaragoza, 1979) is a composer and percussionist whose work explores the intersection of contemporary music, sound art, and interdisciplinary performance. He holds a PhD in Fine Arts (Sound Art) from the University of Barcelona and was a Fulbright scholar at the University of California San Diego. He has developed an international career spanning musical creation, stage projects, and multimedia work. His output includes solo works, chamber music, stage creations, and sound installations, and has been presented at festivals across Europe and the United States. As an artist-in-residence, he has developed projects at institutions such as Fabra i Coats (Barcelona), Fundaci\u00f3 Phonos, New York University, and the University of Canterbury. \t\t\t\t\t\t<\/div>\n\t\t\t\t\t\n\t\t\t\t\t\t\t\t<\/div>\n\t\t<\/div>\n\t\t<\/div>\n\t\t<\/div>\n\t\t\t\t\t\t<\/div>\n\t\t\t\t<\/div>\n\t\t\t\t\t<\/div>\n\t\t<\/div>\n\t\t\t\t\t<\/div>\n\t\t<\/section>\n\t\t\t\t<section class=\"elementor-section elementor-top-section elementor-element elementor-element-9492d35 elementor-section-full_width elementor-section-height-default elementor-section-height-default\" data-id=\"9492d35\" data-element_type=\"section\" data-e-type=\"section\">\n\t\t\t\t\t\t<div class=\"elementor-container elementor-column-gap-default\">\n\t\t\t\t\t<div class=\"elementor-column elementor-col-33 elementor-top-column elementor-element elementor-element-970479d\" data-id=\"970479d\" data-element_type=\"column\" data-e-type=\"column\">\n\t\t\t<div class=\"elementor-widget-wrap elementor-element-populated\">\n\t\t\t\t\t\t<div class=\"elementor-element elementor-element-12f46da elementor-flip-box--effect-push random-color-trigger elementor-flip-box--direction-up elementor-widget elementor-widget-flip-box\" data-id=\"12f46da\" data-element_type=\"widget\" data-e-type=\"widget\" data-widget_type=\"flip-box.default\">\n\t\t\t\t<div class=\"elementor-widget-container\">\n\t\t\t\t\t\t\t<div class=\"elementor-flip-box\" tabindex=\"0\">\n\t\t\t<div class=\"elementor-flip-box__layer elementor-flip-box__front\">\n\t\t\t\t<div class=\"elementor-flip-box__layer__overlay\">\n\t\t\t\t\t<div class=\"elementor-flip-box__layer__inner\">\n\t\t\t\t\t\t\n\t\t\t\t\t\t\t\t\t\t\t\t\t<h3 class=\"elementor-flip-box__layer__title\">\n\t\t\t\t\t\t\t\tXLII Reina Sof\u00eda Prize for Musical Composition\t\t\t\t\t\t\t<\/h3>\n\t\t\t\t\t\t\n\t\t\t\t\t\t\t\t\t\t\t\t\t<div class=\"elementor-flip-box__layer__description\">\n\t\t\t\t\t\t\t\t<img decoding=\"async\" src=\"\/wp-content\/uploads\/2022\/03\/Arrow-right.png\" width=\"50\"> JOSEP PLANELLS SCHIAFFINO\t\t\t\t\t\t\t<\/div>\n\t\t\t\t\t\t\t\t\t\t\t<\/div>\n\t\t\t\t<\/div>\n\t\t\t<\/div>\n\t\t\t<div class=\"elementor-flip-box__layer elementor-flip-box__back\">\n\t\t\t<div class=\"elementor-flip-box__layer__overlay\">\n\t\t\t\t<div class=\"elementor-flip-box__layer__inner\">\n\t\t\t\t\t\t\t\t\t\t\t<h3 class=\"elementor-flip-box__layer__title\">\n\t\t\t\t\t\t\t<img decoding=\"async\" src=\"\/wp-content\/uploads\/2022\/03\/Arrow-right.png\" width=\"50\"> FABI\u00c0 SANTCOVSKY\t\t\t\t\t\t<\/h3>\n\t\t\t\t\t\n\t\t\t\t\t\t\t\t\t\t\t<div class=\"elementor-flip-box__layer__description\">\n\t\t\t\t\t\t\tBorn in 1989 in Barcelona. In his home city he studied with Gabriel Brn\u010di\u0107 and Mauricio Sotelo, and in Stuttgart and Berlin with Marco Stroppa and Daniel Ott. He has written three chamber operas, commissioned by institutions and festivals such as the Teatro Argentino de La Plata, the Munich Bienniale, and the Gran Teatre del Liceu; several orchestral works commissioned and performed by the OBC in Barcelona, the SWR Stuttgart Sinfonieorchester and the Tokyo Philharmonic; and chamber works commissioned by renowned festivals such as the Aldeburgh Festival or the New Talents Bienniale in Cologne.\n\nIn 2015 he received the 2nd Prize of the Toru Takemitsu Composition Award in Japan and in 2016 the Wardwell Fellowship of the Alexander von Humboldt Foundation. In 2021 he was young artist in residence at the Berlin Academy of Arts. Since 2022 he has collaborated in the organization of the new Encuentros de Pamplona, in the field of music.\t\t\t\t\t\t<\/div>\n\t\t\t\t\t\n\t\t\t\t\t\t\t\t<\/div>\n\t\t<\/div>\n\t\t<\/div>\n\t\t<\/div>\n\t\t\t\t\t\t<\/div>\n\t\t\t\t<\/div>\n\t\t\t\t<div class=\"elementor-element elementor-element-68bc4ff elementor-flip-box--effect-push random-color-trigger elementor-flip-box--direction-up elementor-widget elementor-widget-flip-box\" data-id=\"68bc4ff\" data-element_type=\"widget\" data-e-type=\"widget\" data-widget_type=\"flip-box.default\">\n\t\t\t\t<div class=\"elementor-widget-container\">\n\t\t\t\t\t\t\t<div class=\"elementor-flip-box\" tabindex=\"0\">\n\t\t\t<div class=\"elementor-flip-box__layer elementor-flip-box__front\">\n\t\t\t\t<div class=\"elementor-flip-box__layer__overlay\">\n\t\t\t\t\t<div class=\"elementor-flip-box__layer__inner\">\n\t\t\t\t\t\t\n\t\t\t\t\t\t\t\t\t\t\t\t\t<h3 class=\"elementor-flip-box__layer__title\">\n\t\t\t\t\t\t\t\tXXXIX Reina Sof\u00eda Prize for Musical Composition\t\t\t\t\t\t\t<\/h3>\n\t\t\t\t\t\t\n\t\t\t\t\t\t\t\t\t\t\t\t\t<div class=\"elementor-flip-box__layer__description\">\n\t\t\t\t\t\t\t\t<img decoding=\"async\" src=\"\/wp-content\/uploads\/2022\/03\/Arrow-right.png\" width=\"50\"> NURIA N\u00da\u00d1EZ\t\t\t\t\t\t\t<\/div>\n\t\t\t\t\t\t\t\t\t\t\t<\/div>\n\t\t\t\t<\/div>\n\t\t\t<\/div>\n\t\t\t<div class=\"elementor-flip-box__layer elementor-flip-box__back\">\n\t\t\t<div class=\"elementor-flip-box__layer__overlay\">\n\t\t\t\t<div class=\"elementor-flip-box__layer__inner\">\n\t\t\t\t\t\t\t\t\t\t\t<h3 class=\"elementor-flip-box__layer__title\">\n\t\t\t\t\t\t\t<img decoding=\"async\" src=\"\/wp-content\/uploads\/2022\/03\/Arrow-right.png\" width=\"50\"> NURIA N\u00da\u00d1EZ\t\t\t\t\t\t<\/h3>\n\t\t\t\t\t\n\t\t\t\t\t\t\t\t\t\t\t<div class=\"elementor-flip-box__layer__description\">\n\t\t\t\t\t\t\tAndalusian composer Nuria N\u00fa\u00f1ez wins the Reina Sofia Prize in Music Composition with the work \u201cEnjambres\u201d, selected by a jury made up of Baldur Br\u00f6nnimann, Carlos Fontcuberta, Octavi Rumbau, Jes\u00fas Rueda and presided over by Marcela Rodr\u00edguez.\n\nThroughout her career N\u00fa\u00f1ez has received several awards, such as the First Prize and Audience Award of the Orchestral Composition Competition of the 15th Weimar Spring Festival, the Rome Prize awarded by the German Academy of Arts (Villa Massimo\/Casa Baldi) or the First Prize of the Autor-CNDM Foundation. She has also been a resident composer at the Spanish Academy in Rome, the Thomas Mann-Villa Aurora (Los Angeles), the Spanish National Youth Orchestra and the Th\u00fcringer Landesmusikakademie (Sondershausen).\n\nHer repertoire includes chamber music as well as orchestral works and stage works for children performed by ensembles such as the Ensemble Intercontemporain (FR), the Ensemble Ascolta (DE), Studio for New Music Ensemble of Moscow (RU) or Taller Sonoro (ES), and orchestras such as the Rundfunk-Sinfonieorchester Berlin, the Jenaer Philarmonie, the National Youth Orchestra of Spain, the Seville Symphony Orchestra, or the Malaga Philharmonic Orchestra.\n\t\t\t\t\t\t<\/div>\n\t\t\t\t\t\n\t\t\t\t\t\t\t\t<\/div>\n\t\t<\/div>\n\t\t<\/div>\n\t\t<\/div>\n\t\t\t\t\t\t<\/div>\n\t\t\t\t<\/div>\n\t\t\t\t<div class=\"elementor-element elementor-element-59ceda0 elementor-flip-box--effect-push random-color-trigger elementor-flip-box--direction-up elementor-widget elementor-widget-flip-box\" data-id=\"59ceda0\" data-element_type=\"widget\" data-e-type=\"widget\" data-widget_type=\"flip-box.default\">\n\t\t\t\t<div class=\"elementor-widget-container\">\n\t\t\t\t\t\t\t<div class=\"elementor-flip-box\" tabindex=\"0\">\n\t\t\t<div class=\"elementor-flip-box__layer elementor-flip-box__front\">\n\t\t\t\t<div class=\"elementor-flip-box__layer__overlay\">\n\t\t\t\t\t<div class=\"elementor-flip-box__layer__inner\">\n\t\t\t\t\t\t\n\t\t\t\t\t\t\t\t\t\t\t\t\t<h3 class=\"elementor-flip-box__layer__title\">\n\t\t\t\t\t\t\t\tXXXVI Reina Sof\u00eda Prize for Musical Composition\t\t\t\t\t\t\t<\/h3>\n\t\t\t\t\t\t\n\t\t\t\t\t\t\t\t\t\t\t\t\t<div class=\"elementor-flip-box__layer__description\">\n\t\t\t\t\t\t\t\t<img decoding=\"async\" src=\"\/wp-content\/uploads\/2022\/03\/Arrow-right.png\" width=\"50\"> JUAN CRUZ-GUEVARA\t\t\t\t\t\t\t<\/div>\n\t\t\t\t\t\t\t\t\t\t\t<\/div>\n\t\t\t\t<\/div>\n\t\t\t<\/div>\n\t\t\t<div class=\"elementor-flip-box__layer elementor-flip-box__back\">\n\t\t\t<div class=\"elementor-flip-box__layer__overlay\">\n\t\t\t\t<div class=\"elementor-flip-box__layer__inner\">\n\t\t\t\t\t\t\t\t\t\t\t<h3 class=\"elementor-flip-box__layer__title\">\n\t\t\t\t\t\t\t<img decoding=\"async\" src=\"\/wp-content\/uploads\/2022\/03\/Arrow-right.png\" width=\"50\"> JUAN CRUZ-GUEVARA\t\t\t\t\t\t<\/h3>\n\t\t\t\t\t\n\t\t\t\t\t\t\t\t\t\t\t<div class=\"elementor-flip-box__layer__description\">\n\t\t\t\t\t\t\tComposer Juan Cruz-Guevara won the Reina Sofia Prize in Music Composition with \u201cPictogram\u201d, selected by a jury made up of Bruno Dozza, Javier Arias Bal, Dimitri Loos, Jes\u00fas Rueda and Lu\u00eds Tinoco. Cruz-Guevara had previously been awarded more than 15 composition prizes, and his works have been performed by the Spanish National Orchestra, the RTVE Symphony Orchestra and the Community of Madrid Orchestra, among others. \t\t\t\t\t\t<\/div>\n\t\t\t\t\t\n\t\t\t\t\t\t\t\t\t\t\t<a class=\"elementor-flip-box__button elementor-button elementor-size-sm\" href=\"https:\/\/open.spotify.com\/track\/04QL6x6eyzlxITy9ZIxpsJ?si=1ce9fc64d2184197&#038;nd=1\" target=\"_blank\">\n\t\t\t\t\t\t\tPLAY \u00abPICTOGRAMA\u00bb\t\t\t\t\t\t<\/a>\n\t\t\t\t\t\t\t\t<\/div>\n\t\t<\/div>\n\t\t<\/div>\n\t\t<\/div>\n\t\t\t\t\t\t<\/div>\n\t\t\t\t<\/div>\n\t\t\t\t<div class=\"elementor-element elementor-element-9630d36 elementor-flip-box--effect-push random-color-trigger elementor-flip-box--direction-up elementor-widget elementor-widget-flip-box\" data-id=\"9630d36\" data-element_type=\"widget\" data-e-type=\"widget\" data-widget_type=\"flip-box.default\">\n\t\t\t\t<div class=\"elementor-widget-container\">\n\t\t\t\t\t\t\t<div class=\"elementor-flip-box\" tabindex=\"0\">\n\t\t\t<div class=\"elementor-flip-box__layer elementor-flip-box__front\">\n\t\t\t\t<div class=\"elementor-flip-box__layer__overlay\">\n\t\t\t\t\t<div class=\"elementor-flip-box__layer__inner\">\n\t\t\t\t\t\t\n\t\t\t\t\t\t\t\t\t\t\t\t\t<h3 class=\"elementor-flip-box__layer__title\">\n\t\t\t\t\t\t\t\tXXXIII Reina Sof\u00eda Prize for Musical Composition\t\t\t\t\t\t\t<\/h3>\n\t\t\t\t\t\t\n\t\t\t\t\t\t\t\t\t\t\t\t\t<div class=\"elementor-flip-box__layer__description\">\n\t\t\t\t\t\t\t\t<img decoding=\"async\" src=\"\/wp-content\/uploads\/2022\/03\/Arrow-right.png\" width=\"50\"> FRANCISCO MART\u00cdN QUINTERO\t\t\t\t\t\t\t<\/div>\n\t\t\t\t\t\t\t\t\t\t\t<\/div>\n\t\t\t\t<\/div>\n\t\t\t<\/div>\n\t\t\t<div class=\"elementor-flip-box__layer elementor-flip-box__back\">\n\t\t\t<div class=\"elementor-flip-box__layer__overlay\">\n\t\t\t\t<div class=\"elementor-flip-box__layer__inner\">\n\t\t\t\t\t\t\t\t\t\t\t<h3 class=\"elementor-flip-box__layer__title\">\n\t\t\t\t\t\t\t<img decoding=\"async\" src=\"\/wp-content\/uploads\/2022\/03\/Arrow-right.png\" width=\"50\"> FRANCISCO MART\u00cdN QUINTERO\t\t\t\t\t\t<\/h3>\n\t\t\t\t\t\n\t\t\t\t\t\t\t\t\t\t\t<div class=\"elementor-flip-box__layer__description\">\n\t\t\t\t\t\t\tComposer Francisco Mart\u00edn Quintero won the thirty-third Reina Sofia Prize in Music Composition with \u201cOrograf\u00eda Sonora\u201d, based on two stories by Marguerite Yourcenar. Mart\u00edn Quintero defines the winning score as a \u201cvery aesthetic, contemporary and atonal work, full of emotion and imagination at the same time, and closely related to literature\u201d. It was originally written for the XXIX Reina Sofia Prize in Music Composition, but was later improved until it was submitted to the XXXIII edition. On the day of the premiere, Mart\u00edn Quintero complimented the orchestra and confessed that seeing his music performed \u201ccouldn't be more rewarding\u201d.\t\t\t\t\t\t<\/div>\n\t\t\t\t\t\n\t\t\t\t\t\t\t\t\t\t\t<a class=\"elementor-flip-box__button elementor-button elementor-size-sm\" href=\"https:\/\/open.spotify.com\/track\/3ys0vrCbY8GA18vQ3w7twL?si=220968723a9c41d0&#038;nd=1\" target=\"_blank\">\n\t\t\t\t\t\t\tPLAY \u00abOROGRAF\u00cdA SONORA\u00bb\t\t\t\t\t\t<\/a>\n\t\t\t\t\t\t\t\t<\/div>\n\t\t<\/div>\n\t\t<\/div>\n\t\t<\/div>\n\t\t\t\t\t\t<\/div>\n\t\t\t\t<\/div>\n\t\t\t\t<div class=\"elementor-element elementor-element-333bfd0 elementor-flip-box--effect-push random-color-trigger elementor-flip-box--direction-up elementor-widget elementor-widget-flip-box\" data-id=\"333bfd0\" data-element_type=\"widget\" data-e-type=\"widget\" data-widget_type=\"flip-box.default\">\n\t\t\t\t<div class=\"elementor-widget-container\">\n\t\t\t\t\t\t\t<div class=\"elementor-flip-box\" tabindex=\"0\">\n\t\t\t<div class=\"elementor-flip-box__layer elementor-flip-box__front\">\n\t\t\t\t<div class=\"elementor-flip-box__layer__overlay\">\n\t\t\t\t\t<div class=\"elementor-flip-box__layer__inner\">\n\t\t\t\t\t\t\n\t\t\t\t\t\t\t\t\t\t\t\t\t<h3 class=\"elementor-flip-box__layer__title\">\n\t\t\t\t\t\t\t\tXXX Reina Sof\u00eda Prize for Musical Composition\t\t\t\t\t\t\t<\/h3>\n\t\t\t\t\t\t\n\t\t\t\t\t\t\t\t\t\t\t\t\t<div class=\"elementor-flip-box__layer__description\">\n\t\t\t\t\t\t\t\t<img decoding=\"async\" src=\"\/wp-content\/uploads\/2022\/03\/Arrow-right.png\" width=\"50\"> EUNHO CHANG\t\t\t\t\t\t\t<\/div>\n\t\t\t\t\t\t\t\t\t\t\t<\/div>\n\t\t\t\t<\/div>\n\t\t\t<\/div>\n\t\t\t<div class=\"elementor-flip-box__layer elementor-flip-box__back\">\n\t\t\t<div class=\"elementor-flip-box__layer__overlay\">\n\t\t\t\t<div class=\"elementor-flip-box__layer__inner\">\n\t\t\t\t\t\t\t\t\t\t\t<h3 class=\"elementor-flip-box__layer__title\">\n\t\t\t\t\t\t\t<img decoding=\"async\" src=\"\/wp-content\/uploads\/2022\/03\/Arrow-right.png\" width=\"50\"> EUNHO CHANG\t\t\t\t\t\t<\/h3>\n\t\t\t\t\t\n\t\t\t\t\t\t\t\t\t\t\t<div class=\"elementor-flip-box__layer__description\">\n\t\t\t\t\t\t\tComposer Eunho Chang won the thirtieth Reina Sofia Prize in Music Composition with \u201cFantasia luminosit\u00e9\u201d, for violin and orchestra. The jury that selected the winning work was made up of Hong-Jun Seo, Tom\u00e1s Garrido, Mart\u00edn Matal\u00f3n, Jes\u00fas Rueda and Joan Guinjoan.\n\t\t\t\t\t\t<\/div>\n\t\t\t\t\t\n\t\t\t\t\t\t\t\t\t\t\t<a class=\"elementor-flip-box__button elementor-button elementor-size-sm\" href=\"https:\/\/open.spotify.com\/track\/4rEjT4xTI0hVWDoHMF8xxo?si=2cd73cbd2a844388&#038;nd=1\" target=\"_blank\">\n\t\t\t\t\t\t\tPLAY \"FANTASIA LUMINOSIT\u00c9\"\t\t\t\t\t\t<\/a>\n\t\t\t\t\t\t\t\t<\/div>\n\t\t<\/div>\n\t\t<\/div>\n\t\t<\/div>\n\t\t\t\t\t\t<\/div>\n\t\t\t\t<\/div>\n\t\t\t\t<div class=\"elementor-element elementor-element-ac7ad2e elementor-flip-box--effect-push random-color-trigger elementor-flip-box--direction-up elementor-widget elementor-widget-flip-box\" data-id=\"ac7ad2e\" data-element_type=\"widget\" data-e-type=\"widget\" data-widget_type=\"flip-box.default\">\n\t\t\t\t<div class=\"elementor-widget-container\">\n\t\t\t\t\t\t\t<div class=\"elementor-flip-box\" tabindex=\"0\">\n\t\t\t<div class=\"elementor-flip-box__layer elementor-flip-box__front\">\n\t\t\t\t<div class=\"elementor-flip-box__layer__overlay\">\n\t\t\t\t\t<div class=\"elementor-flip-box__layer__inner\">\n\t\t\t\t\t\t\n\t\t\t\t\t\t\t\t\t\t\t\t\t<h3 class=\"elementor-flip-box__layer__title\">\n\t\t\t\t\t\t\t\tXXVII Reina Sof\u00eda Prize for Musical Composition\t\t\t\t\t\t\t<\/h3>\n\t\t\t\t\t\t\n\t\t\t\t\t\t\t\t\t\t\t\t\t<div class=\"elementor-flip-box__layer__description\">\n\t\t\t\t\t\t\t\t<img decoding=\"async\" src=\"\/wp-content\/uploads\/2022\/03\/Arrow-right.png\" width=\"50\"> GIOVANNI BONATO\t\t\t\t\t\t\t<\/div>\n\t\t\t\t\t\t\t\t\t\t\t<\/div>\n\t\t\t\t<\/div>\n\t\t\t<\/div>\n\t\t\t<div class=\"elementor-flip-box__layer elementor-flip-box__back\">\n\t\t\t<div class=\"elementor-flip-box__layer__overlay\">\n\t\t\t\t<div class=\"elementor-flip-box__layer__inner\">\n\t\t\t\t\t\t\t\t\t\t\t<h3 class=\"elementor-flip-box__layer__title\">\n\t\t\t\t\t\t\t<img decoding=\"async\" src=\"\/wp-content\/uploads\/2022\/03\/Arrow-right.png\" width=\"50\"> GIOVANNI BONATO\t\t\t\t\t\t<\/h3>\n\t\t\t\t\t\n\t\t\t\t\t\t\t\t\t\t\t<div class=\"elementor-flip-box__layer__description\">\n\t\t\t\t\t\t\tItalian composer Giovanni Bonato won the Reina Sofia Prize in Music Composition with \u201cDar Gaist is he\u00fcte both\u201d [\u201cThe Holy Spirit Comes Today\u201d], written for symphony orchestra and choir. The winning work is a tribute to the culture of the Asiago region in Italy, a mountainous area near Venice. The score is inspired by a popular prayer and combines sacred and profane elements.\t\t\t\t\t\t<\/div>\n\t\t\t\t\t\n\t\t\t\t\t\t\t\t\t\t\t<a class=\"elementor-flip-box__button elementor-button elementor-size-sm\" href=\"https:\/\/open.spotify.com\/track\/7gDyKn0Tib7sTCmvrEAWUi?si=9603eee960c44cba&#038;nd=1\" target=\"_blank\">\n\t\t\t\t\t\t\tPLAY \u00abDAR GAIST IS HE\u00dcTE KEMMET\u00bb\t\t\t\t\t\t<\/a>\n\t\t\t\t\t\t\t\t<\/div>\n\t\t<\/div>\n\t\t<\/div>\n\t\t<\/div>\n\t\t\t\t\t\t<\/div>\n\t\t\t\t<\/div>\n\t\t\t\t<div class=\"elementor-element elementor-element-a3a641a elementor-flip-box--effect-push random-color-trigger elementor-flip-box--direction-up elementor-widget elementor-widget-flip-box\" data-id=\"a3a641a\" data-element_type=\"widget\" data-e-type=\"widget\" data-widget_type=\"flip-box.default\">\n\t\t\t\t<div class=\"elementor-widget-container\">\n\t\t\t\t\t\t\t<div class=\"elementor-flip-box\" tabindex=\"0\">\n\t\t\t<div class=\"elementor-flip-box__layer elementor-flip-box__front\">\n\t\t\t\t<div class=\"elementor-flip-box__layer__overlay\">\n\t\t\t\t\t<div class=\"elementor-flip-box__layer__inner\">\n\t\t\t\t\t\t\n\t\t\t\t\t\t\t\t\t\t\t\t\t<h3 class=\"elementor-flip-box__layer__title\">\n\t\t\t\t\t\t\t\tXXIV Reina Sof\u00eda Prize for Musical Composition\t\t\t\t\t\t\t<\/h3>\n\t\t\t\t\t\t\n\t\t\t\t\t\t\t\t\t\t\t\t\t<div class=\"elementor-flip-box__layer__description\">\n\t\t\t\t\t\t\t\t<img decoding=\"async\" src=\"\/wp-content\/uploads\/2022\/03\/Arrow-right.png\" width=\"50\"> RAMON HUMET\t\t\t\t\t\t\t<\/div>\n\t\t\t\t\t\t\t\t\t\t\t<\/div>\n\t\t\t\t<\/div>\n\t\t\t<\/div>\n\t\t\t<div class=\"elementor-flip-box__layer elementor-flip-box__back\">\n\t\t\t<div class=\"elementor-flip-box__layer__overlay\">\n\t\t\t\t<div class=\"elementor-flip-box__layer__inner\">\n\t\t\t\t\t\t\t\t\t\t\t<h3 class=\"elementor-flip-box__layer__title\">\n\t\t\t\t\t\t\t<img decoding=\"async\" src=\"\/wp-content\/uploads\/2022\/03\/Arrow-right.png\" width=\"50\"> RAMON HUMET\t\t\t\t\t\t<\/h3>\n\t\t\t\t\t\n\t\t\t\t\t\t\t\t\t\t\t<div class=\"elementor-flip-box__layer__description\">\n\t\t\t\t\t\t\tComposer Ramon Humet won the Reina Sofia Prize in Music Composition with \u201cEscenas de p\u00e1jaros\u201d. Humet studied under Joan Guinjoan, Josep Soler and Jonathan Harvey. In addition to the Reina Sofia Prize, he has won the Joaqu\u00edn Rodrigo Prize, the Villa de Madrid Prize and the Mostly Modern Prize. In the winning piece, each instrument has its own autonomy, which makes the counterpoint more complex. We also recognize several birds along the three movements, in an effort by the author to balance intuition and reflection. Crist\u00f3bal Halffter, president of the jury, defends the Reina Sofia Prize\u2019s role in highlighting the importance of composers.\n\t\t\t\t\t\t<\/div>\n\t\t\t\t\t\n\t\t\t\t\t\t\t\t\t\t\t<a class=\"elementor-flip-box__button elementor-button elementor-size-sm\" href=\"https:\/\/open.spotify.com\/track\/1eOYH9HP1Bcijv3qHmpCHY?si=ff75a9a5fdfc4d54&#038;nd=1\">\n\t\t\t\t\t\t\tPLAY \u00abESCENAS DE P\u00c1JAROS\u00bb\t\t\t\t\t\t<\/a>\n\t\t\t\t\t\t\t\t<\/div>\n\t\t<\/div>\n\t\t<\/div>\n\t\t<\/div>\n\t\t\t\t\t\t<\/div>\n\t\t\t\t<\/div>\n\t\t\t\t<div class=\"elementor-element elementor-element-89cb8ec elementor-flip-box--effect-push random-color-trigger elementor-flip-box--direction-up elementor-widget elementor-widget-flip-box\" data-id=\"89cb8ec\" data-element_type=\"widget\" data-e-type=\"widget\" data-widget_type=\"flip-box.default\">\n\t\t\t\t<div class=\"elementor-widget-container\">\n\t\t\t\t\t\t\t<div class=\"elementor-flip-box\" tabindex=\"0\">\n\t\t\t<div class=\"elementor-flip-box__layer elementor-flip-box__front\">\n\t\t\t\t<div class=\"elementor-flip-box__layer__overlay\">\n\t\t\t\t\t<div class=\"elementor-flip-box__layer__inner\">\n\t\t\t\t\t\t\n\t\t\t\t\t\t\t\t\t\t\t\t\t<h3 class=\"elementor-flip-box__layer__title\">\n\t\t\t\t\t\t\t\tXXI Reina Sof\u00eda Prize for Musical Composition\t\t\t\t\t\t\t<\/h3>\n\t\t\t\t\t\t\n\t\t\t\t\t\t\t\t\t\t\t\t\t<div class=\"elementor-flip-box__layer__description\">\n\t\t\t\t\t\t\t\t<img decoding=\"async\" src=\"\/wp-content\/uploads\/2022\/03\/Arrow-right.png\" width=\"50\"> MASSIMO BOTTER\t\t\t\t\t\t\t<\/div>\n\t\t\t\t\t\t\t\t\t\t\t<\/div>\n\t\t\t\t<\/div>\n\t\t\t<\/div>\n\t\t\t<div class=\"elementor-flip-box__layer elementor-flip-box__back\">\n\t\t\t<div class=\"elementor-flip-box__layer__overlay\">\n\t\t\t\t<div class=\"elementor-flip-box__layer__inner\">\n\t\t\t\t\t\t\t\t\t\t\t<h3 class=\"elementor-flip-box__layer__title\">\n\t\t\t\t\t\t\t<img decoding=\"async\" src=\"\/wp-content\/uploads\/2022\/03\/Arrow-right.png\" width=\"50\"> MASSIMO BOTTER\t\t\t\t\t\t<\/h3>\n\t\t\t\t\t\n\t\t\t\t\t\t\t\t\t\t\t<div class=\"elementor-flip-box__layer__description\">\n\t\t\t\t\t\t\tComposer Massimo Botter won the Reina Sofia Prize in Music Composition with \u201cLes algues\u201d. Up to one hundred and twenty-eight scores were received from all over the world in the twenty-first edition of the competition, which once again showed the importance of the Prize in the contemporary music scene. The jury was made up of Jes\u00fas Villa Rojo, Miguel \u00c1ngel Coria, Mario Gos\u00e1lvez, David del Puerto, Jes\u00fas Rueda and Jes\u00fas Torres. Percussion instruments are particularly important in this winning piece: they are distributed in such a way as to enhance the spatial effects of the whole experience. \n\t\t\t\t\t\t<\/div>\n\t\t\t\t\t\n\t\t\t\t\t\t\t\t\t\t\t<a class=\"elementor-flip-box__button elementor-button elementor-size-sm\" href=\"https:\/\/open.spotify.com\/track\/1yw7e2UKT4Iqgv3yBkoi2I?si=c11d190425274936&#038;nd=1\" target=\"_blank\">\n\t\t\t\t\t\t\tPLAY \u00abLES ALGUES\u00bb\t\t\t\t\t\t<\/a>\n\t\t\t\t\t\t\t\t<\/div>\n\t\t<\/div>\n\t\t<\/div>\n\t\t<\/div>\n\t\t\t\t\t\t<\/div>\n\t\t\t\t<\/div>\n\t\t\t\t<div class=\"elementor-element elementor-element-0afde84 elementor-flip-box--effect-push random-color-trigger elementor-flip-box--direction-up elementor-widget elementor-widget-flip-box\" data-id=\"0afde84\" data-element_type=\"widget\" data-e-type=\"widget\" data-widget_type=\"flip-box.default\">\n\t\t\t\t<div class=\"elementor-widget-container\">\n\t\t\t\t\t\t\t<div class=\"elementor-flip-box\" tabindex=\"0\">\n\t\t\t<div class=\"elementor-flip-box__layer elementor-flip-box__front\">\n\t\t\t\t<div class=\"elementor-flip-box__layer__overlay\">\n\t\t\t\t\t<div class=\"elementor-flip-box__layer__inner\">\n\t\t\t\t\t\t\n\t\t\t\t\t\t\t\t\t\t\t\t\t<h3 class=\"elementor-flip-box__layer__title\">\n\t\t\t\t\t\t\t\tXVIII Reina Sof\u00eda Prize for Musical Composition\t\t\t\t\t\t\t<\/h3>\n\t\t\t\t\t\t\n\t\t\t\t\t\t\t\t\t\t\t\t\t<div class=\"elementor-flip-box__layer__description\">\n\t\t\t\t\t\t\t\t<img decoding=\"async\" src=\"\/wp-content\/uploads\/2022\/03\/Arrow-right.png\" width=\"50\"> MAURICIO SOTELO\t\t\t\t\t\t\t<\/div>\n\t\t\t\t\t\t\t\t\t\t\t<\/div>\n\t\t\t\t<\/div>\n\t\t\t<\/div>\n\t\t\t<div class=\"elementor-flip-box__layer elementor-flip-box__back\">\n\t\t\t<div class=\"elementor-flip-box__layer__overlay\">\n\t\t\t\t<div class=\"elementor-flip-box__layer__inner\">\n\t\t\t\t\t\t\t\t\t\t\t<h3 class=\"elementor-flip-box__layer__title\">\n\t\t\t\t\t\t\t<img decoding=\"async\" src=\"\/wp-content\/uploads\/2022\/03\/Arrow-right.png\" width=\"50\"> MAURICIO SOTELO\t\t\t\t\t\t<\/h3>\n\t\t\t\t\t\n\t\t\t\t\t\t\t\t\t\t\t<div class=\"elementor-flip-box__layer__description\">\n\t\t\t\t\t\t\tComposer Mauricio Sotelo won the eighteenth Reina Sofia Prize in Music Composition with \u201cSi despu\u00e9s de morir\u2026\u201d, for flamenco singer and orchestra, based on a poem by Jos\u00e9 \u00c1ngel Valente. The work competed with thirty-nine other scores evaluated by a jury made up of Alfredo Aracil, Jos\u00e9 Peris, Adri\u00e1n Cobo, Jes\u00fas Torres and Miguel \u00c1ngel Coria. For the first time, the winning piece was directly inspired by Spanish folklore and includes flamenco sounds in a score reminiscent of Renaissance polyphony. Sotelo was a student of composer Luigi Nono, who advised him to investigate the roots of Spanish culture.\n\t\t\t\t\t\t<\/div>\n\t\t\t\t\t\n\t\t\t\t\t\t\t\t\t\t\t<a class=\"elementor-flip-box__button elementor-button elementor-size-sm\" href=\"https:\/\/open.spotify.com\/track\/5cm5FCpmH5nJHxGzkv4XRI?si=ee6e5ea671d74c1d&#038;nd=1\" target=\"_blank\">\n\t\t\t\t\t\t\tPLAY \u00abSI DESPU\u00c9S DE MORIR...\u00bb\t\t\t\t\t\t<\/a>\n\t\t\t\t\t\t\t\t<\/div>\n\t\t<\/div>\n\t\t<\/div>\n\t\t<\/div>\n\t\t\t\t\t\t<\/div>\n\t\t\t\t<\/div>\n\t\t\t\t<div class=\"elementor-element elementor-element-520181b elementor-flip-box--effect-push random-color-trigger elementor-flip-box--direction-up elementor-widget elementor-widget-flip-box\" data-id=\"520181b\" data-element_type=\"widget\" data-e-type=\"widget\" data-widget_type=\"flip-box.default\">\n\t\t\t\t<div class=\"elementor-widget-container\">\n\t\t\t\t\t\t\t<div class=\"elementor-flip-box\" tabindex=\"0\">\n\t\t\t<div class=\"elementor-flip-box__layer elementor-flip-box__front\">\n\t\t\t\t<div class=\"elementor-flip-box__layer__overlay\">\n\t\t\t\t\t<div class=\"elementor-flip-box__layer__inner\">\n\t\t\t\t\t\t\n\t\t\t\t\t\t\t\t\t\t\t\t\t<h3 class=\"elementor-flip-box__layer__title\">\n\t\t\t\t\t\t\t\tXV Reina Sof\u00eda Prize for Musical Composition\t\t\t\t\t\t\t<\/h3>\n\t\t\t\t\t\t\n\t\t\t\t\t\t\t\t\t\t\t\t\t<div class=\"elementor-flip-box__layer__description\">\n\t\t\t\t\t\t\t\t<img decoding=\"async\" src=\"\/wp-content\/uploads\/2022\/03\/Arrow-right.png\" width=\"50\"> FRANCISCO JOS\u00c9 MART\u00cdN JAIME\t\t\t\t\t\t\t<\/div>\n\t\t\t\t\t\t\t\t\t\t\t<\/div>\n\t\t\t\t<\/div>\n\t\t\t<\/div>\n\t\t\t<div class=\"elementor-flip-box__layer elementor-flip-box__back\">\n\t\t\t<div class=\"elementor-flip-box__layer__overlay\">\n\t\t\t\t<div class=\"elementor-flip-box__layer__inner\">\n\t\t\t\t\t\t\t\t\t\t\t<h3 class=\"elementor-flip-box__layer__title\">\n\t\t\t\t\t\t\t<img decoding=\"async\" src=\"\/wp-content\/uploads\/2022\/03\/Arrow-right.png\" width=\"50\"> FRANCISCO JOS\u00c9 MART\u00cdN JAIME\t\t\t\t\t\t<\/h3>\n\t\t\t\t\t\n\t\t\t\t\t\t\t\t\t\t\t<div class=\"elementor-flip-box__layer__description\">\n\t\t\t\t\t\t\t26-year-old composer Francisco Jos\u00e9 Mart\u00edn Jaime won the fifteenth edition of the Reina Sofia Prize in Music Composition with \u201cKlavierkonzert\u201d, his first work to be published and performed. The jury was made up of composers Claudio Prieto, Francisco Cano, Carlos Cruz de Castro, Albert Llanas (winner of the previous edition) and Miguel \u00c1ngel Coria. Mart\u00edn Jaime declared that he felt honored to premiere his work in a competition where figures such as Lutoslawski, Montsalvatge, Jos\u00e9 Luis Turina and Guinjoan had also been awarded.\t\t\t\t\t\t<\/div>\n\t\t\t\t\t\n\t\t\t\t\t\t\t\t\t\t\t<a class=\"elementor-flip-box__button elementor-button elementor-size-sm\" href=\"https:\/\/open.spotify.com\/track\/03ZgjC0y6WWvz23iUwDcXK?si=6429715e85c942de&#038;nd=1\" target=\"_blank\">\n\t\t\t\t\t\t\tPLAY \u00abKLAVIERKONZERT\u00bb\t\t\t\t\t\t<\/a>\n\t\t\t\t\t\t\t\t<\/div>\n\t\t<\/div>\n\t\t<\/div>\n\t\t<\/div>\n\t\t\t\t\t\t<\/div>\n\t\t\t\t<\/div>\n\t\t\t\t<div class=\"elementor-element elementor-element-5be4975 elementor-flip-box--effect-push random-color-trigger elementor-flip-box--direction-up elementor-widget elementor-widget-flip-box\" data-id=\"5be4975\" data-element_type=\"widget\" data-e-type=\"widget\" data-widget_type=\"flip-box.default\">\n\t\t\t\t<div class=\"elementor-widget-container\">\n\t\t\t\t\t\t\t<div class=\"elementor-flip-box\" tabindex=\"0\">\n\t\t\t<div class=\"elementor-flip-box__layer elementor-flip-box__front\">\n\t\t\t\t<div class=\"elementor-flip-box__layer__overlay\">\n\t\t\t\t\t<div class=\"elementor-flip-box__layer__inner\">\n\t\t\t\t\t\t\n\t\t\t\t\t\t\t\t\t\t\t\t\t<h3 class=\"elementor-flip-box__layer__title\">\n\t\t\t\t\t\t\t\tXII Reina Sof\u00eda Prize for Musical Composition\t\t\t\t\t\t\t<\/h3>\n\t\t\t\t\t\t\n\t\t\t\t\t\t\t\t\t\t\t\t\t<div class=\"elementor-flip-box__layer__description\">\n\t\t\t\t\t\t\t\t<img decoding=\"async\" src=\"\/wp-content\/uploads\/2022\/03\/Arrow-right.png\" width=\"50\"> VICTOR REBULLIDA\t\t\t\t\t\t\t<\/div>\n\t\t\t\t\t\t\t\t\t\t\t<\/div>\n\t\t\t\t<\/div>\n\t\t\t<\/div>\n\t\t\t<div class=\"elementor-flip-box__layer elementor-flip-box__back\">\n\t\t\t<div class=\"elementor-flip-box__layer__overlay\">\n\t\t\t\t<div class=\"elementor-flip-box__layer__inner\">\n\t\t\t\t\t\t\t\t\t\t\t<h3 class=\"elementor-flip-box__layer__title\">\n\t\t\t\t\t\t\t<img decoding=\"async\" src=\"\/wp-content\/uploads\/2022\/03\/Arrow-right.png\" width=\"50\"> VICTOR REBULLIDA\t\t\t\t\t\t<\/h3>\n\t\t\t\t\t\n\t\t\t\t\t\t\t\t\t\t\t<div class=\"elementor-flip-box__layer__description\">\n\t\t\t\t\t\t\tComposer Victor Rebullida won the twelfth Reina Sofia Prize in Music Composition with \u201cIn Memoriam\u201d.\t\t\t\t\t\t<\/div>\n\t\t\t\t\t\n\t\t\t\t\t\t\t\t\t\t\t<a class=\"elementor-flip-box__button elementor-button elementor-size-sm\" href=\"https:\/\/open.spotify.com\/track\/3ADVdANFMZ8X5jD7N84q8T?si=6d97357c3e654c97&#038;nd=1\" target=\"_blank\">\n\t\t\t\t\t\t\tPLAY \u00abIN MEMORIAM\u00bb\t\t\t\t\t\t<\/a>\n\t\t\t\t\t\t\t\t<\/div>\n\t\t<\/div>\n\t\t<\/div>\n\t\t<\/div>\n\t\t\t\t\t\t<\/div>\n\t\t\t\t<\/div>\n\t\t\t\t<div class=\"elementor-element elementor-element-9f553eb elementor-flip-box--effect-push random-color-trigger elementor-flip-box--direction-up elementor-widget elementor-widget-flip-box\" data-id=\"9f553eb\" data-element_type=\"widget\" data-e-type=\"widget\" data-widget_type=\"flip-box.default\">\n\t\t\t\t<div class=\"elementor-widget-container\">\n\t\t\t\t\t\t\t<div class=\"elementor-flip-box\" tabindex=\"0\">\n\t\t\t<div class=\"elementor-flip-box__layer elementor-flip-box__front\">\n\t\t\t\t<div class=\"elementor-flip-box__layer__overlay\">\n\t\t\t\t\t<div class=\"elementor-flip-box__layer__inner\">\n\t\t\t\t\t\t\n\t\t\t\t\t\t\t\t\t\t\t\t\t<h3 class=\"elementor-flip-box__layer__title\">\n\t\t\t\t\t\t\t\tIX Reina Sofia Prize in Music Composition\t\t\t\t\t\t\t<\/h3>\n\t\t\t\t\t\t\n\t\t\t\t\t\t\t\t\t\t\t\t\t<div class=\"elementor-flip-box__layer__description\">\n\t\t\t\t\t\t\t\t<img decoding=\"async\" src=\"\/wp-content\/uploads\/2022\/03\/Arrow-right.png\" width=\"50\"> SALVADOR BROTONS\t\t\t\t\t\t\t<\/div>\n\t\t\t\t\t\t\t\t\t\t\t<\/div>\n\t\t\t\t<\/div>\n\t\t\t<\/div>\n\t\t\t<div class=\"elementor-flip-box__layer elementor-flip-box__back\">\n\t\t\t<div class=\"elementor-flip-box__layer__overlay\">\n\t\t\t\t<div class=\"elementor-flip-box__layer__inner\">\n\t\t\t\t\t\t\t\t\t\t\t<h3 class=\"elementor-flip-box__layer__title\">\n\t\t\t\t\t\t\t<img decoding=\"async\" src=\"\/wp-content\/uploads\/2022\/03\/Arrow-right.png\" width=\"50\"> SALVADOR BROTONS\t\t\t\t\t\t<\/h3>\n\t\t\t\t\t\n\t\t\t\t\t\t\t\t\t\t\t<div class=\"elementor-flip-box__layer__description\">\n\t\t\t\t\t\t\tCatalan composer Salvador Brotons won the ninth edition of the Reina Sofia Prize in Music Composition with \u201cVirtus, opus 53\u201d. Previously awarded and recognized on several occasions, Brotons won the Prize during his residency as Assistant Conductor at the University of Florida. Critics emphasized the composer\u2019s independence of mind and his composing at the service of solid ideas, without being influenced by fashion or trends.\t\t\t\t\t\t<\/div>\n\t\t\t\t\t\n\t\t\t\t\t\t\t\t\t\t\t<a class=\"elementor-flip-box__button elementor-button elementor-size-sm\" href=\"https:\/\/open.spotify.com\/track\/6vJNIVaWvK0ja4W5Nb2GJn?si=26bfcbca1c514b99&#038;nd=1\" target=\"_blank\">\n\t\t\t\t\t\t\tPLAY \u00abVIRTUS OP. 53\u00bb\t\t\t\t\t\t<\/a>\n\t\t\t\t\t\t\t\t<\/div>\n\t\t<\/div>\n\t\t<\/div>\n\t\t<\/div>\n\t\t\t\t\t\t<\/div>\n\t\t\t\t<\/div>\n\t\t\t\t<div class=\"elementor-element elementor-element-b6d6b0e elementor-flip-box--effect-push random-color-trigger elementor-flip-box--direction-up elementor-widget elementor-widget-flip-box\" data-id=\"b6d6b0e\" data-element_type=\"widget\" data-e-type=\"widget\" data-widget_type=\"flip-box.default\">\n\t\t\t\t<div class=\"elementor-widget-container\">\n\t\t\t\t\t\t\t<div class=\"elementor-flip-box\" tabindex=\"0\">\n\t\t\t<div class=\"elementor-flip-box__layer elementor-flip-box__front\">\n\t\t\t\t<div class=\"elementor-flip-box__layer__overlay\">\n\t\t\t\t\t<div class=\"elementor-flip-box__layer__inner\">\n\t\t\t\t\t\t\n\t\t\t\t\t\t\t\t\t\t\t\t\t<h3 class=\"elementor-flip-box__layer__title\">\n\t\t\t\t\t\t\t\tVI Reina Sof\u00eda Prize for Musical Composition\t\t\t\t\t\t\t<\/h3>\n\t\t\t\t\t\t\n\t\t\t\t\t\t\t\t\t\t\t\t\t<div class=\"elementor-flip-box__layer__description\">\n\t\t\t\t\t\t\t\t<img decoding=\"async\" src=\"\/wp-content\/uploads\/2022\/03\/Arrow-right.png\" width=\"50\"> AGUST\u00cd CHARLES SOLER\t\t\t\t\t\t\t<\/div>\n\t\t\t\t\t\t\t\t\t\t\t<\/div>\n\t\t\t\t<\/div>\n\t\t\t<\/div>\n\t\t\t<div class=\"elementor-flip-box__layer elementor-flip-box__back\">\n\t\t\t<div class=\"elementor-flip-box__layer__overlay\">\n\t\t\t\t<div class=\"elementor-flip-box__layer__inner\">\n\t\t\t\t\t\t\t\t\t\t\t<h3 class=\"elementor-flip-box__layer__title\">\n\t\t\t\t\t\t\t<img decoding=\"async\" src=\"\/wp-content\/uploads\/2022\/03\/Arrow-right.png\" width=\"50\"> AGUST\u00cd CHARLES SOLER\t\t\t\t\t\t<\/h3>\n\t\t\t\t\t\n\t\t\t\t\t\t\t\t\t\t\t<div class=\"elementor-flip-box__layer__description\">\n\t\t\t\t\t\t\tCatalan composer Agust\u00ed Charles Soler won the sixth edition of the Reina Sofia Prize in Music Composition with \u201cIunxi\u201d (Union). A student of renowned composers such as Liliane Maffiotti and Carles Guinovart, Charles Soler had already won several awards before the Reina Sofia Prize. \u201cIunxi\u201d steers clear of the Central European tradition, aligns with the latest trends and clashes with critics.\n\t\t\t\t\t\t<\/div>\n\t\t\t\t\t\n\t\t\t\t\t\t\t\t\t\t\t<a class=\"elementor-flip-box__button elementor-button elementor-size-sm\" href=\"https:\/\/open.spotify.com\/track\/7vpZxqfo899y3vr4Vf98Kt?si=98f3ee5b297240f2&#038;nd=1\" target=\"_blank\">\n\t\t\t\t\t\t\tPLAY \u00abIUNXI\u00bb\t\t\t\t\t\t<\/a>\n\t\t\t\t\t\t\t\t<\/div>\n\t\t<\/div>\n\t\t<\/div>\n\t\t<\/div>\n\t\t\t\t\t\t<\/div>\n\t\t\t\t<\/div>\n\t\t\t\t<div class=\"elementor-element elementor-element-172016d elementor-flip-box--effect-push random-color-trigger elementor-flip-box--direction-up elementor-widget elementor-widget-flip-box\" data-id=\"172016d\" data-element_type=\"widget\" data-e-type=\"widget\" data-widget_type=\"flip-box.default\">\n\t\t\t\t<div class=\"elementor-widget-container\">\n\t\t\t\t\t\t\t<div class=\"elementor-flip-box\" tabindex=\"0\">\n\t\t\t<div class=\"elementor-flip-box__layer elementor-flip-box__front\">\n\t\t\t\t<div class=\"elementor-flip-box__layer__overlay\">\n\t\t\t\t\t<div class=\"elementor-flip-box__layer__inner\">\n\t\t\t\t\t\t\n\t\t\t\t\t\t\t\t\t\t\t\t\t<h3 class=\"elementor-flip-box__layer__title\">\n\t\t\t\t\t\t\t\tIII Reina Sof\u00eda Prize for Musical Composition\t\t\t\t\t\t\t<\/h3>\n\t\t\t\t\t\t\n\t\t\t\t\t\t\t\t\t\t\t\t\t<div class=\"elementor-flip-box__layer__description\">\n\t\t\t\t\t\t\t\t<img decoding=\"async\" src=\"\/wp-content\/uploads\/2022\/03\/Arrow-right.png\" width=\"50\"> WITOLD LUTOSLAWSKI\t\t\t\t\t\t\t<\/div>\n\t\t\t\t\t\t\t\t\t\t\t<\/div>\n\t\t\t\t<\/div>\n\t\t\t<\/div>\n\t\t\t<div class=\"elementor-flip-box__layer elementor-flip-box__back\">\n\t\t\t<div class=\"elementor-flip-box__layer__overlay\">\n\t\t\t\t<div class=\"elementor-flip-box__layer__inner\">\n\t\t\t\t\t\t\t\t\t\t\t<h3 class=\"elementor-flip-box__layer__title\">\n\t\t\t\t\t\t\t<img decoding=\"async\" src=\"\/wp-content\/uploads\/2022\/03\/Arrow-right.png\" width=\"50\"> WITOLD LUTOSLAWSKI\t\t\t\t\t\t<\/h3>\n\t\t\t\t\t\n\t\t\t\t\t\t\t\t\t\t\t<div class=\"elementor-flip-box__layer__description\">\n\t\t\t\t\t\t\tPolish composer Witold Lutoslawski won the third edition of the Prize with his Cello Concerto. Lutoslawski, who would later gain international recognition, is a strong supporter of melody: \u201cAlthough some generations have underestimated it, I believe it\u2019s paramount. Melody is what makes the work stronger. It\u2019s important to find a melody for our times\u201d.\t\t\t\t\t\t<\/div>\n\t\t\t\t\t\n\t\t\t\t\t\t\t\t\t\t\t<a class=\"elementor-flip-box__button elementor-button elementor-size-sm\" href=\"https:\/\/open.spotify.com\/track\/6K75dr2CdL8Jaa8h7qo9oS?si=0125c84c09124c86&#038;nd=1\" target=\"_blank\">\n\t\t\t\t\t\t\tPLAY \u00abCONCIERTO PARA VIOLONCHELO Y ORQUESTA\u00bb\t\t\t\t\t\t<\/a>\n\t\t\t\t\t\t\t\t<\/div>\n\t\t<\/div>\n\t\t<\/div>\n\t\t<\/div>\n\t\t\t\t\t\t<\/div>\n\t\t\t\t<\/div>\n\t\t\t\t\t<\/div>\n\t\t<\/div>\n\t\t\t\t<div class=\"elementor-column elementor-col-33 elementor-top-column elementor-element elementor-element-3b41293\" data-id=\"3b41293\" data-element_type=\"column\" data-e-type=\"column\">\n\t\t\t<div class=\"elementor-widget-wrap elementor-element-populated\">\n\t\t\t\t\t\t<div class=\"elementor-element elementor-element-a392d47 elementor-flip-box--effect-push random-color-trigger elementor-flip-box--direction-up elementor-widget elementor-widget-flip-box\" data-id=\"a392d47\" data-element_type=\"widget\" data-e-type=\"widget\" data-widget_type=\"flip-box.default\">\n\t\t\t\t<div class=\"elementor-widget-container\">\n\t\t\t\t\t\t\t<div class=\"elementor-flip-box\" tabindex=\"0\">\n\t\t\t<div class=\"elementor-flip-box__layer elementor-flip-box__front\">\n\t\t\t\t<div class=\"elementor-flip-box__layer__overlay\">\n\t\t\t\t\t<div class=\"elementor-flip-box__layer__inner\">\n\t\t\t\t\t\t\n\t\t\t\t\t\t\t\t\t\t\t\t\t<h3 class=\"elementor-flip-box__layer__title\">\n\t\t\t\t\t\t\t\tXLI Reina Sof\u00eda Prize for Musical Composition\t\t\t\t\t\t\t<\/h3>\n\t\t\t\t\t\t\n\t\t\t\t\t\t\t\t\t\t\t\t\t<div class=\"elementor-flip-box__layer__description\">\n\t\t\t\t\t\t\t\t<img decoding=\"async\" src=\"\/wp-content\/uploads\/2022\/03\/Arrow-right.png\" width=\"50\"> FABI\u00c0 SANTCOVSKY\t\t\t\t\t\t\t<\/div>\n\t\t\t\t\t\t\t\t\t\t\t<\/div>\n\t\t\t\t<\/div>\n\t\t\t<\/div>\n\t\t\t<div class=\"elementor-flip-box__layer elementor-flip-box__back\">\n\t\t\t<div class=\"elementor-flip-box__layer__overlay\">\n\t\t\t\t<div class=\"elementor-flip-box__layer__inner\">\n\t\t\t\t\t\t\t\t\t\t\t<h3 class=\"elementor-flip-box__layer__title\">\n\t\t\t\t\t\t\t<img decoding=\"async\" src=\"\/wp-content\/uploads\/2022\/03\/Arrow-right.png\" width=\"50\"> FABI\u00c0 SANTCOVSKY\t\t\t\t\t\t<\/h3>\n\t\t\t\t\t\n\t\t\t\t\t\t\t\t\t\t\t<div class=\"elementor-flip-box__layer__description\">\n\t\t\t\t\t\t\tBorn in 1989 in Barcelona. In his home city he studied with Gabriel Brn\u010di\u0107 and Mauricio Sotelo, and in Stuttgart and Berlin with Marco Stroppa and Daniel Ott. He has written three chamber operas, commissioned by institutions and festivals such as the Teatro Argentino de La Plata, the Munich Bienniale, and the Gran Teatre del Liceu; several orchestral works commissioned and performed by the OBC in Barcelona, the SWR Stuttgart Sinfonieorchester and the Tokyo Philharmonic; and chamber works commissioned by renowned festivals such as the Aldeburgh Festival or the New Talents Bienniale in Cologne.\n\nIn 2015 he received the 2nd Prize of the Toru Takemitsu Composition Award in Japan and in 2016 the Wardwell Fellowship of the Alexander von Humboldt Foundation. In 2021 he was young artist in residence at the Berlin Academy of Arts. Since 2022 he has collaborated in the organization of the new Encuentros de Pamplona, in the field of music.\t\t\t\t\t\t<\/div>\n\t\t\t\t\t\n\t\t\t\t\t\t\t\t<\/div>\n\t\t<\/div>\n\t\t<\/div>\n\t\t<\/div>\n\t\t\t\t\t\t<\/div>\n\t\t\t\t<\/div>\n\t\t\t\t<div class=\"elementor-element elementor-element-bcdcac8 elementor-flip-box--effect-push random-color-trigger elementor-flip-box--direction-up elementor-widget elementor-widget-flip-box\" data-id=\"bcdcac8\" data-element_type=\"widget\" data-e-type=\"widget\" data-widget_type=\"flip-box.default\">\n\t\t\t\t<div class=\"elementor-widget-container\">\n\t\t\t\t\t\t\t<div class=\"elementor-flip-box\" tabindex=\"0\">\n\t\t\t<div class=\"elementor-flip-box__layer elementor-flip-box__front\">\n\t\t\t\t<div class=\"elementor-flip-box__layer__overlay\">\n\t\t\t\t\t<div class=\"elementor-flip-box__layer__inner\">\n\t\t\t\t\t\t\n\t\t\t\t\t\t\t\t\t\t\t\t\t<h3 class=\"elementor-flip-box__layer__title\">\n\t\t\t\t\t\t\t\tXXXVIII Reina Sof\u00eda Prize for Musical Composition\t\t\t\t\t\t\t<\/h3>\n\t\t\t\t\t\t\n\t\t\t\t\t\t\t\t\t\t\t\t\t<div class=\"elementor-flip-box__layer__description\">\n\t\t\t\t\t\t\t\t<img decoding=\"async\" src=\"\/wp-content\/uploads\/2022\/03\/Arrow-right.png\" width=\"50\"> OCTAVI RUMBAU  \t\t\t\t\t\t\t<\/div>\n\t\t\t\t\t\t\t\t\t\t\t<\/div>\n\t\t\t\t<\/div>\n\t\t\t<\/div>\n\t\t\t<div class=\"elementor-flip-box__layer elementor-flip-box__back\">\n\t\t\t<div class=\"elementor-flip-box__layer__overlay\">\n\t\t\t\t<div class=\"elementor-flip-box__layer__inner\">\n\t\t\t\t\t\t\t\t\t\t\t<h3 class=\"elementor-flip-box__layer__title\">\n\t\t\t\t\t\t\t<img decoding=\"async\" src=\"\/wp-content\/uploads\/2022\/03\/Arrow-right.png\" width=\"50\"> OCTAVI RUMBAU\t\t\t\t\t\t<\/h3>\n\t\t\t\t\t\n\t\t\t\t\t\t\t\t\t\t\t<div class=\"elementor-flip-box__layer__description\">\n\t\t\t\t\t\t\tCatalan composer Octavi Rumbau wins the Reina Sofia Prize in Music Composition with the work \u201cEl Belvedere de Escher\u201d, for piano and orchestra, selected by a jury made up of Alfredo Rugeles, Ernest Mart\u00ednez-Izquierdo, Carlos Fontcuberta and Jes\u00fas Rueda, and presided over by Marcela Rodr\u00edguez.\n\nRumbau\u2019s recent work focuses on the search for new sound spaces in the interaction between instruments and electronics, as well as delving into the plasticity of musical time and its paradoxes.\n\nHe has received several awards, such as the Frederic Mompou International Prize, the Dolors Calvet i Prat Composition Competition Prize; the Colegio de Espa\u00f1a and Instituto de las Artes Esc\u00e9nicas y de la M\u00fasica (INAEM) Prize, the grant for creators offered by the Phonos Foundation and the Berliner Opernpreis.\n\nHis works have been performed at several venues and festivals across Europe and North America.\n\t\t\t\t\t\t<\/div>\n\t\t\t\t\t\n\t\t\t\t\t\t\t\t\t\t\t<a class=\"elementor-flip-box__button elementor-button elementor-size-sm\" href=\"https:\/\/fundacioferrermusica.org\/wp-content\/uploads\/2022\/11\/OctaviRumbau.mp3\" target=\"_blank\">\n\t\t\t\t\t\t\tPLAY \u00abEL BELVEDERE DE ESCHER\u00bb\t\t\t\t\t\t<\/a>\n\t\t\t\t\t\t\t\t<\/div>\n\t\t<\/div>\n\t\t<\/div>\n\t\t<\/div>\n\t\t\t\t\t\t<\/div>\n\t\t\t\t<\/div>\n\t\t\t\t<div class=\"elementor-element elementor-element-75a6c17 elementor-flip-box--effect-push random-color-trigger elementor-flip-box--direction-up elementor-widget elementor-widget-flip-box\" data-id=\"75a6c17\" data-element_type=\"widget\" data-e-type=\"widget\" data-widget_type=\"flip-box.default\">\n\t\t\t\t<div class=\"elementor-widget-container\">\n\t\t\t\t\t\t\t<div class=\"elementor-flip-box\" tabindex=\"0\">\n\t\t\t<div class=\"elementor-flip-box__layer elementor-flip-box__front\">\n\t\t\t\t<div class=\"elementor-flip-box__layer__overlay\">\n\t\t\t\t\t<div class=\"elementor-flip-box__layer__inner\">\n\t\t\t\t\t\t\n\t\t\t\t\t\t\t\t\t\t\t\t\t<h3 class=\"elementor-flip-box__layer__title\">\n\t\t\t\t\t\t\t\tXXXV Reina Sof\u00eda Prize for Musical Composition\t\t\t\t\t\t\t<\/h3>\n\t\t\t\t\t\t\n\t\t\t\t\t\t\t\t\t\t\t\t\t<div class=\"elementor-flip-box__layer__description\">\n\t\t\t\t\t\t\t\t<img decoding=\"async\" src=\"\/wp-content\/uploads\/2022\/03\/Arrow-right.png\" width=\"50\"> JUAN DURAN\t\t\t\t\t\t\t<\/div>\n\t\t\t\t\t\t\t\t\t\t\t<\/div>\n\t\t\t\t<\/div>\n\t\t\t<\/div>\n\t\t\t<div class=\"elementor-flip-box__layer elementor-flip-box__back\">\n\t\t\t<div class=\"elementor-flip-box__layer__overlay\">\n\t\t\t\t<div class=\"elementor-flip-box__layer__inner\">\n\t\t\t\t\t\t\t\t\t\t\t<h3 class=\"elementor-flip-box__layer__title\">\n\t\t\t\t\t\t\t<img decoding=\"async\" src=\"\/wp-content\/uploads\/2022\/03\/Arrow-right.png\" width=\"50\"> JUAN DURAN\t\t\t\t\t\t<\/h3>\n\t\t\t\t\t\n\t\t\t\t\t\t\t\t\t\t\t<div class=\"elementor-flip-box__layer__description\">\n\t\t\t\t\t\t\tGalician composer Juan Duran won the Reina Sofia Prize in Music Composition with \u201cWhispers in the Dark\u201d, selected by a jury made up of Mart\u00edn Matal\u00f3n, David del Puerto, Antonio Lauzurika, Jes\u00fas Rueda and Michael Thomas. Many consider Duran to be one of the most internationally acclaimed composers, and his works have been performed by some of the greatest figures of the current music scene, such as Juanjo Mena, Pietro Rizzi, Alejandro Posada, etc.\n\t\t\t\t\t\t<\/div>\n\t\t\t\t\t\n\t\t\t\t\t\t\t\t\t\t\t<a class=\"elementor-flip-box__button elementor-button elementor-size-sm\" href=\"https:\/\/open.spotify.com\/track\/163clx01iNZDkeaRLAlfNv?si=382ec449dc0d4a45&#038;nd=1\" target=\"_blank\">\n\t\t\t\t\t\t\tPLAY \u00abWHISPERS IN THE DARK\u00bb\t\t\t\t\t\t<\/a>\n\t\t\t\t\t\t\t\t<\/div>\n\t\t<\/div>\n\t\t<\/div>\n\t\t<\/div>\n\t\t\t\t\t\t<\/div>\n\t\t\t\t<\/div>\n\t\t\t\t<div class=\"elementor-element elementor-element-86c0e5b elementor-flip-box--effect-push random-color-trigger elementor-flip-box--direction-up elementor-widget elementor-widget-flip-box\" data-id=\"86c0e5b\" data-element_type=\"widget\" data-e-type=\"widget\" data-widget_type=\"flip-box.default\">\n\t\t\t\t<div class=\"elementor-widget-container\">\n\t\t\t\t\t\t\t<div class=\"elementor-flip-box\" tabindex=\"0\">\n\t\t\t<div class=\"elementor-flip-box__layer elementor-flip-box__front\">\n\t\t\t\t<div class=\"elementor-flip-box__layer__overlay\">\n\t\t\t\t\t<div class=\"elementor-flip-box__layer__inner\">\n\t\t\t\t\t\t\n\t\t\t\t\t\t\t\t\t\t\t\t\t<h3 class=\"elementor-flip-box__layer__title\">\n\t\t\t\t\t\t\t\tXXXII Reina Sof\u00eda Prize for Musical Composition\t\t\t\t\t\t\t<\/h3>\n\t\t\t\t\t\t\n\t\t\t\t\t\t\t\t\t\t\t\t\t<div class=\"elementor-flip-box__layer__description\">\n\t\t\t\t\t\t\t\t<img decoding=\"async\" src=\"\/wp-content\/uploads\/2022\/03\/Arrow-right.png\" width=\"50\"> MIQUEL OLIU\t\t\t\t\t\t\t<\/div>\n\t\t\t\t\t\t\t\t\t\t\t<\/div>\n\t\t\t\t<\/div>\n\t\t\t<\/div>\n\t\t\t<div class=\"elementor-flip-box__layer elementor-flip-box__back\">\n\t\t\t<div class=\"elementor-flip-box__layer__overlay\">\n\t\t\t\t<div class=\"elementor-flip-box__layer__inner\">\n\t\t\t\t\t\t\t\t\t\t\t<h3 class=\"elementor-flip-box__layer__title\">\n\t\t\t\t\t\t\t<img decoding=\"async\" src=\"\/wp-content\/uploads\/2022\/03\/Arrow-right.png\" width=\"50\"> MIQUEL OLIU\t\t\t\t\t\t<\/h3>\n\t\t\t\t\t\n\t\t\t\t\t\t\t\t\t\t\t<div class=\"elementor-flip-box__layer__description\">\n\t\t\t\t\t\t\tMiquel Oliu Nieto, a composer from Barcelona, won the Reina Sofia Prize in Music Composition with \u00abAlegor\u00edas de oto\u00f1o\u00bb, selected by a jury made up of James Clarke, Joan Magran\u00e9, Francisco Coll, Jes\u00fas Rueda and Hilda Paredes. Oliu studied piano with Antoni Besses and Fr\u00e9d\u00e9ric Gevers, and composition with Agust\u00ed Charles.\t\t\t\t\t\t<\/div>\n\t\t\t\t\t\n\t\t\t\t\t\t\t\t\t\t\t<a class=\"elementor-flip-box__button elementor-button elementor-size-sm\" href=\"https:\/\/open.spotify.com\/track\/34XIdYjLrVwbpri31uy9Va?si=e88047d63cf34fce&#038;nd=1\" target=\"_blank\">\n\t\t\t\t\t\t\tPLAY \u00abALEGOR\u00cdAS DE OTO\u00d1O\u00bb\t\t\t\t\t\t<\/a>\n\t\t\t\t\t\t\t\t<\/div>\n\t\t<\/div>\n\t\t<\/div>\n\t\t<\/div>\n\t\t\t\t\t\t<\/div>\n\t\t\t\t<\/div>\n\t\t\t\t<div class=\"elementor-element elementor-element-ef23315 elementor-flip-box--effect-push random-color-trigger elementor-flip-box--direction-up elementor-widget elementor-widget-flip-box\" data-id=\"ef23315\" data-element_type=\"widget\" data-e-type=\"widget\" data-widget_type=\"flip-box.default\">\n\t\t\t\t<div class=\"elementor-widget-container\">\n\t\t\t\t\t\t\t<div class=\"elementor-flip-box\" tabindex=\"0\">\n\t\t\t<div class=\"elementor-flip-box__layer elementor-flip-box__front\">\n\t\t\t\t<div class=\"elementor-flip-box__layer__overlay\">\n\t\t\t\t\t<div class=\"elementor-flip-box__layer__inner\">\n\t\t\t\t\t\t\n\t\t\t\t\t\t\t\t\t\t\t\t\t<h3 class=\"elementor-flip-box__layer__title\">\n\t\t\t\t\t\t\t\tXXIX Reina Sof\u00eda Prize for Musical Composition\t\t\t\t\t\t\t<\/h3>\n\t\t\t\t\t\t\n\t\t\t\t\t\t\t\t\t\t\t\t\t<div class=\"elementor-flip-box__layer__description\">\n\t\t\t\t\t\t\t\t<img decoding=\"async\" src=\"\/wp-content\/uploads\/2022\/03\/Arrow-right.png\" width=\"50\"> HONG-JUN SEO\t\t\t\t\t\t\t<\/div>\n\t\t\t\t\t\t\t\t\t\t\t<\/div>\n\t\t\t\t<\/div>\n\t\t\t<\/div>\n\t\t\t<div class=\"elementor-flip-box__layer elementor-flip-box__back\">\n\t\t\t<div class=\"elementor-flip-box__layer__overlay\">\n\t\t\t\t<div class=\"elementor-flip-box__layer__inner\">\n\t\t\t\t\t\t\t\t\t\t\t<h3 class=\"elementor-flip-box__layer__title\">\n\t\t\t\t\t\t\t<img decoding=\"async\" src=\"\/wp-content\/uploads\/2022\/03\/Arrow-right.png\" width=\"50\"> HONG-JUN SEO\t\t\t\t\t\t<\/h3>\n\t\t\t\t\t\n\t\t\t\t\t\t\t\t\t\t\t<div class=\"elementor-flip-box__layer__description\">\n\t\t\t\t\t\t\tKorean composer Hong-Jun Seo won the twenty-ninth Reina Sofia Prize in Music Composition with \u201cMandala\u201d. The jury that selected the winning work was made up of Alfredo Aracil, Konstantia Gourzi, Tansy Davies, Hermes Luaces and Jes\u00fas Rueda. Up to 249 scores were submitted to this edition of the Prize. Hong-Jun Seo studied in South Korea, the United States and Germany. He was awarded the first prize of the XIV Romanian Young Musicians Competition and received the honorable mention of the Frederic Mompou International Prize.\n\t\t\t\t\t\t<\/div>\n\t\t\t\t\t\n\t\t\t\t\t\t\t\t\t\t\t<a class=\"elementor-flip-box__button elementor-button elementor-size-sm\" href=\"https:\/\/open.spotify.com\/track\/3DEyz0R0Lchy2qt7SyjJB4?si=8eda530dd7dd4c5e&#038;nd=1\" target=\"_blank\">\n\t\t\t\t\t\t\tPLAY \u00abMANDALAS\u00bb\t\t\t\t\t\t<\/a>\n\t\t\t\t\t\t\t\t<\/div>\n\t\t<\/div>\n\t\t<\/div>\n\t\t<\/div>\n\t\t\t\t\t\t<\/div>\n\t\t\t\t<\/div>\n\t\t\t\t<div class=\"elementor-element elementor-element-e0301de elementor-flip-box--effect-push random-color-trigger elementor-flip-box--direction-up elementor-widget elementor-widget-flip-box\" data-id=\"e0301de\" data-element_type=\"widget\" data-e-type=\"widget\" data-widget_type=\"flip-box.default\">\n\t\t\t\t<div class=\"elementor-widget-container\">\n\t\t\t\t\t\t\t<div class=\"elementor-flip-box\" tabindex=\"0\">\n\t\t\t<div class=\"elementor-flip-box__layer elementor-flip-box__front\">\n\t\t\t\t<div class=\"elementor-flip-box__layer__overlay\">\n\t\t\t\t\t<div class=\"elementor-flip-box__layer__inner\">\n\t\t\t\t\t\t\n\t\t\t\t\t\t\t\t\t\t\t\t\t<h3 class=\"elementor-flip-box__layer__title\">\n\t\t\t\t\t\t\t\tXXVI Reina Sof\u00eda Prize for Musical Composition\t\t\t\t\t\t\t<\/h3>\n\t\t\t\t\t\t\n\t\t\t\t\t\t\t\t\t\t\t\t\t<div class=\"elementor-flip-box__layer__description\">\n\t\t\t\t\t\t\t\t<img decoding=\"async\" src=\"\/wp-content\/uploads\/2022\/03\/Arrow-right.png\" width=\"50\"> JAE-MOON LEE\t\t\t\t\t\t\t<\/div>\n\t\t\t\t\t\t\t\t\t\t\t<\/div>\n\t\t\t\t<\/div>\n\t\t\t<\/div>\n\t\t\t<div class=\"elementor-flip-box__layer elementor-flip-box__back\">\n\t\t\t<div class=\"elementor-flip-box__layer__overlay\">\n\t\t\t\t<div class=\"elementor-flip-box__layer__inner\">\n\t\t\t\t\t\t\t\t\t\t\t<h3 class=\"elementor-flip-box__layer__title\">\n\t\t\t\t\t\t\t<img decoding=\"async\" src=\"\/wp-content\/uploads\/2022\/03\/Arrow-right.png\" width=\"50\"> JAE-MOON LEE\t\t\t\t\t\t<\/h3>\n\t\t\t\t\t\n\t\t\t\t\t\t\t\t\t\t\t<div class=\"elementor-flip-box__layer__description\">\n\t\t\t\t\t\t\tKorean composer Jae-Moon Lee won the Reina Sofia Prize in Music Composition with \u201cSeven days \/ Stained Glass \/ Mirror\u201d, selected by a jury made up of Jos\u00e9 Manuel L\u00f3pez, Mercedes Zavala and two former winners of the Prize: Jes\u00fas Torres and Israel David Mart\u00ednez Espinosa. In the words of Jes\u00fas Rueda, the members of the jury want to \u201csupport young talents and the risky choices made by the new generations in the world of composition\u201d. Jae-Moon Lee defines the winning work as a combination of the horizontal nature of western pieces and the vertical nature of the eastern ones.\n\t\t\t\t\t\t<\/div>\n\t\t\t\t\t\n\t\t\t\t\t\t\t\t\t\t\t<a class=\"elementor-flip-box__button elementor-button elementor-size-sm\" href=\"https:\/\/open.spotify.com\/track\/3xSh7exvhzYXmjx9NzUfSd?si=529373354df64078&#038;nd=1\" target=\"_blank\">\n\t\t\t\t\t\t\tPLAY \u00abSEVEN DAYS\/STAINED GLASS\/MIRROR\u00bb\t\t\t\t\t\t<\/a>\n\t\t\t\t\t\t\t\t<\/div>\n\t\t<\/div>\n\t\t<\/div>\n\t\t<\/div>\n\t\t\t\t\t\t<\/div>\n\t\t\t\t<\/div>\n\t\t\t\t<div class=\"elementor-element elementor-element-ed0e8c6 elementor-flip-box--effect-push random-color-trigger elementor-flip-box--direction-up elementor-widget elementor-widget-flip-box\" data-id=\"ed0e8c6\" data-element_type=\"widget\" data-e-type=\"widget\" data-widget_type=\"flip-box.default\">\n\t\t\t\t<div class=\"elementor-widget-container\">\n\t\t\t\t\t\t\t<div class=\"elementor-flip-box\" tabindex=\"0\">\n\t\t\t<div class=\"elementor-flip-box__layer elementor-flip-box__front\">\n\t\t\t\t<div class=\"elementor-flip-box__layer__overlay\">\n\t\t\t\t\t<div class=\"elementor-flip-box__layer__inner\">\n\t\t\t\t\t\t\n\t\t\t\t\t\t\t\t\t\t\t\t\t<h3 class=\"elementor-flip-box__layer__title\">\n\t\t\t\t\t\t\t\tXXIII Reina Sof\u00eda Prize for Musical Composition\t\t\t\t\t\t\t<\/h3>\n\t\t\t\t\t\t\n\t\t\t\t\t\t\t\t\t\t\t\t\t<div class=\"elementor-flip-box__layer__description\">\n\t\t\t\t\t\t\t\t<img decoding=\"async\" src=\"\/wp-content\/uploads\/2022\/03\/Arrow-right.png\" width=\"50\"> ENEKO VADILLO\t\t\t\t\t\t\t<\/div>\n\t\t\t\t\t\t\t\t\t\t\t<\/div>\n\t\t\t\t<\/div>\n\t\t\t<\/div>\n\t\t\t<div class=\"elementor-flip-box__layer elementor-flip-box__back\">\n\t\t\t<div class=\"elementor-flip-box__layer__overlay\">\n\t\t\t\t<div class=\"elementor-flip-box__layer__inner\">\n\t\t\t\t\t\t\t\t\t\t\t<h3 class=\"elementor-flip-box__layer__title\">\n\t\t\t\t\t\t\t<img decoding=\"async\" src=\"\/wp-content\/uploads\/2022\/03\/Arrow-right.png\" width=\"50\"> ENEKO VADILLO\t\t\t\t\t\t<\/h3>\n\t\t\t\t\t\n\t\t\t\t\t\t\t\t\t\t\t<div class=\"elementor-flip-box__layer__description\">\n\t\t\t\t\t\t\tEneko Vadillo, a composer from Malaga, won the Reina Sofia Prize in Music Composition with \u201cAlnur\u201d, dedicated to a historic figure such as Spanish composer Tom\u00e1s Luis de Victoria. With the winning piece, Vadillo shows a firm desire to find common ground between opposite musical expressions by mixing tradition and modernity. Vadillo is inspired by Andalusia in the 10th and 11th centuries, where up to three different cultures coexisted. Vadillo studied at the Royal College of Music in London and is a professor at the Royal Conservatory of Music in Madrid.\n\t\t\t\t\t\t<\/div>\n\t\t\t\t\t\n\t\t\t\t\t\t\t\t\t\t\t<a class=\"elementor-flip-box__button elementor-button elementor-size-sm\" href=\"https:\/\/open.spotify.com\/track\/5hqkZbnhYMIO1CoWc41ksV?si=2ad2153007334423&#038;nd=1\" target=\"_blank\">\n\t\t\t\t\t\t\tPLAY \u00abALNUR\u00bb\t\t\t\t\t\t<\/a>\n\t\t\t\t\t\t\t\t<\/div>\n\t\t<\/div>\n\t\t<\/div>\n\t\t<\/div>\n\t\t\t\t\t\t<\/div>\n\t\t\t\t<\/div>\n\t\t\t\t<div class=\"elementor-element elementor-element-114316c elementor-flip-box--effect-push random-color-trigger elementor-flip-box--direction-up elementor-widget elementor-widget-flip-box\" data-id=\"114316c\" data-element_type=\"widget\" data-e-type=\"widget\" data-widget_type=\"flip-box.default\">\n\t\t\t\t<div class=\"elementor-widget-container\">\n\t\t\t\t\t\t\t<div class=\"elementor-flip-box\" tabindex=\"0\">\n\t\t\t<div class=\"elementor-flip-box__layer elementor-flip-box__front\">\n\t\t\t\t<div class=\"elementor-flip-box__layer__overlay\">\n\t\t\t\t\t<div class=\"elementor-flip-box__layer__inner\">\n\t\t\t\t\t\t\n\t\t\t\t\t\t\t\t\t\t\t\t\t<h3 class=\"elementor-flip-box__layer__title\">\n\t\t\t\t\t\t\t\tXX Reina Sof\u00eda Prize for Musical Composition\t\t\t\t\t\t\t<\/h3>\n\t\t\t\t\t\t\n\t\t\t\t\t\t\t\t\t\t\t\t\t<div class=\"elementor-flip-box__layer__description\">\n\t\t\t\t\t\t\t\t<img decoding=\"async\" src=\"\/wp-content\/uploads\/2022\/03\/Arrow-right.png\" width=\"50\"> MARIO GOS\u00c1LVEZ\t\t\t\t\t\t\t<\/div>\n\t\t\t\t\t\t\t\t\t\t\t<\/div>\n\t\t\t\t<\/div>\n\t\t\t<\/div>\n\t\t\t<div class=\"elementor-flip-box__layer elementor-flip-box__back\">\n\t\t\t<div class=\"elementor-flip-box__layer__overlay\">\n\t\t\t\t<div class=\"elementor-flip-box__layer__inner\">\n\t\t\t\t\t\t\t\t\t\t\t<h3 class=\"elementor-flip-box__layer__title\">\n\t\t\t\t\t\t\t<img decoding=\"async\" src=\"\/wp-content\/uploads\/2022\/03\/Arrow-right.png\" width=\"50\"> MARIO GOS\u00c1LVEZ\t\t\t\t\t\t<\/h3>\n\t\t\t\t\t\n\t\t\t\t\t\t\t\t\t\t\t<div class=\"elementor-flip-box__layer__description\">\n\t\t\t\t\t\t\tComposer Mario Gos\u00e1lvez won the twentieth edition of the Reina Sofia Prize in Music Composition with Violin Concerto: \u201cArlequ\u00edn\u201d. A student under Ernesto Halffter in the United States, Gos\u00e1lvez emphasizes the importance of writing a kind of music that reaches the audience. He aims to move his listeners through an increasingly rich contemporary style. His winning piece is an unusual mix of a concerto and a ballet, with a highly \u201cvisual\u201d language.\n\t\t\t\t\t\t<\/div>\n\t\t\t\t\t\n\t\t\t\t\t\t\t\t\t\t\t<a class=\"elementor-flip-box__button elementor-button elementor-size-sm\" href=\"https:\/\/open.spotify.com\/track\/4hTKuAMan4t0eniLidjwgE?si=f686c3f249a34170&#038;nd=1\" target=\"_blank\">\n\t\t\t\t\t\t\tPLAY \u00abCONCIERTO PARA VIOL\u00cdN Y ORQUESTA\u00bb\t\t\t\t\t\t<\/a>\n\t\t\t\t\t\t\t\t<\/div>\n\t\t<\/div>\n\t\t<\/div>\n\t\t<\/div>\n\t\t\t\t\t\t<\/div>\n\t\t\t\t<\/div>\n\t\t\t\t<div class=\"elementor-element elementor-element-b77b883 elementor-flip-box--effect-push random-color-trigger elementor-flip-box--direction-up elementor-widget elementor-widget-flip-box\" data-id=\"b77b883\" data-element_type=\"widget\" data-e-type=\"widget\" data-widget_type=\"flip-box.default\">\n\t\t\t\t<div class=\"elementor-widget-container\">\n\t\t\t\t\t\t\t<div class=\"elementor-flip-box\" tabindex=\"0\">\n\t\t\t<div class=\"elementor-flip-box__layer elementor-flip-box__front\">\n\t\t\t\t<div class=\"elementor-flip-box__layer__overlay\">\n\t\t\t\t\t<div class=\"elementor-flip-box__layer__inner\">\n\t\t\t\t\t\t\n\t\t\t\t\t\t\t\t\t\t\t\t\t<h3 class=\"elementor-flip-box__layer__title\">\n\t\t\t\t\t\t\t\tXVII Reina Sof\u00eda Prize for Musical Composition\t\t\t\t\t\t\t<\/h3>\n\t\t\t\t\t\t\n\t\t\t\t\t\t\t\t\t\t\t\t\t<div class=\"elementor-flip-box__layer__description\">\n\t\t\t\t\t\t\t\t<img decoding=\"async\" src=\"\/wp-content\/uploads\/2022\/03\/Arrow-right.png\" width=\"50\"> JES\u00daS TORRES\t\t\t\t\t\t\t<\/div>\n\t\t\t\t\t\t\t\t\t\t\t<\/div>\n\t\t\t\t<\/div>\n\t\t\t<\/div>\n\t\t\t<div class=\"elementor-flip-box__layer elementor-flip-box__back\">\n\t\t\t<div class=\"elementor-flip-box__layer__overlay\">\n\t\t\t\t<div class=\"elementor-flip-box__layer__inner\">\n\t\t\t\t\t\t\t\t\t\t\t<h3 class=\"elementor-flip-box__layer__title\">\n\t\t\t\t\t\t\t<img decoding=\"async\" src=\"\/wp-content\/uploads\/2022\/03\/Arrow-right.png\" width=\"50\"> JES\u00daS TORRES\t\t\t\t\t\t<\/h3>\n\t\t\t\t\t\n\t\t\t\t\t\t\t\t\t\t\t<div class=\"elementor-flip-box__layer__description\">\n\t\t\t\t\t\t\tComposer Jes\u00fas Torres won the seventeenth edition of the Reina Sofia Prize in Music Composition with Piano Concerto. Considered by many critics as one of the great masters of the contemporary music scene, Jes\u00fas Torres has been recognized throughout his career with an extensive list of awards, including the Reina Sofia Prize, the SGAE Prize and the National Music Award. \t\t\t\t\t\t<\/div>\n\t\t\t\t\t\n\t\t\t\t\t\t\t\t\t\t\t<a class=\"elementor-flip-box__button elementor-button elementor-size-sm\" href=\"https:\/\/open.spotify.com\/track\/7FbdzKFYVP8IMMN2ci0tJJ?si=92c7b6b689b24af6&#038;nd=1\" target=\"_blank\">\n\t\t\t\t\t\t\tPLAY \u00abCONCIERTO PARA PIANO Y ORQUESTA\u00bb\t\t\t\t\t\t<\/a>\n\t\t\t\t\t\t\t\t<\/div>\n\t\t<\/div>\n\t\t<\/div>\n\t\t<\/div>\n\t\t\t\t\t\t<\/div>\n\t\t\t\t<\/div>\n\t\t\t\t<div class=\"elementor-element elementor-element-4164de5 elementor-flip-box--effect-push random-color-trigger elementor-flip-box--direction-up elementor-widget elementor-widget-flip-box\" data-id=\"4164de5\" data-element_type=\"widget\" data-e-type=\"widget\" data-widget_type=\"flip-box.default\">\n\t\t\t\t<div class=\"elementor-widget-container\">\n\t\t\t\t\t\t\t<div class=\"elementor-flip-box\" tabindex=\"0\">\n\t\t\t<div class=\"elementor-flip-box__layer elementor-flip-box__front\">\n\t\t\t\t<div class=\"elementor-flip-box__layer__overlay\">\n\t\t\t\t\t<div class=\"elementor-flip-box__layer__inner\">\n\t\t\t\t\t\t\n\t\t\t\t\t\t\t\t\t\t\t\t\t<h3 class=\"elementor-flip-box__layer__title\">\n\t\t\t\t\t\t\t\tXIV Reina Sof\u00eda Prize for Musical Composition\t\t\t\t\t\t\t<\/h3>\n\t\t\t\t\t\t\n\t\t\t\t\t\t\t\t\t\t\t\t\t<div class=\"elementor-flip-box__layer__description\">\n\t\t\t\t\t\t\t\t<img decoding=\"async\" src=\"\/wp-content\/uploads\/2022\/03\/Arrow-right.png\" width=\"50\"> ALBERT LLANAS\t\t\t\t\t\t\t<\/div>\n\t\t\t\t\t\t\t\t\t\t\t<\/div>\n\t\t\t\t<\/div>\n\t\t\t<\/div>\n\t\t\t<div class=\"elementor-flip-box__layer elementor-flip-box__back\">\n\t\t\t<div class=\"elementor-flip-box__layer__overlay\">\n\t\t\t\t<div class=\"elementor-flip-box__layer__inner\">\n\t\t\t\t\t\t\t\t\t\t\t<h3 class=\"elementor-flip-box__layer__title\">\n\t\t\t\t\t\t\t<img decoding=\"async\" src=\"\/wp-content\/uploads\/2022\/03\/Arrow-right.png\" width=\"50\"> ALBERT LLANAS\t\t\t\t\t\t<\/h3>\n\t\t\t\t\t\n\t\t\t\t\t\t\t\t\t\t\t<div class=\"elementor-flip-box__layer__description\">\n\t\t\t\t\t\t\tComposer Albert Llanas won the fourteenth Reina Sofia Prize in Music Composition with \u201cDerivations\u201d. Llanas was trained as a composer by figures such as Guinovart, Josep Soler and Franco Donatoni. Critics emphasized his communicative virtuosity as well as the refined and poetic expressive power of his high-quality music writing.\n\t\t\t\t\t\t<\/div>\n\t\t\t\t\t\n\t\t\t\t\t\t\t\t\t\t\t<a class=\"elementor-flip-box__button elementor-button elementor-size-sm\" href=\"https:\/\/open.spotify.com\/track\/6WRWL4GkmrN2NlilCbiDwn?si=f97a232d1dac4896&#038;nd=1\" target=\"_blank\">\n\t\t\t\t\t\t\tPLAY \u00abDERIVATIONS FOR ORCHESTRA\u00bb\t\t\t\t\t\t<\/a>\n\t\t\t\t\t\t\t\t<\/div>\n\t\t<\/div>\n\t\t<\/div>\n\t\t<\/div>\n\t\t\t\t\t\t<\/div>\n\t\t\t\t<\/div>\n\t\t\t\t<div class=\"elementor-element elementor-element-bf6dd57 elementor-flip-box--effect-push random-color-trigger elementor-flip-box--direction-up elementor-widget elementor-widget-flip-box\" data-id=\"bf6dd57\" data-element_type=\"widget\" data-e-type=\"widget\" data-widget_type=\"flip-box.default\">\n\t\t\t\t<div class=\"elementor-widget-container\">\n\t\t\t\t\t\t\t<div class=\"elementor-flip-box\" tabindex=\"0\">\n\t\t\t<div class=\"elementor-flip-box__layer elementor-flip-box__front\">\n\t\t\t\t<div class=\"elementor-flip-box__layer__overlay\">\n\t\t\t\t\t<div class=\"elementor-flip-box__layer__inner\">\n\t\t\t\t\t\t\n\t\t\t\t\t\t\t\t\t\t\t\t\t<h3 class=\"elementor-flip-box__layer__title\">\n\t\t\t\t\t\t\t\tXI Reina Sof\u00eda Prize for Musical Composition\t\t\t\t\t\t\t<\/h3>\n\t\t\t\t\t\t\n\t\t\t\t\t\t\t\t\t\t\t\t\t<div class=\"elementor-flip-box__layer__description\">\n\t\t\t\t\t\t\t\t<img decoding=\"async\" src=\"\/wp-content\/uploads\/2022\/03\/Arrow-right.png\" width=\"50\"> ISRAEL DAVID MART\u00cdNEZ ESPINOSA\t\t\t\t\t\t\t<\/div>\n\t\t\t\t\t\t\t\t\t\t\t<\/div>\n\t\t\t\t<\/div>\n\t\t\t<\/div>\n\t\t\t<div class=\"elementor-flip-box__layer elementor-flip-box__back\">\n\t\t\t<div class=\"elementor-flip-box__layer__overlay\">\n\t\t\t\t<div class=\"elementor-flip-box__layer__inner\">\n\t\t\t\t\t\t\t\t\t\t\t<h3 class=\"elementor-flip-box__layer__title\">\n\t\t\t\t\t\t\t<img decoding=\"async\" src=\"\/wp-content\/uploads\/2022\/03\/Arrow-right.png\" width=\"50\"> ISRAEL DAVID MART\u00cdNEZ ESPINOSA\t\t\t\t\t\t<\/h3>\n\t\t\t\t\t\n\t\t\t\t\t\t\t\t\t\t\t<div class=\"elementor-flip-box__layer__description\">\n\t\t\t\t\t\t\tComposer and pianist Israel David Mart\u00ednez Espinosa won the eleventh edition of the Reina Sofia Prize in Music Composition with \u201cLa jeune martyre\u201d. Mart\u00ednez Espinosa studied under composers such as Crist\u00f3bal Halffter and Joan Guinjoan, the winner of the first edition of the Prize. He wrote his first work at the age of 17 and his oeuvre includes chamber music as well as concertos and symphonic poems.\t\t\t\t\t\t<\/div>\n\t\t\t\t\t\n\t\t\t\t\t\t\t\t\t\t\t<a class=\"elementor-flip-box__button elementor-button elementor-size-sm\" href=\"https:\/\/open.spotify.com\/track\/0vs8RS46SjWXfXSczp8Sxr?si=4156acffa6ce4a38&#038;nd=1\" target=\"_blank\">\n\t\t\t\t\t\t\tPLAY \u00abLE JEUNE MARTYRE\u00bb\t\t\t\t\t\t<\/a>\n\t\t\t\t\t\t\t\t<\/div>\n\t\t<\/div>\n\t\t<\/div>\n\t\t<\/div>\n\t\t\t\t\t\t<\/div>\n\t\t\t\t<\/div>\n\t\t\t\t<div class=\"elementor-element elementor-element-b16b358 elementor-flip-box--effect-push random-color-trigger elementor-flip-box--direction-up elementor-widget elementor-widget-flip-box\" data-id=\"b16b358\" data-element_type=\"widget\" data-e-type=\"widget\" data-widget_type=\"flip-box.default\">\n\t\t\t\t<div class=\"elementor-widget-container\">\n\t\t\t\t\t\t\t<div class=\"elementor-flip-box\" tabindex=\"0\">\n\t\t\t<div class=\"elementor-flip-box__layer elementor-flip-box__front\">\n\t\t\t\t<div class=\"elementor-flip-box__layer__overlay\">\n\t\t\t\t\t<div class=\"elementor-flip-box__layer__inner\">\n\t\t\t\t\t\t\n\t\t\t\t\t\t\t\t\t\t\t\t\t<h3 class=\"elementor-flip-box__layer__title\">\n\t\t\t\t\t\t\t\tVIII Reina Sof\u00eda Prize for Musical Composition\t\t\t\t\t\t\t<\/h3>\n\t\t\t\t\t\t\n\t\t\t\t\t\t\t\t\t\t\t\t\t<div class=\"elementor-flip-box__layer__description\">\n\t\t\t\t\t\t\t\t<img decoding=\"async\" src=\"\/wp-content\/uploads\/2022\/03\/Arrow-right.png\" width=\"50\"> SOPHIE LECLERC\t\t\t\t\t\t\t<\/div>\n\t\t\t\t\t\t\t\t\t\t\t<\/div>\n\t\t\t\t<\/div>\n\t\t\t<\/div>\n\t\t\t<div class=\"elementor-flip-box__layer elementor-flip-box__back\">\n\t\t\t<div class=\"elementor-flip-box__layer__overlay\">\n\t\t\t\t<div class=\"elementor-flip-box__layer__inner\">\n\t\t\t\t\t\t\t\t\t\t\t<h3 class=\"elementor-flip-box__layer__title\">\n\t\t\t\t\t\t\t<img decoding=\"async\" src=\"\/wp-content\/uploads\/2022\/03\/Arrow-right.png\" width=\"50\"> SOPHIE LECLERC\t\t\t\t\t\t<\/h3>\n\t\t\t\t\t\n\t\t\t\t\t\t\t\t\t\t\t<div class=\"elementor-flip-box__layer__description\">\n\t\t\t\t\t\t\tFrench composer Sophie Leclerc won the eighth edition of the Reina Sofia Prize in Music Composition with \u201cSyzygies\u201d, her debut in the field of orchestral music. Critics point to the influence of great figures such as Boulez, Stockhausen, Nunes and Ferneyhough, to her desire to replicate current trends, and to her competence and confidence in writing music of a great compositional quality.\n\t\t\t\t\t\t<\/div>\n\t\t\t\t\t\n\t\t\t\t\t\t\t\t\t\t\t<a class=\"elementor-flip-box__button elementor-button elementor-size-sm\" href=\"https:\/\/open.spotify.com\/track\/5tzi9z9HJODubCYNR669wE?si=5e78214b2e6249bb&#038;nd=1\" target=\"_blank\">\n\t\t\t\t\t\t\tPLAY \u00abSYZYGIES\u00bb\t\t\t\t\t\t<\/a>\n\t\t\t\t\t\t\t\t<\/div>\n\t\t<\/div>\n\t\t<\/div>\n\t\t<\/div>\n\t\t\t\t\t\t<\/div>\n\t\t\t\t<\/div>\n\t\t\t\t<div class=\"elementor-element elementor-element-3b54647 elementor-flip-box--effect-push random-color-trigger elementor-flip-box--direction-up elementor-widget elementor-widget-flip-box\" data-id=\"3b54647\" data-element_type=\"widget\" data-e-type=\"widget\" data-widget_type=\"flip-box.default\">\n\t\t\t\t<div class=\"elementor-widget-container\">\n\t\t\t\t\t\t\t<div class=\"elementor-flip-box\" tabindex=\"0\">\n\t\t\t<div class=\"elementor-flip-box__layer elementor-flip-box__front\">\n\t\t\t\t<div class=\"elementor-flip-box__layer__overlay\">\n\t\t\t\t\t<div class=\"elementor-flip-box__layer__inner\">\n\t\t\t\t\t\t\n\t\t\t\t\t\t\t\t\t\t\t\t\t<h3 class=\"elementor-flip-box__layer__title\">\n\t\t\t\t\t\t\t\tV Reina Sof\u00eda Prize for Musical Composition\t\t\t\t\t\t\t<\/h3>\n\t\t\t\t\t\t\n\t\t\t\t\t\t\t\t\t\t\t\t\t<div class=\"elementor-flip-box__layer__description\">\n\t\t\t\t\t\t\t\t<img decoding=\"async\" src=\"\/wp-content\/uploads\/2022\/03\/Arrow-right.png\" width=\"50\"> \u00c1NGEL OLIVER PINA\t\t\t\t\t\t\t<\/div>\n\t\t\t\t\t\t\t\t\t\t\t<\/div>\n\t\t\t\t<\/div>\n\t\t\t<\/div>\n\t\t\t<div class=\"elementor-flip-box__layer elementor-flip-box__back\">\n\t\t\t<div class=\"elementor-flip-box__layer__overlay\">\n\t\t\t\t<div class=\"elementor-flip-box__layer__inner\">\n\t\t\t\t\t\t\t\t\t\t\t<h3 class=\"elementor-flip-box__layer__title\">\n\t\t\t\t\t\t\t<img decoding=\"async\" src=\"\/wp-content\/uploads\/2022\/03\/Arrow-right.png\" width=\"50\"> \u00c1NGEL OLIVER PINA\t\t\t\t\t\t<\/h3>\n\t\t\t\t\t\n\t\t\t\t\t\t\t\t\t\t\t<div class=\"elementor-flip-box__layer__description\">\n\t\t\t\t\t\t\tComposer \u00c1ngel Oliver Pina, born in Moyuela in 1937, won the fifth edition of the Reina Sofia Prize in Music Composition with \u201cNunc\u201d. The award\u2019s popularity and reputation serve as a platform to vindicate a figure who until then had gone unnoticed on the national scene.\n\t\t\t\t\t\t<\/div>\n\t\t\t\t\t\n\t\t\t\t\t\t\t\t\t\t\t<a class=\"elementor-flip-box__button elementor-button elementor-size-sm\" href=\"https:\/\/open.spotify.com\/track\/7KlHL84orZKmtuE4QEGIBS?si=7bed6156215c47fe&#038;nd=1\">\n\t\t\t\t\t\t\tPLAY \u00abNUNC\u00bb\t\t\t\t\t\t<\/a>\n\t\t\t\t\t\t\t\t<\/div>\n\t\t<\/div>\n\t\t<\/div>\n\t\t<\/div>\n\t\t\t\t\t\t<\/div>\n\t\t\t\t<\/div>\n\t\t\t\t<div class=\"elementor-element elementor-element-d11b609 elementor-flip-box--effect-push random-color-trigger elementor-flip-box--direction-up elementor-widget elementor-widget-flip-box\" data-id=\"d11b609\" data-element_type=\"widget\" data-e-type=\"widget\" data-widget_type=\"flip-box.default\">\n\t\t\t\t<div class=\"elementor-widget-container\">\n\t\t\t\t\t\t\t<div class=\"elementor-flip-box\" tabindex=\"0\">\n\t\t\t<div class=\"elementor-flip-box__layer elementor-flip-box__front\">\n\t\t\t\t<div class=\"elementor-flip-box__layer__overlay\">\n\t\t\t\t\t<div class=\"elementor-flip-box__layer__inner\">\n\t\t\t\t\t\t\n\t\t\t\t\t\t\t\t\t\t\t\t\t<h3 class=\"elementor-flip-box__layer__title\">\n\t\t\t\t\t\t\t\tII Reina Sof\u00eda Prize for Musical Composition\t\t\t\t\t\t\t<\/h3>\n\t\t\t\t\t\t\n\t\t\t\t\t\t\t\t\t\t\t\t\t<div class=\"elementor-flip-box__layer__description\">\n\t\t\t\t\t\t\t\t<img decoding=\"async\" src=\"\/wp-content\/uploads\/2022\/03\/Arrow-right.png\" width=\"50\"> CLAUDIO PRIETO\t\t\t\t\t\t\t<\/div>\n\t\t\t\t\t\t\t\t\t\t\t<\/div>\n\t\t\t\t<\/div>\n\t\t\t<\/div>\n\t\t\t<div class=\"elementor-flip-box__layer elementor-flip-box__back\">\n\t\t\t<div class=\"elementor-flip-box__layer__overlay\">\n\t\t\t\t<div class=\"elementor-flip-box__layer__inner\">\n\t\t\t\t\t\t\t\t\t\t\t<h3 class=\"elementor-flip-box__layer__title\">\n\t\t\t\t\t\t\t<img decoding=\"async\" src=\"\/wp-content\/uploads\/2022\/03\/Arrow-right.png\" width=\"50\"> CLAUDIO PRIETO\t\t\t\t\t\t<\/h3>\n\t\t\t\t\t\n\t\t\t\t\t\t\t\t\t\t\t<div class=\"elementor-flip-box__layer__description\">\n\t\t\t\t\t\t\tClaudio Prieto, a composer from Palencia, won the second edition of the Prize with Violin Concerto No. 2, directly inspired by Her Majesty Queen Sofia, who every year presents the award. The jury was made up of internationally acclaimed composers, such as Krzysztof Penderecki, Carmelo Bernaola and Joan Guinjoan. In composing the winning piece, Prieto \u201csought to offer a vision of the solo concerto inspired by contemporary language\u201d. \n\t\t\t\t\t\t<\/div>\n\t\t\t\t\t\n\t\t\t\t\t\t\t\t\t\t\t<a class=\"elementor-flip-box__button elementor-button elementor-size-sm\" href=\"https:\/\/open.spotify.com\/track\/4MRSNbcTFDnXtY2Ey7goly?si=473ab06ef0e044d1&#038;nd=1\" target=\"_blank\">\n\t\t\t\t\t\t\tPLAY \u00abCONCIERTO IMAGINATE\u00bb DE CLAUDIO PRIETO\t\t\t\t\t\t<\/a>\n\t\t\t\t\t\t\t\t<\/div>\n\t\t<\/div>\n\t\t<\/div>\n\t\t<\/div>\n\t\t\t\t\t\t<\/div>\n\t\t\t\t<\/div>\n\t\t\t\t\t<\/div>\n\t\t<\/div>\n\t\t\t\t<div class=\"elementor-column elementor-col-33 elementor-top-column elementor-element elementor-element-544b3b1\" data-id=\"544b3b1\" data-element_type=\"column\" data-e-type=\"column\">\n\t\t\t<div class=\"elementor-widget-wrap elementor-element-populated\">\n\t\t\t\t\t\t<div class=\"elementor-element elementor-element-db6cdd5 elementor-flip-box--effect-push random-color-trigger elementor-flip-box--direction-up elementor-widget elementor-widget-flip-box\" data-id=\"db6cdd5\" data-element_type=\"widget\" data-e-type=\"widget\" data-widget_type=\"flip-box.default\">\n\t\t\t\t<div class=\"elementor-widget-container\">\n\t\t\t\t\t\t\t<div class=\"elementor-flip-box\" tabindex=\"0\">\n\t\t\t<div class=\"elementor-flip-box__layer elementor-flip-box__front\">\n\t\t\t\t<div class=\"elementor-flip-box__layer__overlay\">\n\t\t\t\t\t<div class=\"elementor-flip-box__layer__inner\">\n\t\t\t\t\t\t\n\t\t\t\t\t\t\t\t\t\t\t\t\t<h3 class=\"elementor-flip-box__layer__title\">\n\t\t\t\t\t\t\t\tXL Reina Sof\u00eda Prize for Musical Composition\t\t\t\t\t\t\t<\/h3>\n\t\t\t\t\t\t\n\t\t\t\t\t\t\t\t\t\t\t\t\t<div class=\"elementor-flip-box__layer__description\">\n\t\t\t\t\t\t\t\t<img decoding=\"async\" src=\"\/wp-content\/uploads\/2022\/03\/Arrow-right.png\" width=\"50\"> JAVIER QUISLANT GARC\u00cdA\t\t\t\t\t\t\t<\/div>\n\t\t\t\t\t\t\t\t\t\t\t<\/div>\n\t\t\t\t<\/div>\n\t\t\t<\/div>\n\t\t\t<div class=\"elementor-flip-box__layer elementor-flip-box__back\">\n\t\t\t<div class=\"elementor-flip-box__layer__overlay\">\n\t\t\t\t<div class=\"elementor-flip-box__layer__inner\">\n\t\t\t\t\t\t\t\t\t\t\t<h3 class=\"elementor-flip-box__layer__title\">\n\t\t\t\t\t\t\t<img decoding=\"async\" src=\"\/wp-content\/uploads\/2022\/03\/Arrow-right.png\" width=\"50\"> JAVIER QUISLANT GARC\u00cdA\t\t\t\t\t\t<\/h3>\n\t\t\t\t\t\n\t\t\t\t\t\t\t\t\t\t\t<div class=\"elementor-flip-box__layer__description\">\n\t\t\t\t\t\t\tJavier Quislant was born in Bilbao in 1984 and received his first musical training in piano and music theory at the Juan Cris\u00f3stomo de Arriaga Conservatory, in his hometown, under the guidance of Agust\u00edn Vergara, Olatz Ayastui and Carmen Calzada. His first contact with composition was through the analysis courses by composer Maria Eugenia Luc. In 2006, after following Gabriel Erkoreka\u2019s advice, he began to study music composition with composer and conductor Margarita Lorenzo de Reizabal. He moved to Barcelona in 2007, where he studied the bachelor\u2019s degree in Composition with Agust\u00edn Charles at the Escola Superior de M\u00fasica de Catalunya (ESMUC). He also studied under and received advice from composers Mauricio Sotelo and Aureliano Cattaneo. In 2011 he moved to Graz (Austria) to study the master\u2019s degrees in Music Composition and Music Theater Composition under composer Beat Furrer at the Universit\u00e4t f\u00fcr Musik und Darstellende Kunst Graz, finishing both with honors.\n\nIn 2016 he took part in the ManiFeste Festival, in Paris, organized by the IRCAM, with the works \u201cIn praesentia\u201d and \u201cTwo pieces for orchestra\u201d, premiered by the Ensemble Intercontemporain and the Orchestre Philharmonique de Radio France. In 2017 he made his debut at the Wien Modern festival (Vienna) and obtained the Musikf\u00f6rderungs Preis der Stadt Graz (Composition Prize of the City of Graz). In 2018 he was awarded the Music Composition Prize of the Colegio de Espa\u00f1a en Par\u00eds y del INAEM; and his first chamber opera, \u201cMirada antigua (Stimmtheater \u2013 teatro de la voz)\u201d was premiered within the Oper der Zukunft (opera of the future) project, sponsored by the Graz Opera and the Kunst Universit\u00e4t Graz.\nIn 2019, AEOS and the SGAE Foundation commissioned the composition of \u201cTiempo silente\u201d, which premiered in April 2022, the season of the Bilbao Symphony Orchestra\u2019s (Bilbao Orkestra Sinfonikoa BOS) 100th anniversary, under the baton of Erik Nielsen. In 2020, \u201cEntra la aurora en el jard\u00edn\u201d, a work commissioned by the ensemble recherche (Freiburg, Germany) and the Frakzionen Festival, was premiered and received the Franz Schubert und die Musik der Moderne composition prize (Graz, Austria).\n\nIn 2020, he was selected as a music fellow by the Real Academia de Espa\u00f1a en Roma and received the 2020 Leonardo Grant for Cultural Creators and Researchers awarded by the BBVA Foundation. Working on both projects at the same time, for Rome he composed \u201cSinuoso tiempo. Ciclo para cuarteto de cuerda\u201d, premiered by the string quartet of the Klangforum Wien; and for the Leonardo Grant he composed \u201cEspacio en penumbra (tres obras para ensemble)\u201d, which premiered at the ORF Radiokulturhaus (Vienna), also performed by the Klangforum Wien under the baton of Bas Wiegers. The Sociedad Filarm\u00f3nica de Badajoz and the Centro Nacional de Difusi\u00f3n Musical\/INAEM commissioned the work \u201cAn der Schwelle\u201d, performed by the Ensemble LUX:NM (Berlin) for the first time in October 2021, within the XII Ciclo de M\u00fasica Actual de Badajoz and the CNDM season, in the Auditorium 400 of the Museo Reina Sof\u00eda.\n\nOne of his main artistic interests is to explore sound in relation to literature and film.\t\t\t\t\t\t<\/div>\n\t\t\t\t\t\n\t\t\t\t\t\t\t\t<\/div>\n\t\t<\/div>\n\t\t<\/div>\n\t\t<\/div>\n\t\t\t\t\t\t<\/div>\n\t\t\t\t<\/div>\n\t\t\t\t<div class=\"elementor-element elementor-element-540b4b5 elementor-flip-box--effect-push random-color-trigger elementor-flip-box--direction-up elementor-widget elementor-widget-flip-box\" data-id=\"540b4b5\" data-element_type=\"widget\" data-e-type=\"widget\" data-widget_type=\"flip-box.default\">\n\t\t\t\t<div class=\"elementor-widget-container\">\n\t\t\t\t\t\t\t<div class=\"elementor-flip-box\" tabindex=\"0\">\n\t\t\t<div class=\"elementor-flip-box__layer elementor-flip-box__front\">\n\t\t\t\t<div class=\"elementor-flip-box__layer__overlay\">\n\t\t\t\t\t<div class=\"elementor-flip-box__layer__inner\">\n\t\t\t\t\t\t\n\t\t\t\t\t\t\t\t\t\t\t\t\t<h3 class=\"elementor-flip-box__layer__title\">\n\t\t\t\t\t\t\t\tXXXVII Reina Sof\u00eda Prize for Musical Composition\t\t\t\t\t\t\t<\/h3>\n\t\t\t\t\t\t\n\t\t\t\t\t\t\t\t\t\t\t\t\t<div class=\"elementor-flip-box__layer__description\">\n\t\t\t\t\t\t\t\t<img decoding=\"async\" src=\"\/wp-content\/uploads\/2022\/03\/Arrow-right.png\" width=\"50\"> CARLOS FONTCUBERTA\t\t\t\t\t\t\t<\/div>\n\t\t\t\t\t\t\t\t\t\t\t<\/div>\n\t\t\t\t<\/div>\n\t\t\t<\/div>\n\t\t\t<div class=\"elementor-flip-box__layer elementor-flip-box__back\">\n\t\t\t<div class=\"elementor-flip-box__layer__overlay\">\n\t\t\t\t<div class=\"elementor-flip-box__layer__inner\">\n\t\t\t\t\t\t\t\t\t\t\t<h3 class=\"elementor-flip-box__layer__title\">\n\t\t\t\t\t\t\t<img decoding=\"async\" src=\"\/wp-content\/uploads\/2022\/03\/Arrow-right.png\" width=\"50\"> CARLOS FONTCUBERTA\t\t\t\t\t\t<\/h3>\n\t\t\t\t\t\n\t\t\t\t\t\t\t\t\t\t\t<div class=\"elementor-flip-box__layer__description\">\n\t\t\t\t\t\t\tValencian composer Carlos Fontcuberta won the Reina Sofia Prize in Music Composition with \u201cTrencad\u00eds\u201d, selected by a jury made up of Ananda Sukarlan, Fabi\u00e1n Panisello, Polo Vallejo, Juan Cruz-Guevara and Jes\u00fas Rueda. Fontcuberta studied under Ram\u00f3n Ramos, G\u00e9rard Pesson and J. Manuel L\u00f3pez L\u00f3pez. He had previously been awarded prizes such as the J\u00f3venes Compositores Fundaci\u00f3n Autor-CNDM, among others. He has worked as a resident composer of the Jove Orquestra de la Generalitat Valenciana and his works have been performed by the Radio France Philharmonic Orchestra, the Lorraine National Orchestra and the Ensemble l\u2019Itin\u00e9raire.\t\t\t\t\t\t<\/div>\n\t\t\t\t\t\n\t\t\t\t\t\t\t\t<\/div>\n\t\t<\/div>\n\t\t<\/div>\n\t\t<\/div>\n\t\t\t\t\t\t<\/div>\n\t\t\t\t<\/div>\n\t\t\t\t<div class=\"elementor-element elementor-element-9050753 elementor-flip-box--effect-push random-color-trigger elementor-flip-box--direction-up elementor-widget elementor-widget-flip-box\" data-id=\"9050753\" data-element_type=\"widget\" data-e-type=\"widget\" data-widget_type=\"flip-box.default\">\n\t\t\t\t<div class=\"elementor-widget-container\">\n\t\t\t\t\t\t\t<div class=\"elementor-flip-box\" tabindex=\"0\">\n\t\t\t<div class=\"elementor-flip-box__layer elementor-flip-box__front\">\n\t\t\t\t<div class=\"elementor-flip-box__layer__overlay\">\n\t\t\t\t\t<div class=\"elementor-flip-box__layer__inner\">\n\t\t\t\t\t\t\n\t\t\t\t\t\t\t\t\t\t\t\t\t<h3 class=\"elementor-flip-box__layer__title\">\n\t\t\t\t\t\t\t\tXXXIV Reina Sof\u00eda Prize for Musical Composition\t\t\t\t\t\t\t<\/h3>\n\t\t\t\t\t\t\n\t\t\t\t\t\t\t\t\t\t\t\t\t<div class=\"elementor-flip-box__layer__description\">\n\t\t\t\t\t\t\t\t<img decoding=\"async\" src=\"\/wp-content\/uploads\/2022\/03\/Arrow-right.png\" width=\"50\"> ANTONIO LAUZURIKA\t\t\t\t\t\t\t<\/div>\n\t\t\t\t\t\t\t\t\t\t\t<\/div>\n\t\t\t\t<\/div>\n\t\t\t<\/div>\n\t\t\t<div class=\"elementor-flip-box__layer elementor-flip-box__back\">\n\t\t\t<div class=\"elementor-flip-box__layer__overlay\">\n\t\t\t\t<div class=\"elementor-flip-box__layer__inner\">\n\t\t\t\t\t\t\t\t\t\t\t<h3 class=\"elementor-flip-box__layer__title\">\n\t\t\t\t\t\t\t<img decoding=\"async\" src=\"\/wp-content\/uploads\/2022\/03\/Arrow-right.png\" width=\"50\"> ANTONIO LAUZURIKA\t\t\t\t\t\t<\/h3>\n\t\t\t\t\t\n\t\t\t\t\t\t\t\t\t\t\t<div class=\"elementor-flip-box__layer__description\">\n\t\t\t\t\t\t\tComposer Antonio Lauzurika won the Reina Sofia Prize in Music Composition with \u201cTres espacios luminosos\u201d, selected by a jury made up of Nadir Vassena, Fabrizio Festa, Francisco Mart\u00edn Quintero, Jes\u00fas Rueda and Pedro Halffer. Lauzurika\u2019s works have been performed at the National Auditorium in Madrid, the March Foundation and the Reina Sofia Museum, as well as at the Milan Auditorium and the Carnegie Hall in New York.\t\t\t\t\t\t<\/div>\n\t\t\t\t\t\n\t\t\t\t\t\t\t\t\t\t\t<a class=\"elementor-flip-box__button elementor-button elementor-size-sm\" href=\"https:\/\/open.spotify.com\/track\/1z0Didoh1FqpKKJB852Pj7?si=788d8d03a2254b93&#038;nd=1\" target=\"_blank\">\n\t\t\t\t\t\t\tPLAY \u00abTRES ESPACIOS LUMINOSOS\u00bb\t\t\t\t\t\t<\/a>\n\t\t\t\t\t\t\t\t<\/div>\n\t\t<\/div>\n\t\t<\/div>\n\t\t<\/div>\n\t\t\t\t\t\t<\/div>\n\t\t\t\t<\/div>\n\t\t\t\t<div class=\"elementor-element elementor-element-7585d6d elementor-flip-box--effect-push random-color-trigger elementor-flip-box--direction-up elementor-widget elementor-widget-flip-box\" data-id=\"7585d6d\" data-element_type=\"widget\" data-e-type=\"widget\" data-widget_type=\"flip-box.default\">\n\t\t\t\t<div class=\"elementor-widget-container\">\n\t\t\t\t\t\t\t<div class=\"elementor-flip-box\" tabindex=\"0\">\n\t\t\t<div class=\"elementor-flip-box__layer elementor-flip-box__front\">\n\t\t\t\t<div class=\"elementor-flip-box__layer__overlay\">\n\t\t\t\t\t<div class=\"elementor-flip-box__layer__inner\">\n\t\t\t\t\t\t\n\t\t\t\t\t\t\t\t\t\t\t\t\t<h3 class=\"elementor-flip-box__layer__title\">\n\t\t\t\t\t\t\t\tXXXI Reina Sof\u00eda Prize for Musical Composition\t\t\t\t\t\t\t<\/h3>\n\t\t\t\t\t\t\n\t\t\t\t\t\t\t\t\t\t\t\t\t<div class=\"elementor-flip-box__layer__description\">\n\t\t\t\t\t\t\t\t<img decoding=\"async\" src=\"\/wp-content\/uploads\/2022\/03\/Arrow-right.png\" width=\"50\"> JOAN MAGRAN\u00c9\t\t\t\t\t\t\t<\/div>\n\t\t\t\t\t\t\t\t\t\t\t<\/div>\n\t\t\t\t<\/div>\n\t\t\t<\/div>\n\t\t\t<div class=\"elementor-flip-box__layer elementor-flip-box__back\">\n\t\t\t<div class=\"elementor-flip-box__layer__overlay\">\n\t\t\t\t<div class=\"elementor-flip-box__layer__inner\">\n\t\t\t\t\t\t\t\t\t\t\t<h3 class=\"elementor-flip-box__layer__title\">\n\t\t\t\t\t\t\t<img decoding=\"async\" src=\"\/wp-content\/uploads\/2022\/03\/Arrow-right.png\" width=\"50\"> JOAN MAGRAN\u00c9\t\t\t\t\t\t<\/h3>\n\t\t\t\t\t\n\t\t\t\t\t\t\t\t\t\t\t<div class=\"elementor-flip-box__layer__description\">\n\t\t\t\t\t\t\tCatalan composer Joan Magran\u00e9 won the Reina Sofia Prize in Music Composition with \u00abSecreta desolaci\u00f3n\u00bb. Magran\u00e9 trained as a composer with Ramon Humet and Agust\u00ed Charles (both winners of the Reina Sofia Prize), Beat Furrer and Stefano Gervasoni. He was previously awarded in the Franz Josef Reinl-Stiftung competition in Vienna and received a prize from the Ministry of Youth in Udine.\n\t\t\t\t\t\t<\/div>\n\t\t\t\t\t\n\t\t\t\t\t\t\t\t\t\t\t<a class=\"elementor-flip-box__button elementor-button elementor-size-sm\" href=\"https:\/\/open.spotify.com\/track\/05xasYG4iOl4mfbvkNy6Jc?si=83e3b0c0044940ec&#038;nd=1\" target=\"_blank\">\n\t\t\t\t\t\t\tPLAY \u00abSECRETA DESOLACI\u00d3N\u00bb\t\t\t\t\t\t<\/a>\n\t\t\t\t\t\t\t\t<\/div>\n\t\t<\/div>\n\t\t<\/div>\n\t\t<\/div>\n\t\t\t\t\t\t<\/div>\n\t\t\t\t<\/div>\n\t\t\t\t<div class=\"elementor-element elementor-element-1847bbb elementor-flip-box--effect-push random-color-trigger elementor-flip-box--direction-up elementor-widget elementor-widget-flip-box\" data-id=\"1847bbb\" data-element_type=\"widget\" data-e-type=\"widget\" data-widget_type=\"flip-box.default\">\n\t\t\t\t<div class=\"elementor-widget-container\">\n\t\t\t\t\t\t\t<div class=\"elementor-flip-box\" tabindex=\"0\">\n\t\t\t<div class=\"elementor-flip-box__layer elementor-flip-box__front\">\n\t\t\t\t<div class=\"elementor-flip-box__layer__overlay\">\n\t\t\t\t\t<div class=\"elementor-flip-box__layer__inner\">\n\t\t\t\t\t\t\n\t\t\t\t\t\t\t\t\t\t\t\t\t<h3 class=\"elementor-flip-box__layer__title\">\n\t\t\t\t\t\t\t\tXXVIII Reina Sof\u00eda Prize for Musical Composition\t\t\t\t\t\t\t<\/h3>\n\t\t\t\t\t\t\n\t\t\t\t\t\t\t\t\t\t\t\t\t<div class=\"elementor-flip-box__layer__description\">\n\t\t\t\t\t\t\t\t<img decoding=\"async\" src=\"\/wp-content\/uploads\/2022\/03\/Arrow-right.png\" width=\"50\"> HERMES LUACES\t\t\t\t\t\t\t<\/div>\n\t\t\t\t\t\t\t\t\t\t\t<\/div>\n\t\t\t\t<\/div>\n\t\t\t<\/div>\n\t\t\t<div class=\"elementor-flip-box__layer elementor-flip-box__back\">\n\t\t\t<div class=\"elementor-flip-box__layer__overlay\">\n\t\t\t\t<div class=\"elementor-flip-box__layer__inner\">\n\t\t\t\t\t\t\t\t\t\t\t<h3 class=\"elementor-flip-box__layer__title\">\n\t\t\t\t\t\t\t<img decoding=\"async\" src=\"\/wp-content\/uploads\/2022\/03\/Arrow-right.png\" width=\"50\"> HERMES LUACES\t\t\t\t\t\t<\/h3>\n\t\t\t\t\t\n\t\t\t\t\t\t\t\t\t\t\t<div class=\"elementor-flip-box__layer__description\">\n\t\t\t\t\t\t\tHermes Luaces, a composer from Madrid, won the twenty-eighth Reina Sofia Prize in Music Composition with \u201cAgujeros negros\u201d. The jury was made up of Jos\u00e9 Luis Turina, Carlos Gal\u00e1n, Steingrimur Rohloff, Giovanni Bonato and Jes\u00fas Rueda. Luaces studied under Mauricio Sotelo, Jos\u00e9 Luis Del\u00e1s, Philippe Hurel, Kaija Saariaho and Salvatore Sciarrino, among others.\t\t\t\t\t\t<\/div>\n\t\t\t\t\t\n\t\t\t\t\t\t\t\t\t\t\t<a class=\"elementor-flip-box__button elementor-button elementor-size-sm\" href=\"https:\/\/open.spotify.com\/track\/0hsXnRxPLfkyDM4Erg1je5?si=886093f97070427f&#038;nd=1\">\n\t\t\t\t\t\t\tPLAY \u00abAGUJEROS NEGROS\u00bb\t\t\t\t\t\t<\/a>\n\t\t\t\t\t\t\t\t<\/div>\n\t\t<\/div>\n\t\t<\/div>\n\t\t<\/div>\n\t\t\t\t\t\t<\/div>\n\t\t\t\t<\/div>\n\t\t\t\t<div class=\"elementor-element elementor-element-8487de3 elementor-flip-box--effect-push random-color-trigger elementor-flip-box--direction-up elementor-widget elementor-widget-flip-box\" data-id=\"8487de3\" data-element_type=\"widget\" data-e-type=\"widget\" data-widget_type=\"flip-box.default\">\n\t\t\t\t<div class=\"elementor-widget-container\">\n\t\t\t\t\t\t\t<div class=\"elementor-flip-box\" tabindex=\"0\">\n\t\t\t<div class=\"elementor-flip-box__layer elementor-flip-box__front\">\n\t\t\t\t<div class=\"elementor-flip-box__layer__overlay\">\n\t\t\t\t\t<div class=\"elementor-flip-box__layer__inner\">\n\t\t\t\t\t\t\n\t\t\t\t\t\t\t\t\t\t\t\t\t<h3 class=\"elementor-flip-box__layer__title\">\n\t\t\t\t\t\t\t\tXXV Reina Sof\u00eda Prize for Musical Composition\t\t\t\t\t\t\t<\/h3>\n\t\t\t\t\t\t\n\t\t\t\t\t\t\t\t\t\t\t\t\t<div class=\"elementor-flip-box__layer__description\">\n\t\t\t\t\t\t\t\t<img decoding=\"async\" src=\"\/wp-content\/uploads\/2022\/03\/Arrow-right.png\" width=\"50\"> GABRIEL ERKOREKA\t\t\t\t\t\t\t<\/div>\n\t\t\t\t\t\t\t\t\t\t\t<\/div>\n\t\t\t\t<\/div>\n\t\t\t<\/div>\n\t\t\t<div class=\"elementor-flip-box__layer elementor-flip-box__back\">\n\t\t\t<div class=\"elementor-flip-box__layer__overlay\">\n\t\t\t\t<div class=\"elementor-flip-box__layer__inner\">\n\t\t\t\t\t\t\t\t\t\t\t<h3 class=\"elementor-flip-box__layer__title\">\n\t\t\t\t\t\t\t<img decoding=\"async\" src=\"\/wp-content\/uploads\/2022\/03\/Arrow-right.png\" width=\"50\"> GABRIEL ERKOREKA\t\t\t\t\t\t<\/h3>\n\t\t\t\t\t\n\t\t\t\t\t\t\t\t\t\t\t<div class=\"elementor-flip-box__layer__description\">\n\t\t\t\t\t\t\tBasque composer Gabriel Erkoreka won the twenty-fifth Reina Sofia Prize in Music Composition with \u201cFuegos para orquesta\u201d, selected by a jury made up of Ant\u00f3n Garc\u00eda Abril, Joan Cerver\u00f3, David del Puerto, Benet Casablancas and Jes\u00fas Rueda. Erkoreka is an honorary member of the Royal Academy of Music in London, and his work was chosen out of the more than 140 scores submitted to the competition.\t\t\t\t\t\t<\/div>\n\t\t\t\t\t\n\t\t\t\t\t\t\t\t\t\t\t<a class=\"elementor-flip-box__button elementor-button elementor-size-sm\" href=\"https:\/\/open.spotify.com\/track\/4CMtgA7dwUDJ0CTHSeAgY4?si=361b3296a7844767&#038;nd=1\" target=\"_blank\">\n\t\t\t\t\t\t\tPLAY \u00abFUEGOS\u00bb\t\t\t\t\t\t<\/a>\n\t\t\t\t\t\t\t\t<\/div>\n\t\t<\/div>\n\t\t<\/div>\n\t\t<\/div>\n\t\t\t\t\t\t<\/div>\n\t\t\t\t<\/div>\n\t\t\t\t<div class=\"elementor-element elementor-element-a4d401c elementor-flip-box--effect-push random-color-trigger elementor-flip-box--direction-up elementor-widget elementor-widget-flip-box\" data-id=\"a4d401c\" data-element_type=\"widget\" data-e-type=\"widget\" data-widget_type=\"flip-box.default\">\n\t\t\t\t<div class=\"elementor-widget-container\">\n\t\t\t\t\t\t\t<div class=\"elementor-flip-box\" tabindex=\"0\">\n\t\t\t<div class=\"elementor-flip-box__layer elementor-flip-box__front\">\n\t\t\t\t<div class=\"elementor-flip-box__layer__overlay\">\n\t\t\t\t\t<div class=\"elementor-flip-box__layer__inner\">\n\t\t\t\t\t\t\n\t\t\t\t\t\t\t\t\t\t\t\t\t<h3 class=\"elementor-flip-box__layer__title\">\n\t\t\t\t\t\t\t\tXXII Reina Sof\u00eda Prize for Musical Composition\t\t\t\t\t\t\t<\/h3>\n\t\t\t\t\t\t\n\t\t\t\t\t\t\t\t\t\t\t\t\t<div class=\"elementor-flip-box__layer__description\">\n\t\t\t\t\t\t\t\t<img decoding=\"async\" src=\"\/wp-content\/uploads\/2022\/03\/Arrow-right.png\" width=\"50\"> DANIELE GASPARINI\t\t\t\t\t\t\t<\/div>\n\t\t\t\t\t\t\t\t\t\t\t<\/div>\n\t\t\t\t<\/div>\n\t\t\t<\/div>\n\t\t\t<div class=\"elementor-flip-box__layer elementor-flip-box__back\">\n\t\t\t<div class=\"elementor-flip-box__layer__overlay\">\n\t\t\t\t<div class=\"elementor-flip-box__layer__inner\">\n\t\t\t\t\t\t\t\t\t\t\t<h3 class=\"elementor-flip-box__layer__title\">\n\t\t\t\t\t\t\t<img decoding=\"async\" src=\"\/wp-content\/uploads\/2022\/03\/Arrow-right.png\" width=\"50\"> DANIELE GASPARINI\t\t\t\t\t\t<\/h3>\n\t\t\t\t\t\n\t\t\t\t\t\t\t\t\t\t\t<div class=\"elementor-flip-box__layer__description\">\n\t\t\t\t\t\t\tComposer Daniele Gasparini won the Reina Sofia Prize in Music Composition with \u201cMyselves Passacaglia\u201d, based on a poem by Dylan Thomas. The jury, made up of Massimo Botter, Miguel \u00c1ngel Coria, Mar\u00eda Luisa Machado, Mar\u00eda Luisa Cantos and Jes\u00fas Villa Rojo, consider Gasparini to be a brilliant composer. Many critics believe he\u2019s a young prodigy, who at the age of twenty is already conducting. Gasparini was a student under Aurelio Sapori, and, according to the president of the jury, \u201cMyselves Passacaglia\u201d is a \u201ca dramatic piece that reaches the depths of the soul\u201d.\t\t\t\t\t\t<\/div>\n\t\t\t\t\t\n\t\t\t\t\t\t\t\t\t\t\t<a class=\"elementor-flip-box__button elementor-button elementor-size-sm\" href=\"https:\/\/open.spotify.com\/track\/0hMEpmlD5BoaFQMxO491Zo?si=973f8c4aeff74025&#038;nd=1\" target=\"_blank\">\n\t\t\t\t\t\t\tPLAY \u00abMYSELVES PASSACAGLIA\u00bb\t\t\t\t\t\t<\/a>\n\t\t\t\t\t\t\t\t<\/div>\n\t\t<\/div>\n\t\t<\/div>\n\t\t<\/div>\n\t\t\t\t\t\t<\/div>\n\t\t\t\t<\/div>\n\t\t\t\t<div class=\"elementor-element elementor-element-2924557 elementor-flip-box--effect-push random-color-trigger elementor-flip-box--direction-up elementor-widget elementor-widget-flip-box\" data-id=\"2924557\" data-element_type=\"widget\" data-e-type=\"widget\" data-widget_type=\"flip-box.default\">\n\t\t\t\t<div class=\"elementor-widget-container\">\n\t\t\t\t\t\t\t<div class=\"elementor-flip-box\" tabindex=\"0\">\n\t\t\t<div class=\"elementor-flip-box__layer elementor-flip-box__front\">\n\t\t\t\t<div class=\"elementor-flip-box__layer__overlay\">\n\t\t\t\t\t<div class=\"elementor-flip-box__layer__inner\">\n\t\t\t\t\t\t\n\t\t\t\t\t\t\t\t\t\t\t\t\t<h3 class=\"elementor-flip-box__layer__title\">\n\t\t\t\t\t\t\t\tXIX Reina Sof\u00eda Prize for Musical Composition\t\t\t\t\t\t\t<\/h3>\n\t\t\t\t\t\t\n\t\t\t\t\t\t\t\t\t\t\t\t\t<div class=\"elementor-flip-box__layer__description\">\n\t\t\t\t\t\t\t\t<img decoding=\"async\" src=\"\/wp-content\/uploads\/2022\/03\/Arrow-right.png\" width=\"50\"> GONZALO DE OLAVIDE\t\t\t\t\t\t\t<\/div>\n\t\t\t\t\t\t\t\t\t\t\t<\/div>\n\t\t\t\t<\/div>\n\t\t\t<\/div>\n\t\t\t<div class=\"elementor-flip-box__layer elementor-flip-box__back\">\n\t\t\t<div class=\"elementor-flip-box__layer__overlay\">\n\t\t\t\t<div class=\"elementor-flip-box__layer__inner\">\n\t\t\t\t\t\t\t\t\t\t\t<h3 class=\"elementor-flip-box__layer__title\">\n\t\t\t\t\t\t\t<img decoding=\"async\" src=\"\/wp-content\/uploads\/2022\/03\/Arrow-right.png\" width=\"50\"> GONZALO DE OLAVIDE\t\t\t\t\t\t<\/h3>\n\t\t\t\t\t\n\t\t\t\t\t\t\t\t\t\t\t<div class=\"elementor-flip-box__layer__description\">\n\t\t\t\t\t\t\tGonzalo de Olavide, a composer from Madrid, won the nineteenth edition of the Reina Sofia Prize in Music Composition with \u201cSine die\u201d. According to the jury, the piece is \u201ca valuable contribution to Spanish culture that substantially enriches the music of our time\u201d. Olavide was a student at the Darmstadt School, together with Boulez, Ligeti, Berio and Stockhausen. Critics see Olavide's music as a model of commitment to authenticity and artistic independence. Previously, Olavide had won the National Music Award.\t\t\t\t\t\t<\/div>\n\t\t\t\t\t\n\t\t\t\t\t\t\t\t\t\t\t<a class=\"elementor-flip-box__button elementor-button elementor-size-sm\" href=\"https:\/\/open.spotify.com\/track\/54YeHgpsWga9yPppVpUuzl?si=bcf07fad8d8b4948&#038;nd=1\" target=\"_blank\">\n\t\t\t\t\t\t\tPLAY \u00abSINE DIE\u00bb\t\t\t\t\t\t<\/a>\n\t\t\t\t\t\t\t\t<\/div>\n\t\t<\/div>\n\t\t<\/div>\n\t\t<\/div>\n\t\t\t\t\t\t<\/div>\n\t\t\t\t<\/div>\n\t\t\t\t<div class=\"elementor-element elementor-element-13151ea elementor-flip-box--effect-push random-color-trigger elementor-flip-box--direction-up elementor-widget elementor-widget-flip-box\" data-id=\"13151ea\" data-element_type=\"widget\" data-e-type=\"widget\" data-widget_type=\"flip-box.default\">\n\t\t\t\t<div class=\"elementor-widget-container\">\n\t\t\t\t\t\t\t<div class=\"elementor-flip-box\" tabindex=\"0\">\n\t\t\t<div class=\"elementor-flip-box__layer elementor-flip-box__front\">\n\t\t\t\t<div class=\"elementor-flip-box__layer__overlay\">\n\t\t\t\t\t<div class=\"elementor-flip-box__layer__inner\">\n\t\t\t\t\t\t\n\t\t\t\t\t\t\t\t\t\t\t\t\t<h3 class=\"elementor-flip-box__layer__title\">\n\t\t\t\t\t\t\t\tXVI Reina Sof\u00eda Prize for Musical Composition\t\t\t\t\t\t\t<\/h3>\n\t\t\t\t\t\t\n\t\t\t\t\t\t\t\t\t\t\t\t\t<div class=\"elementor-flip-box__layer__description\">\n\t\t\t\t\t\t\t\t<img decoding=\"async\" src=\"\/wp-content\/uploads\/2022\/03\/Arrow-right.png\" width=\"50\"> JAVIER SANTACREU\t\t\t\t\t\t\t<\/div>\n\t\t\t\t\t\t\t\t\t\t\t<\/div>\n\t\t\t\t<\/div>\n\t\t\t<\/div>\n\t\t\t<div class=\"elementor-flip-box__layer elementor-flip-box__back\">\n\t\t\t<div class=\"elementor-flip-box__layer__overlay\">\n\t\t\t\t<div class=\"elementor-flip-box__layer__inner\">\n\t\t\t\t\t\t\t\t\t\t\t<h3 class=\"elementor-flip-box__layer__title\">\n\t\t\t\t\t\t\t<img decoding=\"async\" src=\"\/wp-content\/uploads\/2022\/03\/Arrow-right.png\" width=\"50\"> JAVIER SANTACREU\t\t\t\t\t\t<\/h3>\n\t\t\t\t\t\n\t\t\t\t\t\t\t\t\t\t\t<div class=\"elementor-flip-box__layer__description\">\n\t\t\t\t\t\t\tComposer Javier Santacreu won the sixteenth edition of the Reina Sofia Prize with \u201cOniris\u201d, an impeccably written work, with great command of structure, and music never running out of energy and vitality.\n\t\t\t\t\t\t<\/div>\n\t\t\t\t\t\n\t\t\t\t\t\t\t\t\t\t\t<a class=\"elementor-flip-box__button elementor-button elementor-size-sm\" href=\"https:\/\/open.spotify.com\/track\/2M0ZOfoLyNqWXf7REd6rTI?si=ed03d73f2b3441c7&#038;nd=1\" target=\"_blank\">\n\t\t\t\t\t\t\tPLAY \u00abONIRIS\u00bb\t\t\t\t\t\t<\/a>\n\t\t\t\t\t\t\t\t<\/div>\n\t\t<\/div>\n\t\t<\/div>\n\t\t<\/div>\n\t\t\t\t\t\t<\/div>\n\t\t\t\t<\/div>\n\t\t\t\t<div class=\"elementor-element elementor-element-2dd7082 elementor-flip-box--effect-push random-color-trigger elementor-flip-box--direction-up elementor-widget elementor-widget-flip-box\" data-id=\"2dd7082\" data-element_type=\"widget\" data-e-type=\"widget\" data-widget_type=\"flip-box.default\">\n\t\t\t\t<div class=\"elementor-widget-container\">\n\t\t\t\t\t\t\t<div class=\"elementor-flip-box\" tabindex=\"0\">\n\t\t\t<div class=\"elementor-flip-box__layer elementor-flip-box__front\">\n\t\t\t\t<div class=\"elementor-flip-box__layer__overlay\">\n\t\t\t\t\t<div class=\"elementor-flip-box__layer__inner\">\n\t\t\t\t\t\t\n\t\t\t\t\t\t\t\t\t\t\t\t\t<h3 class=\"elementor-flip-box__layer__title\">\n\t\t\t\t\t\t\t\tXIII Reina Sof\u00eda Prize for Musical Composition\t\t\t\t\t\t\t<\/h3>\n\t\t\t\t\t\t\n\t\t\t\t\t\t\t\t\t\t\t\t\t<div class=\"elementor-flip-box__layer__description\">\n\t\t\t\t\t\t\t\t<img decoding=\"async\" src=\"\/wp-content\/uploads\/2022\/03\/Arrow-right.png\" width=\"50\"> ALEJANDRO CIVILOTTI\t\t\t\t\t\t\t<\/div>\n\t\t\t\t\t\t\t\t\t\t\t<\/div>\n\t\t\t\t<\/div>\n\t\t\t<\/div>\n\t\t\t<div class=\"elementor-flip-box__layer elementor-flip-box__back\">\n\t\t\t<div class=\"elementor-flip-box__layer__overlay\">\n\t\t\t\t<div class=\"elementor-flip-box__layer__inner\">\n\t\t\t\t\t\t\t\t\t\t\t<h3 class=\"elementor-flip-box__layer__title\">\n\t\t\t\t\t\t\t<img decoding=\"async\" src=\"\/wp-content\/uploads\/2022\/03\/Arrow-right.png\" width=\"50\"> ALEJANDRO CIVILOTTI\t\t\t\t\t\t<\/h3>\n\t\t\t\t\t\n\t\t\t\t\t\t\t\t\t\t\t<div class=\"elementor-flip-box__layer__description\">\n\t\t\t\t\t\t\tComposer Alejandro Civilotti won the Reina Sofia Prize in Music Composition with \u201cCinco grabados para orquesta\u201d. Civilotti, born in Argentina and professionally settled in Barcelona, was trained by Enrique Gerardi, a student of prestigious composers such as Alberto Ginastera and Nadia Boulanger. In Barcelona, Civilotti studied under Josep Soler and Joan Guinjoan, the winner of the first edition of the Prize. In addition to the Reina Sofia Prize, he has been awarded the Juventudes Musicales Prize, the Ciutat de Barcelona Prize and the Casa de las Am\u00e9ricas Prize.\t\t\t\t\t\t<\/div>\n\t\t\t\t\t\n\t\t\t\t\t\t\t\t\t\t\t<a class=\"elementor-flip-box__button elementor-button elementor-size-sm\" href=\"https:\/\/open.spotify.com\/track\/3eXmGPSiF0cZ8vxcYqZmW8?si=e45bf0846fe040ac&#038;nd=1\" target=\"_blank\">\n\t\t\t\t\t\t\tPLAY \u00abCINCO GRABADOS PARA ORQUESTA\u00bb\t\t\t\t\t\t<\/a>\n\t\t\t\t\t\t\t\t<\/div>\n\t\t<\/div>\n\t\t<\/div>\n\t\t<\/div>\n\t\t\t\t\t\t<\/div>\n\t\t\t\t<\/div>\n\t\t\t\t<div class=\"elementor-element elementor-element-4fdbb7a elementor-flip-box--effect-push random-color-trigger elementor-flip-box--direction-up elementor-widget elementor-widget-flip-box\" data-id=\"4fdbb7a\" data-element_type=\"widget\" data-e-type=\"widget\" data-widget_type=\"flip-box.default\">\n\t\t\t\t<div class=\"elementor-widget-container\">\n\t\t\t\t\t\t\t<div class=\"elementor-flip-box\" tabindex=\"0\">\n\t\t\t<div class=\"elementor-flip-box__layer elementor-flip-box__front\">\n\t\t\t\t<div class=\"elementor-flip-box__layer__overlay\">\n\t\t\t\t\t<div class=\"elementor-flip-box__layer__inner\">\n\t\t\t\t\t\t\n\t\t\t\t\t\t\t\t\t\t\t\t\t<h3 class=\"elementor-flip-box__layer__title\">\n\t\t\t\t\t\t\t\tX Reina Sof\u00eda Prize for Musical Composition\t\t\t\t\t\t\t<\/h3>\n\t\t\t\t\t\t\n\t\t\t\t\t\t\t\t\t\t\t\t\t<div class=\"elementor-flip-box__layer__description\">\n\t\t\t\t\t\t\t\t<img decoding=\"async\" src=\"\/wp-content\/uploads\/2022\/03\/Arrow-right.png\" width=\"50\"> XAVIER MONTSALVATGE\t\t\t\t\t\t\t<\/div>\n\t\t\t\t\t\t\t\t\t\t\t<\/div>\n\t\t\t\t<\/div>\n\t\t\t<\/div>\n\t\t\t<div class=\"elementor-flip-box__layer elementor-flip-box__back\">\n\t\t\t<div class=\"elementor-flip-box__layer__overlay\">\n\t\t\t\t<div class=\"elementor-flip-box__layer__inner\">\n\t\t\t\t\t\t\t\t\t\t\t<h3 class=\"elementor-flip-box__layer__title\">\n\t\t\t\t\t\t\t<img decoding=\"async\" src=\"\/wp-content\/uploads\/2022\/03\/Arrow-right.png\" width=\"50\"> XAVIER MONTSALVATGE\t\t\t\t\t\t<\/h3>\n\t\t\t\t\t\n\t\t\t\t\t\t\t\t\t\t\t<div class=\"elementor-flip-box__layer__description\">\n\t\t\t\t\t\t\tThe Reina Sofia Prize in Music Composition was declared vacant, and the jury decided to reward composer Xavier Montsalvatge in recognition of his career.\n\t\t\t\t\t\t<\/div>\n\t\t\t\t\t\n\t\t\t\t\t\t\t\t\t\t\t<a class=\"elementor-flip-box__button elementor-button elementor-size-sm\" href=\"https:\/\/open.spotify.com\/track\/4Vkf9lOs1YlLMvX4JYIjNT?si=dd05a965a0884380&#038;nd=1\" target=\"_blank\">\n\t\t\t\t\t\t\tPLAY \u00abCINCO CANCIONES NEGRAS\u00bb\t\t\t\t\t\t<\/a>\n\t\t\t\t\t\t\t\t<\/div>\n\t\t<\/div>\n\t\t<\/div>\n\t\t<\/div>\n\t\t\t\t\t\t<\/div>\n\t\t\t\t<\/div>\n\t\t\t\t<div class=\"elementor-element elementor-element-006404e elementor-flip-box--effect-push random-color-trigger elementor-flip-box--direction-up elementor-widget elementor-widget-flip-box\" data-id=\"006404e\" data-element_type=\"widget\" data-e-type=\"widget\" data-widget_type=\"flip-box.default\">\n\t\t\t\t<div class=\"elementor-widget-container\">\n\t\t\t\t\t\t\t<div class=\"elementor-flip-box\" tabindex=\"0\">\n\t\t\t<div class=\"elementor-flip-box__layer elementor-flip-box__front\">\n\t\t\t\t<div class=\"elementor-flip-box__layer__overlay\">\n\t\t\t\t\t<div class=\"elementor-flip-box__layer__inner\">\n\t\t\t\t\t\t\n\t\t\t\t\t\t\t\t\t\t\t\t\t<h3 class=\"elementor-flip-box__layer__title\">\n\t\t\t\t\t\t\t\tIV Reina Sof\u00eda Prize for Musical Composition\t\t\t\t\t\t\t<\/h3>\n\t\t\t\t\t\t\n\t\t\t\t\t\t\t\t\t\t\t\t\t<div class=\"elementor-flip-box__layer__description\">\n\t\t\t\t\t\t\t\t<img decoding=\"async\" src=\"\/wp-content\/uploads\/2022\/03\/Arrow-right.png\" width=\"50\"> JOS\u00c9 LUIS TURINA\t\t\t\t\t\t\t<\/div>\n\t\t\t\t\t\t\t\t\t\t\t<\/div>\n\t\t\t\t<\/div>\n\t\t\t<\/div>\n\t\t\t<div class=\"elementor-flip-box__layer elementor-flip-box__back\">\n\t\t\t<div class=\"elementor-flip-box__layer__overlay\">\n\t\t\t\t<div class=\"elementor-flip-box__layer__inner\">\n\t\t\t\t\t\t\t\t\t\t\t<h3 class=\"elementor-flip-box__layer__title\">\n\t\t\t\t\t\t\t<img decoding=\"async\" src=\"\/wp-content\/uploads\/2022\/03\/Arrow-right.png\" width=\"50\"> JOS\u00c9 LUIS TURINA\t\t\t\t\t\t<\/h3>\n\t\t\t\t\t\n\t\t\t\t\t\t\t\t\t\t\t<div class=\"elementor-flip-box__layer__description\">\n\t\t\t\t\t\t\tComposer Jos\u00e9 Luis Turina, the grandson of Joaqu\u00edn Turina, won the fourth edition of the Prize with \u201cOcnos\u201d, a work inspired by Luis Cernuda\u2019s poems. The jury was made up of prestigious composers and musicians such as Henri Dutilleux, Xavier Montsalvatge and Llu\u00eds Claret.\n\t\t\t\t\t\t<\/div>\n\t\t\t\t\t\n\t\t\t\t\t\t\t\t\t\t\t<a class=\"elementor-flip-box__button elementor-button elementor-size-sm\" href=\"https:\/\/open.spotify.com\/track\/2uDzu4O4nvUVLMv6CGru17?si=b8b81d3ce6264f7f&#038;nd=1\" target=\"_blank\">\n\t\t\t\t\t\t\tPLAY \u00abOCNOS\u00bb\t\t\t\t\t\t<\/a>\n\t\t\t\t\t\t\t\t<\/div>\n\t\t<\/div>\n\t\t<\/div>\n\t\t<\/div>\n\t\t\t\t\t\t<\/div>\n\t\t\t\t<\/div>\n\t\t\t\t<div class=\"elementor-element elementor-element-d079ce2 elementor-flip-box--effect-push random-color-trigger elementor-flip-box--direction-up elementor-widget elementor-widget-flip-box\" data-id=\"d079ce2\" data-element_type=\"widget\" data-e-type=\"widget\" data-widget_type=\"flip-box.default\">\n\t\t\t\t<div class=\"elementor-widget-container\">\n\t\t\t\t\t\t\t<div class=\"elementor-flip-box\" tabindex=\"0\">\n\t\t\t<div class=\"elementor-flip-box__layer elementor-flip-box__front\">\n\t\t\t\t<div class=\"elementor-flip-box__layer__overlay\">\n\t\t\t\t\t<div class=\"elementor-flip-box__layer__inner\">\n\t\t\t\t\t\t\n\t\t\t\t\t\t\t\t\t\t\t\t\t<h3 class=\"elementor-flip-box__layer__title\">\n\t\t\t\t\t\t\t\tVII Reina Sof\u00eda Prize for Musical Composition\t\t\t\t\t\t\t<\/h3>\n\t\t\t\t\t\t\n\t\t\t\t\t\t\t\t\t\t\t\t\t<div class=\"elementor-flip-box__layer__description\">\n\t\t\t\t\t\t\t\t<img decoding=\"async\" src=\"\/wp-content\/uploads\/2022\/03\/Arrow-right.png\" width=\"50\"> AGUST\u00cdN BERTOMEU SALAZAR\t\t\t\t\t\t\t<\/div>\n\t\t\t\t\t\t\t\t\t\t\t<\/div>\n\t\t\t\t<\/div>\n\t\t\t<\/div>\n\t\t\t<div class=\"elementor-flip-box__layer elementor-flip-box__back\">\n\t\t\t<div class=\"elementor-flip-box__layer__overlay\">\n\t\t\t\t<div class=\"elementor-flip-box__layer__inner\">\n\t\t\t\t\t\t\t\t\t\t\t<h3 class=\"elementor-flip-box__layer__title\">\n\t\t\t\t\t\t\t<img decoding=\"async\" src=\"\/wp-content\/uploads\/2022\/03\/Arrow-right.png\" width=\"50\"> AGUST\u00cdN BERTOMEU SALAZAR\t\t\t\t\t\t<\/h3>\n\t\t\t\t\t\n\t\t\t\t\t\t\t\t\t\t\t<div class=\"elementor-flip-box__layer__description\">\n\t\t\t\t\t\t\tComposer Agust\u00edn Bertomeu Salazar won the seventh edition of the Reina Sofia Prize in Music Composition with his Cello Concerto. Bertomeu Salazar studied under Tom\u00e1s Blanco and Julio G\u00f3mez, among others.\n\t\t\t\t\t\t<\/div>\n\t\t\t\t\t\n\t\t\t\t\t\t\t\t\t\t\t<a class=\"elementor-flip-box__button elementor-button elementor-size-sm\" href=\"https:\/\/open.spotify.com\/track\/2WtYY3GO818y40jcpayxgh?si=921c64d25bba494d&#038;nd=1\" target=\"_blank\">\n\t\t\t\t\t\t\tPLAY \u00abCONCIERTO PARA VIOLONCHELO Y ORQUESTA\u00bb\t\t\t\t\t\t<\/a>\n\t\t\t\t\t\t\t\t<\/div>\n\t\t<\/div>\n\t\t<\/div>\n\t\t<\/div>\n\t\t\t\t\t\t<\/div>\n\t\t\t\t<\/div>\n\t\t\t\t<div class=\"elementor-element elementor-element-ea38f45 elementor-flip-box--effect-push random-color-trigger elementor-flip-box--direction-up elementor-widget elementor-widget-flip-box\" data-id=\"ea38f45\" data-element_type=\"widget\" data-e-type=\"widget\" data-widget_type=\"flip-box.default\">\n\t\t\t\t<div class=\"elementor-widget-container\">\n\t\t\t\t\t\t\t<div class=\"elementor-flip-box\" tabindex=\"0\">\n\t\t\t<div class=\"elementor-flip-box__layer elementor-flip-box__front\">\n\t\t\t\t<div class=\"elementor-flip-box__layer__overlay\">\n\t\t\t\t\t<div class=\"elementor-flip-box__layer__inner\">\n\t\t\t\t\t\t\n\t\t\t\t\t\t\t\t\t\t\t\t\t<h3 class=\"elementor-flip-box__layer__title\">\n\t\t\t\t\t\t\t\tI Reina Sof\u00eda Prize for Musical Composition\t\t\t\t\t\t\t<\/h3>\n\t\t\t\t\t\t\n\t\t\t\t\t\t\t\t\t\t\t\t\t<div class=\"elementor-flip-box__layer__description\">\n\t\t\t\t\t\t\t\t<img decoding=\"async\" src=\"\/wp-content\/uploads\/2022\/03\/Arrow-right.png\" width=\"50\"> JOAN GUINJOAN\t\t\t\t\t\t\t<\/div>\n\t\t\t\t\t\t\t\t\t\t\t<\/div>\n\t\t\t\t<\/div>\n\t\t\t<\/div>\n\t\t\t<div class=\"elementor-flip-box__layer elementor-flip-box__back\">\n\t\t\t<div class=\"elementor-flip-box__layer__overlay\">\n\t\t\t\t<div class=\"elementor-flip-box__layer__inner\">\n\t\t\t\t\t\t\t\t\t\t\t<h3 class=\"elementor-flip-box__layer__title\">\n\t\t\t\t\t\t\t<img decoding=\"async\" src=\"\/wp-content\/uploads\/2022\/03\/Arrow-right.png\" width=\"50\"> JOAN GUINJOAN\t\t\t\t\t\t<\/h3>\n\t\t\t\t\t\n\t\t\t\t\t\t\t\t\t\t\t<div class=\"elementor-flip-box__layer__description\">\n\t\t\t\t\t\t\tIn 1983, Joan Guinjoan won the first edition of the Prize with \u201cTrama\u201d, a work divided into three parts that gradually develops rhythmic and melodic motifs to create a structural \u201cframework\u201d. The work is a display of timbral mastery in orchestral scoring. At the award ceremony, Guinjoan thanked the Queen and the Foundation for taking an interest in culture: \u201cYou\u2019re perfectly aware of the efforts and risks involved in currently undertaking the difficult and fascinating creative adventure\u201d. Guinjoan also declared: \u201cThis is the culmination of a lifetime devoted to music\u201d, which made him feel even more responsibility towards himself and others.\n\t\t\t\t\t\t<\/div>\n\t\t\t\t\t\n\t\t\t\t\t\t\t\t\t\t\t<a class=\"elementor-flip-box__button elementor-button elementor-size-sm\" href=\"https:\/\/open.spotify.com\/track\/526wIlcVMIO3eXr2XBiaO0?si=32fe43f0483a4ed2&#038;nd=1\" target=\"_blank\">\n\t\t\t\t\t\t\tPLAY \u00abTRAMA\u00bb DE JOAN GUINJOA\t\t\t\t\t\t<\/a>\n\t\t\t\t\t\t\t\t<\/div>\n\t\t<\/div>\n\t\t<\/div>\n\t\t<\/div>\n\t\t\t\t\t\t<\/div>\n\t\t\t\t<\/div>\n\t\t\t\t\t<\/div>\n\t\t<\/div>\n\t\t\t\t\t<\/div>\n\t\t<\/section>\n\t\t\t\t<\/div>\n\t\t","protected":false},"excerpt":{"rendered":"<p>Reina Sof\u00eda Prize for Musical Composition XLIII Reina Sof\u00eda Prize for Musical Composition LUIS TABUENCA FERNA\u0301NDEZ LUIS TABUENCA FERNA\u0301NDEZ Luis Tabuenca (Zaragoza, 1979) is a composer and percussionist whose work explores the intersection of contemporary music, sound art, and interdisciplinary performance. He holds a PhD in Fine Arts (Sound Art) from the University of Barcelona [&hellip;]<\/p>\n","protected":false},"author":2,"featured_media":0,"parent":0,"menu_order":0,"comment_status":"closed","ping_status":"closed","template":"","meta":{"site-sidebar-layout":"no-sidebar","site-content-layout":"page-builder","ast-site-content-layout":"full-width-container","site-content-style":"unboxed","site-sidebar-style":"unboxed","ast-global-header-display":"","ast-banner-title-visibility":"","ast-main-header-display":"","ast-hfb-above-header-display":"","ast-hfb-below-header-display":"","ast-hfb-mobile-header-display":"","site-post-title":"disabled","ast-breadcrumbs-content":"","ast-featured-img":"disabled","footer-sml-layout":"","ast-disable-related-posts":"","theme-transparent-header-meta":"default","adv-header-id-meta":"","stick-header-meta":"default","header-above-stick-meta":"","header-main-stick-meta":"","header-below-stick-meta":"","astra-migrate-meta-layouts":"set","ast-page-background-enabled":"default","ast-page-background-meta":{"desktop":{"background-color":"var(--ast-global-color-4)","background-image":"","background-repeat":"repeat","background-position":"center center","background-size":"auto","background-attachment":"scroll","background-type":"","background-media":"","overlay-type":"","overlay-color":"","overlay-opacity":"","overlay-gradient":""},"tablet":{"background-color":"","background-image":"","background-repeat":"repeat","background-position":"center center","background-size":"auto","background-attachment":"scroll","background-type":"","background-media":"","overlay-type":"","overlay-color":"","overlay-opacity":"","overlay-gradient":""},"mobile":{"background-color":"","background-image":"","background-repeat":"repeat","background-position":"center center","background-size":"auto","background-attachment":"scroll","background-type":"","background-media":"","overlay-type":"","overlay-color":"","overlay-opacity":"","overlay-gradient":""}},"ast-content-background-meta":{"desktop":{"background-color":"var(--ast-global-color-5)","background-image":"","background-repeat":"repeat","background-position":"center center","background-size":"auto","background-attachment":"scroll","background-type":"","background-media":"","overlay-type":"","overlay-color":"","overlay-opacity":"","overlay-gradient":""},"tablet":{"background-color":"var(--ast-global-color-5)","background-image":"","background-repeat":"repeat","background-position":"center center","background-size":"auto","background-attachment":"scroll","background-type":"","background-media":"","overlay-type":"","overlay-color":"","overlay-opacity":"","overlay-gradient":""},"mobile":{"background-color":"var(--ast-global-color-5)","background-image":"","background-repeat":"repeat","background-position":"center center","background-size":"auto","background-attachment":"scroll","background-type":"","background-media":"","overlay-type":"","overlay-color":"","overlay-opacity":"","overlay-gradient":""}},"footnotes":""},"class_list":["post-3189","page","type-page","status-publish","hentry"],"yoast_head":"<!-- This site is optimized with the Yoast SEO plugin v27.2 - https:\/\/yoast.com\/product\/yoast-seo-wordpress\/ -->\n<title>The Prizewinners - Fundaci\u00f3 Ferrer de M\u00fasica<\/title>\n<meta name=\"robots\" content=\"index, follow, max-snippet:-1, max-image-preview:large, max-video-preview:-1\" \/>\n<link rel=\"canonical\" href=\"https:\/\/fundacioferrermusica.org\/en\/the-prizewinners\/\" \/>\n<meta property=\"og:locale\" content=\"en_US\" \/>\n<meta property=\"og:type\" content=\"article\" \/>\n<meta property=\"og:title\" content=\"The Prizewinners - Fundaci\u00f3 Ferrer de M\u00fasica\" \/>\n<meta property=\"og:description\" content=\"Reina Sof\u00eda Prize for Musical Composition XLIII Reina Sof\u00eda Prize for Musical Composition LUIS TABUENCA FERNA\u0301NDEZ LUIS TABUENCA FERNA\u0301NDEZ Luis Tabuenca (Zaragoza, 1979) is a composer and percussionist whose work explores the intersection of contemporary music, sound art, and interdisciplinary performance. He holds a PhD in Fine Arts (Sound Art) from the University of Barcelona [&hellip;]\" \/>\n<meta property=\"og:url\" content=\"https:\/\/fundacioferrermusica.org\/en\/the-prizewinners\/\" \/>\n<meta property=\"og:site_name\" content=\"Fundaci\u00f3 de M\u00fasica Ferrer-Salat\" \/>\n<meta property=\"article:modified_time\" content=\"2026-03-03T12:08:14+00:00\" \/>\n<meta property=\"og:image\" content=\"https:\/\/fundacioferrermusica.org\/wp-content\/uploads\/2022\/03\/Arrow-right.png\" \/>\n\t<meta property=\"og:image:width\" content=\"113\" \/>\n\t<meta property=\"og:image:height\" content=\"176\" \/>\n\t<meta property=\"og:image:type\" content=\"image\/png\" \/>\n<meta name=\"twitter:card\" content=\"summary_large_image\" \/>\n<meta name=\"twitter:label1\" content=\"Est. reading time\" \/>\n\t<meta name=\"twitter:data1\" content=\"36 minutes\" \/>\n<script type=\"application\/ld+json\" class=\"yoast-schema-graph\">{\"@context\":\"https:\/\/schema.org\",\"@graph\":[{\"@type\":\"WebPage\",\"@id\":\"https:\/\/fundacioferrermusica.org\/en\/the-prizewinners\/\",\"url\":\"https:\/\/fundacioferrermusica.org\/en\/the-prizewinners\/\",\"name\":\"The Prizewinners - Fundaci\u00f3 Ferrer de M\u00fasica\",\"isPartOf\":{\"@id\":\"https:\/\/fundacioferrermusica.org\/#website\"},\"primaryImageOfPage\":{\"@id\":\"https:\/\/fundacioferrermusica.org\/en\/the-prizewinners\/#primaryimage\"},\"image\":{\"@id\":\"https:\/\/fundacioferrermusica.org\/en\/the-prizewinners\/#primaryimage\"},\"thumbnailUrl\":\"https:\/\/fundacioferrermusica.org\/wp-content\/uploads\/2022\/03\/Arrow-right.png\",\"datePublished\":\"2022-04-21T10:51:01+00:00\",\"dateModified\":\"2026-03-03T12:08:14+00:00\",\"breadcrumb\":{\"@id\":\"https:\/\/fundacioferrermusica.org\/en\/the-prizewinners\/#breadcrumb\"},\"inLanguage\":\"en-US\",\"potentialAction\":[{\"@type\":\"ReadAction\",\"target\":[\"https:\/\/fundacioferrermusica.org\/en\/the-prizewinners\/\"]}]},{\"@type\":\"ImageObject\",\"inLanguage\":\"en-US\",\"@id\":\"https:\/\/fundacioferrermusica.org\/en\/the-prizewinners\/#primaryimage\",\"url\":\"https:\/\/fundacioferrermusica.org\/wp-content\/uploads\/2022\/03\/Arrow-right.png\",\"contentUrl\":\"https:\/\/fundacioferrermusica.org\/wp-content\/uploads\/2022\/03\/Arrow-right.png\"},{\"@type\":\"BreadcrumbList\",\"@id\":\"https:\/\/fundacioferrermusica.org\/en\/the-prizewinners\/#breadcrumb\",\"itemListElement\":[{\"@type\":\"ListItem\",\"position\":1,\"name\":\"Inici\",\"item\":\"https:\/\/fundacioferrermusica.org\/\"},{\"@type\":\"ListItem\",\"position\":2,\"name\":\"The Prizewinners\"}]},{\"@type\":\"WebSite\",\"@id\":\"https:\/\/fundacioferrermusica.org\/#website\",\"url\":\"https:\/\/fundacioferrermusica.org\/\",\"name\":\"Fundaci\u00f3 de M\u00fasica Ferrer-Salat\",\"description\":\"40 anys generant oportunitats a trav\u00e9s de la m\u00fasica\",\"publisher\":{\"@id\":\"https:\/\/fundacioferrermusica.org\/#organization\"},\"potentialAction\":[{\"@type\":\"SearchAction\",\"target\":{\"@type\":\"EntryPoint\",\"urlTemplate\":\"https:\/\/fundacioferrermusica.org\/?s={search_term_string}\"},\"query-input\":{\"@type\":\"PropertyValueSpecification\",\"valueRequired\":true,\"valueName\":\"search_term_string\"}}],\"inLanguage\":\"en-US\"},{\"@type\":\"Organization\",\"@id\":\"https:\/\/fundacioferrermusica.org\/#organization\",\"name\":\"Fundaci\u00f3 de M\u00fasica Ferrer-Salat\",\"url\":\"https:\/\/fundacioferrermusica.org\/\",\"logo\":{\"@type\":\"ImageObject\",\"inLanguage\":\"en-US\",\"@id\":\"https:\/\/fundacioferrermusica.org\/#\/schema\/logo\/image\/\",\"url\":\"https:\/\/fundacioferrermusica.org\/wp-content\/uploads\/2022\/06\/cropped-FundacioMusicaFerrerSalat.png\",\"contentUrl\":\"https:\/\/fundacioferrermusica.org\/wp-content\/uploads\/2022\/06\/cropped-FundacioMusicaFerrerSalat.png\",\"width\":160,\"height\":53,\"caption\":\"Fundaci\u00f3 de M\u00fasica Ferrer-Salat\"},\"image\":{\"@id\":\"https:\/\/fundacioferrermusica.org\/#\/schema\/logo\/image\/\"}}]}<\/script>\n<!-- \/ Yoast SEO plugin. -->","yoast_head_json":{"title":"The Prizewinners - Fundaci\u00f3 Ferrer de M\u00fasica","robots":{"index":"index","follow":"follow","max-snippet":"max-snippet:-1","max-image-preview":"max-image-preview:large","max-video-preview":"max-video-preview:-1"},"canonical":"https:\/\/fundacioferrermusica.org\/en\/the-prizewinners\/","og_locale":"en_US","og_type":"article","og_title":"The Prizewinners - Fundaci\u00f3 Ferrer de M\u00fasica","og_description":"Reina Sof\u00eda Prize for Musical Composition XLIII Reina Sof\u00eda Prize for Musical Composition LUIS TABUENCA FERNA\u0301NDEZ LUIS TABUENCA FERNA\u0301NDEZ Luis Tabuenca (Zaragoza, 1979) is a composer and percussionist whose work explores the intersection of contemporary music, sound art, and interdisciplinary performance. He holds a PhD in Fine Arts (Sound Art) from the University of Barcelona [&hellip;]","og_url":"https:\/\/fundacioferrermusica.org\/en\/the-prizewinners\/","og_site_name":"Fundaci\u00f3 de M\u00fasica Ferrer-Salat","article_modified_time":"2026-03-03T12:08:14+00:00","og_image":[{"width":113,"height":176,"url":"https:\/\/fundacioferrermusica.org\/wp-content\/uploads\/2022\/03\/Arrow-right.png","type":"image\/png"}],"twitter_card":"summary_large_image","twitter_misc":{"Est. reading time":"36 minutes"},"schema":{"@context":"https:\/\/schema.org","@graph":[{"@type":"WebPage","@id":"https:\/\/fundacioferrermusica.org\/en\/the-prizewinners\/","url":"https:\/\/fundacioferrermusica.org\/en\/the-prizewinners\/","name":"The Prizewinners - Fundaci\u00f3 Ferrer de M\u00fasica","isPartOf":{"@id":"https:\/\/fundacioferrermusica.org\/#website"},"primaryImageOfPage":{"@id":"https:\/\/fundacioferrermusica.org\/en\/the-prizewinners\/#primaryimage"},"image":{"@id":"https:\/\/fundacioferrermusica.org\/en\/the-prizewinners\/#primaryimage"},"thumbnailUrl":"https:\/\/fundacioferrermusica.org\/wp-content\/uploads\/2022\/03\/Arrow-right.png","datePublished":"2022-04-21T10:51:01+00:00","dateModified":"2026-03-03T12:08:14+00:00","breadcrumb":{"@id":"https:\/\/fundacioferrermusica.org\/en\/the-prizewinners\/#breadcrumb"},"inLanguage":"en-US","potentialAction":[{"@type":"ReadAction","target":["https:\/\/fundacioferrermusica.org\/en\/the-prizewinners\/"]}]},{"@type":"ImageObject","inLanguage":"en-US","@id":"https:\/\/fundacioferrermusica.org\/en\/the-prizewinners\/#primaryimage","url":"https:\/\/fundacioferrermusica.org\/wp-content\/uploads\/2022\/03\/Arrow-right.png","contentUrl":"https:\/\/fundacioferrermusica.org\/wp-content\/uploads\/2022\/03\/Arrow-right.png"},{"@type":"BreadcrumbList","@id":"https:\/\/fundacioferrermusica.org\/en\/the-prizewinners\/#breadcrumb","itemListElement":[{"@type":"ListItem","position":1,"name":"Inici","item":"https:\/\/fundacioferrermusica.org\/"},{"@type":"ListItem","position":2,"name":"The Prizewinners"}]},{"@type":"WebSite","@id":"https:\/\/fundacioferrermusica.org\/#website","url":"https:\/\/fundacioferrermusica.org\/","name":"Fundaci\u00f3 de M\u00fasica Ferrer-Salat","description":"40 anys generant oportunitats a trav\u00e9s de la m\u00fasica","publisher":{"@id":"https:\/\/fundacioferrermusica.org\/#organization"},"potentialAction":[{"@type":"SearchAction","target":{"@type":"EntryPoint","urlTemplate":"https:\/\/fundacioferrermusica.org\/?s={search_term_string}"},"query-input":{"@type":"PropertyValueSpecification","valueRequired":true,"valueName":"search_term_string"}}],"inLanguage":"en-US"},{"@type":"Organization","@id":"https:\/\/fundacioferrermusica.org\/#organization","name":"Fundaci\u00f3 de M\u00fasica Ferrer-Salat","url":"https:\/\/fundacioferrermusica.org\/","logo":{"@type":"ImageObject","inLanguage":"en-US","@id":"https:\/\/fundacioferrermusica.org\/#\/schema\/logo\/image\/","url":"https:\/\/fundacioferrermusica.org\/wp-content\/uploads\/2022\/06\/cropped-FundacioMusicaFerrerSalat.png","contentUrl":"https:\/\/fundacioferrermusica.org\/wp-content\/uploads\/2022\/06\/cropped-FundacioMusicaFerrerSalat.png","width":160,"height":53,"caption":"Fundaci\u00f3 de M\u00fasica Ferrer-Salat"},"image":{"@id":"https:\/\/fundacioferrermusica.org\/#\/schema\/logo\/image\/"}}]}},"_links":{"self":[{"href":"https:\/\/fundacioferrermusica.org\/en\/wp-json\/wp\/v2\/pages\/3189","targetHints":{"allow":["GET"]}}],"collection":[{"href":"https:\/\/fundacioferrermusica.org\/en\/wp-json\/wp\/v2\/pages"}],"about":[{"href":"https:\/\/fundacioferrermusica.org\/en\/wp-json\/wp\/v2\/types\/page"}],"author":[{"embeddable":true,"href":"https:\/\/fundacioferrermusica.org\/en\/wp-json\/wp\/v2\/users\/2"}],"replies":[{"embeddable":true,"href":"https:\/\/fundacioferrermusica.org\/en\/wp-json\/wp\/v2\/comments?post=3189"}],"version-history":[{"count":398,"href":"https:\/\/fundacioferrermusica.org\/en\/wp-json\/wp\/v2\/pages\/3189\/revisions"}],"predecessor-version":[{"id":10449,"href":"https:\/\/fundacioferrermusica.org\/en\/wp-json\/wp\/v2\/pages\/3189\/revisions\/10449"}],"wp:attachment":[{"href":"https:\/\/fundacioferrermusica.org\/en\/wp-json\/wp\/v2\/media?parent=3189"}],"curies":[{"name":"wp","href":"https:\/\/api.w.org\/{rel}","templated":true}]}}